{"id":16118,"date":"2021-09-07T10:24:53","date_gmt":"2021-09-07T10:24:53","guid":{"rendered":"http:\/\/metre.emfasi.es\/?page_id=16118"},"modified":"2021-09-13T11:37:36","modified_gmt":"2021-09-13T11:37:36","slug":"mudances-internacionals","status":"publish","type":"page","link":"https:\/\/metre.emfasi.es\/ca\/mudances-internacionals\/","title":{"rendered":"Mudances Internacionals"},"content":{"rendered":"<p>[et_pb_section fb_built=&#8221;1&#8243; disabled_on=&#8221;off||&#8221; _builder_version=&#8221;4.9.10&#8243; background_color=&#8221;rgba(0,0,0,0.79)&#8221; background_image=&#8221;http:\/\/metre.emfasi.es\/wp-content\/uploads\/2021\/08\/metrecubic-mudances-internacionals.jpeg&#8221; background_blend=&#8221;multiply&#8221; custom_padding=&#8221;100px||100px||false|false&#8221; z_index_tablet=&#8221;500&#8243;][et_pb_row _builder_version=&#8221;4.9.10&#8243; module_alignment=&#8221;center&#8221; custom_margin=&#8221;-15px||10px||false|false&#8221;][et_pb_column type=&#8221;4_4&#8243; _builder_version=&#8221;3.25&#8243; custom_padding=&#8221;15px|10px|15px|10px&#8221; custom_padding__hover=&#8221;|||&#8221;][et_pb_text _builder_version=&#8221;4.9.10&#8243; text_font=&#8221;Oswald|300|||||||&#8221; text_font_size=&#8221;30px&#8221; header_font=&#8221;Oswald||||||||&#8221; header_font_size=&#8221;60px&#8221; header_2_font=&#8221;Oswald|300|||||||&#8221; header_2_font_size=&#8221;30px&#8221; text_orientation=&#8221;center&#8221; background_layout=&#8221;dark&#8221; hover_enabled=&#8221;0&#8243; text_font_size_tablet=&#8221;&#8221; text_font_size_phone=&#8221;&#8221; text_font_size_last_edited=&#8221;on|phone&#8221; header_font_size_tablet=&#8221;&#8221; header_font_size_phone=&#8221;40px&#8221; header_font_size_last_edited=&#8221;on|phone&#8221; header_2_font_size_tablet=&#8221;&#8221; header_2_font_size_phone=&#8221;25px&#8221; header_2_font_size_last_edited=&#8221;on|desktop&#8221; z_index_tablet=&#8221;500&#8243; header_text_shadow_style=&#8221;preset1&#8243; header_2_text_shadow_style=&#8221;preset1&#8243; sticky_enabled=&#8221;0&#8243;]<\/p>\n<h1>Mudances Internacionals<\/h1>\n<h2><span>El millor servei de mudances internacionals<\/span><\/h2>\n<p>[\/et_pb_text][et_pb_text _builder_version=&#8221;4.9.10&#8243; text_font=&#8221;||||||||&#8221; text_text_color=&#8221;#FFFFFF&#8221; quote_font=&#8221;Oswald|300|||||||&#8221; quote_font_size=&#8221;20px&#8221; header_5_text_color=&#8221;#1a57a8&#8243; quote_font_size_tablet=&#8221;&#8221; quote_font_size_phone=&#8221;18px&#8221; quote_font_size_last_edited=&#8221;on|phone&#8221; z_index_tablet=&#8221;500&#8243;]<\/p>\n<p style=\"text-align: center;\">Metrecubic t&#8217;ofereix una mudan\u00e7a internacional des de qualsevol poblaci\u00f3 de la Catalunya a qualsevol pa\u00eds d&#8217;Europa, de manera segura i satisfact\u00f2ria.<\/p>\n<p>[\/et_pb_text][et_pb_button button_url=&#8221;#pressupost&#8221; button_text=&#8221;Demana Pressupost&#8221; button_alignment=&#8221;center&#8221; disabled_on=&#8221;off|on|on&#8221; _builder_version=&#8221;4.9.10&#8243; _module_preset=&#8221;default&#8221; custom_button=&#8221;on&#8221; button_text_size=&#8221;16px&#8221; button_border_width=&#8221;4px&#8221; button_border_radius=&#8221;5px&#8221; button_use_icon=&#8221;off&#8221; custom_margin=&#8221;0px||||false|false&#8221;][\/et_pb_button][\/et_pb_column][\/et_pb_row][\/et_pb_section][et_pb_section fb_built=&#8221;1&#8243; _builder_version=&#8221;4.9.10&#8243; background_color=&#8221;#1a57a8&#8243; z_index_tablet=&#8221;500&#8243;][et_pb_row column_structure=&#8221;1_2,1_2&#8243; _builder_version=&#8221;4.9.10&#8243; background_size=&#8221;initial&#8221; background_position=&#8221;top_left&#8221; background_repeat=&#8221;repeat&#8221; custom_margin=&#8221;0px||0px||true|false&#8221;][et_pb_column type=&#8221;1_2&#8243; _builder_version=&#8221;3.25&#8243; custom_padding=&#8221;|||&#8221; custom_padding__hover=&#8221;|||&#8221;][et_pb_text disabled_on=&#8221;off||&#8221; admin_label=&#8221;Girona&#8221; _builder_version=&#8221;4.9.10&#8243; text_font=&#8221;Oswald||||||||&#8221; text_text_color=&#8221;#FFFFFF&#8221; text_font_size=&#8221;25&#8243; text_line_height=&#8221;0.3em&#8221; link_text_align=&#8221;right&#8221; header_text_align=&#8221;right&#8221; text_orientation=&#8221;right&#8221; max_width=&#8221;100%&#8221; module_alignment=&#8221;right&#8221; custom_padding=&#8221;0px||0px|&#8221; z_index_tablet=&#8221;500&#8243; border_color_bottom=&#8221;#e85426&#8243;]<\/p>\n<p style=\"text-align: center;\">Girona<\/p>\n<p style=\"text-align: center;\"><a href=\"tel:+34972405969\"><strong>972 40 59 69<\/strong><\/a><\/p>\n<p>[\/et_pb_text][\/et_pb_column][et_pb_column type=&#8221;1_2&#8243; _builder_version=&#8221;3.25&#8243; custom_padding=&#8221;|||&#8221; custom_padding__hover=&#8221;|||&#8221;][et_pb_text disabled_on=&#8221;off||&#8221; admin_label=&#8221;Girona&#8221; _builder_version=&#8221;4.9.10&#8243; text_font=&#8221;Oswald||||||||&#8221; text_text_color=&#8221;#FFFFFF&#8221; text_font_size=&#8221;25&#8243; text_line_height=&#8221;0.3em&#8221; link_text_align=&#8221;right&#8221; header_text_align=&#8221;right&#8221; text_orientation=&#8221;right&#8221; max_width=&#8221;100%&#8221; module_alignment=&#8221;right&#8221; custom_padding=&#8221;0px||0px|&#8221; z_index_tablet=&#8221;500&#8243; border_color_bottom=&#8221;#e85426&#8243;]<\/p>\n<p style=\"text-align: center;\">Sabadell<\/p>\n<p style=\"text-align: center;\"><a href=\"tel:+34937269264\"><strong>937 269 264<\/strong><\/a><\/p>\n<p>[\/et_pb_text][\/et_pb_column][\/et_pb_row][\/et_pb_section][et_pb_section fb_built=&#8221;1&#8243; specialty=&#8221;on&#8221; _builder_version=&#8221;4.9.10&#8243; _module_preset=&#8221;default&#8221;][et_pb_column type=&#8221;2_3&#8243; specialty_columns=&#8221;2&#8243; _builder_version=&#8221;3.25&#8243; custom_padding=&#8221;|||&#8221; custom_padding__hover=&#8221;|||&#8221;][et_pb_row_inner column_structure=&#8221;1_3,1_3,1_3&#8243; _builder_version=&#8221;4.9.10&#8243; _module_preset=&#8221;default&#8221;][et_pb_column_inner type=&#8221;1_3&#8243; saved_specialty_column_type=&#8221;2_3&#8243; _builder_version=&#8221;4.9.10&#8243; _module_preset=&#8221;default&#8221;][et_pb_blurb title=&#8221;Empaquetar&#8221; image=&#8221;http:\/\/metre.emfasi.es\/wp-content\/uploads\/2021\/09\/cajas-metrecubic.png&#8221; image_max_width=&#8221;75%&#8221; _builder_version=&#8221;4.9.10&#8243; _module_preset=&#8221;default&#8221; background_color=&#8221;#e0e0e0&#8243; text_orientation=&#8221;center&#8221; custom_margin=&#8221;0px||||false|false&#8221; custom_padding=&#8221;30px|10px|30px|10px|false|false&#8221; border_radii=&#8221;on|10px|10px|10px|10px&#8221;]<\/p>\n<p>Empaquetem en caixes objectes personals, quadres, llibres, roba, parament de cuina, de manera professional amb els millors materials d&#8217;embalatge possibles per evitar desperfectes.<\/p>\n<p>[\/et_pb_blurb][et_pb_blurb title=&#8221;Asseguran\u00e7a&#8221; image=&#8221;http:\/\/metre.emfasi.es\/wp-content\/uploads\/2021\/09\/seguro-metrecubic.png&#8221; image_max_width=&#8221;75%&#8221; _builder_version=&#8221;4.9.10&#8243; _module_preset=&#8221;default&#8221; background_color=&#8221;#e0e0e0&#8243; text_orientation=&#8221;center&#8221; custom_margin=&#8221;0px||||false|false&#8221; custom_padding=&#8221;30px|10px|30px|10px|false|false&#8221; border_radii=&#8221;on|10px|10px|10px|10px&#8221;]<\/p>\n<p>P\u00f2lissa d&#8217;asseguran\u00e7a de mercaderies durant el transport.<\/p>\n<p>[\/et_pb_blurb][\/et_pb_column_inner][et_pb_column_inner type=&#8221;1_3&#8243; saved_specialty_column_type=&#8221;2_3&#8243; _builder_version=&#8221;4.9.10&#8243; _module_preset=&#8221;default&#8221;][et_pb_blurb title=&#8221;Porta a Porta&#8221; image=&#8221;http:\/\/metre.emfasi.es\/wp-content\/uploads\/2021\/09\/servicio-puerta-a-puerta.png&#8221; image_max_width=&#8221;75%&#8221; _builder_version=&#8221;4.9.10&#8243; _module_preset=&#8221;default&#8221; background_color=&#8221;#e0e0e0&#8243; text_orientation=&#8221;center&#8221; custom_margin=&#8221;0px||||false|false&#8221; custom_padding=&#8221;30px|10px|30px|10px|false|false&#8221; border_radii=&#8221;on|10px|10px|10px|10px&#8221;]<\/p>\n<p>Servei porta a porta.<\/p>\n<p>[\/et_pb_blurb][et_pb_blurb title=&#8221;Gesti\u00f3 de permisos&#8221; image=&#8221;http:\/\/metre.emfasi.es\/wp-content\/uploads\/2021\/09\/permisos-metrecubic.png&#8221; image_max_width=&#8221;75%&#8221; _builder_version=&#8221;4.9.10&#8243; _module_preset=&#8221;default&#8221; background_color=&#8221;#e0e0e0&#8243; text_orientation=&#8221;center&#8221; custom_margin=&#8221;0px||||false|false&#8221; custom_padding=&#8221;30px|10px|30px|10px|false|false&#8221; border_radii=&#8221;on|10px|10px|10px|10px&#8221;]<\/p>\n<p>Gesti\u00f3 dels permisos d&#8217;ocupaci\u00f3 de via p\u00fablica.<\/p>\n<p>[\/et_pb_blurb][et_pb_blurb title=&#8221;Duanes&#8221; image=&#8221;http:\/\/metre.emfasi.es\/wp-content\/uploads\/2021\/09\/aduanas-metrecubic.png&#8221; image_max_width=&#8221;75%&#8221; _builder_version=&#8221;4.9.10&#8243; _module_preset=&#8221;default&#8221; background_color=&#8221;#e0e0e0&#8243; text_orientation=&#8221;center&#8221; custom_margin=&#8221;0px||||false|false&#8221; custom_padding=&#8221;30px|10px|30px|10px|false|false&#8221; border_radii=&#8221;on|10px|10px|10px|10px&#8221;]<\/p>\n<p>Tr\u00e0mits duaners.<\/p>\n<p>[\/et_pb_blurb][\/et_pb_column_inner][et_pb_column_inner type=&#8221;1_3&#8243; saved_specialty_column_type=&#8221;2_3&#8243; _builder_version=&#8221;4.9.10&#8243; _module_preset=&#8221;default&#8221;][et_pb_blurb title=&#8221;Palets&#8221; image=&#8221;http:\/\/metre.emfasi.es\/wp-content\/uploads\/2021\/09\/pallets-metrecubic.png&#8221; image_max_width=&#8221;75%&#8221; _builder_version=&#8221;4.9.10&#8243; _module_preset=&#8221;default&#8221; background_color=&#8221;#e0e0e0&#8243; text_orientation=&#8221;center&#8221; custom_margin=&#8221;0px||||false|false&#8221; custom_padding=&#8221;30px|10px|30px|10px|false|false&#8221; border_radii=&#8221;on|10px|10px|10px|10px&#8221;]<\/p>\n<p>Servei compartit en palets.<\/p>\n<p>[\/et_pb_blurb][et_pb_blurb title=&#8221;Transport&#8221; image=&#8221;http:\/\/metre.emfasi.es\/wp-content\/uploads\/2021\/09\/camion-elevador-mudanzas-metrecubic.png&#8221; image_max_width=&#8221;75%&#8221; _builder_version=&#8221;4.9.10&#8243; _module_preset=&#8221;default&#8221; background_color=&#8221;#e0e0e0&#8243; text_orientation=&#8221;center&#8221; custom_margin=&#8221;0px||||false|false&#8221; custom_padding=&#8221;30px|10px|30px|10px|false|false&#8221; border_radii=&#8221;on|10px|10px|10px|10px&#8221;]<\/p>\n<p>Transport mar\u00edtim en contenidors o per carretera.<\/p>\n<p>[\/et_pb_blurb][\/et_pb_column_inner][\/et_pb_row_inner][\/et_pb_column][et_pb_column type=&#8221;1_3&#8243; _builder_version=&#8221;3.25&#8243; custom_padding=&#8221;|||&#8221; custom_padding__hover=&#8221;|||&#8221;][et_pb_text module_id=&#8221;#pressupost&#8221; _builder_version=&#8221;4.9.10&#8243; header_5_text_color=&#8221;#1a57a8&#8243; z_index_tablet=&#8221;500&#8243;]<\/p>\n<h5>Sol\u00b7licita&#8217;ns <strong>pressupost<\/strong> per a la teva pr\u00f2xima <strong>mudan\u00e7a<\/strong><\/h5>\n<p>Omple tots els camps del seg\u00fcent formulari per a poder oferir-te un pressupost ajustat a les teves necessitats.<\/p>\n<p>[\/et_pb_text][et_pb_code _builder_version=&#8221;3.21.4&#8243; z_index_tablet=&#8221;500&#8243;]\n<div class=\"wpcf7 no-js\" id=\"wpcf7-f2071-o1\" lang=\"es-ES\" dir=\"ltr\">\n<div class=\"screen-reader-response\"><p role=\"status\" aria-live=\"polite\" aria-atomic=\"true\"><\/p> <ul><\/ul><\/div>\n<form action=\"\/ca\/wp-json\/wp\/v2\/pages\/16118#wpcf7-f2071-o1\" method=\"post\" class=\"wpcf7-form init\" aria-label=\"Formulario de contacto\" novalidate=\"novalidate\" data-status=\"init\">\n<div style=\"display: none;\">\n<input type=\"hidden\" name=\"_wpcf7\" value=\"2071\" \/>\n<input type=\"hidden\" name=\"_wpcf7_version\" value=\"5.8.7\" \/>\n<input type=\"hidden\" name=\"_wpcf7_locale\" value=\"es_ES\" \/>\n<input type=\"hidden\" name=\"_wpcf7_unit_tag\" value=\"wpcf7-f2071-o1\" \/>\n<input type=\"hidden\" name=\"_wpcf7_container_post\" value=\"0\" \/>\n<input type=\"hidden\" name=\"_wpcf7_posted_data_hash\" value=\"\" \/>\n<input type=\"hidden\" name=\"_wpcf7cf_hidden_group_fields\" value=\"[]\" \/>\n<input type=\"hidden\" name=\"_wpcf7cf_hidden_groups\" value=\"[]\" \/>\n<input type=\"hidden\" name=\"_wpcf7cf_visible_groups\" value=\"[]\" \/>\n<input type=\"hidden\" name=\"_wpcf7cf_repeaters\" value=\"[]\" \/>\n<input type=\"hidden\" name=\"_wpcf7cf_steps\" value=\"{}\" \/>\n<input type=\"hidden\" name=\"_wpcf7cf_options\" value=\"{&quot;form_id&quot;:2071,&quot;conditions&quot;:[],&quot;settings&quot;:{&quot;animation&quot;:&quot;yes&quot;,&quot;animation_intime&quot;:200,&quot;animation_outtime&quot;:200,&quot;conditions_ui&quot;:&quot;normal&quot;,&quot;notice_dismissed&quot;:false,&quot;notice_dismissed_update-cf7-5.7.3&quot;:true,&quot;notice_dismissed_rollback-cf7-5.7.4&quot;:true,&quot;notice_dismissed_rollback-cf7-5.8.6&quot;:true}}\" \/>\n<input type=\"hidden\" name=\"_wpcf7_recaptcha_response\" value=\"\" \/>\n<\/div>\n<div class=\"et_pb_contact\">\n\t<div class=\"et_pb_contact_left\">\n\t\t<p><span class=\"wpcf7-form-control-wrap\" data-name=\"your-name\"><input size=\"40\" class=\"wpcf7-form-control wpcf7-text wpcf7-validates-as-required\" aria-required=\"true\" aria-invalid=\"false\" placeholder=\"Nom i cognoms*\" value=\"\" type=\"text\" name=\"your-name\" \/><\/span>\n\t\t<\/p>\n\t\t<p><span class=\"wpcf7-form-control-wrap\" data-name=\"your-email\"><input size=\"40\" class=\"wpcf7-form-control wpcf7-email wpcf7-validates-as-required wpcf7-text wpcf7-validates-as-email\" aria-required=\"true\" aria-invalid=\"false\" placeholder=\"Correu Electr\u00f2nic*\" value=\"\" type=\"email\" name=\"your-email\" \/><\/span>\n\t\t<\/p>\n\t\t<p><span class=\"wpcf7-form-control-wrap\" data-name=\"telefono\"><input size=\"40\" class=\"wpcf7-form-control wpcf7-tel wpcf7-validates-as-required wpcf7-text wpcf7-validates-as-tel\" aria-required=\"true\" aria-invalid=\"false\" placeholder=\"Tel\u00e8fon*\" value=\"\" type=\"tel\" name=\"telefono\" \/><\/span>\n\t\t<\/p>\n\t\t<p>Tipus de Mudan\u00e7a: <span class=\"wpcf7-form-control-wrap\" data-name=\"tipo-mudanza\"><select class=\"wpcf7-form-control wpcf7-select\" aria-invalid=\"false\" name=\"tipo-mudanza\"><option value=\"Vivenda\">Vivenda<\/option><option value=\"Oficina\/Comer\u00e7\">Oficina\/Comer\u00e7<\/option><option value=\"Empresa\">Empresa<\/option><\/select><\/span>\n\t\t<\/p>\n\t\t<p>\u00bfPer quan necessites la mudan\u00e7a?: <span class=\"wpcf7-form-control-wrap\" data-name=\"fecha\"><input class=\"wpcf7-form-control wpcf7-date wpcf7-validates-as-required wpcf7-validates-as-date\" aria-required=\"true\" aria-invalid=\"false\" value=\"\" type=\"date\" name=\"fecha\" \/><\/span>\n\t\t<\/p>\n\t\t<p><span class=\"wpcf7-form-control-wrap\" data-name=\"origen\"><input size=\"40\" class=\"wpcf7-form-control wpcf7-text\" aria-invalid=\"false\" placeholder=\"Localitat d&#039;Origen\" value=\"\" type=\"text\" name=\"origen\" \/><\/span>\n\t\t<\/p>\n\t\t<p><span class=\"wpcf7-form-control-wrap\" data-name=\"destino\"><input size=\"40\" class=\"wpcf7-form-control wpcf7-text\" aria-invalid=\"false\" placeholder=\"Localitat de destinaci\u00f3\" value=\"\" type=\"text\" name=\"destino\" \/><\/span>\n\t\t<\/p>\n\t\t<p>Necessites Traster a METRECUBIC?: <span class=\"wpcf7-form-control-wrap\" data-name=\"necesitas-trastero\"><select class=\"wpcf7-form-control wpcf7-select\" aria-invalid=\"false\" name=\"necesitas-trastero\"><option value=\"S\u00ed\">S\u00ed<\/option><option value=\"No\">No<\/option><\/select><\/span>\n\t\t<\/p>\n\t\t<p><span class=\"wpcf7-form-control-wrap\" data-name=\"mensaje\"><textarea cols=\"40\" rows=\"10\" class=\"wpcf7-form-control wpcf7-textarea\" aria-invalid=\"false\" placeholder=\"Facilita&#039;ns l&#039;inventari a transportar per valorar el preu de la teva mudan\u00e7a.\" name=\"mensaje\"><\/textarea><\/span>\n\t\t<\/p>\n\t\t<p>*Camps obligatoris\n\t\t<\/p>\n\t<\/div>\n<\/div>\n<div style=\"display:none\">\n\t<p><span class=\"wpcf7-form-control-wrap\" data-name=\"your-subject\"><input size=\"40\" class=\"wpcf7-form-control wpcf7-text\" aria-invalid=\"false\" value=\"Formulario MUDANZAS CAT\" type=\"text\" name=\"your-subject\" \/><\/span>\n\t<\/p>\n<\/div>\n<p><span class=\"wpcf7-form-control-wrap\" data-name=\"acepto\"><span class=\"wpcf7-form-control wpcf7-acceptance\"><span class=\"wpcf7-list-item\"><input type=\"checkbox\" name=\"acepto\" value=\"1\" aria-invalid=\"false\" \/><\/span><\/span><\/span> He llegit i accepto <a href=\"http:\/\/metre.emfasi.es\/politica-de-privacidad\/\" target=\"blank\">La Pol\u00edtica de Privacitat<\/a>\n<\/p>\n<p><input class=\"wpcf7-form-control wpcf7-submit has-spinner et_pb_contact_submit et_pb_button\" type=\"submit\" value=\"Enviar\" \/>\n<\/p><div class=\"wpcf7-response-output\" aria-hidden=\"true\"><\/div>\n<\/form>\n<\/div>\n[\/et_pb_code][\/et_pb_column][\/et_pb_section][et_pb_section fb_built=&#8221;1&#8243; _builder_version=&#8221;3.22&#8243; background_color=&#8221;rgba(247,247,247,0.3)&#8221; z_index_tablet=&#8221;500&#8243; border_width_top=&#8221;1&#8243; border_color_top=&#8221;#1a57a8&#8243;][et_pb_row _builder_version=&#8221;3.25&#8243; background_size=&#8221;initial&#8221; background_position=&#8221;top_left&#8221; background_repeat=&#8221;repeat&#8221;][et_pb_column type=&#8221;4_4&#8243; _builder_version=&#8221;3.25&#8243; custom_padding=&#8221;|||&#8221; custom_padding__hover=&#8221;|||&#8221;][\/et_pb_column][\/et_pb_row][et_pb_row column_structure=&#8221;1_2,1_2&#8243; _builder_version=&#8221;3.25&#8243; background_size=&#8221;initial&#8221; background_position=&#8221;top_left&#8221; background_repeat=&#8221;repeat&#8221;][et_pb_column type=&#8221;1_2&#8243; _builder_version=&#8221;3.25&#8243; custom_padding=&#8221;|||&#8221; custom_padding__hover=&#8221;|||&#8221;][\/et_pb_column][et_pb_column type=&#8221;1_2&#8243; _builder_version=&#8221;3.25&#8243; custom_padding=&#8221;|||&#8221; custom_padding__hover=&#8221;|||&#8221;][et_pb_image src=&#8221;http:\/\/metre.emfasi.es\/wp-content\/uploads\/2018\/02\/metrecubic-mudanzas-2018.jpg&#8221; align_tablet=&#8221;center&#8221; align_phone=&#8221;&#8221; align_last_edited=&#8221;on|desktop&#8221; _builder_version=&#8221;3.23&#8243; z_index_tablet=&#8221;500&#8243;]<br \/>\n[\/et_pb_image][\/et_pb_column][\/et_pb_row][\/et_pb_section]<\/p>\n","protected":false},"excerpt":{"rendered":"<p>Mudances Internacionals El millor servei de mudances internacionalsMetrecubic t&#8217;ofereix una mudan\u00e7a internacional des de qualsevol poblaci\u00f3 de la Catalunya a qualsevol pa\u00eds d&#8217;Europa, de manera segura i satisfact\u00f2ria.Girona 972 40 59 69Sabadell 937 269 264Empaquetem en caixes objectes personals, quadres, llibres, roba, parament de cuina, de manera professional amb els millors materials d&#8217;embalatge possibles per [&hellip;]<\/p>\n","protected":false},"author":2,"featured_media":0,"parent":0,"menu_order":0,"comment_status":"closed","ping_status":"closed","template":"","meta":{"_et_pb_use_builder":"on","_et_pb_old_content":"","_et_gb_content_width":"","footnotes":""},"yoast_head":"<!-- This site is optimized with the Yoast SEO plugin v22.1 - https:\/\/yoast.com\/wordpress\/plugins\/seo\/ -->\n<title>Mudances Internacionals - Metrecubic<\/title>\n<meta name=\"robots\" content=\"noindex, follow, max-snippet:-1, max-image-preview:large, max-video-preview:-1\" \/>\n<meta property=\"og:locale\" content=\"ca_ES\" \/>\n<meta property=\"og:type\" content=\"article\" \/>\n<meta property=\"og:title\" content=\"Mudances Internacionals - Metrecubic\" \/>\n<meta property=\"og:description\" content=\"Mudances Internacionals El millor servei de mudances internacionalsMetrecubic t&#039;ofereix una mudan\u00e7a internacional des de qualsevol poblaci\u00f3 de la Catalunya a qualsevol pa\u00eds d&#039;Europa, de manera segura i satisfact\u00f2ria.Girona 972 40 59 69Sabadell 937 269 264Empaquetem en caixes objectes personals, quadres, llibres, roba, parament de cuina, de manera professional amb els millors materials d&#039;embalatge possibles per [&hellip;]\" \/>\n<meta property=\"og:url\" content=\"https:\/\/metre.emfasi.es\/ca\/mudances-internacionals\/\" \/>\n<meta property=\"og:site_name\" content=\"Metrecubic\" \/>\n<meta property=\"article:modified_time\" content=\"2021-09-13T11:37:36+00:00\" \/>\n<meta name=\"twitter:card\" content=\"summary_large_image\" \/>\n<meta name=\"twitter:label1\" content=\"Temps estimat de lectura\" \/>\n\t<meta name=\"twitter:data1\" content=\"6 minuts\" \/>\n<script type=\"application\/ld+json\" class=\"yoast-schema-graph\">{\"@context\":\"https:\/\/schema.org\",\"@graph\":[{\"@type\":\"WebPage\",\"@id\":\"https:\/\/metre.emfasi.es\/ca\/mudances-internacionals\/\",\"url\":\"https:\/\/metre.emfasi.es\/ca\/mudances-internacionals\/\",\"name\":\"Mudances Internacionals - Metrecubic\",\"isPartOf\":{\"@id\":\"https:\/\/metre.emfasi.es\/#website\"},\"datePublished\":\"2021-09-07T10:24:53+00:00\",\"dateModified\":\"2021-09-13T11:37:36+00:00\",\"breadcrumb\":{\"@id\":\"https:\/\/metre.emfasi.es\/ca\/mudances-internacionals\/#breadcrumb\"},\"inLanguage\":\"ca\",\"potentialAction\":[{\"@type\":\"ReadAction\",\"target\":[\"https:\/\/metre.emfasi.es\/ca\/mudances-internacionals\/\"]}]},{\"@type\":\"BreadcrumbList\",\"@id\":\"https:\/\/metre.emfasi.es\/ca\/mudances-internacionals\/#breadcrumb\",\"itemListElement\":[{\"@type\":\"ListItem\",\"position\":1,\"name\":\"Portada\",\"item\":\"https:\/\/metre.emfasi.es\/ca\/\"},{\"@type\":\"ListItem\",\"position\":2,\"name\":\"Mudances Internacionals\"}]},{\"@type\":\"WebSite\",\"@id\":\"https:\/\/metre.emfasi.es\/#website\",\"url\":\"https:\/\/metre.emfasi.es\/\",\"name\":\"Metrecubic\",\"description\":\"Alquiler de trasteros y minialmacenes privados.\",\"publisher\":{\"@id\":\"https:\/\/metre.emfasi.es\/#organization\"},\"potentialAction\":[{\"@type\":\"SearchAction\",\"target\":{\"@type\":\"EntryPoint\",\"urlTemplate\":\"https:\/\/metre.emfasi.es\/?s={search_term_string}\"},\"query-input\":\"required name=search_term_string\"}],\"inLanguage\":\"ca\"},{\"@type\":\"Organization\",\"@id\":\"https:\/\/metre.emfasi.es\/#organization\",\"name\":\"METRECUBIC trasteros y mudanzas\",\"url\":\"https:\/\/metre.emfasi.es\/\",\"logo\":{\"@type\":\"ImageObject\",\"inLanguage\":\"ca\",\"@id\":\"https:\/\/metre.emfasi.es\/#\/schema\/logo\/image\/\",\"url\":\"http:\/\/metre.emfasi.es\/wp-content\/uploads\/2017\/09\/logo-capsalera.gif\",\"contentUrl\":\"http:\/\/metre.emfasi.es\/wp-content\/uploads\/2017\/09\/logo-capsalera.gif\",\"width\":118,\"height\":117,\"caption\":\"METRECUBIC trasteros y mudanzas\"},\"image\":{\"@id\":\"https:\/\/metre.emfasi.es\/#\/schema\/logo\/image\/\"}}]}<\/script>\n<!-- \/ Yoast SEO plugin. -->","yoast_head_json":{"title":"Mudances Internacionals - Metrecubic","robots":{"index":"noindex","follow":"follow","max-snippet":"max-snippet:-1","max-image-preview":"max-image-preview:large","max-video-preview":"max-video-preview:-1"},"og_locale":"ca_ES","og_type":"article","og_title":"Mudances Internacionals - Metrecubic","og_description":"Mudances Internacionals El millor servei de mudances internacionalsMetrecubic t'ofereix una mudan\u00e7a internacional des de qualsevol poblaci\u00f3 de la Catalunya a qualsevol pa\u00eds d'Europa, de manera segura i satisfact\u00f2ria.Girona 972 40 59 69Sabadell 937 269 264Empaquetem en caixes objectes personals, quadres, llibres, roba, parament de cuina, de manera professional amb els millors materials d'embalatge possibles per [&hellip;]","og_url":"https:\/\/metre.emfasi.es\/ca\/mudances-internacionals\/","og_site_name":"Metrecubic","article_modified_time":"2021-09-13T11:37:36+00:00","twitter_card":"summary_large_image","twitter_misc":{"Temps estimat de lectura":"6 minuts"},"schema":{"@context":"https:\/\/schema.org","@graph":[{"@type":"WebPage","@id":"https:\/\/metre.emfasi.es\/ca\/mudances-internacionals\/","url":"https:\/\/metre.emfasi.es\/ca\/mudances-internacionals\/","name":"Mudances Internacionals - Metrecubic","isPartOf":{"@id":"https:\/\/metre.emfasi.es\/#website"},"datePublished":"2021-09-07T10:24:53+00:00","dateModified":"2021-09-13T11:37:36+00:00","breadcrumb":{"@id":"https:\/\/metre.emfasi.es\/ca\/mudances-internacionals\/#breadcrumb"},"inLanguage":"ca","potentialAction":[{"@type":"ReadAction","target":["https:\/\/metre.emfasi.es\/ca\/mudances-internacionals\/"]}]},{"@type":"BreadcrumbList","@id":"https:\/\/metre.emfasi.es\/ca\/mudances-internacionals\/#breadcrumb","itemListElement":[{"@type":"ListItem","position":1,"name":"Portada","item":"https:\/\/metre.emfasi.es\/ca\/"},{"@type":"ListItem","position":2,"name":"Mudances Internacionals"}]},{"@type":"WebSite","@id":"https:\/\/metre.emfasi.es\/#website","url":"https:\/\/metre.emfasi.es\/","name":"Metrecubic","description":"Alquiler de trasteros y minialmacenes privados.","publisher":{"@id":"https:\/\/metre.emfasi.es\/#organization"},"potentialAction":[{"@type":"SearchAction","target":{"@type":"EntryPoint","urlTemplate":"https:\/\/metre.emfasi.es\/?s={search_term_string}"},"query-input":"required name=search_term_string"}],"inLanguage":"ca"},{"@type":"Organization","@id":"https:\/\/metre.emfasi.es\/#organization","name":"METRECUBIC trasteros y mudanzas","url":"https:\/\/metre.emfasi.es\/","logo":{"@type":"ImageObject","inLanguage":"ca","@id":"https:\/\/metre.emfasi.es\/#\/schema\/logo\/image\/","url":"http:\/\/metre.emfasi.es\/wp-content\/uploads\/2017\/09\/logo-capsalera.gif","contentUrl":"http:\/\/metre.emfasi.es\/wp-content\/uploads\/2017\/09\/logo-capsalera.gif","width":118,"height":117,"caption":"METRECUBIC trasteros y mudanzas"},"image":{"@id":"https:\/\/metre.emfasi.es\/#\/schema\/logo\/image\/"}}]}},"_links":{"self":[{"href":"https:\/\/metre.emfasi.es\/ca\/wp-json\/wp\/v2\/pages\/16118"}],"collection":[{"href":"https:\/\/metre.emfasi.es\/ca\/wp-json\/wp\/v2\/pages"}],"about":[{"href":"https:\/\/metre.emfasi.es\/ca\/wp-json\/wp\/v2\/types\/page"}],"author":[{"embeddable":true,"href":"https:\/\/metre.emfasi.es\/ca\/wp-json\/wp\/v2\/users\/2"}],"replies":[{"embeddable":true,"href":"https:\/\/metre.emfasi.es\/ca\/wp-json\/wp\/v2\/comments?post=16118"}],"version-history":[{"count":0,"href":"https:\/\/metre.emfasi.es\/ca\/wp-json\/wp\/v2\/pages\/16118\/revisions"}],"wp:attachment":[{"href":"https:\/\/metre.emfasi.es\/ca\/wp-json\/wp\/v2\/media?parent=16118"}],"curies":[{"name":"wp","href":"https:\/\/api.w.org\/{rel}","templated":true}]}}