{"id":2060,"date":"2018-01-22T13:00:23","date_gmt":"2018-01-22T13:00:23","guid":{"rendered":"http:\/\/metre.emfasi.es\/trasteros\/"},"modified":"2022-05-19T10:19:12","modified_gmt":"2022-05-19T08:19:12","slug":"trasters","status":"publish","type":"page","link":"https:\/\/metre.emfasi.es\/ca\/trasters\/","title":{"rendered":"Trasters"},"content":{"rendered":"<p>[et_pb_section fb_built=&#8221;1&#8243; disabled_on=&#8221;off||&#8221; _builder_version=&#8221;4.16&#8243; background_color=&#8221;#919191&#8243; background_image=&#8221;http:\/\/metre.emfasi.es\/wp-content\/uploads\/2018\/01\/metre-cubic-trasteros-mudanzas-imagen-principal-2018.jpg&#8221; background_blend=&#8221;multiply&#8221; custom_padding=&#8221;50px||50px|&#8221; global_colors_info=&#8221;{}&#8221;][et_pb_row _builder_version=&#8221;4.16&#8243; module_alignment=&#8221;center&#8221; global_colors_info=&#8221;{}&#8221;][et_pb_column type=&#8221;4_4&#8243; _builder_version=&#8221;4.16&#8243; custom_padding=&#8221;15px|10px|15px|10px&#8221; global_colors_info=&#8221;{}&#8221; custom_padding__hover=&#8221;|||&#8221;][et_pb_text _builder_version=&#8221;4.16&#8243; header_font=&#8221;Oswald||||||||&#8221; header_font_size=&#8221;40&#8243; header_2_font=&#8221;Oswald||||||||&#8221; header_2_font_size=&#8221;40px&#8221; text_orientation=&#8221;center&#8221; background_layout=&#8221;dark&#8221; header_2_font_size_tablet=&#8221;&#8221; header_2_font_size_phone=&#8221;23px&#8221; header_2_font_size_last_edited=&#8221;on|phone&#8221; header_text_shadow_style=&#8221;preset1&#8243; header_2_text_shadow_style=&#8221;preset1&#8243; global_colors_info=&#8221;{}&#8221;]<\/p>\n<h2>TRASTEROS A PARTIR DE 1m<span style=\"font-size: 14px; position: absolute;\">2<\/span><\/h2>\n<p>[\/et_pb_text][\/et_pb_column][\/et_pb_row][et_pb_row column_structure=&#8221;1_2,1_2&#8243; _builder_version=&#8221;4.16&#8243; module_alignment=&#8221;center&#8221; global_colors_info=&#8221;{}&#8221;][et_pb_column type=&#8221;1_2&#8243; _builder_version=&#8221;4.16&#8243; custom_padding=&#8221;15px|10px|15px|10px&#8221; custom_padding_tablet=&#8221;&#8221; custom_padding_phone=&#8221;0px|0px|0px|0px&#8221; custom_padding_last_edited=&#8221;on|phone&#8221; global_colors_info=&#8221;{}&#8221; custom_padding__hover=&#8221;|||&#8221;][et_pb_button button_url=&#8221;http:\/\/metre.emfasi.es\/ca\/trasters-sabadell\/&#8221; button_text=&#8221;Trasteros en Sabadell&#8221; button_alignment=&#8221;center&#8221; _builder_version=&#8221;4.16&#8243; custom_button=&#8221;on&#8221; button_text_size=&#8221;20px&#8221; button_bg_color=&#8221;#e85426&#8243; button_border_width=&#8221;0px&#8221; button_border_radius=&#8221;30px&#8221; button_font=&#8221;Oswald|||on|||||&#8221; global_colors_info=&#8221;{}&#8221;][\/et_pb_button][\/et_pb_column][et_pb_column type=&#8221;1_2&#8243; _builder_version=&#8221;4.16&#8243; custom_padding=&#8221;0px|0px|0px|0px&#8221; global_colors_info=&#8221;{}&#8221; custom_padding__hover=&#8221;|||&#8221;][et_pb_button button_url=&#8221;http:\/\/metre.emfasi.es\/ca\/trasters-girona\/&#8221; button_text=&#8221;Trasteros en Girona&#8221; button_alignment=&#8221;center&#8221; _builder_version=&#8221;4.16&#8243; custom_button=&#8221;on&#8221; button_text_size=&#8221;20px&#8221; button_bg_color=&#8221;#e85426&#8243; button_border_width=&#8221;0px&#8221; button_border_radius=&#8221;30px&#8221; button_font=&#8221;Oswald|||on|||||&#8221; global_colors_info=&#8221;{}&#8221;][\/et_pb_button][\/et_pb_column][\/et_pb_row][\/et_pb_section][et_pb_section fb_built=&#8221;1&#8243; _builder_version=&#8221;4.16&#8243; global_colors_info=&#8221;{}&#8221;][et_pb_row column_structure=&#8221;1_3,2_3&#8243; _builder_version=&#8221;4.16&#8243; background_size=&#8221;initial&#8221; background_position=&#8221;top_left&#8221; background_repeat=&#8221;repeat&#8221; global_colors_info=&#8221;{}&#8221;][et_pb_column type=&#8221;1_3&#8243; _builder_version=&#8221;4.16&#8243; custom_padding=&#8221;|||&#8221; global_colors_info=&#8221;{}&#8221; custom_padding__hover=&#8221;|||&#8221;][et_pb_text disabled_on=&#8221;on||&#8221; admin_label=&#8221;Sabadell&#8221; _builder_version=&#8221;4.16&#8243; text_font=&#8221;Oswald||||||||&#8221; text_font_size=&#8221;25&#8243; link_text_align=&#8221;right&#8221; header_text_align=&#8221;right&#8221; custom_padding=&#8221;0px||1px|&#8221; border_width_bottom=&#8221;1&#8243; border_color_bottom=&#8221;#e85426&#8243; global_colors_info=&#8221;{}&#8221;]<\/p>\n<p>Sabadell <a href=\"tel:+34937269264\"><strong>937 269 264<\/strong><\/a><\/p>\n<p>[\/et_pb_text][et_pb_text disabled_on=&#8221;on||&#8221; admin_label=&#8221;Girona&#8221; _builder_version=&#8221;4.16&#8243; text_font=&#8221;Oswald||||||||&#8221; text_font_size=&#8221;25&#8243; custom_padding=&#8221;0px||2px|&#8221; border_width_bottom=&#8221;1&#8243; border_color_bottom=&#8221;#e85426&#8243; global_colors_info=&#8221;{}&#8221;]<\/p>\n<p>Girona <a href=\"tel:+34972405969\"><strong>972 405 969<\/strong><\/a><\/p>\n<p>[\/et_pb_text][et_pb_gallery gallery_ids=&#8221;1649,1650&#8243; fullwidth=&#8221;on&#8221; dbdb_version=&#8221;3.8.4&#8243; _builder_version=&#8221;4.16&#8243; auto=&#8221;on&#8221; auto_speed=&#8221;3500&#8243; pagination_font_size_tablet=&#8221;51&#8243; pagination_line_height_tablet=&#8221;2&#8243; global_colors_info=&#8221;{}&#8221;][\/et_pb_gallery][et_pb_text _builder_version=&#8221;4.16&#8243; header_font=&#8221;|300|||||||&#8221; header_text_color=&#8221;#e85426&#8243; border_color_top=&#8221;#7c7c7c&#8221; global_colors_info=&#8221;{}&#8221;]<\/p>\n<div class=\"et_pb_text et_pb_module et_pb_bg_layout_light et_pb_text_align_left et_pb_text_4\">\n<div class=\"et_pb_text_inner\">\n<h1><span id=\"AlquilerTrastero\">Alquiler de Trasteros<br \/>\n<\/span><\/h1>\n<h2><em>Que es self-storage<\/em><\/h2>\n<p>El self-storage es un servicio innovador y c\u00f3modo para particulares y empresas. Disponemos de trasteros privados a partir de 1 m2 hasta 50 m2 al cual puedes acceder los 365 dias del a\u00f1o.<\/p>\n<p>Es un lugar donde almacenar tus cosas de forma seca, limpia y segura. Tambi\u00e9n podr\u00e1s disfrutar de servicios adicionales como:<\/p>\n<ul>\n<li>Furgoneta Gratis<\/li>\n<li>Organizaci\u00f3n de tu mudanza<\/li>\n<li>Venta de material de embalaje<\/li>\n<li>Recepci\u00f3n de mercanc\u00edas<\/li>\n<\/ul>\n<\/div>\n<\/div>\n<p>[\/et_pb_text][et_pb_image src=&#8221;http:\/\/metre.emfasi.es\/wp-content\/uploads\/2017\/09\/f03-1.jpg&#8221; align_tablet=&#8221;center&#8221; align_phone=&#8221;&#8221; align_last_edited=&#8221;on|desktop&#8221; _builder_version=&#8221;4.16&#8243; global_colors_info=&#8221;{}&#8221;][\/et_pb_image][\/et_pb_column][et_pb_column type=&#8221;2_3&#8243; _builder_version=&#8221;4.16&#8243; custom_padding=&#8221;|||&#8221; global_colors_info=&#8221;{}&#8221; custom_padding__hover=&#8221;|||&#8221;][et_pb_text _builder_version=&#8221;4.16&#8243; global_colors_info=&#8221;{}&#8221;]<\/p>\n<h1>Alquiler de Trasteros <\/h1>\n<h3>Solic\u00edtanos <strong>presupuesto<\/strong> para tu pr\u00f3ximo <strong>trastero<\/strong><\/h3>\n<p>Rellena todos los campos del siguiente formulario para poder ofrecerte un presupuesto ajustado a tus necesidades.<\/p>\n<p>[\/et_pb_text][et_pb_code _builder_version=&#8221;4.16&#8243; global_colors_info=&#8221;{}&#8221;]\n<div class=\"wpcf7 no-js\" id=\"wpcf7-f1635-o1\" lang=\"es-ES\" dir=\"ltr\">\n<div class=\"screen-reader-response\"><p role=\"status\" aria-live=\"polite\" aria-atomic=\"true\"><\/p> <ul><\/ul><\/div>\n<form action=\"\/ca\/wp-json\/wp\/v2\/pages\/2060#wpcf7-f1635-o1\" method=\"post\" class=\"wpcf7-form init\" aria-label=\"Formulario de contacto\" novalidate=\"novalidate\" data-status=\"init\">\n<div style=\"display: none;\">\n<input type=\"hidden\" name=\"_wpcf7\" value=\"1635\" \/>\n<input type=\"hidden\" name=\"_wpcf7_version\" value=\"5.8.7\" \/>\n<input type=\"hidden\" name=\"_wpcf7_locale\" value=\"es_ES\" \/>\n<input type=\"hidden\" name=\"_wpcf7_unit_tag\" value=\"wpcf7-f1635-o1\" \/>\n<input type=\"hidden\" name=\"_wpcf7_container_post\" value=\"0\" \/>\n<input type=\"hidden\" name=\"_wpcf7_posted_data_hash\" value=\"\" \/>\n<input type=\"hidden\" name=\"_wpcf7cf_hidden_group_fields\" value=\"[]\" \/>\n<input type=\"hidden\" name=\"_wpcf7cf_hidden_groups\" value=\"[]\" \/>\n<input type=\"hidden\" name=\"_wpcf7cf_visible_groups\" value=\"[]\" \/>\n<input type=\"hidden\" name=\"_wpcf7cf_repeaters\" value=\"[]\" \/>\n<input type=\"hidden\" name=\"_wpcf7cf_steps\" value=\"{}\" \/>\n<input type=\"hidden\" name=\"_wpcf7cf_options\" value=\"{&quot;form_id&quot;:1635,&quot;conditions&quot;:[{&quot;then_field&quot;:&quot;Girona&quot;,&quot;and_rules&quot;:[{&quot;if_field&quot;:&quot;ciudad&quot;,&quot;operator&quot;:&quot;equals&quot;,&quot;if_value&quot;:&quot;Girona&quot;}]}],&quot;settings&quot;:{&quot;animation&quot;:&quot;yes&quot;,&quot;animation_intime&quot;:200,&quot;animation_outtime&quot;:200,&quot;conditions_ui&quot;:&quot;normal&quot;,&quot;notice_dismissed&quot;:false,&quot;notice_dismissed_update-cf7-5.7.3&quot;:true,&quot;notice_dismissed_rollback-cf7-5.7.4&quot;:true,&quot;notice_dismissed_rollback-cf7-5.8.6&quot;:true}}\" \/>\n<input type=\"hidden\" name=\"_wpcf7_recaptcha_response\" value=\"\" \/>\n<\/div>\n<div class=\"et_pb_contact\">\n\t<div class=\"et_pb_contact_left\">\n\t\t<p><span class=\"wpcf7-form-control-wrap\" data-name=\"your-name\"><input size=\"40\" class=\"wpcf7-form-control wpcf7-text wpcf7-validates-as-required\" aria-required=\"true\" aria-invalid=\"false\" placeholder=\"Nombre y Apellidos*\" value=\"\" type=\"text\" name=\"your-name\" \/><\/span>\n\t\t<\/p>\n\t\t<p><span class=\"wpcf7-form-control-wrap\" data-name=\"your-email\"><input size=\"40\" class=\"wpcf7-form-control wpcf7-email wpcf7-validates-as-required wpcf7-text wpcf7-validates-as-email\" aria-required=\"true\" aria-invalid=\"false\" placeholder=\"Correo Electr\u00f3nico*\" value=\"\" type=\"email\" name=\"your-email\" \/><\/span>\n\t\t<\/p>\n\t\t<p><span class=\"wpcf7-form-control-wrap\" data-name=\"telefono\"><input size=\"40\" class=\"wpcf7-form-control wpcf7-tel wpcf7-validates-as-required wpcf7-text wpcf7-validates-as-tel\" aria-required=\"true\" aria-invalid=\"false\" placeholder=\"Tel\u00e9fono*\" value=\"\" type=\"tel\" name=\"telefono\" \/><\/span>\n\t\t<\/p>\n\t\t<p><span class=\"wpcf7-form-control-wrap\" data-name=\"poblacion\"><input size=\"40\" class=\"wpcf7-form-control wpcf7-text\" aria-invalid=\"false\" placeholder=\"Poblaci\u00f3n\" value=\"\" type=\"text\" name=\"poblacion\" \/><\/span>\n\t\t<\/p>\n\t\t<p>Elige preferencia horaria de contacto: <span class=\"wpcf7-form-control-wrap\" data-name=\"horario-contacto\"><select class=\"wpcf7-form-control wpcf7-select\" aria-invalid=\"false\" name=\"horario-contacto\"><option value=\"de 8h a 14h\">de 8h a 14h<\/option><option value=\"de 14h a 16h\">de 14h a 16h<\/option><option value=\"de 16h a 19h\">de 16h a 19h<\/option><option value=\"de 19h a 22h\">de 19h a 22h<\/option><option value=\"indiferente\">indiferente<\/option><\/select><\/span>\n\t\t<\/p>\n\t\t<p>Ciudad: <span class=\"wpcf7-form-control-wrap\" data-name=\"ciudad\"><select class=\"wpcf7-form-control wpcf7-select\" aria-invalid=\"false\" name=\"ciudad\"><option value=\"Sabadell\">Sabadell<\/option><option value=\"Girona\">Girona<\/option><\/select><\/span>\n\t\t<\/p>\n\t\t<div data-id=\"Girona\" data-orig_data_id=\"Girona\"  data-class=\"wpcf7cf_group\">\n\t\t\t<p>Centro:<span class=\"wpcf7-form-control-wrap\" data-name=\"centro\"><select class=\"wpcf7-form-control wpcf7-select wpcf7-validates-as-required\" aria-required=\"true\" aria-invalid=\"false\" name=\"centro\"><option value=\"\">&#8212;Por favor, elige una opci\u00f3n&#8212;<\/option><option value=\"C\/ Ind\u00fastria\">C\/ Ind\u00fastria<\/option><option value=\"Girona Centro\">Girona Centro<\/option><option value=\"Trasteros acceso directo\">Trasteros acceso directo<\/option><option value=\"Empuriabrava\">Empuriabrava<\/option><\/select><\/span>\n\t\t\t<\/p>\n\t\t<\/div>\n\t\t<p>Tipo de Uso: <span class=\"wpcf7-form-control-wrap\" data-name=\"uso\"><select class=\"wpcf7-form-control wpcf7-select\" aria-invalid=\"false\" name=\"uso\"><option value=\"Particular\">Particular<\/option><option value=\"Empresa\">Empresa<\/option><option value=\"Aut\u00f3nomo\">Aut\u00f3nomo<\/option><\/select><\/span>\n\t\t<\/p>\n\t\t<p>Espacio requerido m2: <span class=\"wpcf7-form-control-wrap\" data-name=\"metros\"><select class=\"wpcf7-form-control wpcf7-select\" aria-invalid=\"false\" name=\"metros\"><option value=\"1-3 m2\">1-3 m2<\/option><option value=\"4-6 m2\">4-6 m2<\/option><option value=\"7-9 m2\">7-9 m2<\/option><option value=\"10-12 m2\">10-12 m2<\/option><option value=\"13-15 m2\">13-15 m2<\/option><option value=\"m\u00e1s de 15 m2\">m\u00e1s de 15 m2<\/option><\/select><\/span>\n\t\t<\/p>\n\t\t<p>Fecha de entrada: <span class=\"wpcf7-form-control-wrap\" data-name=\"fecha\"><input class=\"wpcf7-form-control wpcf7-date wpcf7-validates-as-required wpcf7-validates-as-date\" aria-required=\"true\" aria-invalid=\"false\" value=\"\" type=\"date\" name=\"fecha\" \/><\/span>\n\t\t<\/p>\n\t\t<p>Duraci\u00f3n: <span class=\"wpcf7-form-control-wrap\" data-name=\"duracion\"><select class=\"wpcf7-form-control wpcf7-select\" aria-invalid=\"false\" name=\"duracion\"><option value=\"2 semanas\">2 semanas<\/option><option value=\"3 semanas\">3 semanas<\/option><option value=\"1 mes\">1 mes<\/option><option value=\"2 meses\">2 meses<\/option><option value=\"3 meses\">3 meses<\/option><option value=\"4 meses\">4 meses<\/option><option value=\"5 meses\">5 meses<\/option><option value=\"6 meses\">6 meses<\/option><option value=\"M\u00e1s de 1 a\u00f1o\">M\u00e1s de 1 a\u00f1o<\/option><\/select><\/span>\n\t\t<\/p>\n\t\t<p><span class=\"wpcf7-form-control-wrap\" data-name=\"mensaje\"><textarea cols=\"40\" rows=\"10\" class=\"wpcf7-form-control wpcf7-textarea\" aria-invalid=\"false\" placeholder=\"D\u00e9janos comentarios que nos ayuden a conocer tus necesidades\" name=\"mensaje\"><\/textarea><\/span>\n\t\t<\/p>\n\t\t<p>*Campos obligatorios\n\t\t<\/p>\n\t<\/div>\n<\/div>\n<div style=\"display:none\">\n\t<p><span class=\"wpcf7-form-control-wrap\" data-name=\"your-subject\"><input size=\"40\" class=\"wpcf7-form-control wpcf7-text\" aria-invalid=\"false\" value=\"Formulario TRASTEROS ESP\" type=\"text\" name=\"your-subject\" \/><\/span>\n\t<\/p>\n<\/div>\n<p><span class=\"wpcf7-form-control-wrap\" data-name=\"acepto\"><span class=\"wpcf7-form-control wpcf7-acceptance\"><span class=\"wpcf7-list-item\"><input type=\"checkbox\" name=\"acepto\" value=\"1\" aria-invalid=\"false\" \/><\/span><\/span><\/span> He le\u00eddo y acepto <a href=\"http:\/\/metre.emfasi.es\/politica-de-privacidad\/\" target=\"blank\">La Pol\u00edtica de Privacidad<\/a><input class=\"wpcf7-form-control wpcf7-submit has-spinner et_pb_contact_submit et_pb_button\" type=\"submit\" value=\"Enviar\" \/>\n<\/p><div class=\"wpcf7-response-output\" aria-hidden=\"true\"><\/div>\n<\/form>\n<\/div>\n<!-- [et_pb_line_break_holder] --><script><!-- [et_pb_line_break_holder] -->document.addEventListener( 'wpcf7mailsent', function( event ) {<!-- [et_pb_line_break_holder] --> location = 'http:\/\/metre.emfasi.es\/gracias-por-contactar\/';<!-- [et_pb_line_break_holder] -->}, false );<!-- [et_pb_line_break_holder] --><\/script>[\/et_pb_code][\/et_pb_column][\/et_pb_row][\/et_pb_section][et_pb_section fb_built=&#8221;1&#8243; _builder_version=&#8221;4.16&#8243; animation_style=&#8221;zoom&#8221; border_width_top=&#8221;1px&#8221; global_colors_info=&#8221;{}&#8221;][et_pb_row column_structure=&#8221;1_2,1_2&#8243; _builder_version=&#8221;4.16&#8243; background_size=&#8221;initial&#8221; background_position=&#8221;top_left&#8221; background_repeat=&#8221;repeat&#8221; global_colors_info=&#8221;{}&#8221;][et_pb_column type=&#8221;1_2&#8243; _builder_version=&#8221;4.16&#8243; custom_padding=&#8221;|||&#8221; global_colors_info=&#8221;{}&#8221; custom_padding__hover=&#8221;|||&#8221;][et_pb_text _builder_version=&#8221;4.16&#8243; global_colors_info=&#8221;{}&#8221;]<\/p>\n<h3 style=\"text-align: center;\"><strong>METRECUBIC<\/strong> Trasteros y Guardamuebles<br \/>\nen Sabadell<\/h3>\n<p style=\"text-align: center;\">Ven a nuestro <strong>centro de Sabadell<\/strong>, cerca de la Zona Herm\u00e9tica, te asesoraremos sobre el mejor trastero y guardamuebles que se adapta a lo que deseas guardar y proteger.<\/p>\n<p>[\/et_pb_text][et_pb_code admin_label=&#8221;Mapa Sabadell&#8221; _builder_version=&#8221;4.16&#8243; global_colors_info=&#8221;{}&#8221;]<iframe loading=\"lazy\" src=\"https:\/\/www.google.com\/maps\/embed?pb=!1m14!1m8!1m3!1d7103.106313135927!2d2.0963758639098113!3d41.53702309371104!3m2!1i1024!2i768!4f13.1!3m3!1m2!1s0x0%3A0x52155a685d48984a!2sMetrecubic+Sabadell!5e0!3m2!1ses!2ses!4v1539076764091\" width=\"600\" height=\"450\" frameborder=\"0\" style=\"border:0\" allowfullscreen><\/iframe>[\/et_pb_code][et_pb_text _builder_version=&#8221;4.16&#8243; global_colors_info=&#8221;{}&#8221;]<\/p>\n<p style=\"text-align: center;\"><a href=\"https:\/\/goo.gl\/maps\/hjLj8dB51J12\" target=\"_blank\" rel=\"noopener noreferrer\">Ver direcci\u00f3n en Google MAPS<\/a><\/p>\n<p>[\/et_pb_text][\/et_pb_column][et_pb_column type=&#8221;1_2&#8243; _builder_version=&#8221;4.16&#8243; custom_padding=&#8221;|||&#8221; global_colors_info=&#8221;{}&#8221; custom_padding__hover=&#8221;|||&#8221;][et_pb_text _builder_version=&#8221;4.16&#8243; global_colors_info=&#8221;{}&#8221;]<\/p>\n<h3 style=\"text-align: center;\"><strong>METRECUBIC<\/strong> Trasteros y Guardamuebles<br \/>\nen Girona<\/h3>\n<p style=\"text-align: center;\">Ven a ver nuestros <strong>Centro en Girona<\/strong>, cerca del Wala, podr\u00e1s ver el trastero y\/o guardamuebles que mejor se adapta a todo lo que deseas guardar y proteger, seguridad y flexibilidad.<\/p>\n<p>[\/et_pb_text][et_pb_code admin_label=&#8221;Mapa Girona&#8221; _builder_version=&#8221;4.16&#8243; global_colors_info=&#8221;{}&#8221;]<iframe loading=\"lazy\" src=\"https:\/\/www.google.com\/maps\/embed?pb=!1m18!1m12!1m3!1d1247.3127883675684!2d2.8056919432409666!3d41.96535722392422!2m3!1f0!2f0!3f0!3m2!1i1024!2i768!4f13.1!3m3!1m2!1s0x12bae732d1059cc3%3A0x5582ed9ef37195dc!2sMetrecubic+Girona!5e0!3m2!1ses!2ses!4v1539077382432\" width=\"600\" height=\"450\" frameborder=\"0\" style=\"border:0\" allowfullscreen><\/iframe>[\/et_pb_code][et_pb_text _builder_version=&#8221;4.16&#8243; global_colors_info=&#8221;{}&#8221;]<\/p>\n<p style=\"text-align: center;\"><a href=\"https:\/\/goo.gl\/maps\/H5EJGSPSbpv\" target=\"_blank\" rel=\"noopener noreferrer\">Ver direcci\u00f3n en Google MAPS<\/a><\/p>\n<p>[\/et_pb_text][\/et_pb_column][\/et_pb_row][\/et_pb_section][et_pb_section fb_built=&#8221;1&#8243; _builder_version=&#8221;4.16&#8243; background_color=&#8221;#ededed&#8221; global_colors_info=&#8221;{}&#8221;][et_pb_row column_structure=&#8221;1_3,1_3,1_3&#8243; _builder_version=&#8221;4.16&#8243; custom_margin=&#8221;0px||0px|&#8221; border_width_bottom=&#8221;2&#8243; border_color_bottom=&#8221;#4f4f4f&#8221; border_style_bottom=&#8221;dotted&#8221; global_colors_info=&#8221;{}&#8221;][et_pb_column type=&#8221;1_3&#8243; _builder_version=&#8221;4.16&#8243; custom_padding=&#8221;|||&#8221; global_colors_info=&#8221;{}&#8221; custom_padding__hover=&#8221;|||&#8221;][et_pb_blurb title=&#8221;Furgoneta Gratuita&#8221; image=&#8221;http:\/\/metre.emfasi.es\/wp-content\/uploads\/2017\/12\/metre-cubic-icono-mudanzas-furgoneta-gratuita-ok-1.png&#8221; _builder_version=&#8221;4.16&#8243; header_font=&#8221;|300||on|||||&#8221; header_text_align=&#8221;center&#8221; header_text_color=&#8221;#e85426&#8243; header_font_size=&#8221;20&#8243; custom_margin=&#8221;||0px|&#8221; custom_padding=&#8221;||0px|&#8221; global_colors_info=&#8221;{}&#8221;]<\/p>\n<div class=\"et_pb_blurb_description\">\n<p style=\"text-align: center;\">Furgoneta gratuita al contratar tu trastero<\/p>\n<\/div>\n<p>[\/et_pb_blurb][\/et_pb_column][et_pb_column type=&#8221;1_3&#8243; _builder_version=&#8221;4.16&#8243; custom_padding=&#8221;|||&#8221; global_colors_info=&#8221;{}&#8221; custom_padding__hover=&#8221;|||&#8221;][et_pb_blurb title=&#8221;Servicio de Mudanza&#8221; image=&#8221;http:\/\/metre.emfasi.es\/wp-content\/uploads\/2017\/12\/metre-cubic-icono-mudanzas-desde-29-euros-ok.png&#8221; _builder_version=&#8221;4.16&#8243; header_font=&#8221;|300||on|||||&#8221; header_text_align=&#8221;center&#8221; header_text_color=&#8221;#e85426&#8243; header_font_size=&#8221;20&#8243; custom_margin=&#8221;||0px|&#8221; custom_padding=&#8221;||0px|&#8221; global_colors_info=&#8221;{}&#8221;]<\/p>\n<div class=\"et_pb_blurb_description\">\n<div class=\"et_pb_blurb_description\">\n<p style=\"text-align: center;\">Te organizamos la mudanza desde 35\u20ac\/hora.<\/p>\n<\/div>\n<\/div>\n<p>[\/et_pb_blurb][\/et_pb_column][et_pb_column type=&#8221;1_3&#8243; _builder_version=&#8221;4.16&#8243; custom_padding=&#8221;|||&#8221; global_colors_info=&#8221;{}&#8221; custom_padding__hover=&#8221;|||&#8221;][et_pb_blurb title=&#8221;Promociones&#8221; image=&#8221;http:\/\/metre.emfasi.es\/wp-content\/uploads\/2017\/12\/metre-cubic-icono-trasteros-promociones-ok.png&#8221; _builder_version=&#8221;4.16&#8243; header_font=&#8221;|300||on|||||&#8221; header_text_align=&#8221;center&#8221; header_text_color=&#8221;#e85426&#8243; header_font_size=&#8221;20&#8243; custom_margin=&#8221;||0px|&#8221; custom_padding=&#8221;||0px|&#8221; global_colors_info=&#8221;{}&#8221;]<\/p>\n<div class=\"et_pb_blurb_description\">\n<div class=\"et_pb_blurb_description\">\n<div class=\"et_pb_blurb_description\">\n<p style=\"text-align: center;\">Trasteros a partir de 39\u20ac\/mes<\/p>\n<\/div>\n<\/div>\n<\/div>\n<p>[\/et_pb_blurb][\/et_pb_column][\/et_pb_row][et_pb_row column_structure=&#8221;1_3,1_3,1_3&#8243; _builder_version=&#8221;4.16&#8243; custom_margin=&#8221;0px||0px|&#8221; global_colors_info=&#8221;{}&#8221;][et_pb_column type=&#8221;1_3&#8243; _builder_version=&#8221;4.16&#8243; custom_padding=&#8221;|||&#8221; global_colors_info=&#8221;{}&#8221; custom_padding__hover=&#8221;|||&#8221;][et_pb_blurb title=&#8221;Trasteros para Particulares&#8221; image=&#8221;http:\/\/metre.emfasi.es\/wp-content\/uploads\/2017\/12\/metre-cubic-icono-trasteros-para-particulares-ok-1.png&#8221; _builder_version=&#8221;4.16&#8243; header_font=&#8221;|300||on|||||&#8221; header_text_align=&#8221;center&#8221; header_text_color=&#8221;#e85426&#8243; header_font_size=&#8221;20&#8243; global_colors_info=&#8221;{}&#8221;]<\/p>\n<div class=\"et_pb_blurb_description\">\n<p style=\"text-align: center;\">Tu espacio privado de almacenaje<\/p>\n<\/div>\n<p>[\/et_pb_blurb][\/et_pb_column][et_pb_column type=&#8221;1_3&#8243; _builder_version=&#8221;4.16&#8243; custom_padding=&#8221;|||&#8221; global_colors_info=&#8221;{}&#8221; custom_padding__hover=&#8221;|||&#8221;][et_pb_blurb title=&#8221;Trasteros para Empresas&#8221; image=&#8221;http:\/\/metre.emfasi.es\/wp-content\/uploads\/2017\/12\/metre-cubic-icono-trasteros-para-empresas-ok.png&#8221; _builder_version=&#8221;4.16&#8243; header_font=&#8221;|300||on|||||&#8221; header_text_align=&#8221;center&#8221; header_text_color=&#8221;#e85426&#8243; header_font_size=&#8221;20&#8243; global_colors_info=&#8221;{}&#8221;]<\/p>\n<div class=\"et_pb_blurb_description\">\n<div class=\"et_pb_blurb_description\">\n<p style=\"text-align: center;\">Acceso las 24h. y los 365 d\u00edas del a\u00f1o.<\/p>\n<\/div>\n<\/div>\n<p>[\/et_pb_blurb][\/et_pb_column][et_pb_column type=&#8221;1_3&#8243; _builder_version=&#8221;4.16&#8243; custom_padding=&#8221;|||&#8221; global_colors_info=&#8221;{}&#8221; custom_padding__hover=&#8221;|||&#8221;][et_pb_blurb title=&#8221; Calcula tu espacio&#8221; image=&#8221;http:\/\/metre.emfasi.es\/wp-content\/uploads\/2017\/12\/metre-cubic-icono-trasteros-calcula-tu-espacio-ok.png&#8221; _builder_version=&#8221;4.16&#8243; header_font=&#8221;|300||on|||||&#8221; header_text_align=&#8221;center&#8221; header_text_color=&#8221;#e85426&#8243; header_font_size=&#8221;20&#8243; global_colors_info=&#8221;{}&#8221;]<\/p>\n<div class=\"et_pb_blurb_description\">\n<div class=\"et_pb_blurb_description\">\n<div class=\"et_pb_blurb_description\">\n<p style=\"text-align: center;\">Calcula aproximadamente el espacio que necesites.<\/p>\n<\/div>\n<\/div>\n<\/div>\n<p>[\/et_pb_blurb][\/et_pb_column][\/et_pb_row][\/et_pb_section][et_pb_section fb_built=&#8221;1&#8243; _builder_version=&#8221;4.16&#8243; global_colors_info=&#8221;{}&#8221;][et_pb_row _builder_version=&#8221;4.16&#8243; background_size=&#8221;initial&#8221; background_position=&#8221;top_left&#8221; background_repeat=&#8221;repeat&#8221; global_colors_info=&#8221;{}&#8221;][et_pb_column type=&#8221;4_4&#8243; _builder_version=&#8221;4.16&#8243; custom_padding=&#8221;|||&#8221; global_colors_info=&#8221;{}&#8221; custom_padding__hover=&#8221;|||&#8221;][et_pb_text _builder_version=&#8221;4.16&#8243; border_width_bottom=&#8221;1&#8243; border_color_bottom=&#8221;#e85426&#8243; border_style_bottom=&#8221;dotted&#8221; global_colors_info=&#8221;{}&#8221;]<\/p>\n<div class=\"et_pb_text et_pb_module et_pb_bg_layout_light et_pb_text_align_left et_pb_text_5\">\n<div class=\"et_pb_text_inner\">\n<h2>Servicios y ventajas en Metrecubic<\/h2>\n<\/div>\n<\/div>\n<p>[\/et_pb_text][\/et_pb_column][\/et_pb_row][et_pb_row column_structure=&#8221;1_3,1_3,1_3&#8243; _builder_version=&#8221;4.16&#8243; background_size=&#8221;initial&#8221; background_position=&#8221;top_left&#8221; background_repeat=&#8221;repeat&#8221; global_colors_info=&#8221;{}&#8221;][et_pb_column type=&#8221;1_3&#8243; _builder_version=&#8221;4.16&#8243; custom_padding=&#8221;|||&#8221; global_colors_info=&#8221;{}&#8221; custom_padding__hover=&#8221;|||&#8221;][et_pb_blurb title=&#8221;PRIVADO&#8221; use_icon=&#8221;on&#8221; font_icon=&#8221;&#x7e;||divi||400&#8243; icon_placement=&#8221;left&#8221; _builder_version=&#8221;4.16&#8243; global_colors_info=&#8221;{}&#8221;]Tu espacio privado donde guardar tus cosas como una parte m\u00e1s de tu casa o empresa.<br \/>\n[\/et_pb_blurb][\/et_pb_column][et_pb_column type=&#8221;1_3&#8243; _builder_version=&#8221;4.16&#8243; custom_padding=&#8221;|||&#8221; global_colors_info=&#8221;{}&#8221; custom_padding__hover=&#8221;|||&#8221;][et_pb_blurb title=&#8221;ACCESIBLE&#8221; use_icon=&#8221;on&#8221; font_icon=&#8221;&#xe001;||divi||400&#8243; icon_placement=&#8221;left&#8221; _builder_version=&#8221;4.16&#8243; global_colors_info=&#8221;{}&#8221;]Las 24h del d\u00eda y los 365 d\u00edas del a\u00f1o, sin l\u00edmite de visitas para ti y las personas que autorices.<br \/>\n[\/et_pb_blurb][\/et_pb_column][et_pb_column type=&#8221;1_3&#8243; _builder_version=&#8221;4.16&#8243; custom_padding=&#8221;|||&#8221; global_colors_info=&#8221;{}&#8221; custom_padding__hover=&#8221;|||&#8221;][et_pb_blurb title=&#8221;C\u00d3MODO Y F\u00c1CIL &#8221; use_icon=&#8221;on&#8221; font_icon=&#8221;&#xe106;||divi||400&#8243; icon_placement=&#8221;left&#8221; _builder_version=&#8221;4.16&#8243; global_colors_info=&#8221;{}&#8221;]Parking privado para los clientes, amplia zona de carga y descarga, carros y transpalets a libre disposici\u00f3n.<br \/>\n[\/et_pb_blurb][\/et_pb_column][\/et_pb_row][et_pb_row column_structure=&#8221;1_3,1_3,1_3&#8243; _builder_version=&#8221;4.16&#8243; background_size=&#8221;initial&#8221; background_position=&#8221;top_left&#8221; background_repeat=&#8221;repeat&#8221; global_colors_info=&#8221;{}&#8221;][et_pb_column type=&#8221;1_3&#8243; _builder_version=&#8221;4.16&#8243; custom_padding=&#8221;|||&#8221; global_colors_info=&#8221;{}&#8221; custom_padding__hover=&#8221;|||&#8221;][et_pb_blurb title=&#8221;SEGURO&#8221; use_icon=&#8221;on&#8221; font_icon=&#8221;&#xe0f6;||divi||400&#8243; icon_placement=&#8221;left&#8221; _builder_version=&#8221;4.16&#8243; global_colors_info=&#8221;{}&#8221;]S\u00f3lo con tu propio PIN o tarjeta podr\u00e1s acceder al interior del edificio. Alarma individual para cada trastero que tan solo t\u00fa puedes desconectar. Instalaciones vigiladas las 24 horas, sistemas contra incendios, circuito de c\u00e1maras CCTV . Seguro a medida para tus bienes.<br \/>\n[\/et_pb_blurb][\/et_pb_column][et_pb_column type=&#8221;1_3&#8243; _builder_version=&#8221;4.16&#8243; custom_padding=&#8221;|||&#8221; global_colors_info=&#8221;{}&#8221; custom_padding__hover=&#8221;|||&#8221;][et_pb_blurb title=&#8221;FLEXIBLE&#8221; use_icon=&#8221;on&#8221; font_icon=&#8221;&#xe102;||divi||400&#8243; icon_placement=&#8221;left&#8221; _builder_version=&#8221;4.16&#8243; global_colors_info=&#8221;{}&#8221;]Contratos a partir de dos semanas. Trasteros a partir de 2m2. Puedes cambiar el tama\u00f1o del trastero cuando lo necesites.<br \/>\n[\/et_pb_blurb][\/et_pb_column][et_pb_column type=&#8221;1_3&#8243; _builder_version=&#8221;4.16&#8243; custom_padding=&#8221;|||&#8221; global_colors_info=&#8221;{}&#8221; custom_padding__hover=&#8221;|||&#8221;][et_pb_blurb title=&#8221;ECON\u00d3MICO&#8221; use_icon=&#8221;on&#8221; font_icon=&#8221;&#xe0ed;||divi||400&#8243; icon_placement=&#8221;left&#8221; _builder_version=&#8221;4.16&#8243; global_colors_info=&#8221;{}&#8221;]Mucho m\u00e1s f\u00e1cil que un alquiler convencional. Con una sola cuota fija te olvidar\u00e1s de impuestos, electricidad, agua, gas, gastos de mantenimiento, seguros, etc\u2026<br \/>\n[\/et_pb_blurb][\/et_pb_column][\/et_pb_row][\/et_pb_section][et_pb_section fb_built=&#8221;1&#8243; _builder_version=&#8221;4.16&#8243; background_color=&#8221;#e2e2e2&#8243; global_colors_info=&#8221;{}&#8221;][et_pb_row column_structure=&#8221;1_2,1_2&#8243; _builder_version=&#8221;4.16&#8243; background_size=&#8221;initial&#8221; background_position=&#8221;top_left&#8221; background_repeat=&#8221;repeat&#8221; global_colors_info=&#8221;{}&#8221;][et_pb_column type=&#8221;1_2&#8243; _builder_version=&#8221;4.16&#8243; custom_padding=&#8221;|||&#8221; global_colors_info=&#8221;{}&#8221; custom_padding__hover=&#8221;|||&#8221;][et_pb_text _builder_version=&#8221;4.16&#8243; header_2_text_color=&#8221;#e85426&#8243; global_colors_info=&#8221;{}&#8221;]<\/p>\n<h2>Trasteros y Minialmacenes para <strong>PARTICULARES<\/strong><\/h2>\n<h4>\u00bfCu\u00e1l es tu caso?<\/h4>\n<p>[\/et_pb_text][et_pb_blurb title=&#8221;Cambio de Vivienda&#8221; use_icon=&#8221;on&#8221; font_icon=&#8221;&#xe009;||divi||400&#8243; icon_placement=&#8221;left&#8221; _builder_version=&#8221;4.16&#8243; global_colors_info=&#8221;{}&#8221;]<\/p>\n<ul>\n<li>Traslada y almacena de manera f\u00e1cil, c\u00f3moda y segura tus cosas.<\/li>\n<li>Servicio de furgoneta gratis durante 4 horas.<\/li>\n<li>Si lo prefieres te organizamos la mudanza.<\/li>\n<\/ul>\n<p>[\/et_pb_blurb][et_pb_blurb title=&#8221;Reformas en Casa&#8221; use_icon=&#8221;on&#8221; font_icon=&#8221;&#xe035;||divi||400&#8243; icon_placement=&#8221;left&#8221; _builder_version=&#8221;4.16&#8243; global_colors_info=&#8221;{}&#8221;]<\/p>\n<ul>\n<li>Protege tus cosas mientras duran las obras en tu casa.<\/li>\n<li>Elevadas medidas de seguridad. Seguro multiriesgo para tus bienes.<\/li>\n<li>Acceso las 24 horas del d\u00eda y los 365 d\u00edas del a\u00f1o.<\/li>\n<\/ul>\n<p>[\/et_pb_blurb][et_pb_blurb title=&#8221;Necesidad de espacio permanente &#8221; use_icon=&#8221;on&#8221; font_icon=&#8221;&#x54;||divi||400&#8243; icon_placement=&#8221;left&#8221; _builder_version=&#8221;4.16&#8243; global_colors_info=&#8221;{}&#8221;]<\/p>\n<ul>\n<li>Guarda libros, muebles, ropa, juguetes, bicicletas, etc, como una extensi\u00f3n de tu casa.<\/li>\n<li>Venta de cajas y material de embalaje para organizar y proteger tus cosas.<\/li>\n<li>Promoci\u00f3n especial contratos de larga duraci\u00f3n. Contacta y te informaremos.<\/li>\n<\/ul>\n<p>[\/et_pb_blurb][et_pb_blurb title=&#8221;Aficiones que te ocupan mucho espacio&#8221; use_icon=&#8221;on&#8221; font_icon=&#8221;&#x64;||divi||400&#8243; icon_placement=&#8221;left&#8221; _builder_version=&#8221;4.16&#8243; global_colors_info=&#8221;{}&#8221;]<\/p>\n<ul>\n<li>Ten tu material a mano y guarda la tabla de surf, bicicletas, esqu\u00eds, equipo de submarinismo, golf, pinturas, esculturas, discos, colecciones, etc.<\/li>\n<li>Parking privado i amplia zona de carga y descarga para clientes.<\/li>\n<\/ul>\n<p>[\/et_pb_blurb][\/et_pb_column][et_pb_column type=&#8221;1_2&#8243; _builder_version=&#8221;4.16&#8243; custom_padding=&#8221;|||&#8221; global_colors_info=&#8221;{}&#8221; custom_padding__hover=&#8221;|||&#8221;][et_pb_text _builder_version=&#8221;4.16&#8243; header_2_text_color=&#8221;#e85426&#8243; global_colors_info=&#8221;{}&#8221;]<\/p>\n<h2>Trasteros y Minialmacenes para\u00a0<strong>Empresas y Profesionales<\/strong><\/h2>\n<h4>\u00bfCu\u00e1l es tu caso?<\/h4>\n<p>[\/et_pb_text][et_pb_blurb title=&#8221;Tienda \/ Comercio&#8221; use_icon=&#8221;on&#8221; font_icon=&#8221;&#xe015;||divi||400&#8243; icon_placement=&#8221;left&#8221; _builder_version=&#8221;4.16&#8243; global_colors_info=&#8221;{}&#8221;]<\/p>\n<ul>\n<li>Aprovecha todo el espacio de tu local para la venda. Guarda tus estocs en uno de nuestros mini-almacenes.<\/li>\n<li>Servicio de recepci\u00f3n de mercanc\u00edas.<\/li>\n<li>Carros y transpalet a libre disposici\u00f3n.<\/li>\n<\/ul>\n<p>[\/et_pb_blurb][et_pb_blurb title=&#8221;Oficina \/ Despacho Comercial&#8221; use_icon=&#8221;on&#8221; font_icon=&#8221;&#xe104;||divi||400&#8243; icon_placement=&#8221;left&#8221; _builder_version=&#8221;4.16&#8243; global_colors_info=&#8221;{}&#8221;]<\/p>\n<ul>\n<li>Gana espacio en tu oficina guardando los archivos y documentaci\u00f3n acumulada a lo largo de los a\u00f1os.<\/li>\n<li>Organizamos tu almac\u00e9n: Montaje de estanter\u00edas para clasificar tus archivos<\/li>\n<li>Servicio de destrucci\u00f3n de documentos.<\/li>\n<\/ul>\n<p>[\/et_pb_blurb][et_pb_blurb title=&#8221;Aut\u00f3nomos \/ Profesionales&#8221; use_icon=&#8221;on&#8221; font_icon=&#8221;&#xe108;||divi||400&#8243; icon_placement=&#8221;left&#8221; _builder_version=&#8221;4.16&#8243; global_colors_info=&#8221;{}&#8221;]<\/p>\n<ul>\n<li>Guarda herramientas, maquinaria y materiales.<\/li>\n<li>Elevadas medidas de seguridad.<\/li>\n<li>Seguro multi-riesgo para tus bienes.<\/li>\n<li>Acceso las 24 horas y los 365 d\u00edas del a\u00f1o.<\/li>\n<\/ul>\n<p>[\/et_pb_blurb][et_pb_blurb title=&#8221;Empresas de nueva creaci\u00f3n&#8221; use_icon=&#8221;on&#8221; font_icon=&#8221;&#xe0fe;||divi||400&#8243; icon_placement=&#8221;left&#8221; _builder_version=&#8221;4.16&#8243; global_colors_info=&#8221;{}&#8221;]<\/p>\n<ul>\n<li>Reduce tu inversi\u00f3n inicial alquilando un espacio ajustado a tus necesidades.<\/li>\n<li>Si quieres nos ocupamos del traslado de tus cosas hasta Metrecubic.<\/li>\n<li>Carros y transpalets a libre disposici\u00f3n<\/li>\n<\/ul>\n<p>[\/et_pb_blurb][et_pb_blurb title=&#8221;Agentes comerciales y empresas de distribuci\u00f3n&#8221; use_icon=&#8221;on&#8221; font_icon=&#8221;&#xe016;||divi||400&#8243; icon_placement=&#8221;left&#8221; _builder_version=&#8221;4.16&#8243; global_colors_info=&#8221;{}&#8221;]<\/p>\n<ul>\n<li>Almacena los muestrarios y utiliza el mini almac\u00e9n para la exposici\u00f3n de tus productos al cliente.<\/li>\n<li>Ahorra: Amplia o diminuye el tama\u00f1o del almac\u00e9n en funci\u00f3n de la estacionalidad de tus ventas.<\/li>\n<li>Furg\u00f3n de 11 m3 de capacidad a tu disposici\u00f3n. Las primeras 4 horas son gratis, luego se puede alquilar.<\/li>\n<\/ul>\n<p>[\/et_pb_blurb][\/et_pb_column][\/et_pb_row][et_pb_row column_structure=&#8221;1_2,1_2&#8243; disabled_on=&#8221;on|on|on&#8221; _builder_version=&#8221;4.16&#8243; module_alignment=&#8221;center&#8221; border_radii=&#8221;on|15px|15px|15px|15px&#8221; disabled=&#8221;on&#8221; global_colors_info=&#8221;{}&#8221;][et_pb_column type=&#8221;1_2&#8243; _builder_version=&#8221;4.16&#8243; custom_padding=&#8221;|||&#8221; global_colors_info=&#8221;{}&#8221; custom_padding__hover=&#8221;|||&#8221;][et_pb_blurb title=&#8221;Furgoneta para tu mudanzas&#8221; image=&#8221;http:\/\/metre.emfasi.es\/wp-content\/uploads\/2017\/12\/metre-cubic-iconos-furgoneta-gratuita-peq.png&#8221; _builder_version=&#8221;4.16&#8243; header_font=&#8221;|300||on|||||&#8221; background_color=&#8221;#e85426&#8243; text_orientation=&#8221;center&#8221; background_layout=&#8221;dark&#8221; custom_padding=&#8221;15px|15px|20px|15px&#8221; border_radii=&#8221;on|15px|15px|15px|15px&#8221; border_color_all=&#8221;#e85426&#8243; global_colors_info=&#8221;{}&#8221;]Si necesitas una furgoneta para tu mudanzas, Metrecubic te facilitar\u00e1 una de forma gratuita las primeras 4 horas. Comunicanoslo en el momento de contratar tu trastero o mini-almac\u00e9n. As\u00ed de f\u00e1cil!<br \/>\n[\/et_pb_blurb][\/et_pb_column][et_pb_column type=&#8221;1_2&#8243; _builder_version=&#8221;4.16&#8243; custom_padding=&#8221;|||&#8221; global_colors_info=&#8221;{}&#8221; custom_padding__hover=&#8221;|||&#8221;][et_pb_blurb title=&#8221;Servicios complementarios&#8221; image=&#8221;http:\/\/metre.emfasi.es\/wp-content\/uploads\/2017\/12\/metre-cubic-iconos-servicios-complementarios.png&#8221; _builder_version=&#8221;4.16&#8243; header_font=&#8221;|300||on|||||&#8221; background_color=&#8221;#e85426&#8243; text_orientation=&#8221;center&#8221; background_layout=&#8221;dark&#8221; custom_padding=&#8221;15px|15px|20px|15px&#8221; border_radii=&#8221;on|15px|15px|15px|15px&#8221; border_color_all=&#8221;#e85426&#8243; global_colors_info=&#8221;{}&#8221;]Te facilitamos tu labor con nuestros servicios complementarios: traslados, recepci\u00f3n de mercanc\u00edas, alquiler de furgonetas, recogida de embalaje residual, etc. <strong>\u00a1Preg\u00fantanos!<\/strong><br \/>\n[\/et_pb_blurb][\/et_pb_column][\/et_pb_row][\/et_pb_section]<\/p>\n","protected":false},"excerpt":{"rendered":"<p>TRASTEROS A PARTIR DE 1m2Sabadell 937 269 264Girona 972 405 969 Alquiler de Trasteros Que es self-storage El self-storage es un servicio innovador y c\u00f3modo para particulares y empresas. Disponemos de trasteros privados a partir de 1 m2 hasta 50 m2 al cual puedes acceder los 365 dias del a\u00f1o. Es un lugar donde almacenar [&hellip;]<\/p>\n","protected":false},"author":2,"featured_media":0,"parent":0,"menu_order":0,"comment_status":"closed","ping_status":"closed","template":"","meta":{"_et_pb_use_builder":"on","_et_pb_old_content":"","_et_gb_content_width":"","footnotes":""},"yoast_head":"<!-- This site is optimized with the Yoast SEO plugin v22.1 - https:\/\/yoast.com\/wordpress\/plugins\/seo\/ -->\n<title>Metrecubic: Lloguer de trasters a Sabadell i Girona. Barcelona<\/title>\n<meta name=\"description\" content=\"Llogueu el vostre traster a Girona ia Sabadell partir d&#039;1m2 i 15 dies. Per a particulars, empreses i aut\u00f2noms. Acc\u00e9s als 365 dies de l&#039;any.\" \/>\n<meta name=\"robots\" content=\"noindex, follow\" \/>\n<meta property=\"og:locale\" content=\"ca_ES\" \/>\n<meta property=\"og:type\" content=\"article\" \/>\n<meta property=\"og:title\" content=\"Metrecubic: Lloguer de trasters a Sabadell i Girona. Barcelona\" \/>\n<meta property=\"og:description\" content=\"Llogueu el vostre traster a Girona ia Sabadell partir d&#039;1m2 i 15 dies. Per a particulars, empreses i aut\u00f2noms. Acc\u00e9s als 365 dies de l&#039;any.\" \/>\n<meta property=\"og:url\" content=\"https:\/\/metre.emfasi.es\/ca\/trasters\/\" \/>\n<meta property=\"og:site_name\" content=\"Metrecubic\" \/>\n<meta property=\"article:modified_time\" content=\"2022-05-19T08:19:12+00:00\" \/>\n<meta name=\"twitter:card\" content=\"summary_large_image\" \/>\n<meta name=\"twitter:label1\" content=\"Temps estimat de lectura\" \/>\n\t<meta name=\"twitter:data1\" content=\"14 minuts\" \/>\n<script type=\"application\/ld+json\" class=\"yoast-schema-graph\">{\"@context\":\"https:\/\/schema.org\",\"@graph\":[{\"@type\":\"WebPage\",\"@id\":\"https:\/\/metre.emfasi.es\/ca\/trasters\/\",\"url\":\"https:\/\/metre.emfasi.es\/ca\/trasters\/\",\"name\":\"Metrecubic: Lloguer de trasters a Sabadell i Girona. Barcelona\",\"isPartOf\":{\"@id\":\"https:\/\/metre.emfasi.es\/#website\"},\"datePublished\":\"2018-01-22T13:00:23+00:00\",\"dateModified\":\"2022-05-19T08:19:12+00:00\",\"description\":\"Llogueu el vostre traster a Girona ia Sabadell partir d'1m2 i 15 dies. Per a particulars, empreses i aut\u00f2noms. Acc\u00e9s als 365 dies de l'any.\",\"breadcrumb\":{\"@id\":\"https:\/\/metre.emfasi.es\/ca\/trasters\/#breadcrumb\"},\"inLanguage\":\"ca\",\"potentialAction\":[{\"@type\":\"ReadAction\",\"target\":[\"https:\/\/metre.emfasi.es\/ca\/trasters\/\"]}]},{\"@type\":\"BreadcrumbList\",\"@id\":\"https:\/\/metre.emfasi.es\/ca\/trasters\/#breadcrumb\",\"itemListElement\":[{\"@type\":\"ListItem\",\"position\":1,\"name\":\"Portada\",\"item\":\"https:\/\/metre.emfasi.es\/ca\/\"},{\"@type\":\"ListItem\",\"position\":2,\"name\":\"Trasters\"}]},{\"@type\":\"WebSite\",\"@id\":\"https:\/\/metre.emfasi.es\/#website\",\"url\":\"https:\/\/metre.emfasi.es\/\",\"name\":\"Metrecubic\",\"description\":\"Alquiler de trasteros y minialmacenes privados.\",\"publisher\":{\"@id\":\"https:\/\/metre.emfasi.es\/#organization\"},\"potentialAction\":[{\"@type\":\"SearchAction\",\"target\":{\"@type\":\"EntryPoint\",\"urlTemplate\":\"https:\/\/metre.emfasi.es\/?s={search_term_string}\"},\"query-input\":\"required name=search_term_string\"}],\"inLanguage\":\"ca\"},{\"@type\":\"Organization\",\"@id\":\"https:\/\/metre.emfasi.es\/#organization\",\"name\":\"METRECUBIC trasteros y mudanzas\",\"url\":\"https:\/\/metre.emfasi.es\/\",\"logo\":{\"@type\":\"ImageObject\",\"inLanguage\":\"ca\",\"@id\":\"https:\/\/metre.emfasi.es\/#\/schema\/logo\/image\/\",\"url\":\"http:\/\/metre.emfasi.es\/wp-content\/uploads\/2017\/09\/logo-capsalera.gif\",\"contentUrl\":\"http:\/\/metre.emfasi.es\/wp-content\/uploads\/2017\/09\/logo-capsalera.gif\",\"width\":118,\"height\":117,\"caption\":\"METRECUBIC trasteros y mudanzas\"},\"image\":{\"@id\":\"https:\/\/metre.emfasi.es\/#\/schema\/logo\/image\/\"}}]}<\/script>\n<!-- \/ Yoast SEO plugin. -->","yoast_head_json":{"title":"Metrecubic: Lloguer de trasters a Sabadell i Girona. Barcelona","description":"Llogueu el vostre traster a Girona ia Sabadell partir d'1m2 i 15 dies. Per a particulars, empreses i aut\u00f2noms. Acc\u00e9s als 365 dies de l'any.","robots":{"index":"noindex","follow":"follow"},"og_locale":"ca_ES","og_type":"article","og_title":"Metrecubic: Lloguer de trasters a Sabadell i Girona. Barcelona","og_description":"Llogueu el vostre traster a Girona ia Sabadell partir d'1m2 i 15 dies. Per a particulars, empreses i aut\u00f2noms. Acc\u00e9s als 365 dies de l'any.","og_url":"https:\/\/metre.emfasi.es\/ca\/trasters\/","og_site_name":"Metrecubic","article_modified_time":"2022-05-19T08:19:12+00:00","twitter_card":"summary_large_image","twitter_misc":{"Temps estimat de lectura":"14 minuts"},"schema":{"@context":"https:\/\/schema.org","@graph":[{"@type":"WebPage","@id":"https:\/\/metre.emfasi.es\/ca\/trasters\/","url":"https:\/\/metre.emfasi.es\/ca\/trasters\/","name":"Metrecubic: Lloguer de trasters a Sabadell i Girona. Barcelona","isPartOf":{"@id":"https:\/\/metre.emfasi.es\/#website"},"datePublished":"2018-01-22T13:00:23+00:00","dateModified":"2022-05-19T08:19:12+00:00","description":"Llogueu el vostre traster a Girona ia Sabadell partir d'1m2 i 15 dies. Per a particulars, empreses i aut\u00f2noms. Acc\u00e9s als 365 dies de l'any.","breadcrumb":{"@id":"https:\/\/metre.emfasi.es\/ca\/trasters\/#breadcrumb"},"inLanguage":"ca","potentialAction":[{"@type":"ReadAction","target":["https:\/\/metre.emfasi.es\/ca\/trasters\/"]}]},{"@type":"BreadcrumbList","@id":"https:\/\/metre.emfasi.es\/ca\/trasters\/#breadcrumb","itemListElement":[{"@type":"ListItem","position":1,"name":"Portada","item":"https:\/\/metre.emfasi.es\/ca\/"},{"@type":"ListItem","position":2,"name":"Trasters"}]},{"@type":"WebSite","@id":"https:\/\/metre.emfasi.es\/#website","url":"https:\/\/metre.emfasi.es\/","name":"Metrecubic","description":"Alquiler de trasteros y minialmacenes privados.","publisher":{"@id":"https:\/\/metre.emfasi.es\/#organization"},"potentialAction":[{"@type":"SearchAction","target":{"@type":"EntryPoint","urlTemplate":"https:\/\/metre.emfasi.es\/?s={search_term_string}"},"query-input":"required name=search_term_string"}],"inLanguage":"ca"},{"@type":"Organization","@id":"https:\/\/metre.emfasi.es\/#organization","name":"METRECUBIC trasteros y mudanzas","url":"https:\/\/metre.emfasi.es\/","logo":{"@type":"ImageObject","inLanguage":"ca","@id":"https:\/\/metre.emfasi.es\/#\/schema\/logo\/image\/","url":"http:\/\/metre.emfasi.es\/wp-content\/uploads\/2017\/09\/logo-capsalera.gif","contentUrl":"http:\/\/metre.emfasi.es\/wp-content\/uploads\/2017\/09\/logo-capsalera.gif","width":118,"height":117,"caption":"METRECUBIC trasteros y mudanzas"},"image":{"@id":"https:\/\/metre.emfasi.es\/#\/schema\/logo\/image\/"}}]}},"_links":{"self":[{"href":"https:\/\/metre.emfasi.es\/ca\/wp-json\/wp\/v2\/pages\/2060"}],"collection":[{"href":"https:\/\/metre.emfasi.es\/ca\/wp-json\/wp\/v2\/pages"}],"about":[{"href":"https:\/\/metre.emfasi.es\/ca\/wp-json\/wp\/v2\/types\/page"}],"author":[{"embeddable":true,"href":"https:\/\/metre.emfasi.es\/ca\/wp-json\/wp\/v2\/users\/2"}],"replies":[{"embeddable":true,"href":"https:\/\/metre.emfasi.es\/ca\/wp-json\/wp\/v2\/comments?post=2060"}],"version-history":[{"count":0,"href":"https:\/\/metre.emfasi.es\/ca\/wp-json\/wp\/v2\/pages\/2060\/revisions"}],"wp:attachment":[{"href":"https:\/\/metre.emfasi.es\/ca\/wp-json\/wp\/v2\/media?parent=2060"}],"curies":[{"name":"wp","href":"https:\/\/api.w.org\/{rel}","templated":true}]}}