{"id":2068,"date":"2017-09-19T08:52:59","date_gmt":"2017-09-19T08:52:59","guid":{"rendered":"http:\/\/metre.emfasi.es\/mudanzas\/"},"modified":"2024-03-01T13:12:51","modified_gmt":"2024-03-01T12:12:51","slug":"mudances","status":"publish","type":"page","link":"https:\/\/metre.emfasi.es\/ca\/mudances\/","title":{"rendered":"Mudances"},"content":{"rendered":"<p>[et_pb_section fb_built=&#8221;1&#8243; custom_padding_last_edited=&#8221;on|phone&#8221; disabled_on=&#8221;off|off|off&#8221; _builder_version=&#8221;4.16&#8243; background_color=&#8221;#595959&#8243; background_image=&#8221;http:\/\/metre.emfasi.es\/wp-content\/uploads\/2018\/02\/metrecubic-mudanzas-2018.jpg&#8221; background_blend=&#8221;multiply&#8221; custom_padding=&#8221;250px||50px|&#8221; custom_padding_tablet=&#8221;&#8221; custom_padding_phone=&#8221;50px||50px|&#8221; global_colors_info=&#8221;{}&#8221;][et_pb_row disabled_on=&#8221;on|on|on&#8221; _builder_version=&#8221;4.16&#8243; background_size=&#8221;initial&#8221; background_position=&#8221;top_left&#8221; background_repeat=&#8221;repeat&#8221; disabled=&#8221;on&#8221; global_colors_info=&#8221;{}&#8221;][et_pb_column type=&#8221;4_4&#8243; _builder_version=&#8221;4.16&#8243; custom_padding=&#8221;|||&#8221; global_colors_info=&#8221;{}&#8221; custom_padding__hover=&#8221;|||&#8221;][et_pb_text _builder_version=&#8221;4.19.0&#8243; header_font=&#8221;Oswald||||||||&#8221; header_text_align=&#8221;center&#8221; header_font_size=&#8221;40&#8243; background_layout=&#8221;dark&#8221; header_text_shadow_style=&#8221;preset1&#8243; global_colors_info=&#8221;{}&#8221;]<\/p>\n<h1>MUDANCES A PARTIR DE 42\u20ac\/hora<\/h1>\n<p>[\/et_pb_text][\/et_pb_column][\/et_pb_row][et_pb_row column_structure=&#8221;1_2,1_2&#8243; disabled_on=&#8221;on|on|on&#8221; _builder_version=&#8221;4.16&#8243; background_size=&#8221;initial&#8221; background_position=&#8221;top_left&#8221; background_repeat=&#8221;repeat&#8221; disabled=&#8221;on&#8221; global_colors_info=&#8221;{}&#8221;][et_pb_column type=&#8221;1_2&#8243; _builder_version=&#8221;4.16&#8243; custom_padding=&#8221;|||&#8221; global_colors_info=&#8221;{}&#8221; custom_padding__hover=&#8221;|||&#8221;][et_pb_button button_url=&#8221;http:\/\/metre.emfasi.es\/ca\/mudances-sabadell\/&#8221; button_text=&#8221;Mudances Sabadell&#8221; button_alignment=&#8221;center&#8221; _builder_version=&#8221;4.16&#8243; custom_button=&#8221;on&#8221; button_text_size=&#8221;20px&#8221; button_text_color=&#8221;#ffffff&#8221; button_bg_color=&#8221;#e85426&#8243; button_border_width=&#8221;0px&#8221; button_border_radius=&#8221;27px&#8221; button_font=&#8221;Oswald|||on|||||&#8221; global_colors_info=&#8221;{}&#8221;][\/et_pb_button][\/et_pb_column][et_pb_column type=&#8221;1_2&#8243; _builder_version=&#8221;4.16&#8243; custom_padding=&#8221;|||&#8221; global_colors_info=&#8221;{}&#8221; custom_padding__hover=&#8221;|||&#8221;][et_pb_button button_url=&#8221;http:\/\/metre.emfasi.es\/ca\/mudances-girona\/&#8221; button_text=&#8221;Mudances Girona&#8221; button_alignment=&#8221;center&#8221; _builder_version=&#8221;4.16&#8243; custom_button=&#8221;on&#8221; button_text_size=&#8221;20px&#8221; button_text_color=&#8221;#ffffff&#8221; button_bg_color=&#8221;#e85426&#8243; button_border_width=&#8221;0px&#8221; button_border_radius=&#8221;27px&#8221; button_font=&#8221;Oswald|||on|||||&#8221; global_colors_info=&#8221;{}&#8221;][\/et_pb_button][\/et_pb_column][\/et_pb_row][\/et_pb_section][et_pb_section fb_built=&#8221;1&#8243; disabled_on=&#8221;off|off|off&#8221; _builder_version=&#8221;4.21.0&#8243; _module_preset=&#8221;default&#8221; background_color=&#8221;#1A57A8&#8243; custom_padding=&#8221;31px||30px|||&#8221; locked=&#8221;off&#8221; global_colors_info=&#8221;{}&#8221;][et_pb_row column_structure=&#8221;3_5,2_5&#8243; use_custom_gutter=&#8221;on&#8221; gutter_width=&#8221;1&#8243; make_equal=&#8221;on&#8221; disabled_on=&#8221;off|off|off&#8221; _builder_version=&#8221;4.23.1&#8243; _module_preset=&#8221;default&#8221; custom_margin=&#8221;||||false|false&#8221; custom_padding=&#8221;||||false|false&#8221; locked=&#8221;off&#8221; global_colors_info=&#8221;{}&#8221;][et_pb_column type=&#8221;3_5&#8243; _builder_version=&#8221;4.19.0&#8243; _module_preset=&#8221;default&#8221; background_color=&#8221;#fe531d&#8221; border_radii=&#8221;off|25px|||25px&#8221; border_radii_tablet=&#8221;off|25px|||25px&#8221; border_radii_phone=&#8221;off|25px|25px||0px&#8221; border_radii_last_edited=&#8221;on|phone&#8221; box_shadow_style=&#8221;preset1&#8243; global_colors_info=&#8221;{}&#8221;][et_pb_text _builder_version=&#8221;4.23.1&#8243; _module_preset=&#8221;default&#8221; header_3_text_color=&#8221;#0056ab&#8221; header_3_font_size=&#8221;30px&#8221; background_color=&#8221;#FFFFFF&#8221; width=&#8221;50%&#8221; module_alignment=&#8221;center&#8221; custom_margin=&#8221;20px||20px||false|false&#8221; custom_padding=&#8221;5px||0px||false|false&#8221; header_3_font_size_tablet=&#8221;45px&#8221; header_3_font_size_phone=&#8221;30px&#8221; header_3_font_size_last_edited=&#8221;on|phone&#8221; border_radii=&#8221;on|100px|100px|100px|100px&#8221; global_colors_info=&#8221;{}&#8221;]<\/p>\n<h3 style=\"text-align: center;\">PROMOCI\u00d3<\/h3>\n<p>[\/et_pb_text][et_pb_text _builder_version=&#8221;4.23.1&#8243; _module_preset=&#8221;default&#8221; text_font=&#8221;|800|||||||&#8221; text_text_color=&#8221;#FFFFFF&#8221; text_font_size=&#8221;40px&#8221; text_line_height=&#8221;45px&#8221; custom_margin=&#8221;||20px||false|false&#8221; custom_padding=&#8221;|20px|20px|20px|false|false&#8221; global_colors_info=&#8221;{}&#8221;]<\/p>\n<p style=\"text-align: center;\">Reserva la teva mudan\u00e7a pels dies 12, 13 o 15 de Mar\u00e7 i tindr\u00e0s un 10% de descompte i l&#8217;elevador GRATIS<\/p>\n<p>[\/et_pb_text][et_pb_text disabled_on=&#8221;on|on|on&#8221; _builder_version=&#8221;4.20.4&#8243; _module_preset=&#8221;default&#8221; text_text_color=&#8221;#FFFFFF&#8221; text_font_size=&#8221;15px&#8221; background_enable_color=&#8221;off&#8221; custom_margin=&#8221;||20px||false|false&#8221; disabled=&#8221;on&#8221; global_colors_info=&#8221;{}&#8221;]<\/p>\n<div style=\"text-align: center;\">\n<div style=\"background-color: #0056ab; border-radius: 100px; padding: 10px; display: inline-flex; text-align: center;\"><strong><span style=\"color: white;\">\u00a0Si llogues un traster durant els 3 mesos d&#8217;estiu\u00a0<\/span><\/strong><\/div>\n<\/div>\n<p>[\/et_pb_text][\/et_pb_column][et_pb_column type=&#8221;2_5&#8243; _builder_version=&#8221;4.23.1&#8243; _module_preset=&#8221;default&#8221; background_color=&#8221;#FFFFFF&#8221; custom_padding=&#8221;50px||20px||false|false&#8221; border_radii=&#8221;off||25px|25px|&#8221; border_radii_tablet=&#8221;off||25px|25px|&#8221; border_radii_phone=&#8221;off||0px|25px|25px&#8221; border_radii_last_edited=&#8221;on|phone&#8221; box_shadow_style=&#8221;preset1&#8243; global_colors_info=&#8221;{}&#8221;][et_pb_text _builder_version=&#8221;4.21.0&#8243; _module_preset=&#8221;default&#8221; header_4_text_color=&#8221;#fe531d&#8221; header_5_text_color=&#8221;#fe531d&#8221; header_5_font_size=&#8221;40px&#8221; custom_margin=&#8221;||15px||false|false&#8221; locked=&#8221;off&#8221; global_colors_info=&#8221;{}&#8221; disabled_on=&#8221;on|on|on&#8221; disabled=&#8221;on&#8221;]<\/p>\n<h4 style=\"text-align: center;\"><strong>OFERTA DISPONIBLE FINS EL:<\/strong><\/h4>\n<h5 style=\"text-align: center;\"><strong>20\/01<\/strong><\/h5>\n<p>[\/et_pb_text][et_pb_divider _builder_version=&#8221;4.24.0&#8243; _module_preset=&#8221;default&#8221; color=&#8221;RGBA(255,255,255,0)&#8221; hover_enabled=&#8221;0&#8243; sticky_enabled=&#8221;0&#8243; min_height=&#8221;81.8px&#8221;][\/et_pb_divider][et_pb_button button_url=&#8221;http:\/\/metre.emfasi.es\/ca\/contacte\/&#8221; button_text=&#8221;cONTACTA&#8221; button_alignment=&#8221;center&#8221; admin_label=&#8221;Bot\u00f3n pide presupesuto m\u00f3vil&#8221; _builder_version=&#8221;4.21.0&#8243; custom_button=&#8221;on&#8221; button_text_size=&#8221;18px&#8221; button_bg_color=&#8221;#e85426&#8243; button_border_radius=&#8221;30px&#8221; button_font=&#8221;Oswald|||on|||||&#8221; locked=&#8221;off&#8221; global_colors_info=&#8221;{}&#8221; button_text_size__hover_enabled=&#8221;off&#8221; button_text_size__hover=&#8221;null&#8221; button_one_text_size__hover_enabled=&#8221;off&#8221; button_one_text_size__hover=&#8221;null&#8221; button_two_text_size__hover_enabled=&#8221;off&#8221; button_two_text_size__hover=&#8221;null&#8221; button_text_color__hover_enabled=&#8221;off&#8221; button_text_color__hover=&#8221;null&#8221; button_one_text_color__hover_enabled=&#8221;off&#8221; button_one_text_color__hover=&#8221;null&#8221; button_two_text_color__hover_enabled=&#8221;off&#8221; button_two_text_color__hover=&#8221;null&#8221; button_border_width__hover_enabled=&#8221;off&#8221; button_border_width__hover=&#8221;null&#8221; button_one_border_width__hover_enabled=&#8221;off&#8221; button_one_border_width__hover=&#8221;null&#8221; button_two_border_width__hover_enabled=&#8221;off&#8221; button_two_border_width__hover=&#8221;null&#8221; button_border_color__hover_enabled=&#8221;off&#8221; button_border_color__hover=&#8221;null&#8221; button_one_border_color__hover_enabled=&#8221;off&#8221; button_one_border_color__hover=&#8221;null&#8221; button_two_border_color__hover_enabled=&#8221;off&#8221; button_two_border_color__hover=&#8221;null&#8221; button_border_radius__hover_enabled=&#8221;off&#8221; button_border_radius__hover=&#8221;null&#8221; button_one_border_radius__hover_enabled=&#8221;off&#8221; button_one_border_radius__hover=&#8221;null&#8221; button_two_border_radius__hover_enabled=&#8221;off&#8221; button_two_border_radius__hover=&#8221;null&#8221; button_letter_spacing__hover_enabled=&#8221;off&#8221; button_letter_spacing__hover=&#8221;null&#8221; button_one_letter_spacing__hover_enabled=&#8221;off&#8221; button_one_letter_spacing__hover=&#8221;null&#8221; button_two_letter_spacing__hover_enabled=&#8221;off&#8221; button_two_letter_spacing__hover=&#8221;null&#8221; button_bg_color__hover_enabled=&#8221;off&#8221; button_bg_color__hover=&#8221;null&#8221; button_one_bg_color__hover_enabled=&#8221;off&#8221; button_one_bg_color__hover=&#8221;null&#8221; button_two_bg_color__hover_enabled=&#8221;off&#8221; button_two_bg_color__hover=&#8221;null&#8221;][\/et_pb_button][\/et_pb_column][\/et_pb_row][\/et_pb_section][et_pb_section fb_built=&#8221;1&#8243; _builder_version=&#8221;4.16&#8243; global_colors_info=&#8221;{}&#8221;][et_pb_row column_structure=&#8221;2_5,3_5&#8243; _builder_version=&#8221;4.16&#8243; global_colors_info=&#8221;{}&#8221;][et_pb_column type=&#8221;2_5&#8243; _builder_version=&#8221;4.16&#8243; background_position=&#8221;top_left&#8221; custom_padding=&#8221;|||&#8221; global_colors_info=&#8221;{}&#8221; custom_padding__hover=&#8221;|||&#8221;][et_pb_text disabled_on=&#8221;on||&#8221; admin_label=&#8221;Sabadell&#8221; _builder_version=&#8221;4.16&#8243; text_font_size=&#8221;25&#8243; text_orientation=&#8221;right&#8221; custom_padding=&#8221;0px||0px|&#8221; border_width_bottom=&#8221;1&#8243; border_color_bottom=&#8221;#e85426&#8243; global_colors_info=&#8221;{}&#8221;]Sabadell <a href=\"tel:+34937269264\"><strong>937 269 264<\/strong><\/a><br \/>\n[\/et_pb_text][et_pb_text disabled_on=&#8221;on||&#8221; admin_label=&#8221;Girona&#8221; _builder_version=&#8221;4.16&#8243; text_font_size=&#8221;25&#8243; text_orientation=&#8221;right&#8221; custom_padding=&#8221;0px||0px|&#8221; border_width_bottom=&#8221;1&#8243; border_color_bottom=&#8221;#e85426&#8243; global_colors_info=&#8221;{}&#8221;]Girona <a href=\"tel:+34972405969\"><strong>972 405 969<\/strong><\/a><br \/>\n[\/et_pb_text][et_pb_text _builder_version=&#8221;4.16&#8243; header_2_font=&#8221;|300|||||||&#8221; header_2_text_color=&#8221;#e85426&#8243; header_2_letter_spacing=&#8221;1&#8243; module_alignment=&#8221;left&#8221; global_colors_info=&#8221;{}&#8221;]<\/p>\n<p>Et fem el trasllat amb <strong>personal professional i totes les mesures de seguretat i higiene<\/strong> per preservar la salut de tots.<\/p>\n<p><strong>La higiene \u00e9s fonamental<\/strong>: per entrar a casa els nostres operaris equipats amb tots els elements de seguretat prescrits per l&#8217;empresa de prevenci\u00f3:<\/p>\n<ul>\n<li>M\u00e0scara<\/li>\n<li>Guants<\/li>\n<li>Roba neta di\u00e0riament<\/li>\n<li>L\u00edquid hidroalcoh\u00f2lic per rentar mans<\/li>\n<li>Vehicles desinfectats di\u00e0riament.<\/li>\n<\/ul>\n<h2>SERVEIS DE MUDAN\u00c7A<\/h2>\n<ul>\n<li>Mudances de vivendes, locals comercials, despatxos i empreses.<\/li>\n<li>Empaquetar en caixes efectes personals.<\/li>\n<li>Desmuntatge i muntatge de mobiliari.<\/li>\n<li>Gesti\u00f3 de permisos docupaci\u00f3 de via p\u00fablica.<\/li>\n<li>Mudances a tot Catalunya: Barcelona, Sabadell, Terrassa,<\/li>\n<li>Manresa, Vic, Girona, Figueres, Roses, Blanes, Lloret i altres localitats.<\/li>\n<li>Mudances nacionals: Pen\u00ednsula, Balears i Can\u00e0ries.<\/li>\n<li>Moviments internacionals: mar\u00edtim i terrestre.<\/li>\n<li>Transport de mercaderies en palets i grupatges.<\/li>\n<\/ul>\n<p>[\/et_pb_text][et_pb_text _builder_version=&#8221;4.16&#8243; module_alignment=&#8221;left&#8221; global_colors_info=&#8221;{}&#8221;]<\/p>\n<h3><span style=\"color: #ff6600;\"><strong>EQUIPAMENT DISPONIBLE<\/strong><\/span><\/h3>\n<p>[\/et_pb_text][et_pb_image src=&#8221;http:\/\/metre.emfasi.es\/wp-content\/uploads\/2017\/09\/elevador_camio2_esp.jpg&#8221; align_tablet=&#8221;center&#8221; align_phone=&#8221;&#8221; align_last_edited=&#8221;on|desktop&#8221; _builder_version=&#8221;4.16&#8243; custom_margin=&#8221;0px||55px|&#8221; global_colors_info=&#8221;{}&#8221;][\/et_pb_image][et_pb_text disabled_on=&#8221;on|on|on&#8221; _builder_version=&#8221;4.16&#8243; disabled=&#8221;on&#8221; collapsed=&#8221;off&#8221; global_colors_info=&#8221;{}&#8221;]<\/p>\n<h2><span id=\"AlquilerFurgoneta\" style=\"color: #e85935;\">Alquiler de Furgoneta<\/span><\/h2>\n<p>Para todos nuestros clientes, tenemos el servicio de furgoneta gratuita entre 2 y 4 horas la primera vez. Pero para todos aquellos que ya la hay\u00e1is utilizado, os ponemos a vuestra disposici\u00f3n el Alquiler de Furgoneta.<\/p>\n<blockquote><p>Si necesit\u00e1is ayuda para trasladar vuestros bienes, o no ten\u00e9is carnet de conducir o no cumpl\u00eds los requisitos del seguro (m\u00e1s de 27 a\u00f1os y 2 a\u00f1os de carnet de conducir) ponemos a vuestra disposici\u00f3n ch\u00f3fer m\u00e1s veh\u00edculo por 35 \u20ac + IVA\/hora (de Lunes a Viernes en horario de oficina).<\/p><\/blockquote>\n<p>[\/et_pb_text][et_pb_image src=&#8221;http:\/\/metre.emfasi.es\/wp-content\/uploads\/2017\/09\/f09.jpg&#8221; align_tablet=&#8221;center&#8221; align_phone=&#8221;&#8221; align_last_edited=&#8221;on|desktop&#8221; _builder_version=&#8221;4.16&#8243; global_colors_info=&#8221;{}&#8221;][\/et_pb_image][\/et_pb_column][et_pb_column type=&#8221;3_5&#8243; _builder_version=&#8221;4.16&#8243; background_position=&#8221;top_left&#8221; custom_padding=&#8221;|||&#8221; global_colors_info=&#8221;{}&#8221; custom_padding__hover=&#8221;|||&#8221;][et_pb_image src=&#8221;http:\/\/metre.emfasi.es\/wp-content\/uploads\/2023\/03\/metrecubic-alquiler-a-partir-de-42.jpg&#8221; title_text=&#8221;metrecubic-alquiler-a-partir-de-42&#8243; align_tablet=&#8221;center&#8221; align_phone=&#8221;&#8221; align_last_edited=&#8221;on|desktop&#8221; _builder_version=&#8221;4.19.0&#8243; animation_style=&#8221;slide&#8221; animation_direction=&#8221;left&#8221; animation_duration=&#8221;500ms&#8221; animation_intensity_slide=&#8221;10%&#8221; global_colors_info=&#8221;{}&#8221;][\/et_pb_image][et_pb_text _builder_version=&#8221;4.16&#8243; background_color=&#8221;#ffffff&#8221; module_alignment=&#8221;left&#8221; global_colors_info=&#8221;{}&#8221;]<\/p>\n<h2><strong>Formulari de Contacte<\/strong><\/h2>\n<p>Omple el seg\u00fcent formulari i contactarem amb tu el m\u00e9s aviat possible. T&#8217;agra\u00efm per endavant la confian\u00e7a dipositada a Metrecubic.<\/p>\n<p>[\/et_pb_text][et_pb_code _builder_version=&#8221;4.16&#8243; _module_preset=&#8221;default&#8221; global_colors_info=&#8221;{}&#8221;]\n<div class=\"wpcf7 no-js\" id=\"wpcf7-f2071-o1\" lang=\"es-ES\" dir=\"ltr\">\n<div class=\"screen-reader-response\"><p role=\"status\" aria-live=\"polite\" aria-atomic=\"true\"><\/p> <ul><\/ul><\/div>\n<form action=\"\/ca\/wp-json\/wp\/v2\/pages\/2068#wpcf7-f2071-o1\" method=\"post\" class=\"wpcf7-form init\" aria-label=\"Formulario de contacto\" novalidate=\"novalidate\" data-status=\"init\">\n<div style=\"display: none;\">\n<input type=\"hidden\" name=\"_wpcf7\" value=\"2071\" \/>\n<input type=\"hidden\" name=\"_wpcf7_version\" value=\"5.8.7\" \/>\n<input type=\"hidden\" name=\"_wpcf7_locale\" value=\"es_ES\" \/>\n<input type=\"hidden\" name=\"_wpcf7_unit_tag\" value=\"wpcf7-f2071-o1\" \/>\n<input type=\"hidden\" name=\"_wpcf7_container_post\" value=\"0\" \/>\n<input type=\"hidden\" name=\"_wpcf7_posted_data_hash\" value=\"\" \/>\n<input type=\"hidden\" name=\"_wpcf7cf_hidden_group_fields\" value=\"[]\" \/>\n<input type=\"hidden\" name=\"_wpcf7cf_hidden_groups\" value=\"[]\" \/>\n<input type=\"hidden\" name=\"_wpcf7cf_visible_groups\" value=\"[]\" \/>\n<input type=\"hidden\" name=\"_wpcf7cf_repeaters\" value=\"[]\" \/>\n<input type=\"hidden\" name=\"_wpcf7cf_steps\" value=\"{}\" \/>\n<input type=\"hidden\" name=\"_wpcf7cf_options\" value=\"{&quot;form_id&quot;:2071,&quot;conditions&quot;:[],&quot;settings&quot;:{&quot;animation&quot;:&quot;yes&quot;,&quot;animation_intime&quot;:200,&quot;animation_outtime&quot;:200,&quot;conditions_ui&quot;:&quot;normal&quot;,&quot;notice_dismissed&quot;:false,&quot;notice_dismissed_update-cf7-5.7.3&quot;:true,&quot;notice_dismissed_rollback-cf7-5.7.4&quot;:true,&quot;notice_dismissed_rollback-cf7-5.8.6&quot;:true}}\" \/>\n<input type=\"hidden\" name=\"_wpcf7_recaptcha_response\" value=\"\" \/>\n<\/div>\n<div class=\"et_pb_contact\">\n\t<div class=\"et_pb_contact_left\">\n\t\t<p><span class=\"wpcf7-form-control-wrap\" data-name=\"your-name\"><input size=\"40\" class=\"wpcf7-form-control wpcf7-text wpcf7-validates-as-required\" aria-required=\"true\" aria-invalid=\"false\" placeholder=\"Nom i cognoms*\" value=\"\" type=\"text\" name=\"your-name\" \/><\/span>\n\t\t<\/p>\n\t\t<p><span class=\"wpcf7-form-control-wrap\" data-name=\"your-email\"><input size=\"40\" class=\"wpcf7-form-control wpcf7-email wpcf7-validates-as-required wpcf7-text wpcf7-validates-as-email\" aria-required=\"true\" aria-invalid=\"false\" placeholder=\"Correu Electr\u00f2nic*\" value=\"\" type=\"email\" name=\"your-email\" \/><\/span>\n\t\t<\/p>\n\t\t<p><span class=\"wpcf7-form-control-wrap\" data-name=\"telefono\"><input size=\"40\" class=\"wpcf7-form-control wpcf7-tel wpcf7-validates-as-required wpcf7-text wpcf7-validates-as-tel\" aria-required=\"true\" aria-invalid=\"false\" placeholder=\"Tel\u00e8fon*\" value=\"\" type=\"tel\" name=\"telefono\" \/><\/span>\n\t\t<\/p>\n\t\t<p>Tipus de Mudan\u00e7a: <span class=\"wpcf7-form-control-wrap\" data-name=\"tipo-mudanza\"><select class=\"wpcf7-form-control wpcf7-select\" aria-invalid=\"false\" name=\"tipo-mudanza\"><option value=\"Vivenda\">Vivenda<\/option><option value=\"Oficina\/Comer\u00e7\">Oficina\/Comer\u00e7<\/option><option value=\"Empresa\">Empresa<\/option><\/select><\/span>\n\t\t<\/p>\n\t\t<p>\u00bfPer quan necessites la mudan\u00e7a?: <span class=\"wpcf7-form-control-wrap\" data-name=\"fecha\"><input class=\"wpcf7-form-control wpcf7-date wpcf7-validates-as-required wpcf7-validates-as-date\" aria-required=\"true\" aria-invalid=\"false\" value=\"\" type=\"date\" name=\"fecha\" \/><\/span>\n\t\t<\/p>\n\t\t<p><span class=\"wpcf7-form-control-wrap\" data-name=\"origen\"><input size=\"40\" class=\"wpcf7-form-control wpcf7-text\" aria-invalid=\"false\" placeholder=\"Localitat d&#039;Origen\" value=\"\" type=\"text\" name=\"origen\" \/><\/span>\n\t\t<\/p>\n\t\t<p><span class=\"wpcf7-form-control-wrap\" data-name=\"destino\"><input size=\"40\" class=\"wpcf7-form-control wpcf7-text\" aria-invalid=\"false\" placeholder=\"Localitat de destinaci\u00f3\" value=\"\" type=\"text\" name=\"destino\" \/><\/span>\n\t\t<\/p>\n\t\t<p>Necessites Traster a METRECUBIC?: <span class=\"wpcf7-form-control-wrap\" data-name=\"necesitas-trastero\"><select class=\"wpcf7-form-control wpcf7-select\" aria-invalid=\"false\" name=\"necesitas-trastero\"><option value=\"S\u00ed\">S\u00ed<\/option><option value=\"No\">No<\/option><\/select><\/span>\n\t\t<\/p>\n\t\t<p><span class=\"wpcf7-form-control-wrap\" data-name=\"mensaje\"><textarea cols=\"40\" rows=\"10\" class=\"wpcf7-form-control wpcf7-textarea\" aria-invalid=\"false\" placeholder=\"Facilita&#039;ns l&#039;inventari a transportar per valorar el preu de la teva mudan\u00e7a.\" name=\"mensaje\"><\/textarea><\/span>\n\t\t<\/p>\n\t\t<p>*Camps obligatoris\n\t\t<\/p>\n\t<\/div>\n<\/div>\n<div style=\"display:none\">\n\t<p><span class=\"wpcf7-form-control-wrap\" data-name=\"your-subject\"><input size=\"40\" class=\"wpcf7-form-control wpcf7-text\" aria-invalid=\"false\" value=\"Formulario MUDANZAS CAT\" type=\"text\" name=\"your-subject\" \/><\/span>\n\t<\/p>\n<\/div>\n<p><span class=\"wpcf7-form-control-wrap\" data-name=\"acepto\"><span class=\"wpcf7-form-control wpcf7-acceptance\"><span class=\"wpcf7-list-item\"><input type=\"checkbox\" name=\"acepto\" value=\"1\" aria-invalid=\"false\" \/><\/span><\/span><\/span> He llegit i accepto <a href=\"http:\/\/metre.emfasi.es\/politica-de-privacidad\/\" target=\"blank\">La Pol\u00edtica de Privacitat<\/a>\n<\/p>\n<p><input class=\"wpcf7-form-control wpcf7-submit has-spinner et_pb_contact_submit et_pb_button\" type=\"submit\" value=\"Enviar\" \/>\n<\/p><div class=\"wpcf7-response-output\" aria-hidden=\"true\"><\/div>\n<\/form>\n<\/div>\n[\/et_pb_code][\/et_pb_column][\/et_pb_row][\/et_pb_section][et_pb_section fb_built=&#8221;1&#8243; _builder_version=&#8221;4.16&#8243; background_color=&#8221;#e85426&#8243; global_colors_info=&#8221;{}&#8221;][et_pb_row column_structure=&#8221;1_3,2_3&#8243; _builder_version=&#8221;4.16&#8243; background_size=&#8221;initial&#8221; background_position=&#8221;top_left&#8221; background_repeat=&#8221;repeat&#8221; global_colors_info=&#8221;{}&#8221;][et_pb_column type=&#8221;1_3&#8243; _builder_version=&#8221;4.16&#8243; custom_padding=&#8221;|||&#8221; global_colors_info=&#8221;{}&#8221; custom_padding__hover=&#8221;|||&#8221;][et_pb_image src=&#8221;http:\/\/metre.emfasi.es\/wp-content\/uploads\/2017\/12\/metre-cubic-iconos-furgoneta.png&#8221; align_tablet=&#8221;center&#8221; align_phone=&#8221;&#8221; align_last_edited=&#8221;on|desktop&#8221; disabled_on=&#8221;on|on|&#8221; _builder_version=&#8221;4.16&#8243; custom_margin=&#8221;|-100px|||false|false&#8221; global_colors_info=&#8221;{}&#8221;][\/et_pb_image][\/et_pb_column][et_pb_column type=&#8221;2_3&#8243; _builder_version=&#8221;4.16&#8243; custom_padding=&#8221;|||&#8221; global_colors_info=&#8221;{}&#8221; custom_padding__hover=&#8221;|||&#8221;][et_pb_text disabled_on=&#8221;off||&#8221; _builder_version=&#8221;4.16&#8243; header_text_align=&#8221;left&#8221; background_layout=&#8221;dark&#8221; custom_margin=&#8221;|20px||-150px&#8221; custom_margin_tablet=&#8221;|||0px&#8221; custom_margin_phone=&#8221;&#8221; custom_margin_last_edited=&#8221;on|phone&#8221; custom_padding=&#8221;20px|||&#8221; custom_padding_tablet=&#8221;&#8221; custom_padding_phone=&#8221;0px|||&#8221; custom_padding_last_edited=&#8221;on|phone&#8221; custom_css_main_element=&#8221;height:140px;||&#8221; global_colors_info=&#8221;{}&#8221;]<\/p>\n<h3 style=\"text-align: center;\">Si tens pensat contractar un traster a Metrecubic, truca i reserva la furgoneta pel teu trasllat.<\/h3>\n<p>[\/et_pb_text][\/et_pb_column][\/et_pb_row][\/et_pb_section]<\/p>\n","protected":false},"excerpt":{"rendered":"<p>MUDANCES A PARTIR DE 42\u20ac\/horaPROMOCI\u00d3Reserva la teva mudan\u00e7a pels dies 12, 13 o 15 de Mar\u00e7 i tindr\u00e0s un 10% de descompte i l&#8217;elevador GRATIS \u00a0Si llogues un traster durant els 3 mesos d&#8217;estiu\u00a0 OFERTA DISPONIBLE FINS EL: 20\/01Sabadell 937 269 264 Girona 972 405 969 Et fem el trasllat amb personal professional i totes [&hellip;]<\/p>\n","protected":false},"author":2,"featured_media":0,"parent":0,"menu_order":0,"comment_status":"closed","ping_status":"closed","template":"","meta":{"_et_pb_use_builder":"on","_et_pb_old_content":"","_et_gb_content_width":"","footnotes":""},"yoast_head":"<!-- This site is optimized with the Yoast SEO plugin v22.1 - https:\/\/yoast.com\/wordpress\/plugins\/seo\/ -->\n<title>Metrecubic: Serveis de Mudances amb Lloguer de Furgoneta<\/title>\n<meta name=\"description\" content=\"Per a tots els nostres clients, tenim el servei de furgoneta gratu\u00efta entre 2 i 4 hores la primera vegada. Per\u00f2 per a tots aquells que ja l&#039;hagueu utilitzat, us posem a la vostra disposici\u00f3 al Lloguer d&#039;Furgoneta.\" \/>\n<meta name=\"robots\" content=\"noindex, follow\" \/>\n<meta property=\"og:locale\" content=\"ca_ES\" \/>\n<meta property=\"og:type\" content=\"article\" \/>\n<meta property=\"og:title\" content=\"Metrecubic: Serveis de Mudances amb Lloguer de Furgoneta\" \/>\n<meta property=\"og:description\" content=\"Per a tots els nostres clients, tenim el servei de furgoneta gratu\u00efta entre 2 i 4 hores la primera vegada. Per\u00f2 per a tots aquells que ja l&#039;hagueu utilitzat, us posem a la vostra disposici\u00f3 al Lloguer d&#039;Furgoneta.\" \/>\n<meta property=\"og:url\" content=\"https:\/\/metre.emfasi.es\/ca\/mudances\/\" \/>\n<meta property=\"og:site_name\" content=\"Metrecubic\" \/>\n<meta property=\"article:modified_time\" content=\"2024-03-01T12:12:51+00:00\" \/>\n<meta name=\"twitter:card\" content=\"summary_large_image\" \/>\n<meta name=\"twitter:label1\" content=\"Temps estimat de lectura\" \/>\n\t<meta name=\"twitter:data1\" content=\"2 minuts\" \/>\n<script type=\"application\/ld+json\" class=\"yoast-schema-graph\">{\"@context\":\"https:\/\/schema.org\",\"@graph\":[{\"@type\":\"WebPage\",\"@id\":\"https:\/\/metre.emfasi.es\/ca\/mudances\/\",\"url\":\"https:\/\/metre.emfasi.es\/ca\/mudances\/\",\"name\":\"Metrecubic: Serveis de Mudances amb Lloguer de Furgoneta\",\"isPartOf\":{\"@id\":\"https:\/\/metre.emfasi.es\/#website\"},\"datePublished\":\"2017-09-19T08:52:59+00:00\",\"dateModified\":\"2024-03-01T12:12:51+00:00\",\"description\":\"Per a tots els nostres clients, tenim el servei de furgoneta gratu\u00efta entre 2 i 4 hores la primera vegada. Per\u00f2 per a tots aquells que ja l'hagueu utilitzat, us posem a la vostra disposici\u00f3 al Lloguer d'Furgoneta.\",\"breadcrumb\":{\"@id\":\"https:\/\/metre.emfasi.es\/ca\/mudances\/#breadcrumb\"},\"inLanguage\":\"ca\",\"potentialAction\":[{\"@type\":\"ReadAction\",\"target\":[\"https:\/\/metre.emfasi.es\/ca\/mudances\/\"]}]},{\"@type\":\"BreadcrumbList\",\"@id\":\"https:\/\/metre.emfasi.es\/ca\/mudances\/#breadcrumb\",\"itemListElement\":[{\"@type\":\"ListItem\",\"position\":1,\"name\":\"Portada\",\"item\":\"https:\/\/metre.emfasi.es\/ca\/\"},{\"@type\":\"ListItem\",\"position\":2,\"name\":\"Mudances\"}]},{\"@type\":\"WebSite\",\"@id\":\"https:\/\/metre.emfasi.es\/#website\",\"url\":\"https:\/\/metre.emfasi.es\/\",\"name\":\"Metrecubic\",\"description\":\"Alquiler de trasteros y minialmacenes privados.\",\"publisher\":{\"@id\":\"https:\/\/metre.emfasi.es\/#organization\"},\"potentialAction\":[{\"@type\":\"SearchAction\",\"target\":{\"@type\":\"EntryPoint\",\"urlTemplate\":\"https:\/\/metre.emfasi.es\/?s={search_term_string}\"},\"query-input\":\"required name=search_term_string\"}],\"inLanguage\":\"ca\"},{\"@type\":\"Organization\",\"@id\":\"https:\/\/metre.emfasi.es\/#organization\",\"name\":\"METRECUBIC trasteros y mudanzas\",\"url\":\"https:\/\/metre.emfasi.es\/\",\"logo\":{\"@type\":\"ImageObject\",\"inLanguage\":\"ca\",\"@id\":\"https:\/\/metre.emfasi.es\/#\/schema\/logo\/image\/\",\"url\":\"http:\/\/metre.emfasi.es\/wp-content\/uploads\/2017\/09\/logo-capsalera.gif\",\"contentUrl\":\"http:\/\/metre.emfasi.es\/wp-content\/uploads\/2017\/09\/logo-capsalera.gif\",\"width\":118,\"height\":117,\"caption\":\"METRECUBIC trasteros y mudanzas\"},\"image\":{\"@id\":\"https:\/\/metre.emfasi.es\/#\/schema\/logo\/image\/\"}}]}<\/script>\n<!-- \/ Yoast SEO plugin. -->","yoast_head_json":{"title":"Metrecubic: Serveis de Mudances amb Lloguer de Furgoneta","description":"Per a tots els nostres clients, tenim el servei de furgoneta gratu\u00efta entre 2 i 4 hores la primera vegada. Per\u00f2 per a tots aquells que ja l'hagueu utilitzat, us posem a la vostra disposici\u00f3 al Lloguer d'Furgoneta.","robots":{"index":"noindex","follow":"follow"},"og_locale":"ca_ES","og_type":"article","og_title":"Metrecubic: Serveis de Mudances amb Lloguer de Furgoneta","og_description":"Per a tots els nostres clients, tenim el servei de furgoneta gratu\u00efta entre 2 i 4 hores la primera vegada. Per\u00f2 per a tots aquells que ja l'hagueu utilitzat, us posem a la vostra disposici\u00f3 al Lloguer d'Furgoneta.","og_url":"https:\/\/metre.emfasi.es\/ca\/mudances\/","og_site_name":"Metrecubic","article_modified_time":"2024-03-01T12:12:51+00:00","twitter_card":"summary_large_image","twitter_misc":{"Temps estimat de lectura":"2 minuts"},"schema":{"@context":"https:\/\/schema.org","@graph":[{"@type":"WebPage","@id":"https:\/\/metre.emfasi.es\/ca\/mudances\/","url":"https:\/\/metre.emfasi.es\/ca\/mudances\/","name":"Metrecubic: Serveis de Mudances amb Lloguer de Furgoneta","isPartOf":{"@id":"https:\/\/metre.emfasi.es\/#website"},"datePublished":"2017-09-19T08:52:59+00:00","dateModified":"2024-03-01T12:12:51+00:00","description":"Per a tots els nostres clients, tenim el servei de furgoneta gratu\u00efta entre 2 i 4 hores la primera vegada. Per\u00f2 per a tots aquells que ja l'hagueu utilitzat, us posem a la vostra disposici\u00f3 al Lloguer d'Furgoneta.","breadcrumb":{"@id":"https:\/\/metre.emfasi.es\/ca\/mudances\/#breadcrumb"},"inLanguage":"ca","potentialAction":[{"@type":"ReadAction","target":["https:\/\/metre.emfasi.es\/ca\/mudances\/"]}]},{"@type":"BreadcrumbList","@id":"https:\/\/metre.emfasi.es\/ca\/mudances\/#breadcrumb","itemListElement":[{"@type":"ListItem","position":1,"name":"Portada","item":"https:\/\/metre.emfasi.es\/ca\/"},{"@type":"ListItem","position":2,"name":"Mudances"}]},{"@type":"WebSite","@id":"https:\/\/metre.emfasi.es\/#website","url":"https:\/\/metre.emfasi.es\/","name":"Metrecubic","description":"Alquiler de trasteros y minialmacenes privados.","publisher":{"@id":"https:\/\/metre.emfasi.es\/#organization"},"potentialAction":[{"@type":"SearchAction","target":{"@type":"EntryPoint","urlTemplate":"https:\/\/metre.emfasi.es\/?s={search_term_string}"},"query-input":"required name=search_term_string"}],"inLanguage":"ca"},{"@type":"Organization","@id":"https:\/\/metre.emfasi.es\/#organization","name":"METRECUBIC trasteros y mudanzas","url":"https:\/\/metre.emfasi.es\/","logo":{"@type":"ImageObject","inLanguage":"ca","@id":"https:\/\/metre.emfasi.es\/#\/schema\/logo\/image\/","url":"http:\/\/metre.emfasi.es\/wp-content\/uploads\/2017\/09\/logo-capsalera.gif","contentUrl":"http:\/\/metre.emfasi.es\/wp-content\/uploads\/2017\/09\/logo-capsalera.gif","width":118,"height":117,"caption":"METRECUBIC trasteros y mudanzas"},"image":{"@id":"https:\/\/metre.emfasi.es\/#\/schema\/logo\/image\/"}}]}},"_links":{"self":[{"href":"https:\/\/metre.emfasi.es\/ca\/wp-json\/wp\/v2\/pages\/2068"}],"collection":[{"href":"https:\/\/metre.emfasi.es\/ca\/wp-json\/wp\/v2\/pages"}],"about":[{"href":"https:\/\/metre.emfasi.es\/ca\/wp-json\/wp\/v2\/types\/page"}],"author":[{"embeddable":true,"href":"https:\/\/metre.emfasi.es\/ca\/wp-json\/wp\/v2\/users\/2"}],"replies":[{"embeddable":true,"href":"https:\/\/metre.emfasi.es\/ca\/wp-json\/wp\/v2\/comments?post=2068"}],"version-history":[{"count":0,"href":"https:\/\/metre.emfasi.es\/ca\/wp-json\/wp\/v2\/pages\/2068\/revisions"}],"wp:attachment":[{"href":"https:\/\/metre.emfasi.es\/ca\/wp-json\/wp\/v2\/media?parent=2068"}],"curies":[{"name":"wp","href":"https:\/\/api.w.org\/{rel}","templated":true}]}}