{"id":14620,"date":"2021-04-08T10:03:27","date_gmt":"2021-04-08T10:03:27","guid":{"rendered":"http:\/\/metre.emfasi.es\/parking-autocaravanas\/"},"modified":"2023-02-07T11:07:29","modified_gmt":"2023-02-07T10:07:29","slug":"camping-car-parking","status":"publish","type":"page","link":"https:\/\/metre.emfasi.es\/fr\/camping-car-parking\/","title":{"rendered":"Camping-car Parking"},"content":{"rendered":"<p>[et_pb_section fb_built=\u00a0\u00bb1&Prime; _builder_version=\u00a0\u00bb4.16&Prime; _module_preset=\u00a0\u00bbdefault\u00a0\u00bb custom_margin=\u00a0\u00bb0px|0px|0px|0px|false|false\u00a0\u00bb custom_padding=\u00a0\u00bb0px|0px|0px|0px|false|false\u00a0\u00bb global_colors_info=\u00a0\u00bb{}\u00a0\u00bb][et_pb_row _builder_version=\u00a0\u00bb4.16&Prime; _module_preset=\u00a0\u00bbdefault\u00a0\u00bb width=\u00a0\u00bb100%\u00a0\u00bb max_width=\u00a0\u00bb100%\u00a0\u00bb custom_margin=\u00a0\u00bb0px|0px|0px|0px|false|false\u00a0\u00bb custom_padding=\u00a0\u00bb0px|0px|0px|0px|false|false\u00a0\u00bb global_colors_info=\u00a0\u00bb{}\u00a0\u00bb][et_pb_column type=\u00a0\u00bb4_4&Prime; _builder_version=\u00a0\u00bb4.16&Prime; _module_preset=\u00a0\u00bbdefault\u00a0\u00bb global_colors_info=\u00a0\u00bb{}\u00a0\u00bb][et_pb_video src_webm=\u00a0\u00bbhttp:\/\/metre.emfasi.es\/wp-content\/uploads\/2021\/04\/FLACA_METRECUBIC_CAST._TEXT_854_x_480.mp4&Prime; image_src=\u00a0\u00bbhttp:\/\/metre.emfasi.es\/wp-content\/uploads\/2021\/04\/IMG_1288.jpg\u00a0\u00bb _builder_version=\u00a0\u00bb4.16&Prime; _module_preset=\u00a0\u00bbdefault\u00a0\u00bb global_colors_info=\u00a0\u00bb{}\u00a0\u00bb][\/et_pb_video][\/et_pb_column][\/et_pb_row][\/et_pb_section][et_pb_section fb_built=\u00a0\u00bb1&Prime; disabled_on=\u00a0\u00bbon|on|on\u00a0\u00bb _builder_version=\u00a0\u00bb4.18.0&Prime; _module_preset=\u00a0\u00bbdefault\u00a0\u00bb background_color=\u00a0\u00bb#1A57A8&Prime; disabled=\u00a0\u00bbon\u00a0\u00bb locked=\u00a0\u00bboff\u00a0\u00bb global_colors_info=\u00a0\u00bb{}\u00a0\u00bb][et_pb_row _builder_version=\u00a0\u00bb4.16&Prime; _module_preset=\u00a0\u00bbdefault\u00a0\u00bb global_colors_info=\u00a0\u00bb{}\u00a0\u00bb][et_pb_column type=\u00a0\u00bb4_4&Prime; _builder_version=\u00a0\u00bb4.16&Prime; _module_preset=\u00a0\u00bbdefault\u00a0\u00bb global_colors_info=\u00a0\u00bb{}\u00a0\u00bb][et_pb_text _builder_version=\u00a0\u00bb4.16&Prime; header_font=\u00a0\u00bb|700|||||||\u00a0\u00bb header_font_size=\u00a0\u00bb40&Prime; header_2_font=\u00a0\u00bb|700|||||||\u00a0\u00bb header_2_font_size=\u00a0\u00bb35&Prime; text_orientation=\u00a0\u00bbcenter\u00a0\u00bb background_layout=\u00a0\u00bbdark\u00a0\u00bb header_font_size_tablet=\u00a0\u00bb\u00a0\u00bb header_font_size_phone=\u00a0\u00bb26px\u00a0\u00bb header_font_size_last_edited=\u00a0\u00bbon|phone\u00a0\u00bb z_index_tablet=\u00a0\u00bb500&Prime; header_text_shadow_style=\u00a0\u00bbpreset1&Prime; header_2_text_shadow_style=\u00a0\u00bbpreset1&Prime; global_colors_info=\u00a0\u00bb{}\u00a0\u00bb]<\/p>\n<h1>Camping-car parking au Fla\u00e7\u00e0 &#8211; Girona &#8211; Costa Brava<\/h1>\n<p>[\/et_pb_text][\/et_pb_column][\/et_pb_row][et_pb_row column_structure=\u00a0\u00bb1_4,3_4&Prime; _builder_version=\u00a0\u00bb4.16&Prime; _module_preset=\u00a0\u00bbdefault\u00a0\u00bb global_colors_info=\u00a0\u00bb{}\u00a0\u00bb][et_pb_column type=\u00a0\u00bb1_4&Prime; _builder_version=\u00a0\u00bb4.16&Prime; _module_preset=\u00a0\u00bbdefault\u00a0\u00bb global_colors_info=\u00a0\u00bb{}\u00a0\u00bb][et_pb_button button_url=\u00a0\u00bbhttps:\/\/areaprivada.metrecubic.com\/\u00a0\u00bb url_new_window=\u00a0\u00bbon\u00a0\u00bb button_text=\u00a0\u00bbR\u00e9servez en ligne\u00a0\u00bb button_alignment=\u00a0\u00bbcenter\u00a0\u00bb _builder_version=\u00a0\u00bb4.16&Prime; custom_button=\u00a0\u00bbon\u00a0\u00bb button_text_size=\u00a0\u00bb20px\u00a0\u00bb button_text_color=\u00a0\u00bb#E85426&Prime; button_bg_color=\u00a0\u00bb#ffffff\u00a0\u00bb button_border_color=\u00a0\u00bbrgba(0,0,0,0)\u00a0\u00bb button_border_radius=\u00a0\u00bb30px\u00a0\u00bb button_font=\u00a0\u00bbOswald|||on|||||\u00a0\u00bb background_layout=\u00a0\u00bbdark\u00a0\u00bb custom_margin=\u00a0\u00bb30px||||false|false\u00a0\u00bb custom_margin_tablet=\u00a0\u00bb\u00a0\u00bb custom_margin_phone=\u00a0\u00bb10px||||false|false\u00a0\u00bb custom_margin_last_edited=\u00a0\u00bbon|phone\u00a0\u00bb global_colors_info=\u00a0\u00bb{}\u00a0\u00bb button_text_size__hover_enabled=\u00a0\u00bboff\u00a0\u00bb button_text_size__hover=\u00a0\u00bbnull\u00a0\u00bb button_one_text_size__hover_enabled=\u00a0\u00bboff\u00a0\u00bb button_one_text_size__hover=\u00a0\u00bbnull\u00a0\u00bb button_two_text_size__hover_enabled=\u00a0\u00bboff\u00a0\u00bb button_two_text_size__hover=\u00a0\u00bbnull\u00a0\u00bb button_text_color__hover_enabled=\u00a0\u00bboff\u00a0\u00bb button_text_color__hover=\u00a0\u00bbnull\u00a0\u00bb button_one_text_color__hover_enabled=\u00a0\u00bboff\u00a0\u00bb button_one_text_color__hover=\u00a0\u00bbnull\u00a0\u00bb button_two_text_color__hover_enabled=\u00a0\u00bboff\u00a0\u00bb button_two_text_color__hover=\u00a0\u00bbnull\u00a0\u00bb button_border_width__hover_enabled=\u00a0\u00bboff\u00a0\u00bb button_border_width__hover=\u00a0\u00bbnull\u00a0\u00bb button_one_border_width__hover_enabled=\u00a0\u00bboff\u00a0\u00bb button_one_border_width__hover=\u00a0\u00bbnull\u00a0\u00bb button_two_border_width__hover_enabled=\u00a0\u00bboff\u00a0\u00bb button_two_border_width__hover=\u00a0\u00bbnull\u00a0\u00bb button_border_color__hover_enabled=\u00a0\u00bboff\u00a0\u00bb button_border_color__hover=\u00a0\u00bbnull\u00a0\u00bb button_one_border_color__hover_enabled=\u00a0\u00bboff\u00a0\u00bb button_one_border_color__hover=\u00a0\u00bbnull\u00a0\u00bb button_two_border_color__hover_enabled=\u00a0\u00bboff\u00a0\u00bb button_two_border_color__hover=\u00a0\u00bbnull\u00a0\u00bb button_border_radius__hover_enabled=\u00a0\u00bboff\u00a0\u00bb button_border_radius__hover=\u00a0\u00bbnull\u00a0\u00bb button_one_border_radius__hover_enabled=\u00a0\u00bboff\u00a0\u00bb button_one_border_radius__hover=\u00a0\u00bbnull\u00a0\u00bb button_two_border_radius__hover_enabled=\u00a0\u00bboff\u00a0\u00bb button_two_border_radius__hover=\u00a0\u00bbnull\u00a0\u00bb button_letter_spacing__hover_enabled=\u00a0\u00bboff\u00a0\u00bb button_letter_spacing__hover=\u00a0\u00bbnull\u00a0\u00bb button_one_letter_spacing__hover_enabled=\u00a0\u00bboff\u00a0\u00bb button_one_letter_spacing__hover=\u00a0\u00bbnull\u00a0\u00bb button_two_letter_spacing__hover_enabled=\u00a0\u00bboff\u00a0\u00bb button_two_letter_spacing__hover=\u00a0\u00bbnull\u00a0\u00bb button_bg_color__hover_enabled=\u00a0\u00bboff\u00a0\u00bb button_bg_color__hover=\u00a0\u00bbnull\u00a0\u00bb button_one_bg_color__hover_enabled=\u00a0\u00bboff\u00a0\u00bb button_one_bg_color__hover=\u00a0\u00bbnull\u00a0\u00bb button_two_bg_color__hover_enabled=\u00a0\u00bboff\u00a0\u00bb button_two_bg_color__hover=\u00a0\u00bbnull\u00a0\u00bb][\/et_pb_button][\/et_pb_column][et_pb_column type=\u00a0\u00bb3_4&Prime; _builder_version=\u00a0\u00bb4.16&Prime; _module_preset=\u00a0\u00bbdefault\u00a0\u00bb global_colors_info=\u00a0\u00bb{}\u00a0\u00bb][et_pb_text _builder_version=\u00a0\u00bb4.16&Prime; _module_preset=\u00a0\u00bbdefault\u00a0\u00bb text_font=\u00a0\u00bbOswald||||||||\u00a0\u00bb text_text_color=\u00a0\u00bb#ffffff\u00a0\u00bb text_font_size=\u00a0\u00bb15px\u00a0\u00bb header_3_text_color=\u00a0\u00bb#FFFFFF\u00a0\u00bb custom_margin=\u00a0\u00bb0px||10px||false|false\u00a0\u00bb text_text_color_tablet=\u00a0\u00bb\u00a0\u00bb text_text_color_phone=\u00a0\u00bb\u00a0\u00bb text_text_color_last_edited=\u00a0\u00bbon|phone\u00a0\u00bb header_3_font_size_tablet=\u00a0\u00bb\u00a0\u00bb header_3_font_size_phone=\u00a0\u00bb17px\u00a0\u00bb header_3_font_size_last_edited=\u00a0\u00bbon|phone\u00a0\u00bb text_orientation_tablet=\u00a0\u00bb\u00a0\u00bb text_orientation_phone=\u00a0\u00bbcenter\u00a0\u00bb text_orientation_last_edited=\u00a0\u00bbon|phone\u00a0\u00bb global_colors_info=\u00a0\u00bb{}\u00a0\u00bb]<\/p>\n<h3>R\u00e9servez votre place de stationnement num\u00e9rot\u00e9e et bien d\u00e9limit\u00e9e: en ligne ou pr\u00e9sentiel (metrecubic Girona)<\/h3>\n<p>[\/et_pb_text][et_pb_text _builder_version=\u00a0\u00bb4.16&Prime; _module_preset=\u00a0\u00bbdefault\u00a0\u00bb text_font=\u00a0\u00bb||||||||\u00a0\u00bb text_text_color=\u00a0\u00bb#ffffff\u00a0\u00bb link_font=\u00a0\u00bb||||on||||\u00a0\u00bb link_text_color=\u00a0\u00bb#ffffff\u00a0\u00bb header_4_text_color=\u00a0\u00bb#FFFFFF\u00a0\u00bb custom_margin_tablet=\u00a0\u00bb\u00a0\u00bb custom_margin_phone=\u00a0\u00bb||||false|false\u00a0\u00bb custom_margin_last_edited=\u00a0\u00bbon|phone\u00a0\u00bb custom_padding=\u00a0\u00bb|||0px|false|false\u00a0\u00bb text_font_size_tablet=\u00a0\u00bb\u00a0\u00bb text_font_size_phone=\u00a0\u00bb12px\u00a0\u00bb text_font_size_last_edited=\u00a0\u00bbon|phone\u00a0\u00bb header_4_font_size_tablet=\u00a0\u00bb\u00a0\u00bb header_4_font_size_phone=\u00a0\u00bb15px\u00a0\u00bb header_4_font_size_last_edited=\u00a0\u00bbon|phone\u00a0\u00bb text_orientation_tablet=\u00a0\u00bb\u00a0\u00bb text_orientation_phone=\u00a0\u00bbcenter\u00a0\u00bb text_orientation_last_edited=\u00a0\u00bbon|phone\u00a0\u00bb global_colors_info=\u00a0\u00bb{}\u00a0\u00bb]<\/p>\n<h4>Notre promotion Louer 1 an \/ 2 mois gratuits<\/p>\n<p>Sans engagement de permanence: D\u00e8s 1 mois jusqu\u2019\u00e0 1 an.<\/h4>\n<p>[\/et_pb_text][\/et_pb_column][\/et_pb_row][\/et_pb_section][et_pb_section fb_built=\u00a0\u00bb1&Prime; _builder_version=\u00a0\u00bb4.16&Prime; _module_preset=\u00a0\u00bbdefault\u00a0\u00bb background_color=\u00a0\u00bb#1A57A8&Prime; locked=\u00a0\u00bboff\u00a0\u00bb global_colors_info=\u00a0\u00bb{}\u00a0\u00bb][et_pb_row _builder_version=\u00a0\u00bb4.16&Prime; _module_preset=\u00a0\u00bbdefault\u00a0\u00bb global_colors_info=\u00a0\u00bb{}\u00a0\u00bb][et_pb_column type=\u00a0\u00bb4_4&Prime; _builder_version=\u00a0\u00bb4.16&Prime; _module_preset=\u00a0\u00bbdefault\u00a0\u00bb global_colors_info=\u00a0\u00bb{}\u00a0\u00bb][et_pb_text _builder_version=\u00a0\u00bb4.16&Prime; header_font=\u00a0\u00bb|700|||||||\u00a0\u00bb header_font_size=\u00a0\u00bb40&Prime; header_2_font=\u00a0\u00bb|700|||||||\u00a0\u00bb header_2_font_size=\u00a0\u00bb35&Prime; text_orientation=\u00a0\u00bbcenter\u00a0\u00bb background_layout=\u00a0\u00bbdark\u00a0\u00bb header_font_size_tablet=\u00a0\u00bb\u00a0\u00bb header_font_size_phone=\u00a0\u00bb26px\u00a0\u00bb header_font_size_last_edited=\u00a0\u00bbon|phone\u00a0\u00bb z_index_tablet=\u00a0\u00bb500&Prime; header_text_shadow_style=\u00a0\u00bbpreset1&Prime; header_2_text_shadow_style=\u00a0\u00bbpreset1&Prime; global_colors_info=\u00a0\u00bb{}\u00a0\u00bb]<\/p>\n<h1>Camping-car parking au Fla\u00e7\u00e0 \u2013 G\u00e9rone \u2013 Costa Brava<\/h1>\n<p>[\/et_pb_text][\/et_pb_column][\/et_pb_row][et_pb_row _builder_version=\u00a0\u00bb4.16&Prime; _module_preset=\u00a0\u00bbdefault\u00a0\u00bb global_colors_info=\u00a0\u00bb{}\u00a0\u00bb][et_pb_column type=\u00a0\u00bb4_4&Prime; _builder_version=\u00a0\u00bb4.16&Prime; _module_preset=\u00a0\u00bbdefault\u00a0\u00bb global_colors_info=\u00a0\u00bb{}\u00a0\u00bb][et_pb_text _builder_version=\u00a0\u00bb4.19.0&Prime; _module_preset=\u00a0\u00bbdefault\u00a0\u00bb text_font=\u00a0\u00bbOswald||||||||\u00a0\u00bb text_text_color=\u00a0\u00bb#ffffff\u00a0\u00bb text_font_size=\u00a0\u00bb15px\u00a0\u00bb header_3_text_color=\u00a0\u00bb#FFFFFF\u00a0\u00bb custom_margin=\u00a0\u00bb0px||10px||false|false\u00a0\u00bb hover_enabled=\u00a0\u00bb0&Prime; text_text_color_tablet=\u00a0\u00bb\u00a0\u00bb text_text_color_phone=\u00a0\u00bb\u00a0\u00bb text_text_color_last_edited=\u00a0\u00bbon|phone\u00a0\u00bb header_3_font_size_tablet=\u00a0\u00bb\u00a0\u00bb header_3_font_size_phone=\u00a0\u00bb17px\u00a0\u00bb header_3_font_size_last_edited=\u00a0\u00bbon|phone\u00a0\u00bb text_orientation_tablet=\u00a0\u00bb\u00a0\u00bb text_orientation_phone=\u00a0\u00bbcenter\u00a0\u00bb text_orientation_last_edited=\u00a0\u00bbon|phone\u00a0\u00bb global_colors_info=\u00a0\u00bb{}\u00a0\u00bb sticky_enabled=\u00a0\u00bb0&Prime;]<\/p>\n<h3 style=\"text-align: center;\">R\u00e9servez votre place de stationnement num\u00e9rot\u00e9e et bien d\u00e9limit\u00e9e : en ligne ou sur place (Metrecubic G\u00e9rone)<\/h3>\n<p>[\/et_pb_text][et_pb_text _builder_version=\u00a0\u00bb4.19.0&Prime; _module_preset=\u00a0\u00bbdefault\u00a0\u00bb text_font=\u00a0\u00bb||||||||\u00a0\u00bb text_text_color=\u00a0\u00bb#ffffff\u00a0\u00bb link_font=\u00a0\u00bb||||on||||\u00a0\u00bb link_text_color=\u00a0\u00bb#ffffff\u00a0\u00bb header_4_text_color=\u00a0\u00bb#FFFFFF\u00a0\u00bb custom_margin_tablet=\u00a0\u00bb\u00a0\u00bb custom_margin_phone=\u00a0\u00bb||||false|false\u00a0\u00bb custom_margin_last_edited=\u00a0\u00bbon|phone\u00a0\u00bb custom_padding=\u00a0\u00bb|||0px|false|false\u00a0\u00bb hover_enabled=\u00a0\u00bb0&Prime; text_font_size_tablet=\u00a0\u00bb\u00a0\u00bb text_font_size_phone=\u00a0\u00bb12px\u00a0\u00bb text_font_size_last_edited=\u00a0\u00bbon|phone\u00a0\u00bb header_4_font_size_tablet=\u00a0\u00bb\u00a0\u00bb header_4_font_size_phone=\u00a0\u00bb15px\u00a0\u00bb header_4_font_size_last_edited=\u00a0\u00bbon|phone\u00a0\u00bb text_orientation_tablet=\u00a0\u00bb\u00a0\u00bb text_orientation_phone=\u00a0\u00bbcenter\u00a0\u00bb text_orientation_last_edited=\u00a0\u00bbon|phone\u00a0\u00bb global_colors_info=\u00a0\u00bb{}\u00a0\u00bb sticky_enabled=\u00a0\u00bb0&Prime;]<\/p>\n<h4 style=\"text-align: center;\">Notre promotion Location 1 an \/ 2 mois gratuits<\/h4>\n<p style=\"text-align: center;\">Sans engagement de permanence: de 1 mois \u00e0 1 an.<\/p>\n<p>[\/et_pb_text][\/et_pb_column][\/et_pb_row][\/et_pb_section][et_pb_section fb_built=\u00a0\u00bb1&Prime; _builder_version=\u00a0\u00bb4.16&Prime; _module_preset=\u00a0\u00bbdefault\u00a0\u00bb background_color=\u00a0\u00bb#e85426&Prime; locked=\u00a0\u00bboff\u00a0\u00bb global_colors_info=\u00a0\u00bb{}\u00a0\u00bb][et_pb_row _builder_version=\u00a0\u00bb4.16&Prime; _module_preset=\u00a0\u00bbdefault\u00a0\u00bb global_colors_info=\u00a0\u00bb{}\u00a0\u00bb][et_pb_column type=\u00a0\u00bb4_4&Prime; _builder_version=\u00a0\u00bb4.16&Prime; _module_preset=\u00a0\u00bbdefault\u00a0\u00bb global_colors_info=\u00a0\u00bb{}\u00a0\u00bb][et_pb_text _builder_version=\u00a0\u00bb4.19.0&Prime; header_font=\u00a0\u00bb|700|||||||\u00a0\u00bb header_font_size=\u00a0\u00bb40&Prime; header_2_font=\u00a0\u00bb|700|||||||\u00a0\u00bb header_2_font_size=\u00a0\u00bb35&Prime; header_3_font=\u00a0\u00bb|700|||||||\u00a0\u00bb header_3_font_size=\u00a0\u00bb25px\u00a0\u00bb text_orientation=\u00a0\u00bbcenter\u00a0\u00bb background_layout=\u00a0\u00bbdark\u00a0\u00bb hover_enabled=\u00a0\u00bb0&Prime; header_3_font_size_tablet=\u00a0\u00bb\u00a0\u00bb header_3_font_size_phone=\u00a0\u00bb16px\u00a0\u00bb header_3_font_size_last_edited=\u00a0\u00bbon|phone\u00a0\u00bb z_index_tablet=\u00a0\u00bb500&Prime; header_text_shadow_style=\u00a0\u00bbpreset1&Prime; header_2_text_shadow_style=\u00a0\u00bbpreset1&Prime; global_colors_info=\u00a0\u00bb{}\u00a0\u00bb sticky_enabled=\u00a0\u00bb0&Prime;]<\/p>\n<h3>Appelez-nous \u00e0 G\u00e9rone au 972 405 969<\/h3>\n<p>[\/et_pb_text][\/et_pb_column][\/et_pb_row][\/et_pb_section][et_pb_section fb_built=\u00a0\u00bb1&Prime; _builder_version=\u00a0\u00bb4.16&Prime; global_colors_info=\u00a0\u00bb{}\u00a0\u00bb][et_pb_row column_structure=\u00a0\u00bb1_3,1_3,1_3&Prime; use_custom_gutter=\u00a0\u00bbon\u00a0\u00bb gutter_width=\u00a0\u00bb2&Prime; _builder_version=\u00a0\u00bb4.16&Prime; background_size=\u00a0\u00bbinitial\u00a0\u00bb background_position=\u00a0\u00bbtop_left\u00a0\u00bb background_repeat=\u00a0\u00bbrepeat\u00a0\u00bb global_colors_info=\u00a0\u00bb{}\u00a0\u00bb][et_pb_column type=\u00a0\u00bb1_3&Prime; _builder_version=\u00a0\u00bb4.16&Prime; custom_padding=\u00a0\u00bb|||\u00a0\u00bb global_colors_info=\u00a0\u00bb{}\u00a0\u00bb custom_padding__hover=\u00a0\u00bb|||\u00a0\u00bb][et_pb_image src=\u00a0\u00bbhttp:\/\/metre.emfasi.es\/wp-content\/uploads\/2021\/04\/IMG_1257.jpg\u00a0\u00bb title_text=\u00a0\u00bbIMG_1257&Prime; _builder_version=\u00a0\u00bb4.16&Prime; _module_preset=\u00a0\u00bbdefault\u00a0\u00bb custom_margin=\u00a0\u00bb||0px||false|false\u00a0\u00bb border_radii=\u00a0\u00bboff||||\u00a0\u00bb global_colors_info=\u00a0\u00bb{}\u00a0\u00bb][\/et_pb_image][et_pb_text _builder_version=\u00a0\u00bb4.16&Prime; _module_preset=\u00a0\u00bbdefault\u00a0\u00bb header_3_text_color=\u00a0\u00bb#FFFFFF\u00a0\u00bb header_4_text_color=\u00a0\u00bb#FFFFFF\u00a0\u00bb background_color=\u00a0\u00bb#e85426&Prime; custom_padding=\u00a0\u00bb8px||||false|false\u00a0\u00bb global_colors_info=\u00a0\u00bb{}\u00a0\u00bb]<\/p>\n<h4 style=\"text-align: center;\"><strong>ACC\u00c8S 365\/24<\/strong><\/h4>\n<p>[\/et_pb_text][\/et_pb_column][et_pb_column type=\u00a0\u00bb1_3&Prime; _builder_version=\u00a0\u00bb4.16&Prime; custom_padding=\u00a0\u00bb|||\u00a0\u00bb global_colors_info=\u00a0\u00bb{}\u00a0\u00bb custom_padding__hover=\u00a0\u00bb|||\u00a0\u00bb][et_pb_image src=\u00a0\u00bbhttp:\/\/metre.emfasi.es\/wp-content\/uploads\/2021\/04\/GN17230.jpg\u00a0\u00bb title_text=\u00a0\u00bb_GN17230&Prime; _builder_version=\u00a0\u00bb4.16&Prime; _module_preset=\u00a0\u00bbdefault\u00a0\u00bb custom_margin=\u00a0\u00bb||0px||false|false\u00a0\u00bb global_colors_info=\u00a0\u00bb{}\u00a0\u00bb][\/et_pb_image][et_pb_text _builder_version=\u00a0\u00bb4.19.0&Prime; _module_preset=\u00a0\u00bbdefault\u00a0\u00bb header_3_text_color=\u00a0\u00bb#FFFFFF\u00a0\u00bb header_4_text_color=\u00a0\u00bb#FFFFFF\u00a0\u00bb background_color=\u00a0\u00bb#e85426&Prime; custom_padding=\u00a0\u00bb8px||||false|false\u00a0\u00bb hover_enabled=\u00a0\u00bb0&Prime; global_colors_info=\u00a0\u00bb{}\u00a0\u00bb sticky_enabled=\u00a0\u00bb0&Prime;]<\/p>\n<h4 style=\"text-align: center;\">VID\u00c9O SURVEILLANCE 24H<\/h4>\n<p>[\/et_pb_text][\/et_pb_column][et_pb_column type=\u00a0\u00bb1_3&Prime; _builder_version=\u00a0\u00bb4.16&Prime; custom_padding=\u00a0\u00bb|||\u00a0\u00bb global_colors_info=\u00a0\u00bb{}\u00a0\u00bb custom_padding__hover=\u00a0\u00bb|||\u00a0\u00bb][et_pb_image src=\u00a0\u00bbhttp:\/\/metre.emfasi.es\/wp-content\/uploads\/2021\/04\/IMG_1351-1.jpg\u00a0\u00bb title_text=\u00a0\u00bbIMG_1351&Prime; _builder_version=\u00a0\u00bb4.16&Prime; _module_preset=\u00a0\u00bbdefault\u00a0\u00bb custom_margin=\u00a0\u00bb||0px||false|false\u00a0\u00bb border_radii=\u00a0\u00bboff||||\u00a0\u00bb global_colors_info=\u00a0\u00bb{}\u00a0\u00bb][\/et_pb_image][et_pb_text _builder_version=\u00a0\u00bb4.19.0&Prime; _module_preset=\u00a0\u00bbdefault\u00a0\u00bb header_3_text_color=\u00a0\u00bb#FFFFFF\u00a0\u00bb header_4_text_color=\u00a0\u00bb#FFFFFF\u00a0\u00bb background_color=\u00a0\u00bb#e85426&Prime; custom_padding=\u00a0\u00bb8px||||false|false\u00a0\u00bb hover_enabled=\u00a0\u00bb0&Prime; global_colors_info=\u00a0\u00bb{}\u00a0\u00bb sticky_enabled=\u00a0\u00bb0&Prime;]<\/p>\n<h4 style=\"text-align: center;\">AIRE DE SERVICES<\/h4>\n<p>[\/et_pb_text][\/et_pb_column][\/et_pb_row][\/et_pb_section][et_pb_section fb_built=\u00a0\u00bb1&Prime; _builder_version=\u00a0\u00bb4.16&Prime; _module_preset=\u00a0\u00bbdefault\u00a0\u00bb background_color=\u00a0\u00bb#e85426&Prime; locked=\u00a0\u00bboff\u00a0\u00bb global_colors_info=\u00a0\u00bb{}\u00a0\u00bb][et_pb_row column_structure=\u00a0\u00bb1_3,2_3&Prime; use_custom_gutter=\u00a0\u00bbon\u00a0\u00bb gutter_width=\u00a0\u00bb1&Prime; make_equal=\u00a0\u00bbon\u00a0\u00bb _builder_version=\u00a0\u00bb4.16&Prime; _module_preset=\u00a0\u00bbdefault\u00a0\u00bb global_colors_info=\u00a0\u00bb{}\u00a0\u00bb][et_pb_column type=\u00a0\u00bb1_3&Prime; _builder_version=\u00a0\u00bb4.16&Prime; _module_preset=\u00a0\u00bbdefault\u00a0\u00bb global_colors_info=\u00a0\u00bb{}\u00a0\u00bb][et_pb_image src=\u00a0\u00bbhttp:\/\/metre.emfasi.es\/wp-content\/uploads\/2021\/04\/ubicacion-1.png\u00a0\u00bb alt=\u00a0\u00bbMetre Cubic. Alquiler de Trasteros\u00a0\u00bb title_text=\u00a0\u00bbubicacion\u00a0\u00bb align=\u00a0\u00bbright\u00a0\u00bb align_tablet=\u00a0\u00bb\u00a0\u00bb align_phone=\u00a0\u00bbcenter\u00a0\u00bb align_last_edited=\u00a0\u00bbon|phone\u00a0\u00bb _builder_version=\u00a0\u00bb4.16&Prime; _module_preset=\u00a0\u00bbdefault\u00a0\u00bb max_height=\u00a0\u00bb100px\u00a0\u00bb custom_margin=\u00a0\u00bb|20px|||false|false\u00a0\u00bb global_colors_info=\u00a0\u00bb{}\u00a0\u00bb][\/et_pb_image][\/et_pb_column][et_pb_column type=\u00a0\u00bb2_3&Prime; _builder_version=\u00a0\u00bb4.16&Prime; _module_preset=\u00a0\u00bbdefault\u00a0\u00bb global_colors_info=\u00a0\u00bb{}\u00a0\u00bb][et_pb_text content_tablet=\u00a0\u00bb\u00a0\u00bb content_phone=\u00a0\u00bb<\/p>\n<h3 style=%22text-align: center;%22>F\u00c1CIL ACCESO Y BIEN COMUNICADO<\/h3>\n<p style=%22text-align: center;%22>Calle de San Cipriano, 1<br \/>17463 Flass\u00e1, Girona<\/p>\n<p>\u00a0\u00bb content_last_edited=\u00a0\u00bbon|phone\u00a0\u00bb _builder_version=\u00a0\u00bb4.19.0&Prime; text_font_size=\u00a0\u00bb20px\u00a0\u00bb header_font=\u00a0\u00bb|700|||||||\u00a0\u00bb header_font_size=\u00a0\u00bb40&Prime; header_2_font=\u00a0\u00bb|700|||||||\u00a0\u00bb header_2_font_size=\u00a0\u00bb35&Prime; header_3_font=\u00a0\u00bb|700|||||||\u00a0\u00bb header_3_font_size=\u00a0\u00bb25px\u00a0\u00bb text_orientation=\u00a0\u00bbcenter\u00a0\u00bb background_layout=\u00a0\u00bbdark\u00a0\u00bb custom_margin=\u00a0\u00bb13px||||false|false\u00a0\u00bb text_font_size_tablet=\u00a0\u00bb\u00a0\u00bb text_font_size_phone=\u00a0\u00bb14px\u00a0\u00bb text_font_size_last_edited=\u00a0\u00bbon|phone\u00a0\u00bb header_3_font_size_tablet=\u00a0\u00bb\u00a0\u00bb header_3_font_size_phone=\u00a0\u00bb21px\u00a0\u00bb header_3_font_size_last_edited=\u00a0\u00bbon|phone\u00a0\u00bb z_index_tablet=\u00a0\u00bb500&Prime; header_text_shadow_style=\u00a0\u00bbpreset1&Prime; header_2_text_shadow_style=\u00a0\u00bbpreset1&Prime; global_colors_info=\u00a0\u00bb{}\u00a0\u00bb]<\/p>\n<h3 style=\"text-align: left;\">ACC\u00c8S FACILE ET BIEN COMMUNIQU\u00c9<\/h3>\n<p style=\"text-align: left;\">Calle de San Cipriano, 1<br \/>17463 Flassa, G\u00e9rone<\/p>\n<p>[\/et_pb_text][\/et_pb_column][\/et_pb_row][\/et_pb_section][et_pb_section fb_built=\u00a0\u00bb1&Prime; fullwidth=\u00a0\u00bbon\u00a0\u00bb _builder_version=\u00a0\u00bb4.16&Prime; _module_preset=\u00a0\u00bbdefault\u00a0\u00bb global_colors_info=\u00a0\u00bb{}\u00a0\u00bb][et_pb_fullwidth_code _builder_version=\u00a0\u00bb4.16&Prime; _module_preset=\u00a0\u00bbdefault\u00a0\u00bb custom_margin=\u00a0\u00bb0px||0px||true|false\u00a0\u00bb global_colors_info=\u00a0\u00bb{}\u00a0\u00bb]<iframe src=\"https:\/\/www.google.com\/maps\/embed?pb=!1m18!1m12!1m3!1d2467.5320503457006!2d2.9536196298625117!3d42.04762399409897!2m3!1f0!2f0!3f0!3m2!1i1024!2i768!4f13.1!3m3!1m2!1s0x12baf14daf8f038d%3A0xaa6c2cb7df0c3137!2sMETRECUBIC%20%7C%20Parking%20de%20autocaravanas!5e0!3m2!1sca!2ses!4v1617877401276!5m2!1sca!2ses\" width=\"1906\" height=\"606\" style=\"border:0;\" allowfullscreen=\"\" loading=\"lazy\"><\/iframe>[\/et_pb_fullwidth_code][\/et_pb_section][et_pb_section fb_built=\u00a0\u00bb1&Prime; _builder_version=\u00a0\u00bb4.16&Prime; _module_preset=\u00a0\u00bbdefault\u00a0\u00bb background_enable_color=\u00a0\u00bboff\u00a0\u00bb custom_margin=\u00a0\u00bb-2px||0px||false|false\u00a0\u00bb locked=\u00a0\u00bboff\u00a0\u00bb global_colors_info=\u00a0\u00bb{}\u00a0\u00bb][et_pb_row use_custom_gutter=\u00a0\u00bbon\u00a0\u00bb gutter_width=\u00a0\u00bb1&Prime; make_equal=\u00a0\u00bbon\u00a0\u00bb _builder_version=\u00a0\u00bb4.16&Prime; _module_preset=\u00a0\u00bbdefault\u00a0\u00bb custom_margin=\u00a0\u00bb0px||16px||false|false\u00a0\u00bb custom_padding=\u00a0\u00bb0px||0px||false|false\u00a0\u00bb global_colors_info=\u00a0\u00bb{}\u00a0\u00bb][et_pb_column type=\u00a0\u00bb4_4&Prime; _builder_version=\u00a0\u00bb4.16&Prime; _module_preset=\u00a0\u00bbdefault\u00a0\u00bb global_colors_info=\u00a0\u00bb{}\u00a0\u00bb][et_pb_text _builder_version=\u00a0\u00bb4.16&Prime; text_text_color=\u00a0\u00bb#e85426&Prime; header_font=\u00a0\u00bb|700|||||||\u00a0\u00bb header_font_size=\u00a0\u00bb40&Prime; header_2_font=\u00a0\u00bb|700|||||||\u00a0\u00bb header_2_font_size=\u00a0\u00bb35&Prime; header_3_font=\u00a0\u00bb|700|||||||\u00a0\u00bb header_3_font_size=\u00a0\u00bb25px\u00a0\u00bb text_orientation=\u00a0\u00bbcenter\u00a0\u00bb background_layout=\u00a0\u00bbdark\u00a0\u00bb custom_margin=\u00a0\u00bb0px||||false|false\u00a0\u00bb link_option_url_new_window=\u00a0\u00bbon\u00a0\u00bb z_index_tablet=\u00a0\u00bb500&Prime; header_text_shadow_style=\u00a0\u00bbpreset1&Prime; header_2_text_shadow_style=\u00a0\u00bbpreset1&Prime; global_colors_info=\u00a0\u00bb{}\u00a0\u00bb]<\/p>\n<p style=\"text-align: center;\">Voir l&rsquo;adresse dans <a href=\"https:\/\/www.google.es\/maps\/place\/METRECUBIC+%7C+Parking+de+autocaravanas\/@42.047624,2.9536196,17.26z\/data=!4m5!3m4!1s0x12baf14daf8f038d:0xaa6c2cb7df0c3137!8m2!3d42.04764!4d2.9554302\"><strong>Google MAPS<\/strong><\/a><\/p>\n<p>[\/et_pb_text][\/et_pb_column][\/et_pb_row][et_pb_row column_structure=\u00a0\u00bb1_3,1_3,1_3&Prime; _builder_version=\u00a0\u00bb4.16&Prime; _module_preset=\u00a0\u00bbdefault\u00a0\u00bb global_colors_info=\u00a0\u00bb{}\u00a0\u00bb][et_pb_column type=\u00a0\u00bb1_3&Prime; _builder_version=\u00a0\u00bb4.16&Prime; _module_preset=\u00a0\u00bbdefault\u00a0\u00bb global_colors_info=\u00a0\u00bb{}\u00a0\u00bb][et_pb_text _builder_version=\u00a0\u00bb4.19.0&Prime; _module_preset=\u00a0\u00bbdefault\u00a0\u00bb text_text_color=\u00a0\u00bb#FFFFFF\u00a0\u00bb text_font_size=\u00a0\u00bb23px\u00a0\u00bb background_color=\u00a0\u00bb#e85426&Prime; custom_padding=\u00a0\u00bb25px||25px||false|false\u00a0\u00bb hover_enabled=\u00a0\u00bb0&Prime; text_font_tablet=\u00a0\u00bb\u00a0\u00bb text_font_phone=\u00a0\u00bb\u00a0\u00bb text_font_last_edited=\u00a0\u00bbon|desktop\u00a0\u00bb border_radii=\u00a0\u00bbon|6px|6px|6px|6px\u00a0\u00bb global_colors_info=\u00a0\u00bb{}\u00a0\u00bb sticky_enabled=\u00a0\u00bb0&Prime;]<\/p>\n<p style=\"text-align: center;\">\u00c0 15 km<br \/><strong>de G\u00e9rone<\/strong><\/p>\n<p>[\/et_pb_text][\/et_pb_column][et_pb_column type=\u00a0\u00bb1_3&Prime; _builder_version=\u00a0\u00bb4.16&Prime; _module_preset=\u00a0\u00bbdefault\u00a0\u00bb global_colors_info=\u00a0\u00bb{}\u00a0\u00bb][et_pb_text _builder_version=\u00a0\u00bb4.16&Prime; _module_preset=\u00a0\u00bbdefault\u00a0\u00bb text_text_color=\u00a0\u00bb#FFFFFF\u00a0\u00bb text_font_size=\u00a0\u00bb23px\u00a0\u00bb background_color=\u00a0\u00bb#e85426&Prime; custom_padding=\u00a0\u00bb25px||25px||false|false\u00a0\u00bb text_font_tablet=\u00a0\u00bb\u00a0\u00bb text_font_phone=\u00a0\u00bb\u00a0\u00bb text_font_last_edited=\u00a0\u00bbon|desktop\u00a0\u00bb border_radii=\u00a0\u00bbon|6px|6px|6px|6px\u00a0\u00bb global_colors_info=\u00a0\u00bb{}\u00a0\u00bb]<\/p>\n<p style=\"text-align: center;\">\u00c0 15 km<br \/><strong>de la Costa Brava<\/strong><\/p>\n<p>[\/et_pb_text][\/et_pb_column][et_pb_column type=\u00a0\u00bb1_3&Prime; _builder_version=\u00a0\u00bb4.16&Prime; _module_preset=\u00a0\u00bbdefault\u00a0\u00bb global_colors_info=\u00a0\u00bb{}\u00a0\u00bb][et_pb_text _builder_version=\u00a0\u00bb4.19.0&Prime; _module_preset=\u00a0\u00bbdefault\u00a0\u00bb text_text_color=\u00a0\u00bb#FFFFFF\u00a0\u00bb text_font_size=\u00a0\u00bb23px\u00a0\u00bb background_color=\u00a0\u00bb#e85426&Prime; custom_padding=\u00a0\u00bb25px||25px||false|false\u00a0\u00bb hover_enabled=\u00a0\u00bb0&Prime; text_font_tablet=\u00a0\u00bb\u00a0\u00bb text_font_phone=\u00a0\u00bb\u00a0\u00bb text_font_last_edited=\u00a0\u00bbon|desktop\u00a0\u00bb border_radii=\u00a0\u00bbon|6px|6px|6px|6px\u00a0\u00bb global_colors_info=\u00a0\u00bb{}\u00a0\u00bb sticky_enabled=\u00a0\u00bb0&Prime;]<\/p>\n<p style=\"text-align: center;\">\u00c0 12 km<br \/><strong>AP-7 G\u00e9rone Nord<\/strong><\/p>\n<p>[\/et_pb_text][\/et_pb_column][\/et_pb_row][\/et_pb_section][et_pb_section fb_built=\u00a0\u00bb1&Prime; _builder_version=\u00a0\u00bb4.16&Prime; _module_preset=\u00a0\u00bbdefault\u00a0\u00bb background_color=\u00a0\u00bb#e85426&Prime; locked=\u00a0\u00bboff\u00a0\u00bb global_colors_info=\u00a0\u00bb{}\u00a0\u00bb][et_pb_row use_custom_gutter=\u00a0\u00bbon\u00a0\u00bb gutter_width=\u00a0\u00bb1&Prime; make_equal=\u00a0\u00bbon\u00a0\u00bb _builder_version=\u00a0\u00bb4.16&Prime; _module_preset=\u00a0\u00bbdefault\u00a0\u00bb global_colors_info=\u00a0\u00bb{}\u00a0\u00bb][et_pb_column type=\u00a0\u00bb4_4&Prime; _builder_version=\u00a0\u00bb4.16&Prime; _module_preset=\u00a0\u00bbdefault\u00a0\u00bb global_colors_info=\u00a0\u00bb{}\u00a0\u00bb][et_pb_text content_tablet=\u00a0\u00bb\u00a0\u00bb content_phone=\u00a0\u00bb<\/p>\n<h3 style=%22text-align: center;%22>CONTRATACI\u00d3N PRESENCIAL O ONLINE<\/h3>\n<p>\u00a0\u00bb content_last_edited=\u00a0\u00bbon|phone\u00a0\u00bb _builder_version=\u00a0\u00bb4.19.0&Prime; text_font_size=\u00a0\u00bb20px\u00a0\u00bb header_font=\u00a0\u00bb|700|||||||\u00a0\u00bb header_font_size=\u00a0\u00bb40&Prime; header_2_font=\u00a0\u00bb|700|||||||\u00a0\u00bb header_2_font_size=\u00a0\u00bb35&Prime; header_3_font=\u00a0\u00bb|700|||||||\u00a0\u00bb header_3_font_size=\u00a0\u00bb25px\u00a0\u00bb text_orientation=\u00a0\u00bbcenter\u00a0\u00bb background_layout=\u00a0\u00bbdark\u00a0\u00bb custom_margin=\u00a0\u00bb13px||||false|false\u00a0\u00bb hover_enabled=\u00a0\u00bb0&Prime; header_3_font_size_tablet=\u00a0\u00bb\u00a0\u00bb header_3_font_size_phone=\u00a0\u00bb19px\u00a0\u00bb header_3_font_size_last_edited=\u00a0\u00bbon|phone\u00a0\u00bb z_index_tablet=\u00a0\u00bb500&Prime; header_text_shadow_style=\u00a0\u00bbpreset1&Prime; header_2_text_shadow_style=\u00a0\u00bbpreset1&Prime; global_colors_info=\u00a0\u00bb{}\u00a0\u00bb sticky_enabled=\u00a0\u00bb0&Prime;]<\/p>\n<h3 style=\"text-align: center;\">R\u00c9SERVEZ EN LIGNE OU SUR PLACE<\/h3>\n<p>[\/et_pb_text][\/et_pb_column][\/et_pb_row][\/et_pb_section][et_pb_section fb_built=\u00a0\u00bb1&Prime; _builder_version=\u00a0\u00bb4.16&Prime; _module_preset=\u00a0\u00bbdefault\u00a0\u00bb background_enable_color=\u00a0\u00bboff\u00a0\u00bb custom_margin=\u00a0\u00bb-2px||0px||false|false\u00a0\u00bb locked=\u00a0\u00bboff\u00a0\u00bb global_colors_info=\u00a0\u00bb{}\u00a0\u00bb][et_pb_row use_custom_gutter=\u00a0\u00bbon\u00a0\u00bb gutter_width=\u00a0\u00bb1&Prime; make_equal=\u00a0\u00bbon\u00a0\u00bb _builder_version=\u00a0\u00bb4.16&Prime; _module_preset=\u00a0\u00bbdefault\u00a0\u00bb custom_margin=\u00a0\u00bb0px||16px||false|false\u00a0\u00bb custom_padding=\u00a0\u00bb0px||0px||false|false\u00a0\u00bb global_colors_info=\u00a0\u00bb{}\u00a0\u00bb][et_pb_column type=\u00a0\u00bb4_4&Prime; _builder_version=\u00a0\u00bb4.16&Prime; _module_preset=\u00a0\u00bbdefault\u00a0\u00bb global_colors_info=\u00a0\u00bb{}\u00a0\u00bb][et_pb_text _builder_version=\u00a0\u00bb4.19.0&Prime; text_text_color=\u00a0\u00bb#000000&Prime; text_font_size=\u00a0\u00bb21px\u00a0\u00bb header_font=\u00a0\u00bb|700|||||||\u00a0\u00bb header_font_size=\u00a0\u00bb40&Prime; header_2_font=\u00a0\u00bb|700|||||||\u00a0\u00bb header_2_font_size=\u00a0\u00bb35&Prime; header_3_font=\u00a0\u00bb|700|||||||\u00a0\u00bb header_3_font_size=\u00a0\u00bb25px\u00a0\u00bb text_orientation=\u00a0\u00bbcenter\u00a0\u00bb background_layout=\u00a0\u00bbdark\u00a0\u00bb custom_margin=\u00a0\u00bb12px||4px||false|false\u00a0\u00bb link_option_url_new_window=\u00a0\u00bbon\u00a0\u00bb hover_enabled=\u00a0\u00bb0&Prime; z_index_tablet=\u00a0\u00bb500&Prime; header_text_shadow_style=\u00a0\u00bbpreset1&Prime; header_2_text_shadow_style=\u00a0\u00bbpreset1&Prime; global_colors_info=\u00a0\u00bb{}\u00a0\u00bb sticky_enabled=\u00a0\u00bb0&Prime;]<\/p>\n<p style=\"text-align: center;\">Diff\u00e9rentes tailles de <strong>places de stationnement<\/strong><\/p>\n<p>[\/et_pb_text][\/et_pb_column][\/et_pb_row][et_pb_row column_structure=\u00a0\u00bb1_3,1_3,1_3&Prime; _builder_version=\u00a0\u00bb4.16&Prime; _module_preset=\u00a0\u00bbdefault\u00a0\u00bb global_colors_info=\u00a0\u00bb{}\u00a0\u00bb][et_pb_column type=\u00a0\u00bb1_3&Prime; _builder_version=\u00a0\u00bb4.16&Prime; _module_preset=\u00a0\u00bbdefault\u00a0\u00bb border_radii=\u00a0\u00bbon|6px|6px|6px|6px\u00a0\u00bb border_width_all=\u00a0\u00bb2px\u00a0\u00bb border_color_all=\u00a0\u00bb#0C71C3&Prime; global_colors_info=\u00a0\u00bb{}\u00a0\u00bb][et_pb_image src=\u00a0\u00bbhttp:\/\/metre.emfasi.es\/wp-content\/uploads\/2021\/04\/XL.png\u00a0\u00bb title_text=\u00a0\u00bbXL\u00a0\u00bb _builder_version=\u00a0\u00bb4.16&Prime; _module_preset=\u00a0\u00bbdefault\u00a0\u00bb width=\u00a0\u00bb40%\u00a0\u00bb module_alignment=\u00a0\u00bbcenter\u00a0\u00bb custom_margin=\u00a0\u00bb18px||18px||false|false\u00a0\u00bb global_colors_info=\u00a0\u00bb{}\u00a0\u00bb][\/et_pb_image][et_pb_text _builder_version=\u00a0\u00bb4.16&Prime; _module_preset=\u00a0\u00bbdefault\u00a0\u00bb text_font_size=\u00a0\u00bb17px\u00a0\u00bb text_line_height=\u00a0\u00bb1.8em\u00a0\u00bb header_4_text_color=\u00a0\u00bb#e85426&Prime; header_4_font_size=\u00a0\u00bb30px\u00a0\u00bb custom_margin=\u00a0\u00bb||18px||false|false\u00a0\u00bb global_colors_info=\u00a0\u00bb{}\u00a0\u00bb]<\/p>\n<p style=\"text-align: center;\"><strong>PLACE DE STATIONNEMENT <\/strong><\/p>\n<h4 style=\"text-align: center;\"><strong>3 x 9 m<\/strong><\/h4>\n<p>[\/et_pb_text][\/et_pb_column][et_pb_column type=\u00a0\u00bb1_3&Prime; _builder_version=\u00a0\u00bb4.16&Prime; _module_preset=\u00a0\u00bbdefault\u00a0\u00bb border_radii=\u00a0\u00bbon|6px|6px|6px|6px\u00a0\u00bb border_width_all=\u00a0\u00bb2px\u00a0\u00bb border_color_all=\u00a0\u00bb#0C71C3&Prime; global_colors_info=\u00a0\u00bb{}\u00a0\u00bb][et_pb_image src=\u00a0\u00bbhttp:\/\/metre.emfasi.es\/wp-content\/uploads\/2021\/04\/L.png\u00a0\u00bb title_text=\u00a0\u00bbL\u00a0\u00bb _builder_version=\u00a0\u00bb4.16&Prime; _module_preset=\u00a0\u00bbdefault\u00a0\u00bb width=\u00a0\u00bb40%\u00a0\u00bb module_alignment=\u00a0\u00bbcenter\u00a0\u00bb custom_margin=\u00a0\u00bb18px||18px||false|false\u00a0\u00bb global_colors_info=\u00a0\u00bb{}\u00a0\u00bb][\/et_pb_image][et_pb_text _builder_version=\u00a0\u00bb4.16&Prime; _module_preset=\u00a0\u00bbdefault\u00a0\u00bb text_font_size=\u00a0\u00bb17px\u00a0\u00bb text_line_height=\u00a0\u00bb1.8em\u00a0\u00bb header_4_text_color=\u00a0\u00bb#e85426&Prime; header_4_font_size=\u00a0\u00bb30px\u00a0\u00bb custom_margin=\u00a0\u00bb||18px||false|false\u00a0\u00bb global_colors_info=\u00a0\u00bb{}\u00a0\u00bb]<\/p>\n<p style=\"text-align: center;\"><strong>PLACE DE STATIONNEMENT <\/strong><\/p>\n<h4 style=\"text-align: center;\"><strong>2,8 x 8,5 m<\/strong><\/h4>\n<p>[\/et_pb_text][\/et_pb_column][et_pb_column type=\u00a0\u00bb1_3&Prime; _builder_version=\u00a0\u00bb4.16&Prime; _module_preset=\u00a0\u00bbdefault\u00a0\u00bb border_radii=\u00a0\u00bbon|6px|6px|6px|6px\u00a0\u00bb border_width_all=\u00a0\u00bb2px\u00a0\u00bb border_color_all=\u00a0\u00bb#0C71C3&Prime; global_colors_info=\u00a0\u00bb{}\u00a0\u00bb][et_pb_image src=\u00a0\u00bbhttp:\/\/metre.emfasi.es\/wp-content\/uploads\/2021\/04\/M.png\u00a0\u00bb title_text=\u00a0\u00bbM\u00a0\u00bb _builder_version=\u00a0\u00bb4.16&Prime; _module_preset=\u00a0\u00bbdefault\u00a0\u00bb width=\u00a0\u00bb40%\u00a0\u00bb module_alignment=\u00a0\u00bbcenter\u00a0\u00bb custom_margin=\u00a0\u00bb18px||18px||false|false\u00a0\u00bb global_colors_info=\u00a0\u00bb{}\u00a0\u00bb][\/et_pb_image][et_pb_text _builder_version=\u00a0\u00bb4.16&Prime; _module_preset=\u00a0\u00bbdefault\u00a0\u00bb text_font_size=\u00a0\u00bb17px\u00a0\u00bb text_line_height=\u00a0\u00bb1.8em\u00a0\u00bb header_4_text_color=\u00a0\u00bb#e85426&Prime; header_4_font_size=\u00a0\u00bb30px\u00a0\u00bb custom_margin=\u00a0\u00bb||18px||false|false\u00a0\u00bb global_colors_info=\u00a0\u00bb{}\u00a0\u00bb]<\/p>\n<p style=\"text-align: center;\"><strong>PLACE DE STATIONNEMENT <\/strong><\/p>\n<h4 style=\"text-align: center;\"><strong>2,6 x 6,5 m<\/strong><\/h4>\n<p>[\/et_pb_text][\/et_pb_column][\/et_pb_row][\/et_pb_section][et_pb_section fb_built=\u00a0\u00bb1&Prime; _builder_version=\u00a0\u00bb4.16&Prime; background_color=\u00a0\u00bbrgba(247,247,247,0.3)\u00a0\u00bb z_index_tablet=\u00a0\u00bb500&Prime; border_width_top=\u00a0\u00bb1&Prime; border_color_top=\u00a0\u00bb#1a57a8&Prime; global_colors_info=\u00a0\u00bb{}\u00a0\u00bb][et_pb_row _builder_version=\u00a0\u00bb4.16&Prime; background_size=\u00a0\u00bbinitial\u00a0\u00bb background_position=\u00a0\u00bbtop_left\u00a0\u00bb background_repeat=\u00a0\u00bbrepeat\u00a0\u00bb global_colors_info=\u00a0\u00bb{}\u00a0\u00bb][et_pb_column type=\u00a0\u00bb4_4&Prime; _builder_version=\u00a0\u00bb4.16&Prime; custom_padding=\u00a0\u00bb|||\u00a0\u00bb global_colors_info=\u00a0\u00bb{}\u00a0\u00bb custom_padding__hover=\u00a0\u00bb|||\u00a0\u00bb][et_pb_text _builder_version=\u00a0\u00bb4.19.0&Prime; header_3_text_color=\u00a0\u00bb#e85426&Prime; header_3_font_size=\u00a0\u00bb30px\u00a0\u00bb header_5_text_color=\u00a0\u00bb#000000&Prime; hover_enabled=\u00a0\u00bb0&Prime; z_index_tablet=\u00a0\u00bb500&Prime; global_colors_info=\u00a0\u00bb{}\u00a0\u00bb sticky_enabled=\u00a0\u00bb0&Prime;]<\/p>\n<h3>Location du Camping-Car Parking<\/h3>\n<h5>Demandez-nous un devis pour la taille de la place de stationnement dont vous avez besoin.<\/h5>\n<p>Veuillez compl\u00e9ter tous les champs du formulaire afin de pouvoir vous proposer un devis conforme \u00e0 vos besoins.<\/p>\n<p>[\/et_pb_text][\/et_pb_column][\/et_pb_row][et_pb_row column_structure=\u00a0\u00bb1_2,1_2&Prime; _builder_version=\u00a0\u00bb4.16&Prime; background_size=\u00a0\u00bbinitial\u00a0\u00bb background_position=\u00a0\u00bbtop_left\u00a0\u00bb background_repeat=\u00a0\u00bbrepeat\u00a0\u00bb global_colors_info=\u00a0\u00bb{}\u00a0\u00bb][et_pb_column type=\u00a0\u00bb1_2&Prime; _builder_version=\u00a0\u00bb4.16&Prime; custom_padding=\u00a0\u00bb|||\u00a0\u00bb global_colors_info=\u00a0\u00bb{}\u00a0\u00bb custom_padding__hover=\u00a0\u00bb|||\u00a0\u00bb][et_pb_code _builder_version=\u00a0\u00bb4.19.0&Prime; z_index_tablet=\u00a0\u00bb500&Prime; global_colors_info=\u00a0\u00bb{}\u00a0\u00bb]\n<div class=\"wpcf7 no-js\" id=\"wpcf7-f14619-o1\" lang=\"es-ES\" dir=\"ltr\">\n<div class=\"screen-reader-response\"><p role=\"status\" aria-live=\"polite\" aria-atomic=\"true\"><\/p> <ul><\/ul><\/div>\n<form action=\"\/fr\/wp-json\/wp\/v2\/pages\/14620#wpcf7-f14619-o1\" method=\"post\" class=\"wpcf7-form init\" aria-label=\"Formulario de contacto\" novalidate=\"novalidate\" data-status=\"init\">\n<div style=\"display: none;\">\n<input type=\"hidden\" name=\"_wpcf7\" value=\"14619\" \/>\n<input type=\"hidden\" name=\"_wpcf7_version\" value=\"5.8.7\" \/>\n<input type=\"hidden\" name=\"_wpcf7_locale\" value=\"es_ES\" \/>\n<input type=\"hidden\" name=\"_wpcf7_unit_tag\" value=\"wpcf7-f14619-o1\" \/>\n<input type=\"hidden\" name=\"_wpcf7_container_post\" value=\"0\" \/>\n<input type=\"hidden\" name=\"_wpcf7_posted_data_hash\" value=\"\" \/>\n<input type=\"hidden\" name=\"_wpcf7cf_hidden_group_fields\" value=\"[]\" \/>\n<input type=\"hidden\" name=\"_wpcf7cf_hidden_groups\" value=\"[]\" \/>\n<input type=\"hidden\" name=\"_wpcf7cf_visible_groups\" value=\"[]\" \/>\n<input type=\"hidden\" name=\"_wpcf7cf_repeaters\" value=\"[]\" \/>\n<input type=\"hidden\" name=\"_wpcf7cf_steps\" value=\"{}\" \/>\n<input type=\"hidden\" name=\"_wpcf7cf_options\" value=\"{&quot;form_id&quot;:14619,&quot;conditions&quot;:[],&quot;settings&quot;:{&quot;animation&quot;:&quot;yes&quot;,&quot;animation_intime&quot;:200,&quot;animation_outtime&quot;:200,&quot;conditions_ui&quot;:&quot;normal&quot;,&quot;notice_dismissed&quot;:false,&quot;notice_dismissed_update-cf7-5.7.3&quot;:true,&quot;notice_dismissed_rollback-cf7-5.7.4&quot;:true,&quot;notice_dismissed_rollback-cf7-5.8.6&quot;:true}}\" \/>\n<input type=\"hidden\" name=\"_wpcf7_recaptcha_response\" value=\"\" \/>\n<\/div>\n<div class=\"et_pb_contact\">\n\t<div class=\"et_pb_contact_left\">\n\t\t<p><span class=\"wpcf7-form-control-wrap\" data-name=\"your-name\"><input size=\"40\" class=\"wpcf7-form-control wpcf7-text wpcf7-validates-as-required\" aria-required=\"true\" aria-invalid=\"false\" placeholder=\"Pr\u00e9nom et nom*\" value=\"\" type=\"text\" name=\"your-name\" \/><\/span>\n\t\t<\/p>\n\t\t<p><span class=\"wpcf7-form-control-wrap\" data-name=\"your-email\"><input size=\"40\" class=\"wpcf7-form-control wpcf7-email wpcf7-validates-as-required wpcf7-text wpcf7-validates-as-email\" aria-required=\"true\" aria-invalid=\"false\" placeholder=\"E-mail*\" value=\"\" type=\"email\" name=\"your-email\" \/><\/span>\n\t\t<\/p>\n\t\t<p><span class=\"wpcf7-form-control-wrap\" data-name=\"telefono\"><input size=\"40\" class=\"wpcf7-form-control wpcf7-tel wpcf7-validates-as-required wpcf7-text wpcf7-validates-as-tel\" aria-required=\"true\" aria-invalid=\"false\" placeholder=\"Num\u00e9ro de portable *\" value=\"\" type=\"tel\" name=\"telefono\" \/><\/span>\n\t\t<\/p>\n\t\t<p><span class=\"wpcf7-form-control-wrap\" data-name=\"poblacion\"><input size=\"40\" class=\"wpcf7-form-control wpcf7-text\" aria-invalid=\"false\" placeholder=\"Ville*\" value=\"\" type=\"text\" name=\"poblacion\" \/><\/span>\n\t\t<\/p>\n\t\t<p>Choisissez l\u2019horaire pendant lequel vous pr\u00e9f\u00e9rez que nous vous contactions: <span class=\"wpcf7-form-control-wrap\" data-name=\"horario-contacto\"><select class=\"wpcf7-form-control wpcf7-select\" aria-invalid=\"false\" name=\"horario-contacto\"><option value=\"8 \u00e0 14 heures\">8 \u00e0 14 heures<\/option><option value=\"14 \u00e0 16 heures\">14 \u00e0 16 heures<\/option><option value=\"16 \u00e0 19 heures\">16 \u00e0 19 heures<\/option><option value=\"19 \u00e0 22 heures\">19 \u00e0 22 heures<\/option><option value=\"Indiff\u00e9rent\">Indiff\u00e9rent<\/option><\/select><\/span>\n\t\t<\/p>\n\t\t<p>Taille de place de stationnement longueur x largeur <span class=\"wpcf7-form-control-wrap\" data-name=\"tamano-plaza-requerido\"><select class=\"wpcf7-form-control wpcf7-select\" aria-invalid=\"false\" name=\"tamano-plaza-requerido\"><option value=\"3 x 9 m\">3 x 9 m<\/option><option value=\"2,8 x 8,5 m\">2,8 x 8,5 m<\/option><option value=\"2,6 x 6,5 m\">2,6 x 6,5 m<\/option><\/select><\/span>\n\t\t<\/p>\n\t\t<p>Pour combien de temps?: <span class=\"wpcf7-form-control-wrap\" data-name=\"Duracion\"><select class=\"wpcf7-form-control wpcf7-select\" aria-invalid=\"false\" name=\"Duracion\"><option value=\"1 mois\">1 mois<\/option><option value=\"2 mois\">2 mois<\/option><option value=\"3 mois\">3 mois<\/option><option value=\"4 mois\">4 mois<\/option><option value=\"5 mois\">5 mois<\/option><option value=\"6 mois\">6 mois<\/option><option value=\"7 mois\">7 mois<\/option><option value=\"8 mois\">8 mois<\/option><option value=\"9 mois\">9 mois<\/option><option value=\"10 mois\">10 mois<\/option><option value=\"11 mois\">11 mois<\/option><option value=\"12 mois\">12 mois<\/option><\/select><\/span>\n\t\t<\/p>\n\t\t<p><span class=\"wpcf7-form-control-wrap\" data-name=\"mensaje\"><textarea cols=\"40\" rows=\"10\" class=\"wpcf7-form-control wpcf7-textarea\" aria-invalid=\"false\" placeholder=\"Laissez-nous vos commentaires pour nous aider \u00e0 mieux comprendre vos besoins\" name=\"mensaje\"><\/textarea><\/span>\n\t\t<\/p>\n\t\t<p>*Champs obligatoires\n\t\t<\/p>\n\t<\/div>\n<\/div>\n<div style=\"display:none\">\n\t<p><span class=\"wpcf7-form-control-wrap\" data-name=\"your-subject\"><input size=\"40\" class=\"wpcf7-form-control wpcf7-text\" aria-invalid=\"false\" value=\"Formulario Parking Caravanas FR\" type=\"text\" name=\"your-subject\" \/><\/span>\n\t<\/p>\n<\/div>\n<p><span class=\"wpcf7-form-control-wrap\" data-name=\"acepto\"><span class=\"wpcf7-form-control wpcf7-acceptance\"><span class=\"wpcf7-list-item\"><input type=\"checkbox\" name=\"acepto\" value=\"1\" aria-invalid=\"false\" \/><\/span><\/span><\/span> J'ai lu et accept\u00e9 <a href=\"http:\/\/metre.emfasi.es\/politica-de-privacidad\/\" target=\"blank\">Politique de confidentialit\u00e9<\/a><input class=\"wpcf7-form-control wpcf7-submit has-spinner et_pb_contact_submit et_pb_button\" type=\"submit\" value=\"Envoyer\" \/>\n<\/p><div class=\"wpcf7-response-output\" aria-hidden=\"true\"><\/div>\n<\/form>\n<\/div>\n[\/et_pb_code][\/et_pb_column][et_pb_column type=\u00a0\u00bb1_2&Prime; _builder_version=\u00a0\u00bb4.16&Prime; custom_padding=\u00a0\u00bb|||\u00a0\u00bb global_colors_info=\u00a0\u00bb{}\u00a0\u00bb custom_padding__hover=\u00a0\u00bb|||\u00a0\u00bb][et_pb_image src=\u00a0\u00bbhttp:\/\/metre.emfasi.es\/wp-content\/uploads\/2021\/04\/IMG_1333-contacto-1.jpg\u00a0\u00bb title_text=\u00a0\u00bbIMG_1333-contacto\u00a0\u00bb _builder_version=\u00a0\u00bb4.16&Prime; _module_preset=\u00a0\u00bbdefault\u00a0\u00bb global_colors_info=\u00a0\u00bb{}\u00a0\u00bb][\/et_pb_image][\/et_pb_column][\/et_pb_row][\/et_pb_section][et_pb_section fb_built=\u00a0\u00bb1&Prime; _builder_version=\u00a0\u00bb4.16&Prime; _module_preset=\u00a0\u00bbdefault\u00a0\u00bb background_color=\u00a0\u00bb#eeeeee\u00a0\u00bb global_colors_info=\u00a0\u00bb{}\u00a0\u00bb][et_pb_row column_structure=\u00a0\u00bb1_3,1_3,1_3&Prime; _builder_version=\u00a0\u00bb4.16&Prime; _module_preset=\u00a0\u00bbdefault\u00a0\u00bb global_colors_info=\u00a0\u00bb{}\u00a0\u00bb][et_pb_column type=\u00a0\u00bb1_3&Prime; _builder_version=\u00a0\u00bb4.16&Prime; _module_preset=\u00a0\u00bbdefault\u00a0\u00bb global_colors_info=\u00a0\u00bb{}\u00a0\u00bb][et_pb_image src=\u00a0\u00bbhttp:\/\/metre.emfasi.es\/wp-content\/uploads\/2021\/03\/metrecubic-trasteros-acceso-rapido6.png\u00a0\u00bb title_text=\u00a0\u00bbmetrecubic-trasteros-acceso-rapido6&Prime; _builder_version=\u00a0\u00bb4.16&Prime; _module_preset=\u00a0\u00bbdefault\u00a0\u00bb width=\u00a0\u00bb50%\u00a0\u00bb module_alignment=\u00a0\u00bbcenter\u00a0\u00bb custom_margin=\u00a0\u00bb0px||0px||false|false\u00a0\u00bb global_colors_info=\u00a0\u00bb{}\u00a0\u00bb][\/et_pb_image][et_pb_text _builder_version=\u00a0\u00bb4.19.0&Prime; _module_preset=\u00a0\u00bbdefault\u00a0\u00bb header_4_text_color=\u00a0\u00bb#e85426&Prime; header_4_font_size=\u00a0\u00bb22px\u00a0\u00bb custom_margin=\u00a0\u00bb0px||0px||false|false\u00a0\u00bb custom_padding=\u00a0\u00bb0px||0px||false|false\u00a0\u00bb global_colors_info=\u00a0\u00bb{}\u00a0\u00bb]<\/p>\n<h4 style=\"text-align: center;\">HORAIRE D&rsquo;ACC\u00c8S<\/h4>\n<p style=\"text-align: center;\">24\/365 via un code d&rsquo;acc\u00e8s personnel que vous devez saisir pour entrer et sortir avec votre caravane ou votre camping-car.<\/p>\n<p>[\/et_pb_text][\/et_pb_column][et_pb_column type=\u00a0\u00bb1_3&Prime; _builder_version=\u00a0\u00bb4.16&Prime; _module_preset=\u00a0\u00bbdefault\u00a0\u00bb global_colors_info=\u00a0\u00bb{}\u00a0\u00bb][et_pb_image src=\u00a0\u00bbhttp:\/\/metre.emfasi.es\/wp-content\/uploads\/2021\/03\/metrecubic-trasteros-acceso-rapido.png\u00a0\u00bb title_text=\u00a0\u00bbmetrecubic-trasteros-acceso-rapido\u00a0\u00bb _builder_version=\u00a0\u00bb4.16&Prime; _module_preset=\u00a0\u00bbdefault\u00a0\u00bb width=\u00a0\u00bb50%\u00a0\u00bb module_alignment=\u00a0\u00bbcenter\u00a0\u00bb custom_margin=\u00a0\u00bb||0px||false|false\u00a0\u00bb global_colors_info=\u00a0\u00bb{}\u00a0\u00bb][\/et_pb_image][et_pb_text _builder_version=\u00a0\u00bb4.16&Prime; _module_preset=\u00a0\u00bbdefault\u00a0\u00bb header_4_text_color=\u00a0\u00bb#e85426&Prime; header_4_font_size=\u00a0\u00bb22px\u00a0\u00bb custom_margin=\u00a0\u00bb0px||0px||false|false\u00a0\u00bb custom_padding=\u00a0\u00bb0px||0px||false|false\u00a0\u00bb global_colors_info=\u00a0\u00bb{}\u00a0\u00bb]<\/p>\n<h4 style=\"text-align: center;\">S\u00c9CURIT\u00c9<\/h4>\n<p style=\"text-align: center;\">Contr\u00f4le d&rsquo;acc\u00e8s avec code personnel.<br \/>Parking pour caravanes avec cl\u00f4ture p\u00e9rim\u00e9trique de 2 m\u00e8tres de hauteur avec mur en briques et cl\u00f4ture m\u00e9tallique.<br \/>Alarme p\u00e9rim\u00e9trique connect\u00e9e \u00e0 la centrale d&rsquo;alarmes.<br \/>CCTV<br \/>Zone urbaine et habit\u00e9e.<br \/>\u00c9clairage de nuit.<\/p>\n<p>[\/et_pb_text][\/et_pb_column][et_pb_column type=\u00a0\u00bb1_3&Prime; _builder_version=\u00a0\u00bb4.16&Prime; _module_preset=\u00a0\u00bbdefault\u00a0\u00bb global_colors_info=\u00a0\u00bb{}\u00a0\u00bb][et_pb_image src=\u00a0\u00bbhttp:\/\/metre.emfasi.es\/wp-content\/uploads\/2021\/04\/servicio-area-metrecubic.png\u00a0\u00bb title_text=\u00a0\u00bbservicio-area-metrecubic\u00a0\u00bb _builder_version=\u00a0\u00bb4.16&Prime; _module_preset=\u00a0\u00bbdefault\u00a0\u00bb width=\u00a0\u00bb50%\u00a0\u00bb module_alignment=\u00a0\u00bbcenter\u00a0\u00bb custom_margin=\u00a0\u00bb||15px||false|false\u00a0\u00bb global_colors_info=\u00a0\u00bb{}\u00a0\u00bb][\/et_pb_image][et_pb_text _builder_version=\u00a0\u00bb4.16&Prime; _module_preset=\u00a0\u00bbdefault\u00a0\u00bb header_4_text_color=\u00a0\u00bb#e85426&Prime; header_4_font_size=\u00a0\u00bb22px\u00a0\u00bb custom_margin=\u00a0\u00bb0px||0px||false|false\u00a0\u00bb custom_padding=\u00a0\u00bb0px||0px||false|false\u00a0\u00bb global_colors_info=\u00a0\u00bb{}\u00a0\u00bb]<\/p>\n<h4 style=\"text-align: center;\">SERVICES DE ZONE<\/h4>\n<p style=\"text-align: center;\">Prise de courant 6 A.<br \/>Vidange des eaux grises.<br \/>Borne de vidange des eaux noires.<br \/>Karcher pour laver le v\u00e9hicule.<br \/>Robinets d&rsquo;eau potable.<br \/>Wi-Fi dans tout le parking.<br \/>Conteneurs de recyclage.<\/p>\n<p>[\/et_pb_text][\/et_pb_column][\/et_pb_row][et_pb_row column_structure=\u00a0\u00bb1_2,1_2&Prime; use_custom_gutter=\u00a0\u00bbon\u00a0\u00bb _builder_version=\u00a0\u00bb4.16&Prime; _module_preset=\u00a0\u00bbdefault\u00a0\u00bb custom_margin=\u00a0\u00bb-11px||24px||false|false\u00a0\u00bb global_colors_info=\u00a0\u00bb{}\u00a0\u00bb][et_pb_column type=\u00a0\u00bb1_2&Prime; _builder_version=\u00a0\u00bb4.16&Prime; _module_preset=\u00a0\u00bbdefault\u00a0\u00bb custom_padding=\u00a0\u00bb|0px|||false|false\u00a0\u00bb global_colors_info=\u00a0\u00bb{}\u00a0\u00bb][et_pb_image src=\u00a0\u00bbhttp:\/\/metre.emfasi.es\/wp-content\/uploads\/2021\/04\/duracion.png\u00a0\u00bb title_text=\u00a0\u00bbduracion\u00a0\u00bb _builder_version=\u00a0\u00bb4.16&Prime; _module_preset=\u00a0\u00bbdefault\u00a0\u00bb width=\u00a0\u00bb40%\u00a0\u00bb module_alignment=\u00a0\u00bbcenter\u00a0\u00bb custom_margin=\u00a0\u00bb0px||0px||false|false\u00a0\u00bb global_colors_info=\u00a0\u00bb{}\u00a0\u00bb][\/et_pb_image][et_pb_text _builder_version=\u00a0\u00bb4.19.0&Prime; _module_preset=\u00a0\u00bbdefault\u00a0\u00bb header_4_text_color=\u00a0\u00bb#e85426&Prime; header_4_font_size=\u00a0\u00bb22px\u00a0\u00bb custom_margin=\u00a0\u00bb0px||0px||false|false\u00a0\u00bb custom_padding=\u00a0\u00bb0px||0px||false|false\u00a0\u00bb global_colors_info=\u00a0\u00bb{}\u00a0\u00bb]<\/p>\n<h4 style=\"text-align: center;\">DUR\u00c9E<\/h4>\n<p style=\"text-align: center;\">De 1 mois \u00e0 1 an<\/p>\n<p>[\/et_pb_text][\/et_pb_column][et_pb_column type=\u00a0\u00bb1_2&Prime; _builder_version=\u00a0\u00bb4.16&Prime; _module_preset=\u00a0\u00bbdefault\u00a0\u00bb global_colors_info=\u00a0\u00bb{}\u00a0\u00bb][et_pb_image src=\u00a0\u00bbhttp:\/\/metre.emfasi.es\/wp-content\/uploads\/2021\/04\/promocion-metrecubic.png\u00a0\u00bb title_text=\u00a0\u00bbpromocion-metrecubic\u00a0\u00bb _builder_version=\u00a0\u00bb4.16&Prime; _module_preset=\u00a0\u00bbdefault\u00a0\u00bb width=\u00a0\u00bb40%\u00a0\u00bb module_alignment=\u00a0\u00bbcenter\u00a0\u00bb custom_margin=\u00a0\u00bb||0px||false|false\u00a0\u00bb global_colors_info=\u00a0\u00bb{}\u00a0\u00bb][\/et_pb_image][et_pb_text _builder_version=\u00a0\u00bb4.19.0&Prime; _module_preset=\u00a0\u00bbdefault\u00a0\u00bb header_4_text_color=\u00a0\u00bb#e85426&Prime; header_4_font_size=\u00a0\u00bb22px\u00a0\u00bb custom_margin=\u00a0\u00bb0px||0px||false|false\u00a0\u00bb custom_padding=\u00a0\u00bb0px||0px||false|false\u00a0\u00bb global_colors_info=\u00a0\u00bb{}\u00a0\u00bb]<\/p>\n<h4 style=\"text-align: center;\">PROMOTION<\/h4>\n<p style=\"text-align: center;\">Contrat 1 an \/ 2 mois gratuit.<\/p>\n<p>[\/et_pb_text][\/et_pb_column][\/et_pb_row][\/et_pb_section][et_pb_section fb_built=\u00a0\u00bb1&Prime; fullwidth=\u00a0\u00bbon\u00a0\u00bb _builder_version=\u00a0\u00bb4.16&Prime; _module_preset=\u00a0\u00bbdefault\u00a0\u00bb global_colors_info=\u00a0\u00bb{}\u00a0\u00bb][et_pb_fullwidth_map _builder_version=\u00a0\u00bb4.16&Prime; _module_preset=\u00a0\u00bbdefault\u00a0\u00bb global_colors_info=\u00a0\u00bb{}\u00a0\u00bb][\/et_pb_fullwidth_map][\/et_pb_section]<\/p>\n","protected":false},"excerpt":{"rendered":"<p>Camping-car parking au Fla\u00e7\u00e0 &#8211; Girona &#8211; Costa BravaR\u00e9servez votre place de stationnement num\u00e9rot\u00e9e et bien d\u00e9limit\u00e9e: en ligne ou pr\u00e9sentiel (metrecubic Girona)Notre promotion Louer 1 an \/ 2 mois gratuits Sans engagement de permanence: D\u00e8s 1 mois jusqu\u2019\u00e0 1 an.Camping-car parking au Fla\u00e7\u00e0 \u2013 G\u00e9rone \u2013 Costa BravaR\u00e9servez votre place de stationnement num\u00e9rot\u00e9e et [&hellip;]<\/p>\n","protected":false},"author":2,"featured_media":23714,"parent":0,"menu_order":0,"comment_status":"closed","ping_status":"closed","template":"","meta":{"_et_pb_use_builder":"on","_et_pb_old_content":"","_et_gb_content_width":"","footnotes":""},"yoast_head":"<!-- This site is optimized with the Yoast SEO plugin v22.1 - https:\/\/yoast.com\/wordpress\/plugins\/seo\/ -->\n<title>Parking para autocaravanas y caravanas en Girona | METRECUBIC<\/title>\n<meta name=\"description\" content=\"Contrata online tu plaza numerada y delimitada. Muy cerca de Girona y Costa Brava. Seguridad 24 horas, servicio de \u00e1rea y vaciado aguas grises\" \/>\n<meta name=\"robots\" content=\"noindex, follow, max-snippet:-1, max-image-preview:large, max-video-preview:-1\" \/>\n<meta property=\"og:locale\" content=\"fr_FR\" \/>\n<meta property=\"og:type\" content=\"article\" \/>\n<meta property=\"og:title\" content=\"Parking para autocaravanas y caravanas en Girona | METRECUBIC\" \/>\n<meta property=\"og:description\" content=\"Contrata online tu plaza numerada y delimitada. Muy cerca de Girona y Costa Brava. Seguridad 24 horas, servicio de \u00e1rea y vaciado aguas grises\" \/>\n<meta property=\"og:url\" content=\"https:\/\/metre.emfasi.es\/fr\/camping-car-parking\/\" \/>\n<meta property=\"og:site_name\" content=\"Metrecubic\" \/>\n<meta property=\"article:modified_time\" content=\"2023-02-07T10:07:29+00:00\" \/>\n<meta property=\"og:image\" content=\"https:\/\/metre.emfasi.es\/wp-content\/uploads\/2022\/11\/Promo-Caravanas2.jpg\" \/>\n\t<meta property=\"og:image:width\" content=\"1600\" \/>\n\t<meta property=\"og:image:height\" content=\"1200\" \/>\n\t<meta property=\"og:image:type\" content=\"image\/jpeg\" \/>\n<meta name=\"twitter:card\" content=\"summary_large_image\" \/>\n<meta name=\"twitter:label1\" content=\"Dur\u00e9e de lecture estim\u00e9e\" \/>\n\t<meta name=\"twitter:data1\" content=\"19 minutes\" \/>\n<script type=\"application\/ld+json\" class=\"yoast-schema-graph\">{\"@context\":\"https:\/\/schema.org\",\"@graph\":[{\"@type\":\"WebPage\",\"@id\":\"https:\/\/metre.emfasi.es\/fr\/camping-car-parking\/\",\"url\":\"https:\/\/metre.emfasi.es\/fr\/camping-car-parking\/\",\"name\":\"Parking para autocaravanas y caravanas en Girona | METRECUBIC\",\"isPartOf\":{\"@id\":\"https:\/\/metre.emfasi.es\/#website\"},\"datePublished\":\"2021-04-08T10:03:27+00:00\",\"dateModified\":\"2023-02-07T10:07:29+00:00\",\"description\":\"Contrata online tu plaza numerada y delimitada. Muy cerca de Girona y Costa Brava. Seguridad 24 horas, servicio de \u00e1rea y vaciado aguas grises\",\"breadcrumb\":{\"@id\":\"https:\/\/metre.emfasi.es\/fr\/camping-car-parking\/#breadcrumb\"},\"inLanguage\":\"fr-FR\",\"potentialAction\":[{\"@type\":\"ReadAction\",\"target\":[\"https:\/\/metre.emfasi.es\/fr\/camping-car-parking\/\"]}]},{\"@type\":\"BreadcrumbList\",\"@id\":\"https:\/\/metre.emfasi.es\/fr\/camping-car-parking\/#breadcrumb\",\"itemListElement\":[{\"@type\":\"ListItem\",\"position\":1,\"name\":\"Portada\",\"item\":\"https:\/\/metre.emfasi.es\/fr\/\"},{\"@type\":\"ListItem\",\"position\":2,\"name\":\"Camping-car Parking\"}]},{\"@type\":\"WebSite\",\"@id\":\"https:\/\/metre.emfasi.es\/#website\",\"url\":\"https:\/\/metre.emfasi.es\/\",\"name\":\"Metrecubic\",\"description\":\"Alquiler de trasteros y minialmacenes privados.\",\"publisher\":{\"@id\":\"https:\/\/metre.emfasi.es\/#organization\"},\"potentialAction\":[{\"@type\":\"SearchAction\",\"target\":{\"@type\":\"EntryPoint\",\"urlTemplate\":\"https:\/\/metre.emfasi.es\/?s={search_term_string}\"},\"query-input\":\"required name=search_term_string\"}],\"inLanguage\":\"fr-FR\"},{\"@type\":\"Organization\",\"@id\":\"https:\/\/metre.emfasi.es\/#organization\",\"name\":\"METRECUBIC trasteros y mudanzas\",\"url\":\"https:\/\/metre.emfasi.es\/\",\"logo\":{\"@type\":\"ImageObject\",\"inLanguage\":\"fr-FR\",\"@id\":\"https:\/\/metre.emfasi.es\/#\/schema\/logo\/image\/\",\"url\":\"http:\/\/metre.emfasi.es\/wp-content\/uploads\/2017\/09\/logo-capsalera.gif\",\"contentUrl\":\"http:\/\/metre.emfasi.es\/wp-content\/uploads\/2017\/09\/logo-capsalera.gif\",\"width\":118,\"height\":117,\"caption\":\"METRECUBIC trasteros y mudanzas\"},\"image\":{\"@id\":\"https:\/\/metre.emfasi.es\/#\/schema\/logo\/image\/\"}}]}<\/script>\n<!-- \/ Yoast SEO plugin. -->","yoast_head_json":{"title":"Parking para autocaravanas y caravanas en Girona | METRECUBIC","description":"Contrata online tu plaza numerada y delimitada. Muy cerca de Girona y Costa Brava. Seguridad 24 horas, servicio de \u00e1rea y vaciado aguas grises","robots":{"index":"noindex","follow":"follow","max-snippet":"max-snippet:-1","max-image-preview":"max-image-preview:large","max-video-preview":"max-video-preview:-1"},"og_locale":"fr_FR","og_type":"article","og_title":"Parking para autocaravanas y caravanas en Girona | METRECUBIC","og_description":"Contrata online tu plaza numerada y delimitada. Muy cerca de Girona y Costa Brava. Seguridad 24 horas, servicio de \u00e1rea y vaciado aguas grises","og_url":"https:\/\/metre.emfasi.es\/fr\/camping-car-parking\/","og_site_name":"Metrecubic","article_modified_time":"2023-02-07T10:07:29+00:00","og_image":[{"width":1600,"height":1200,"url":"https:\/\/metre.emfasi.es\/wp-content\/uploads\/2022\/11\/Promo-Caravanas2.jpg","type":"image\/jpeg"}],"twitter_card":"summary_large_image","twitter_misc":{"Dur\u00e9e de lecture estim\u00e9e":"19 minutes"},"schema":{"@context":"https:\/\/schema.org","@graph":[{"@type":"WebPage","@id":"https:\/\/metre.emfasi.es\/fr\/camping-car-parking\/","url":"https:\/\/metre.emfasi.es\/fr\/camping-car-parking\/","name":"Parking para autocaravanas y caravanas en Girona | METRECUBIC","isPartOf":{"@id":"https:\/\/metre.emfasi.es\/#website"},"datePublished":"2021-04-08T10:03:27+00:00","dateModified":"2023-02-07T10:07:29+00:00","description":"Contrata online tu plaza numerada y delimitada. Muy cerca de Girona y Costa Brava. Seguridad 24 horas, servicio de \u00e1rea y vaciado aguas grises","breadcrumb":{"@id":"https:\/\/metre.emfasi.es\/fr\/camping-car-parking\/#breadcrumb"},"inLanguage":"fr-FR","potentialAction":[{"@type":"ReadAction","target":["https:\/\/metre.emfasi.es\/fr\/camping-car-parking\/"]}]},{"@type":"BreadcrumbList","@id":"https:\/\/metre.emfasi.es\/fr\/camping-car-parking\/#breadcrumb","itemListElement":[{"@type":"ListItem","position":1,"name":"Portada","item":"https:\/\/metre.emfasi.es\/fr\/"},{"@type":"ListItem","position":2,"name":"Camping-car Parking"}]},{"@type":"WebSite","@id":"https:\/\/metre.emfasi.es\/#website","url":"https:\/\/metre.emfasi.es\/","name":"Metrecubic","description":"Alquiler de trasteros y minialmacenes privados.","publisher":{"@id":"https:\/\/metre.emfasi.es\/#organization"},"potentialAction":[{"@type":"SearchAction","target":{"@type":"EntryPoint","urlTemplate":"https:\/\/metre.emfasi.es\/?s={search_term_string}"},"query-input":"required name=search_term_string"}],"inLanguage":"fr-FR"},{"@type":"Organization","@id":"https:\/\/metre.emfasi.es\/#organization","name":"METRECUBIC trasteros y mudanzas","url":"https:\/\/metre.emfasi.es\/","logo":{"@type":"ImageObject","inLanguage":"fr-FR","@id":"https:\/\/metre.emfasi.es\/#\/schema\/logo\/image\/","url":"http:\/\/metre.emfasi.es\/wp-content\/uploads\/2017\/09\/logo-capsalera.gif","contentUrl":"http:\/\/metre.emfasi.es\/wp-content\/uploads\/2017\/09\/logo-capsalera.gif","width":118,"height":117,"caption":"METRECUBIC trasteros y mudanzas"},"image":{"@id":"https:\/\/metre.emfasi.es\/#\/schema\/logo\/image\/"}}]}},"_links":{"self":[{"href":"https:\/\/metre.emfasi.es\/fr\/wp-json\/wp\/v2\/pages\/14620"}],"collection":[{"href":"https:\/\/metre.emfasi.es\/fr\/wp-json\/wp\/v2\/pages"}],"about":[{"href":"https:\/\/metre.emfasi.es\/fr\/wp-json\/wp\/v2\/types\/page"}],"author":[{"embeddable":true,"href":"https:\/\/metre.emfasi.es\/fr\/wp-json\/wp\/v2\/users\/2"}],"replies":[{"embeddable":true,"href":"https:\/\/metre.emfasi.es\/fr\/wp-json\/wp\/v2\/comments?post=14620"}],"version-history":[{"count":0,"href":"https:\/\/metre.emfasi.es\/fr\/wp-json\/wp\/v2\/pages\/14620\/revisions"}],"wp:featuredmedia":[{"embeddable":true,"href":"https:\/\/metre.emfasi.es\/fr\/wp-json\/wp\/v2\/media\/23714"}],"wp:attachment":[{"href":"https:\/\/metre.emfasi.es\/fr\/wp-json\/wp\/v2\/media?parent=14620"}],"curies":[{"name":"wp","href":"https:\/\/api.w.org\/{rel}","templated":true}]}}