{"id":17581,"date":"2021-09-07T09:33:55","date_gmt":"2021-09-07T09:33:55","guid":{"rendered":"http:\/\/metre.emfasi.es\/mudances-per-empreses\/"},"modified":"2022-01-11T12:38:00","modified_gmt":"2022-01-11T11:38:00","slug":"demenagements-pour-entreprises","status":"publish","type":"page","link":"https:\/\/metre.emfasi.es\/fr\/demenagements-pour-entreprises\/","title":{"rendered":"D\u00e9m\u00e9nagements pour entreprises"},"content":{"rendered":"<p>[et_pb_section fb_built=\u00a0\u00bb1&Prime; disabled_on=\u00a0\u00bboff||\u00a0\u00bb _builder_version=\u00a0\u00bb4.9.10&Prime; background_color=\u00a0\u00bbrgba(0,0,0,0.79)\u00a0\u00bb background_image=\u00a0\u00bbhttp:\/\/metre.emfasi.es\/wp-content\/uploads\/2021\/09\/metrecubic-mudances-empreses.jpeg\u00a0\u00bb background_blend=\u00a0\u00bbmultiply\u00a0\u00bb custom_padding=\u00a0\u00bb100px||100px||false|false\u00a0\u00bb z_index_tablet=\u00a0\u00bb500&Prime; global_colors_info=\u00a0\u00bb{}\u00a0\u00bb][et_pb_row _builder_version=\u00a0\u00bb4.9.10&Prime; module_alignment=\u00a0\u00bbcenter\u00a0\u00bb custom_margin=\u00a0\u00bb-15px||10px||false|false\u00a0\u00bb global_colors_info=\u00a0\u00bb{}\u00a0\u00bb][et_pb_column type=\u00a0\u00bb4_4&Prime; _builder_version=\u00a0\u00bb3.25&Prime; custom_padding=\u00a0\u00bb15px|10px|15px|10px\u00a0\u00bb global_colors_info=\u00a0\u00bb{}\u00a0\u00bb custom_padding__hover=\u00a0\u00bb|||\u00a0\u00bb][et_pb_text _builder_version=\u00a0\u00bb4.14.4&Prime; text_font=\u00a0\u00bbOswald|300|||||||\u00a0\u00bb text_font_size=\u00a0\u00bb30px\u00a0\u00bb header_font=\u00a0\u00bbOswald||||||||\u00a0\u00bb header_font_size=\u00a0\u00bb60px\u00a0\u00bb header_2_font=\u00a0\u00bbOswald|300|||||||\u00a0\u00bb header_2_font_size=\u00a0\u00bb30px\u00a0\u00bb text_orientation=\u00a0\u00bbcenter\u00a0\u00bb background_layout=\u00a0\u00bbdark\u00a0\u00bb hover_enabled=\u00a0\u00bb0&Prime; text_font_size_tablet=\u00a0\u00bb\u00a0\u00bb text_font_size_phone=\u00a0\u00bb\u00a0\u00bb text_font_size_last_edited=\u00a0\u00bbon|phone\u00a0\u00bb header_font_size_tablet=\u00a0\u00bb\u00a0\u00bb header_font_size_phone=\u00a0\u00bb40px\u00a0\u00bb header_font_size_last_edited=\u00a0\u00bbon|phone\u00a0\u00bb header_2_font_size_tablet=\u00a0\u00bb\u00a0\u00bb header_2_font_size_phone=\u00a0\u00bb25px\u00a0\u00bb header_2_font_size_last_edited=\u00a0\u00bbon|desktop\u00a0\u00bb z_index_tablet=\u00a0\u00bb500&Prime; header_text_shadow_style=\u00a0\u00bbpreset1&Prime; header_2_text_shadow_style=\u00a0\u00bbpreset1&Prime; global_colors_info=\u00a0\u00bb{}\u00a0\u00bb sticky_enabled=\u00a0\u00bb0&Prime;]<\/p>\n<h1>D\u00e9m\u00e9nagements pour entreprises \/ professionnels<\/h1>\n<h2>Le meilleur service de d\u00e9m\u00e9nagement pour les entreprises<\/h2>\n<p>[\/et_pb_text][et_pb_text _builder_version=\u00a0\u00bb4.14.4&Prime; text_font=\u00a0\u00bb||||||||\u00a0\u00bb text_text_color=\u00a0\u00bb#FFFFFF\u00a0\u00bb quote_font=\u00a0\u00bbOswald|300|||||||\u00a0\u00bb quote_font_size=\u00a0\u00bb20px\u00a0\u00bb header_5_text_color=\u00a0\u00bb#1a57a8&Prime; hover_enabled=\u00a0\u00bb0&Prime; quote_font_size_tablet=\u00a0\u00bb\u00a0\u00bb quote_font_size_phone=\u00a0\u00bb18px\u00a0\u00bb quote_font_size_last_edited=\u00a0\u00bbon|phone\u00a0\u00bb z_index_tablet=\u00a0\u00bb500&Prime; global_colors_info=\u00a0\u00bb{}\u00a0\u00bb sticky_enabled=\u00a0\u00bb0&Prime;]<\/p>\n<p style=\"text-align: center;\">\u00c0 Metrecubic, nous nous occupons de tous les transferts de votre entreprise, bureau ou magasin \u00e0 fin que vous ne vous soyez pr\u00e9occuper de rien. Nous g\u00e9rons tout le d\u00e9m\u00e9nagement avec notre propre personnel avec garantie et s\u00e9curit\u00e9.<\/p>\n<p>[\/et_pb_text][et_pb_button button_url=\u00a0\u00bb#pressupost\u00a0\u00bb button_text=\u00a0\u00bbDemander un devis\u00a0\u00bb button_alignment=\u00a0\u00bbcenter\u00a0\u00bb disabled_on=\u00a0\u00bboff|on|on\u00a0\u00bb _builder_version=\u00a0\u00bb4.14.4&Prime; _module_preset=\u00a0\u00bbdefault\u00a0\u00bb custom_button=\u00a0\u00bbon\u00a0\u00bb button_text_size=\u00a0\u00bb16px\u00a0\u00bb button_border_width=\u00a0\u00bb4px\u00a0\u00bb button_border_radius=\u00a0\u00bb5px\u00a0\u00bb button_use_icon=\u00a0\u00bboff\u00a0\u00bb custom_margin=\u00a0\u00bb0px||||false|false\u00a0\u00bb hover_enabled=\u00a0\u00bb0&Prime; global_colors_info=\u00a0\u00bb{}\u00a0\u00bb sticky_enabled=\u00a0\u00bb0&Prime;][\/et_pb_button][\/et_pb_column][\/et_pb_row][\/et_pb_section][et_pb_section fb_built=\u00a0\u00bb1&Prime; _builder_version=\u00a0\u00bb4.9.10&Prime; background_color=\u00a0\u00bb#1a57a8&Prime; z_index_tablet=\u00a0\u00bb500&Prime; global_colors_info=\u00a0\u00bb{}\u00a0\u00bb][et_pb_row column_structure=\u00a0\u00bb1_2,1_2&Prime; _builder_version=\u00a0\u00bb4.9.10&Prime; background_size=\u00a0\u00bbinitial\u00a0\u00bb background_position=\u00a0\u00bbtop_left\u00a0\u00bb background_repeat=\u00a0\u00bbrepeat\u00a0\u00bb custom_margin=\u00a0\u00bb0px||0px||true|false\u00a0\u00bb global_colors_info=\u00a0\u00bb{}\u00a0\u00bb][et_pb_column type=\u00a0\u00bb1_2&Prime; _builder_version=\u00a0\u00bb3.25&Prime; custom_padding=\u00a0\u00bb|||\u00a0\u00bb global_colors_info=\u00a0\u00bb{}\u00a0\u00bb custom_padding__hover=\u00a0\u00bb|||\u00a0\u00bb][et_pb_text disabled_on=\u00a0\u00bboff||\u00a0\u00bb admin_label=\u00a0\u00bbGirona\u00a0\u00bb _builder_version=\u00a0\u00bb4.9.10&Prime; text_font=\u00a0\u00bbOswald||||||||\u00a0\u00bb text_text_color=\u00a0\u00bb#FFFFFF\u00a0\u00bb text_font_size=\u00a0\u00bb25&Prime; text_line_height=\u00a0\u00bb0.3em\u00a0\u00bb link_text_align=\u00a0\u00bbright\u00a0\u00bb header_text_align=\u00a0\u00bbright\u00a0\u00bb text_orientation=\u00a0\u00bbright\u00a0\u00bb max_width=\u00a0\u00bb100%\u00a0\u00bb module_alignment=\u00a0\u00bbright\u00a0\u00bb custom_padding=\u00a0\u00bb0px||0px|\u00a0\u00bb z_index_tablet=\u00a0\u00bb500&Prime; border_color_bottom=\u00a0\u00bb#e85426&Prime; global_colors_info=\u00a0\u00bb{}\u00a0\u00bb]<\/p>\n<p style=\"text-align: center;\">Girona<\/p>\n<p style=\"text-align: center;\"><a href=\"tel:+34972405969\"><strong>972 40 59 69<\/strong><\/a><\/p>\n<p>[\/et_pb_text][\/et_pb_column][et_pb_column type=\u00a0\u00bb1_2&Prime; _builder_version=\u00a0\u00bb3.25&Prime; custom_padding=\u00a0\u00bb|||\u00a0\u00bb global_colors_info=\u00a0\u00bb{}\u00a0\u00bb custom_padding__hover=\u00a0\u00bb|||\u00a0\u00bb][et_pb_text disabled_on=\u00a0\u00bboff||\u00a0\u00bb admin_label=\u00a0\u00bbGirona\u00a0\u00bb _builder_version=\u00a0\u00bb4.9.10&Prime; text_font=\u00a0\u00bbOswald||||||||\u00a0\u00bb text_text_color=\u00a0\u00bb#FFFFFF\u00a0\u00bb text_font_size=\u00a0\u00bb25&Prime; text_line_height=\u00a0\u00bb0.3em\u00a0\u00bb link_text_align=\u00a0\u00bbright\u00a0\u00bb header_text_align=\u00a0\u00bbright\u00a0\u00bb text_orientation=\u00a0\u00bbright\u00a0\u00bb max_width=\u00a0\u00bb100%\u00a0\u00bb module_alignment=\u00a0\u00bbright\u00a0\u00bb custom_padding=\u00a0\u00bb0px||0px|\u00a0\u00bb z_index_tablet=\u00a0\u00bb500&Prime; border_color_bottom=\u00a0\u00bb#e85426&Prime; global_colors_info=\u00a0\u00bb{}\u00a0\u00bb]<\/p>\n<p style=\"text-align: center;\">Sabadell<\/p>\n<p style=\"text-align: center;\"><a href=\"tel:+34937269264\"><strong>937 269 264<\/strong><\/a><\/p>\n<p>[\/et_pb_text][\/et_pb_column][\/et_pb_row][\/et_pb_section][et_pb_section fb_built=\u00a0\u00bb1&Prime; specialty=\u00a0\u00bbon\u00a0\u00bb _builder_version=\u00a0\u00bb4.9.10&Prime; _module_preset=\u00a0\u00bbdefault\u00a0\u00bb background_color=\u00a0\u00bb#FFFFFF\u00a0\u00bb global_colors_info=\u00a0\u00bb{}\u00a0\u00bb][et_pb_column type=\u00a0\u00bb2_3&Prime; specialty_columns=\u00a0\u00bb2&Prime; _builder_version=\u00a0\u00bb3.25&Prime; custom_padding=\u00a0\u00bb|||\u00a0\u00bb global_colors_info=\u00a0\u00bb{}\u00a0\u00bb custom_padding__hover=\u00a0\u00bb|||\u00a0\u00bb][et_pb_row_inner column_structure=\u00a0\u00bb1_3,1_3,1_3&Prime; _builder_version=\u00a0\u00bb4.9.10&Prime; _module_preset=\u00a0\u00bbdefault\u00a0\u00bb global_colors_info=\u00a0\u00bb{}\u00a0\u00bb][et_pb_column_inner type=\u00a0\u00bb1_3&Prime; saved_specialty_column_type=\u00a0\u00bb2_3&Prime; _builder_version=\u00a0\u00bb4.9.10&Prime; _module_preset=\u00a0\u00bbdefault\u00a0\u00bb global_colors_info=\u00a0\u00bb{}\u00a0\u00bb][et_pb_blurb title=\u00a0\u00bbD\u00e9m\u00e9nagements de magasins\u00a0\u00bb image=\u00a0\u00bbhttp:\/\/metre.emfasi.es\/wp-content\/uploads\/2021\/09\/mudanzas-comercios-metrecubic.png\u00a0\u00bb image_icon_width=\u00a0\u00bb75%\u00a0\u00bb _builder_version=\u00a0\u00bb4.14.4&Prime; _module_preset=\u00a0\u00bbdefault\u00a0\u00bb background_color=\u00a0\u00bb#e0e0e0&Prime; text_orientation=\u00a0\u00bbcenter\u00a0\u00bb custom_margin=\u00a0\u00bb0px||||false|false\u00a0\u00bb custom_padding=\u00a0\u00bb30px|10px|30px|10px|false|false\u00a0\u00bb hover_enabled=\u00a0\u00bb0&Prime; border_radii=\u00a0\u00bbon|10px|10px|10px|10px\u00a0\u00bb image_max_width=\u00a0\u00bb75%\u00a0\u00bb global_colors_info=\u00a0\u00bb{}\u00a0\u00bb sticky_enabled=\u00a0\u00bb0&Prime;]<\/p>\n<p>D\u00e9m\u00e9nagement d&rsquo;entrep\u00f4ts, \u00e9tablissements, magasins, bureaux professionnels, centres m\u00e9dicaux, \u00e9coles et bureaux en g\u00e9n\u00e9ral dans la province de Barcelone.\u00a0\u00a0\u00a0 \u00a0\u00a0\u00a0 \u00a0\u00a0\u00a0 \u00a0\u00a0\u00a0<\/p>\n<p>[\/et_pb_blurb][et_pb_blurb title=\u00a0\u00bbPaquets sp\u00e9ciaux\u00a0\u00bb image=\u00a0\u00bbhttp:\/\/metre.emfasi.es\/wp-content\/uploads\/2021\/09\/bultos-especiales-metrecubic.png\u00a0\u00bb image_icon_width=\u00a0\u00bb75%\u00a0\u00bb _builder_version=\u00a0\u00bb4.14.4&Prime; _module_preset=\u00a0\u00bbdefault\u00a0\u00bb background_color=\u00a0\u00bb#e0e0e0&Prime; text_orientation=\u00a0\u00bbcenter\u00a0\u00bb custom_margin=\u00a0\u00bb0px||||false|false\u00a0\u00bb custom_padding=\u00a0\u00bb30px|10px|30px|10px|false|false\u00a0\u00bb hover_enabled=\u00a0\u00bb0&Prime; border_radii=\u00a0\u00bbon|10px|10px|10px|10px\u00a0\u00bb image_max_width=\u00a0\u00bb75%\u00a0\u00bb global_colors_info=\u00a0\u00bb{}\u00a0\u00bb sticky_enabled=\u00a0\u00bb0&Prime;]<\/p>\n<p>Transfert de pianos ou tout paquet sp\u00e9cial.<\/p>\n<p>[\/et_pb_blurb][et_pb_blurb title=\u00a0\u00bbD\u00e9chetterie\u00a0\u00bb image=\u00a0\u00bbhttp:\/\/metre.emfasi.es\/wp-content\/uploads\/2021\/09\/punto-limpio-metrecubic.png\u00a0\u00bb image_icon_width=\u00a0\u00bb75%\u00a0\u00bb _builder_version=\u00a0\u00bb4.14.4&Prime; _module_preset=\u00a0\u00bbdefault\u00a0\u00bb background_color=\u00a0\u00bb#e0e0e0&Prime; text_orientation=\u00a0\u00bbcenter\u00a0\u00bb custom_margin=\u00a0\u00bb0px||||false|false\u00a0\u00bb custom_padding=\u00a0\u00bb30px|10px|30px|10px|false|false\u00a0\u00bb hover_enabled=\u00a0\u00bb0&Prime; border_radii=\u00a0\u00bbon|10px|10px|10px|10px\u00a0\u00bb image_max_width=\u00a0\u00bb75%\u00a0\u00bb global_colors_info=\u00a0\u00bb{}\u00a0\u00bb sticky_enabled=\u00a0\u00bb0&Prime;]<\/p>\n<p>Transport du mobilier \u00e0 la d\u00e9chetterie.<\/p>\n<p>[\/et_pb_blurb][et_pb_blurb title=\u00a0\u00bbMontage et d\u00e9montage\u00a0\u00bb image=\u00a0\u00bbhttp:\/\/metre.emfasi.es\/wp-content\/uploads\/2021\/09\/iconos-particulares_Mesa-de-trabajo-1-copia-5.png\u00a0\u00bb image_icon_width=\u00a0\u00bb75%\u00a0\u00bb _builder_version=\u00a0\u00bb4.14.4&Prime; _module_preset=\u00a0\u00bbdefault\u00a0\u00bb background_color=\u00a0\u00bb#e0e0e0&Prime; text_orientation=\u00a0\u00bbcenter\u00a0\u00bb custom_margin=\u00a0\u00bb0px||||false|false\u00a0\u00bb custom_padding=\u00a0\u00bb30px|10px|30px|10px|false|false\u00a0\u00bb hover_enabled=\u00a0\u00bb0&Prime; border_radii=\u00a0\u00bbon|10px|10px|10px|10px\u00a0\u00bb image_max_width=\u00a0\u00bb75%\u00a0\u00bb global_colors_info=\u00a0\u00bb{}\u00a0\u00bb sticky_enabled=\u00a0\u00bb0&Prime;]<\/p>\n<p>Nous sommes sp\u00e9cialis\u00e9s de montage et d\u00e9montage de meubles.<\/p>\n<p>[\/et_pb_blurb][\/et_pb_column_inner][et_pb_column_inner type=\u00a0\u00bb1_3&Prime; saved_specialty_column_type=\u00a0\u00bb2_3&Prime; _builder_version=\u00a0\u00bb4.9.10&Prime; _module_preset=\u00a0\u00bbdefault\u00a0\u00bb global_colors_info=\u00a0\u00bb{}\u00a0\u00bb][et_pb_blurb title=\u00a0\u00bbMonte-meubles\u00a0\u00bb image=\u00a0\u00bbhttp:\/\/metre.emfasi.es\/wp-content\/uploads\/2021\/09\/iconos-particulares_Mesa-de-trabajo-1-copia-7.png\u00a0\u00bb image_icon_width=\u00a0\u00bb75%\u00a0\u00bb _builder_version=\u00a0\u00bb4.14.4&Prime; _module_preset=\u00a0\u00bbdefault\u00a0\u00bb background_color=\u00a0\u00bb#e0e0e0&Prime; text_orientation=\u00a0\u00bbcenter\u00a0\u00bb custom_margin=\u00a0\u00bb0px||||false|false\u00a0\u00bb custom_padding=\u00a0\u00bb30px|10px|30px|10px|false|false\u00a0\u00bb hover_enabled=\u00a0\u00bb0&Prime; border_radii=\u00a0\u00bbon|10px|10px|10px|10px\u00a0\u00bb image_max_width=\u00a0\u00bb75%\u00a0\u00bb global_colors_info=\u00a0\u00bb{}\u00a0\u00bb sticky_enabled=\u00a0\u00bb0&Prime;]<\/p>\n<p>Service de monte-meubles pour meubles, mat\u00e9riaux de construction, plaques de pl\u00e2tre, cuisines, \u00e9lectrom\u00e9nagers, etc. Dans les meilleures conditions de s\u00e9curit\u00e9 tant pour vos biens que pour nos op\u00e9rateurs.<\/p>\n<p>[\/et_pb_blurb][et_pb_blurb title=\u00a0\u00bbEmballer\u00a0\u00bb image=\u00a0\u00bbhttp:\/\/metre.emfasi.es\/wp-content\/uploads\/2021\/09\/cajas-metrecubic.png\u00a0\u00bb image_icon_width=\u00a0\u00bb75%\u00a0\u00bb _builder_version=\u00a0\u00bb4.14.4&Prime; _module_preset=\u00a0\u00bbdefault\u00a0\u00bb background_color=\u00a0\u00bb#e0e0e0&Prime; text_orientation=\u00a0\u00bbcenter\u00a0\u00bb custom_margin=\u00a0\u00bb0px||||false|false\u00a0\u00bb custom_padding=\u00a0\u00bb30px|10px|30px|10px|false|false\u00a0\u00bb hover_enabled=\u00a0\u00bb0&Prime; border_radii=\u00a0\u00bbon|10px|10px|10px|10px\u00a0\u00bb image_max_width=\u00a0\u00bb75%\u00a0\u00bb global_colors_info=\u00a0\u00bb{}\u00a0\u00bb sticky_enabled=\u00a0\u00bb0&Prime;]<\/p>\n<p>Emballage dans des caisses, dossiers, fournitures de bureau, ordinateurs, marchandises diverses et d\u00e9licates de mani\u00e8re professionnelle avec les meilleurs mat\u00e9riaux d&#8217;emballage possibles pour \u00e9viter les dommages.<\/p>\n<p>[\/et_pb_blurb][et_pb_blurb title=\u00a0\u00bbCamions\u00a0\u00bb image=\u00a0\u00bbhttp:\/\/metre.emfasi.es\/wp-content\/uploads\/2021\/09\/camion-elevador-mudanzas-metrecubic.png\u00a0\u00bb image_icon_width=\u00a0\u00bb75%\u00a0\u00bb _builder_version=\u00a0\u00bb4.14.4&Prime; _module_preset=\u00a0\u00bbdefault\u00a0\u00bb background_color=\u00a0\u00bb#e0e0e0&Prime; text_orientation=\u00a0\u00bbcenter\u00a0\u00bb custom_margin=\u00a0\u00bb0px||||false|false\u00a0\u00bb custom_padding=\u00a0\u00bb30px|10px|30px|10px|false|false\u00a0\u00bb hover_enabled=\u00a0\u00bb0&Prime; border_radii=\u00a0\u00bbon|10px|10px|10px|10px\u00a0\u00bb image_max_width=\u00a0\u00bb75%\u00a0\u00bb global_colors_info=\u00a0\u00bb{}\u00a0\u00bb sticky_enabled=\u00a0\u00bb0&Prime;]<\/p>\n<p>Chariots \u00e9l\u00e9vateurs pour palettes.<\/p>\n<p>[\/et_pb_blurb][\/et_pb_column_inner][et_pb_column_inner type=\u00a0\u00bb1_3&Prime; saved_specialty_column_type=\u00a0\u00bb2_3&Prime; _builder_version=\u00a0\u00bb4.9.10&Prime; _module_preset=\u00a0\u00bbdefault\u00a0\u00bb global_colors_info=\u00a0\u00bb{}\u00a0\u00bb][et_pb_blurb title=\u00a0\u00bbOrganisation\u00a0\u00bb image=\u00a0\u00bbhttp:\/\/metre.emfasi.es\/wp-content\/uploads\/2021\/09\/organizacion.png\u00a0\u00bb image_icon_width=\u00a0\u00bb75%\u00a0\u00bb _builder_version=\u00a0\u00bb4.14.4&Prime; _module_preset=\u00a0\u00bbdefault\u00a0\u00bb background_color=\u00a0\u00bb#e0e0e0&Prime; text_orientation=\u00a0\u00bbcenter\u00a0\u00bb custom_margin=\u00a0\u00bb0px||||false|false\u00a0\u00bb custom_padding=\u00a0\u00bb30px|10px|30px|10px|false|false\u00a0\u00bb hover_enabled=\u00a0\u00bb0&Prime; border_radii=\u00a0\u00bbon|10px|10px|10px|10px\u00a0\u00bb image_max_width=\u00a0\u00bb75%\u00a0\u00bb global_colors_info=\u00a0\u00bb{}\u00a0\u00bb sticky_enabled=\u00a0\u00bb0&Prime;]<\/p>\n<p>Organisation et transfert du classeur.<\/p>\n<p>[\/et_pb_blurb][et_pb_blurb title=\u00a0\u00bbDestruction\u00a0\u00bb image=\u00a0\u00bbhttp:\/\/metre.emfasi.es\/wp-content\/uploads\/2021\/09\/destruccion-papeles-metrecubic.png\u00a0\u00bb image_icon_width=\u00a0\u00bb75%\u00a0\u00bb _builder_version=\u00a0\u00bb4.14.4&Prime; _module_preset=\u00a0\u00bbdefault\u00a0\u00bb background_color=\u00a0\u00bb#e0e0e0&Prime; text_orientation=\u00a0\u00bbcenter\u00a0\u00bb custom_margin=\u00a0\u00bb0px||||false|false\u00a0\u00bb custom_padding=\u00a0\u00bb30px|10px|30px|10px|false|false\u00a0\u00bb hover_enabled=\u00a0\u00bb0&Prime; border_radii=\u00a0\u00bbon|10px|10px|10px|10px\u00a0\u00bb image_max_width=\u00a0\u00bb75%\u00a0\u00bb global_colors_info=\u00a0\u00bb{}\u00a0\u00bb sticky_enabled=\u00a0\u00bb0&Prime;]<\/p>\n<p>Destruction de documents confidentiels avec certificat.<\/p>\n<p>[\/et_pb_blurb][et_pb_blurb title=\u00a0\u00bbAssurance\u00a0\u00bb image=\u00a0\u00bbhttp:\/\/metre.emfasi.es\/wp-content\/uploads\/2021\/09\/seguro-metrecubic.png\u00a0\u00bb image_icon_width=\u00a0\u00bb75%\u00a0\u00bb _builder_version=\u00a0\u00bb4.14.4&Prime; _module_preset=\u00a0\u00bbdefault\u00a0\u00bb background_color=\u00a0\u00bb#e0e0e0&Prime; text_orientation=\u00a0\u00bbcenter\u00a0\u00bb custom_margin=\u00a0\u00bb0px||||false|false\u00a0\u00bb custom_padding=\u00a0\u00bb30px|10px|30px|10px|false|false\u00a0\u00bb hover_enabled=\u00a0\u00bb0&Prime; border_radii=\u00a0\u00bbon|10px|10px|10px|10px\u00a0\u00bb image_max_width=\u00a0\u00bb75%\u00a0\u00bb global_colors_info=\u00a0\u00bb{}\u00a0\u00bb sticky_enabled=\u00a0\u00bb0&Prime;]<\/p>\n<p>Assurance de vos biens pendant le transport.<\/p>\n<p>[\/et_pb_blurb][et_pb_blurb title=\u00a0\u00bbD\u00e9marche de permissions\u00a0\u00bb image=\u00a0\u00bbhttp:\/\/metre.emfasi.es\/wp-content\/uploads\/2021\/09\/permisos-metrecubic.png\u00a0\u00bb image_icon_width=\u00a0\u00bb75%\u00a0\u00bb _builder_version=\u00a0\u00bb4.14.4&Prime; _module_preset=\u00a0\u00bbdefault\u00a0\u00bb background_color=\u00a0\u00bb#e0e0e0&Prime; text_orientation=\u00a0\u00bbcenter\u00a0\u00bb custom_margin=\u00a0\u00bb0px||||false|false\u00a0\u00bb custom_padding=\u00a0\u00bb30px|10px|30px|10px|false|false\u00a0\u00bb hover_enabled=\u00a0\u00bb0&Prime; border_radii=\u00a0\u00bbon|10px|10px|10px|10px\u00a0\u00bb image_max_width=\u00a0\u00bb75%\u00a0\u00bb global_colors_info=\u00a0\u00bb{}\u00a0\u00bb sticky_enabled=\u00a0\u00bb0&Prime;]<\/p>\n<p>Formalit\u00e9s administratives pour le permis d&rsquo;occupation de la voie publique.<\/p>\n<p>[\/et_pb_blurb][\/et_pb_column_inner][\/et_pb_row_inner][\/et_pb_column][et_pb_column type=\u00a0\u00bb1_3&Prime; _builder_version=\u00a0\u00bb3.25&Prime; custom_padding=\u00a0\u00bb|||\u00a0\u00bb global_colors_info=\u00a0\u00bb{}\u00a0\u00bb custom_padding__hover=\u00a0\u00bb|||\u00a0\u00bb][et_pb_text module_id=\u00a0\u00bbpressupost\u00a0\u00bb _builder_version=\u00a0\u00bb4.14.4&Prime; header_5_text_color=\u00a0\u00bb#1a57a8&Prime; hover_enabled=\u00a0\u00bb0&Prime; z_index_tablet=\u00a0\u00bb500&Prime; global_colors_info=\u00a0\u00bb{}\u00a0\u00bb sticky_enabled=\u00a0\u00bb0&Prime;]<\/p>\n<h5>Demandez-nous un devis pour votre prochain d\u00e9m\u00e9nagement<\/h5>\n<p>Veuillez compl\u00e9ter tous les champs du formulaire afin de pouvoir vous proposer un devis conforme \u00e0 vos<\/p>\n<p>[\/et_pb_text][et_pb_code _builder_version=\u00a0\u00bb4.14.4&Prime; background_color=\u00a0\u00bb#e0e0e0&Prime; custom_padding=\u00a0\u00bb15px|10px|15px|10px|true|true\u00a0\u00bb z_index_tablet=\u00a0\u00bb500&Prime; border_radii=\u00a0\u00bbon|10px|10px|10px|10px\u00a0\u00bb global_colors_info=\u00a0\u00bb{}\u00a0\u00bb]\n<div class=\"wpcf7 no-js\" id=\"wpcf7-f17575-o1\" lang=\"es-ES\" dir=\"ltr\">\n<div class=\"screen-reader-response\"><p role=\"status\" aria-live=\"polite\" aria-atomic=\"true\"><\/p> <ul><\/ul><\/div>\n<form action=\"\/fr\/wp-json\/wp\/v2\/pages\/17581#wpcf7-f17575-o1\" method=\"post\" class=\"wpcf7-form init\" aria-label=\"Formulario de contacto\" novalidate=\"novalidate\" data-status=\"init\">\n<div style=\"display: none;\">\n<input type=\"hidden\" name=\"_wpcf7\" value=\"17575\" \/>\n<input type=\"hidden\" name=\"_wpcf7_version\" value=\"5.8.7\" \/>\n<input type=\"hidden\" name=\"_wpcf7_locale\" value=\"es_ES\" \/>\n<input type=\"hidden\" name=\"_wpcf7_unit_tag\" value=\"wpcf7-f17575-o1\" \/>\n<input type=\"hidden\" name=\"_wpcf7_container_post\" value=\"0\" \/>\n<input type=\"hidden\" name=\"_wpcf7_posted_data_hash\" value=\"\" \/>\n<input type=\"hidden\" name=\"_wpcf7cf_hidden_group_fields\" value=\"[]\" \/>\n<input type=\"hidden\" name=\"_wpcf7cf_hidden_groups\" value=\"[]\" \/>\n<input type=\"hidden\" name=\"_wpcf7cf_visible_groups\" value=\"[]\" \/>\n<input type=\"hidden\" name=\"_wpcf7cf_repeaters\" value=\"[]\" \/>\n<input type=\"hidden\" name=\"_wpcf7cf_steps\" value=\"{}\" \/>\n<input type=\"hidden\" name=\"_wpcf7cf_options\" value=\"{&quot;form_id&quot;:17575,&quot;conditions&quot;:[],&quot;settings&quot;:{&quot;animation&quot;:&quot;yes&quot;,&quot;animation_intime&quot;:200,&quot;animation_outtime&quot;:200,&quot;conditions_ui&quot;:&quot;normal&quot;,&quot;notice_dismissed&quot;:false,&quot;notice_dismissed_update-cf7-5.7.3&quot;:true,&quot;notice_dismissed_rollback-cf7-5.7.4&quot;:true,&quot;notice_dismissed_rollback-cf7-5.8.6&quot;:true}}\" \/>\n<input type=\"hidden\" name=\"_wpcf7_recaptcha_response\" value=\"\" \/>\n<\/div>\n<div class=\"et_pb_contact\">\n\t<div class=\"et_pb_contact_left\">\n\t\t<p><span class=\"wpcf7-form-control-wrap\" data-name=\"your-name\"><input size=\"40\" class=\"wpcf7-form-control wpcf7-text wpcf7-validates-as-required\" aria-required=\"true\" aria-invalid=\"false\" placeholder=\"Pr\u00e9nom et nom*\" value=\"\" type=\"text\" name=\"your-name\" \/><\/span>\n\t\t<\/p>\n\t\t<p><span class=\"wpcf7-form-control-wrap\" data-name=\"your-email\"><input size=\"40\" class=\"wpcf7-form-control wpcf7-email wpcf7-validates-as-required wpcf7-text wpcf7-validates-as-email\" aria-required=\"true\" aria-invalid=\"false\" placeholder=\"Courrier \u00e9lectronique*\" value=\"\" type=\"email\" name=\"your-email\" \/><\/span>\n\t\t<\/p>\n\t\t<p><span class=\"wpcf7-form-control-wrap\" data-name=\"telefono\"><input size=\"40\" class=\"wpcf7-form-control wpcf7-tel wpcf7-validates-as-required wpcf7-text wpcf7-validates-as-tel\" aria-required=\"true\" aria-invalid=\"false\" placeholder=\"T\u00e9l\u00e9phone*\" value=\"\" type=\"tel\" name=\"telefono\" \/><\/span>\n\t\t<\/p>\n\t\t<p>Type de d\u00e9m\u00e9nagement: <span class=\"wpcf7-form-control-wrap\" data-name=\"tipo-mudanza\"><select class=\"wpcf7-form-control wpcf7-select\" aria-invalid=\"false\" name=\"tipo-mudanza\"><option value=\"Particulier\">Particulier<\/option><option value=\"Bureau \/ Magasin\">Bureau \/ Magasin<\/option><option value=\"Enterprise\">Enterprise<\/option><\/select><\/span>\n\t\t<\/p>\n\t\t<p>Quand avez-vous besoin de d\u00e9m\u00e9nager ?: <span class=\"wpcf7-form-control-wrap\" data-name=\"fecha\"><input class=\"wpcf7-form-control wpcf7-date wpcf7-validates-as-required wpcf7-validates-as-date\" aria-required=\"true\" aria-invalid=\"false\" value=\"\" type=\"date\" name=\"fecha\" \/><\/span>\n\t\t<\/p>\n\t\t<p><span class=\"wpcf7-form-control-wrap\" data-name=\"origen\"><input size=\"40\" class=\"wpcf7-form-control wpcf7-text\" aria-invalid=\"false\" placeholder=\"Lieu d&#039;origine\" value=\"\" type=\"text\" name=\"origen\" \/><\/span>\n\t\t<\/p>\n\t\t<p><span class=\"wpcf7-form-control-wrap\" data-name=\"destino\"><input size=\"40\" class=\"wpcf7-form-control wpcf7-text\" aria-invalid=\"false\" placeholder=\"Lieu de destination\" value=\"\" type=\"text\" name=\"destino\" \/><\/span>\n\t\t<\/p>\n\t\t<p>Vous avez besoin d'un box \u00e0 METRECUBIC : <span class=\"wpcf7-form-control-wrap\" data-name=\"necesitas-trastero\"><select class=\"wpcf7-form-control wpcf7-select\" aria-invalid=\"false\" name=\"necesitas-trastero\"><option value=\"Oui\">Oui<\/option><option value=\"No\">No<\/option><\/select><\/span>\n\t\t<\/p>\n\t\t<p><span class=\"wpcf7-form-control-wrap\" data-name=\"mensaje\"><textarea cols=\"40\" rows=\"10\" class=\"wpcf7-form-control wpcf7-textarea\" aria-invalid=\"false\" placeholder=\"Laissez-nous des commentaires pour nous aider \u00e0 \u00e9valuer votre d\u00e9m\u00e9nagement\" name=\"mensaje\"><\/textarea><\/span>\n\t\t<\/p>\n\t\t<p>*Champs obligatoires\n\t\t<\/p>\n\t<\/div>\n<\/div>\n<div style=\"display:none\">\n\t<p><span class=\"wpcf7-form-control-wrap\" data-name=\"your-subject\"><input size=\"40\" class=\"wpcf7-form-control wpcf7-text\" aria-invalid=\"false\" value=\"Formulario MUDANZAS ESP\" type=\"text\" name=\"your-subject\" \/><\/span>\n\t<\/p>\n<\/div>\n<p><span class=\"wpcf7-form-control-wrap\" data-name=\"acepto\"><span class=\"wpcf7-form-control wpcf7-acceptance\"><span class=\"wpcf7-list-item\"><input type=\"checkbox\" name=\"acepto\" value=\"1\" aria-invalid=\"false\" \/><\/span><\/span><\/span><a href=\"http:\/\/metre.emfasi.es\/politica-de-privacidad\/\" target=\"blank\">Politique de conifentialit\u00e9<\/a> lue et approuv\u00e9e\n<\/p>\n<p><input class=\"wpcf7-form-control wpcf7-submit has-spinner et_pb_contact_submit et_pb_button\" type=\"submit\" value=\"Envoyer\" \/>\n<\/p><div class=\"wpcf7-response-output\" aria-hidden=\"true\"><\/div>\n<\/form>\n<\/div>\n[\/et_pb_code][et_pb_image src=\u00a0\u00bbhttp:\/\/metre.emfasi.es\/wp-content\/uploads\/2018\/02\/metrecubic-mudanzas-2018.jpg\u00a0\u00bb align_tablet=\u00a0\u00bbcenter\u00a0\u00bb align_phone=\u00a0\u00bb\u00a0\u00bb align_last_edited=\u00a0\u00bbon|desktop\u00a0\u00bb _builder_version=\u00a0\u00bb3.23&Prime; z_index_tablet=\u00a0\u00bb500&Prime; global_colors_info=\u00a0\u00bb{}\u00a0\u00bb]<br \/>\n[\/et_pb_image][\/et_pb_column][\/et_pb_section]<\/p>\n","protected":false},"excerpt":{"rendered":"<p>D\u00e9m\u00e9nagements pour entreprises \/ professionnels Le meilleur service de d\u00e9m\u00e9nagement pour les entreprises\u00c0 Metrecubic, nous nous occupons de tous les transferts de votre entreprise, bureau ou magasin \u00e0 fin que vous ne vous soyez pr\u00e9occuper de rien. Nous g\u00e9rons tout le d\u00e9m\u00e9nagement avec notre propre personnel avec garantie et s\u00e9curit\u00e9.Girona 972 40 59 69Sabadell 937 [&hellip;]<\/p>\n","protected":false},"author":2,"featured_media":0,"parent":0,"menu_order":0,"comment_status":"closed","ping_status":"closed","template":"","meta":{"_et_pb_use_builder":"on","_et_pb_old_content":"","_et_gb_content_width":"","footnotes":""},"yoast_head":"<!-- This site is optimized with the Yoast SEO plugin v22.1 - https:\/\/yoast.com\/wordpress\/plugins\/seo\/ -->\n<title>D\u00e9m\u00e9nagements pour entreprises - Metrecubic<\/title>\n<meta name=\"robots\" content=\"noindex, follow, max-snippet:-1, max-image-preview:large, max-video-preview:-1\" \/>\n<meta property=\"og:locale\" content=\"fr_FR\" \/>\n<meta property=\"og:type\" content=\"article\" \/>\n<meta property=\"og:title\" content=\"D\u00e9m\u00e9nagements pour entreprises - Metrecubic\" \/>\n<meta property=\"og:description\" content=\"D\u00e9m\u00e9nagements pour entreprises \/ professionnels Le meilleur service de d\u00e9m\u00e9nagement pour les entreprises\u00c0 Metrecubic, nous nous occupons de tous les transferts de votre entreprise, bureau ou magasin \u00e0 fin que vous ne vous soyez pr\u00e9occuper de rien. Nous g\u00e9rons tout le d\u00e9m\u00e9nagement avec notre propre personnel avec garantie et s\u00e9curit\u00e9.Girona 972 40 59 69Sabadell 937 [&hellip;]\" \/>\n<meta property=\"og:url\" content=\"https:\/\/metre.emfasi.es\/fr\/demenagements-pour-entreprises\/\" \/>\n<meta property=\"og:site_name\" content=\"Metrecubic\" \/>\n<meta property=\"article:modified_time\" content=\"2022-01-11T11:38:00+00:00\" \/>\n<meta name=\"twitter:card\" content=\"summary_large_image\" \/>\n<meta name=\"twitter:label1\" content=\"Dur\u00e9e de lecture estim\u00e9e\" \/>\n\t<meta name=\"twitter:data1\" content=\"8 minutes\" \/>\n<script type=\"application\/ld+json\" class=\"yoast-schema-graph\">{\"@context\":\"https:\/\/schema.org\",\"@graph\":[{\"@type\":\"WebPage\",\"@id\":\"https:\/\/metre.emfasi.es\/fr\/demenagements-pour-entreprises\/\",\"url\":\"https:\/\/metre.emfasi.es\/fr\/demenagements-pour-entreprises\/\",\"name\":\"D\u00e9m\u00e9nagements pour entreprises - Metrecubic\",\"isPartOf\":{\"@id\":\"https:\/\/metre.emfasi.es\/#website\"},\"datePublished\":\"2021-09-07T09:33:55+00:00\",\"dateModified\":\"2022-01-11T11:38:00+00:00\",\"breadcrumb\":{\"@id\":\"https:\/\/metre.emfasi.es\/fr\/demenagements-pour-entreprises\/#breadcrumb\"},\"inLanguage\":\"fr-FR\",\"potentialAction\":[{\"@type\":\"ReadAction\",\"target\":[\"https:\/\/metre.emfasi.es\/fr\/demenagements-pour-entreprises\/\"]}]},{\"@type\":\"BreadcrumbList\",\"@id\":\"https:\/\/metre.emfasi.es\/fr\/demenagements-pour-entreprises\/#breadcrumb\",\"itemListElement\":[{\"@type\":\"ListItem\",\"position\":1,\"name\":\"Portada\",\"item\":\"https:\/\/metre.emfasi.es\/fr\/\"},{\"@type\":\"ListItem\",\"position\":2,\"name\":\"D\u00e9m\u00e9nagements pour entreprises\"}]},{\"@type\":\"WebSite\",\"@id\":\"https:\/\/metre.emfasi.es\/#website\",\"url\":\"https:\/\/metre.emfasi.es\/\",\"name\":\"Metrecubic\",\"description\":\"Alquiler de trasteros y minialmacenes privados.\",\"publisher\":{\"@id\":\"https:\/\/metre.emfasi.es\/#organization\"},\"potentialAction\":[{\"@type\":\"SearchAction\",\"target\":{\"@type\":\"EntryPoint\",\"urlTemplate\":\"https:\/\/metre.emfasi.es\/?s={search_term_string}\"},\"query-input\":\"required name=search_term_string\"}],\"inLanguage\":\"fr-FR\"},{\"@type\":\"Organization\",\"@id\":\"https:\/\/metre.emfasi.es\/#organization\",\"name\":\"METRECUBIC trasteros y mudanzas\",\"url\":\"https:\/\/metre.emfasi.es\/\",\"logo\":{\"@type\":\"ImageObject\",\"inLanguage\":\"fr-FR\",\"@id\":\"https:\/\/metre.emfasi.es\/#\/schema\/logo\/image\/\",\"url\":\"http:\/\/metre.emfasi.es\/wp-content\/uploads\/2017\/09\/logo-capsalera.gif\",\"contentUrl\":\"http:\/\/metre.emfasi.es\/wp-content\/uploads\/2017\/09\/logo-capsalera.gif\",\"width\":118,\"height\":117,\"caption\":\"METRECUBIC trasteros y mudanzas\"},\"image\":{\"@id\":\"https:\/\/metre.emfasi.es\/#\/schema\/logo\/image\/\"}}]}<\/script>\n<!-- \/ Yoast SEO plugin. -->","yoast_head_json":{"title":"D\u00e9m\u00e9nagements pour entreprises - Metrecubic","robots":{"index":"noindex","follow":"follow","max-snippet":"max-snippet:-1","max-image-preview":"max-image-preview:large","max-video-preview":"max-video-preview:-1"},"og_locale":"fr_FR","og_type":"article","og_title":"D\u00e9m\u00e9nagements pour entreprises - Metrecubic","og_description":"D\u00e9m\u00e9nagements pour entreprises \/ professionnels Le meilleur service de d\u00e9m\u00e9nagement pour les entreprises\u00c0 Metrecubic, nous nous occupons de tous les transferts de votre entreprise, bureau ou magasin \u00e0 fin que vous ne vous soyez pr\u00e9occuper de rien. Nous g\u00e9rons tout le d\u00e9m\u00e9nagement avec notre propre personnel avec garantie et s\u00e9curit\u00e9.Girona 972 40 59 69Sabadell 937 [&hellip;]","og_url":"https:\/\/metre.emfasi.es\/fr\/demenagements-pour-entreprises\/","og_site_name":"Metrecubic","article_modified_time":"2022-01-11T11:38:00+00:00","twitter_card":"summary_large_image","twitter_misc":{"Dur\u00e9e de lecture estim\u00e9e":"8 minutes"},"schema":{"@context":"https:\/\/schema.org","@graph":[{"@type":"WebPage","@id":"https:\/\/metre.emfasi.es\/fr\/demenagements-pour-entreprises\/","url":"https:\/\/metre.emfasi.es\/fr\/demenagements-pour-entreprises\/","name":"D\u00e9m\u00e9nagements pour entreprises - Metrecubic","isPartOf":{"@id":"https:\/\/metre.emfasi.es\/#website"},"datePublished":"2021-09-07T09:33:55+00:00","dateModified":"2022-01-11T11:38:00+00:00","breadcrumb":{"@id":"https:\/\/metre.emfasi.es\/fr\/demenagements-pour-entreprises\/#breadcrumb"},"inLanguage":"fr-FR","potentialAction":[{"@type":"ReadAction","target":["https:\/\/metre.emfasi.es\/fr\/demenagements-pour-entreprises\/"]}]},{"@type":"BreadcrumbList","@id":"https:\/\/metre.emfasi.es\/fr\/demenagements-pour-entreprises\/#breadcrumb","itemListElement":[{"@type":"ListItem","position":1,"name":"Portada","item":"https:\/\/metre.emfasi.es\/fr\/"},{"@type":"ListItem","position":2,"name":"D\u00e9m\u00e9nagements pour entreprises"}]},{"@type":"WebSite","@id":"https:\/\/metre.emfasi.es\/#website","url":"https:\/\/metre.emfasi.es\/","name":"Metrecubic","description":"Alquiler de trasteros y minialmacenes privados.","publisher":{"@id":"https:\/\/metre.emfasi.es\/#organization"},"potentialAction":[{"@type":"SearchAction","target":{"@type":"EntryPoint","urlTemplate":"https:\/\/metre.emfasi.es\/?s={search_term_string}"},"query-input":"required name=search_term_string"}],"inLanguage":"fr-FR"},{"@type":"Organization","@id":"https:\/\/metre.emfasi.es\/#organization","name":"METRECUBIC trasteros y mudanzas","url":"https:\/\/metre.emfasi.es\/","logo":{"@type":"ImageObject","inLanguage":"fr-FR","@id":"https:\/\/metre.emfasi.es\/#\/schema\/logo\/image\/","url":"http:\/\/metre.emfasi.es\/wp-content\/uploads\/2017\/09\/logo-capsalera.gif","contentUrl":"http:\/\/metre.emfasi.es\/wp-content\/uploads\/2017\/09\/logo-capsalera.gif","width":118,"height":117,"caption":"METRECUBIC trasteros y mudanzas"},"image":{"@id":"https:\/\/metre.emfasi.es\/#\/schema\/logo\/image\/"}}]}},"_links":{"self":[{"href":"https:\/\/metre.emfasi.es\/fr\/wp-json\/wp\/v2\/pages\/17581"}],"collection":[{"href":"https:\/\/metre.emfasi.es\/fr\/wp-json\/wp\/v2\/pages"}],"about":[{"href":"https:\/\/metre.emfasi.es\/fr\/wp-json\/wp\/v2\/types\/page"}],"author":[{"embeddable":true,"href":"https:\/\/metre.emfasi.es\/fr\/wp-json\/wp\/v2\/users\/2"}],"replies":[{"embeddable":true,"href":"https:\/\/metre.emfasi.es\/fr\/wp-json\/wp\/v2\/comments?post=17581"}],"version-history":[{"count":0,"href":"https:\/\/metre.emfasi.es\/fr\/wp-json\/wp\/v2\/pages\/17581\/revisions"}],"wp:attachment":[{"href":"https:\/\/metre.emfasi.es\/fr\/wp-json\/wp\/v2\/media?parent=17581"}],"curies":[{"name":"wp","href":"https:\/\/api.w.org\/{rel}","templated":true}]}}