{"id":25546,"date":"2023-02-06T10:09:55","date_gmt":"2023-02-06T09:09:55","guid":{"rendered":"http:\/\/metre.emfasi.es\/?page_id=25546"},"modified":"2024-03-01T13:16:00","modified_gmt":"2024-03-01T12:16:00","slug":"demenagements","status":"publish","type":"page","link":"https:\/\/metre.emfasi.es\/fr\/demenagements\/","title":{"rendered":"D\u00e9m\u00e9nagements"},"content":{"rendered":"<p>[et_pb_section fb_built=\u00a0\u00bb1&Prime; custom_padding_last_edited=\u00a0\u00bbon|phone\u00a0\u00bb disabled_on=\u00a0\u00bboff|off|off\u00a0\u00bb _builder_version=\u00a0\u00bb4.16&Prime; background_color=\u00a0\u00bb#595959&Prime; background_image=\u00a0\u00bbhttp:\/\/metre.emfasi.es\/wp-content\/uploads\/2018\/02\/metrecubic-mudanzas-2018.jpg\u00a0\u00bb background_blend=\u00a0\u00bbmultiply\u00a0\u00bb custom_padding=\u00a0\u00bb250px||50px|\u00a0\u00bb custom_padding_tablet=\u00a0\u00bb\u00a0\u00bb custom_padding_phone=\u00a0\u00bb50px||50px|\u00a0\u00bb global_colors_info=\u00a0\u00bb{}\u00a0\u00bb][et_pb_row disabled_on=\u00a0\u00bbon|on|on\u00a0\u00bb _builder_version=\u00a0\u00bb4.16&Prime; background_size=\u00a0\u00bbinitial\u00a0\u00bb background_position=\u00a0\u00bbtop_left\u00a0\u00bb background_repeat=\u00a0\u00bbrepeat\u00a0\u00bb disabled=\u00a0\u00bbon\u00a0\u00bb global_colors_info=\u00a0\u00bb{}\u00a0\u00bb][et_pb_column type=\u00a0\u00bb4_4&Prime; _builder_version=\u00a0\u00bb4.16&Prime; custom_padding=\u00a0\u00bb|||\u00a0\u00bb global_colors_info=\u00a0\u00bb{}\u00a0\u00bb custom_padding__hover=\u00a0\u00bb|||\u00a0\u00bb][et_pb_text _builder_version=\u00a0\u00bb4.19.0&Prime; header_font=\u00a0\u00bbOswald||||||||\u00a0\u00bb header_text_align=\u00a0\u00bbcenter\u00a0\u00bb header_font_size=\u00a0\u00bb40&Prime; background_layout=\u00a0\u00bbdark\u00a0\u00bb header_text_shadow_style=\u00a0\u00bbpreset1&Prime; global_colors_info=\u00a0\u00bb{}\u00a0\u00bb]<\/p>\n<h1>D\u00c9M\u00c9NAGEMENTS \u00c0 PARTIR DE 42\u20ac\/heure<\/h1>\n<p>[\/et_pb_text][\/et_pb_column][\/et_pb_row][et_pb_row column_structure=\u00a0\u00bb1_2,1_2&Prime; disabled_on=\u00a0\u00bbon|on|on\u00a0\u00bb _builder_version=\u00a0\u00bb4.16&Prime; background_size=\u00a0\u00bbinitial\u00a0\u00bb background_position=\u00a0\u00bbtop_left\u00a0\u00bb background_repeat=\u00a0\u00bbrepeat\u00a0\u00bb disabled=\u00a0\u00bbon\u00a0\u00bb global_colors_info=\u00a0\u00bb{}\u00a0\u00bb][et_pb_column type=\u00a0\u00bb1_2&Prime; _builder_version=\u00a0\u00bb4.16&Prime; custom_padding=\u00a0\u00bb|||\u00a0\u00bb global_colors_info=\u00a0\u00bb{}\u00a0\u00bb custom_padding__hover=\u00a0\u00bb|||\u00a0\u00bb][et_pb_button button_url=\u00a0\u00bbhttp:\/\/metre.emfasi.es\/fr\/demenagements-sabadell\/\u00a0\u00bb button_text=\u00a0\u00bbD\u00c9M\u00c9NAGEMENTS SABADELL\u00a0\u00bb button_alignment=\u00a0\u00bbcenter\u00a0\u00bb _builder_version=\u00a0\u00bb4.19.0&Prime; custom_button=\u00a0\u00bbon\u00a0\u00bb button_text_size=\u00a0\u00bb20px\u00a0\u00bb button_text_color=\u00a0\u00bb#ffffff\u00a0\u00bb button_bg_color=\u00a0\u00bb#e85426&Prime; button_border_width=\u00a0\u00bb0px\u00a0\u00bb button_border_radius=\u00a0\u00bb27px\u00a0\u00bb button_font=\u00a0\u00bbOswald|||on|||||\u00a0\u00bb global_colors_info=\u00a0\u00bb{}\u00a0\u00bb][\/et_pb_button][\/et_pb_column][et_pb_column type=\u00a0\u00bb1_2&Prime; _builder_version=\u00a0\u00bb4.16&Prime; custom_padding=\u00a0\u00bb|||\u00a0\u00bb global_colors_info=\u00a0\u00bb{}\u00a0\u00bb custom_padding__hover=\u00a0\u00bb|||\u00a0\u00bb][et_pb_button button_url=\u00a0\u00bbhttp:\/\/metre.emfasi.es\/fr\/demenagements-girona\/\u00a0\u00bb button_text=\u00a0\u00bbD\u00c9M\u00c9NAGEMENTS G\u00c9RONE\u00a0\u00bb button_alignment=\u00a0\u00bbcenter\u00a0\u00bb _builder_version=\u00a0\u00bb4.19.0&Prime; custom_button=\u00a0\u00bbon\u00a0\u00bb button_text_size=\u00a0\u00bb20px\u00a0\u00bb button_text_color=\u00a0\u00bb#ffffff\u00a0\u00bb button_bg_color=\u00a0\u00bb#e85426&Prime; button_border_width=\u00a0\u00bb0px\u00a0\u00bb button_border_radius=\u00a0\u00bb27px\u00a0\u00bb button_font=\u00a0\u00bbOswald|||on|||||\u00a0\u00bb global_colors_info=\u00a0\u00bb{}\u00a0\u00bb][\/et_pb_button][\/et_pb_column][\/et_pb_row][\/et_pb_section][et_pb_section fb_built=\u00a0\u00bb1&Prime; disabled_on=\u00a0\u00bboff|off|off\u00a0\u00bb admin_label=\u00a0\u00bbPopup &#8211; #popup-promo\u00a0\u00bb module_id=\u00a0\u00bbpopup-promo\u00a0\u00bb module_class=\u00a0\u00bbpopup\u00a0\u00bb _builder_version=\u00a0\u00bb4.21.0&Prime; _module_preset=\u00a0\u00bbdefault\u00a0\u00bb background_color=\u00a0\u00bb#1A57A8&Prime; custom_padding=\u00a0\u00bb31px||30px|||\u00a0\u00bb locked=\u00a0\u00bboff\u00a0\u00bb global_colors_info=\u00a0\u00bb{}\u00a0\u00bb][et_pb_row column_structure=\u00a0\u00bb3_5,2_5&Prime; use_custom_gutter=\u00a0\u00bbon\u00a0\u00bb gutter_width=\u00a0\u00bb1&Prime; make_equal=\u00a0\u00bbon\u00a0\u00bb disabled_on=\u00a0\u00bboff|off|off\u00a0\u00bb _builder_version=\u00a0\u00bb4.23.1&Prime; _module_preset=\u00a0\u00bbdefault\u00a0\u00bb custom_margin=\u00a0\u00bb||||false|false\u00a0\u00bb custom_padding=\u00a0\u00bb0px||0px||false|false\u00a0\u00bb locked=\u00a0\u00bboff\u00a0\u00bb global_colors_info=\u00a0\u00bb{}\u00a0\u00bb][et_pb_column type=\u00a0\u00bb3_5&Prime; _builder_version=\u00a0\u00bb4.19.0&Prime; _module_preset=\u00a0\u00bbdefault\u00a0\u00bb background_color=\u00a0\u00bb#fe531d\u00a0\u00bb border_radii=\u00a0\u00bboff|25px|||25px\u00a0\u00bb border_radii_tablet=\u00a0\u00bboff|25px|||25px\u00a0\u00bb border_radii_phone=\u00a0\u00bboff|25px|25px||0px\u00a0\u00bb border_radii_last_edited=\u00a0\u00bbon|phone\u00a0\u00bb box_shadow_style=\u00a0\u00bbpreset1&Prime; global_colors_info=\u00a0\u00bb{}\u00a0\u00bb][et_pb_text _builder_version=\u00a0\u00bb4.23.1&Prime; _module_preset=\u00a0\u00bbdefault\u00a0\u00bb text_font_size=\u00a0\u00bb13px\u00a0\u00bb header_font_size=\u00a0\u00bb27px\u00a0\u00bb header_3_text_color=\u00a0\u00bb#0056ab\u00a0\u00bb header_3_font_size=\u00a0\u00bb30px\u00a0\u00bb background_color=\u00a0\u00bb#FFFFFF\u00a0\u00bb width=\u00a0\u00bb50%\u00a0\u00bb module_alignment=\u00a0\u00bbcenter\u00a0\u00bb custom_margin=\u00a0\u00bb20px|25px|20px|25px|false|false\u00a0\u00bb custom_padding=\u00a0\u00bb5px||0px||false|false\u00a0\u00bb header_3_font_size_tablet=\u00a0\u00bb45px\u00a0\u00bb header_3_font_size_phone=\u00a0\u00bb30px\u00a0\u00bb header_3_font_size_last_edited=\u00a0\u00bbon|phone\u00a0\u00bb border_radii=\u00a0\u00bbon|100px|100px|100px|100px\u00a0\u00bb global_colors_info=\u00a0\u00bb{}\u00a0\u00bb]<\/p>\n<h3 style=\"text-align: center;\">PROMOTION<\/h3>\n<p>[\/et_pb_text][et_pb_text _builder_version=\u00a0\u00bb4.23.1&Prime; _module_preset=\u00a0\u00bbdefault\u00a0\u00bb text_font=\u00a0\u00bb|800|||||||\u00a0\u00bb text_text_color=\u00a0\u00bb#FFFFFF\u00a0\u00bb text_font_size=\u00a0\u00bb40px\u00a0\u00bb text_line_height=\u00a0\u00bb45px\u00a0\u00bb custom_margin=\u00a0\u00bb|25px|20px|25px|false|false\u00a0\u00bb custom_padding=\u00a0\u00bb|10px|20px|10px|false|false\u00a0\u00bb text_text_shadow_style=\u00a0\u00bbpreset2&Prime; global_colors_info=\u00a0\u00bb{}\u00a0\u00bb]<\/p>\n<p style=\"text-align: center;\">R\u00e9servez votre d\u00e9m\u00e9nagement pour le 12, 13 ou 15 mars et vous b\u00e9n\u00e9ficierez d&rsquo;une r\u00e9duction de 10% et de l&rsquo;ascenseur GRATUIT<\/p>\n<p>[\/et_pb_text][et_pb_text disabled_on=\u00a0\u00bbon|on|on\u00a0\u00bb _builder_version=\u00a0\u00bb4.20.4&Prime; _module_preset=\u00a0\u00bbdefault\u00a0\u00bb text_text_color=\u00a0\u00bb#FFFFFF\u00a0\u00bb text_font_size=\u00a0\u00bb15px\u00a0\u00bb background_enable_color=\u00a0\u00bboff\u00a0\u00bb custom_margin=\u00a0\u00bb||20px||false|false\u00a0\u00bb disabled=\u00a0\u00bbon\u00a0\u00bb global_colors_info=\u00a0\u00bb{}\u00a0\u00bb]<\/p>\n<div style=\"text-align: center;\">\n<div style=\"background-color: #0056ab; border-radius: 100px; padding: 10px; display: inline-flex; text-align: center;\"><strong><span style=\"color: white;\">\u00a0Si alquilas un trastero durante los 3 meses de verano\u00a0<\/span><\/strong><\/div>\n<\/div>\n<p>[\/et_pb_text][\/et_pb_column][et_pb_column type=\u00a0\u00bb2_5&Prime; _builder_version=\u00a0\u00bb4.23.1&Prime; _module_preset=\u00a0\u00bbdefault\u00a0\u00bb background_color=\u00a0\u00bb#FFFFFF\u00a0\u00bb custom_padding=\u00a0\u00bb50px||20px||false|false\u00a0\u00bb border_radii=\u00a0\u00bboff||25px|25px|\u00a0\u00bb border_radii_tablet=\u00a0\u00bboff||25px|25px|\u00a0\u00bb border_radii_phone=\u00a0\u00bboff||0px|25px|25px\u00a0\u00bb border_radii_last_edited=\u00a0\u00bbon|phone\u00a0\u00bb box_shadow_style=\u00a0\u00bbpreset1&Prime; global_colors_info=\u00a0\u00bb{}\u00a0\u00bb][et_pb_text _builder_version=\u00a0\u00bb4.24.0&Prime; _module_preset=\u00a0\u00bbdefault\u00a0\u00bb header_4_text_color=\u00a0\u00bb#fe531d\u00a0\u00bb header_5_text_color=\u00a0\u00bb#fe531d\u00a0\u00bb header_5_font_size=\u00a0\u00bb40px\u00a0\u00bb custom_margin=\u00a0\u00bb||15px||false|false\u00a0\u00bb global_colors_info=\u00a0\u00bb{}\u00a0\u00bb disabled_on=\u00a0\u00bbon|on|on\u00a0\u00bb disabled=\u00a0\u00bbon\u00a0\u00bb]<\/p>\n<h4 style=\"text-align: center;\"><strong>OFFRE DISPONIBLE JUSQU&rsquo;AU:<\/strong><\/h4>\n<h5 style=\"text-align: center;\"><strong>29\/02<\/strong><\/h5>\n<p>[\/et_pb_text][et_pb_divider _builder_version=\u00a0\u00bb4.24.0&Prime; _module_preset=\u00a0\u00bbdefault\u00a0\u00bb color=\u00a0\u00bbRGBA(255,255,255,0)\u00a0\u00bb hover_enabled=\u00a0\u00bb0&Prime; sticky_enabled=\u00a0\u00bb0&Prime; custom_margin=\u00a0\u00bb||2px|||\u00a0\u00bb custom_padding=\u00a0\u00bb||23px|||\u00a0\u00bb min_height=\u00a0\u00bb81.8px\u00a0\u00bb][\/et_pb_divider][et_pb_button button_url=\u00a0\u00bbhttp:\/\/metre.emfasi.es\/fr\/contact\/\u00a0\u00bb button_text=\u00a0\u00bbCONTACT\u00a0\u00bb button_alignment=\u00a0\u00bbcenter\u00a0\u00bb admin_label=\u00a0\u00bbBot\u00f3n pide presupesuto m\u00f3vil\u00a0\u00bb _builder_version=\u00a0\u00bb4.23.1&Prime; custom_button=\u00a0\u00bbon\u00a0\u00bb button_text_size=\u00a0\u00bb18px\u00a0\u00bb button_bg_color=\u00a0\u00bb#e85426&Prime; button_border_radius=\u00a0\u00bb30px\u00a0\u00bb button_font=\u00a0\u00bbOswald|||on|||||\u00a0\u00bb locked=\u00a0\u00bboff\u00a0\u00bb global_colors_info=\u00a0\u00bb{}\u00a0\u00bb button_text_size__hover_enabled=\u00a0\u00bboff\u00a0\u00bb button_text_size__hover=\u00a0\u00bbnull\u00a0\u00bb button_one_text_size__hover_enabled=\u00a0\u00bboff\u00a0\u00bb button_one_text_size__hover=\u00a0\u00bbnull\u00a0\u00bb button_two_text_size__hover_enabled=\u00a0\u00bboff\u00a0\u00bb button_two_text_size__hover=\u00a0\u00bbnull\u00a0\u00bb button_text_color__hover_enabled=\u00a0\u00bboff\u00a0\u00bb button_text_color__hover=\u00a0\u00bbnull\u00a0\u00bb button_one_text_color__hover_enabled=\u00a0\u00bboff\u00a0\u00bb button_one_text_color__hover=\u00a0\u00bbnull\u00a0\u00bb button_two_text_color__hover_enabled=\u00a0\u00bboff\u00a0\u00bb button_two_text_color__hover=\u00a0\u00bbnull\u00a0\u00bb button_border_width__hover_enabled=\u00a0\u00bboff\u00a0\u00bb button_border_width__hover=\u00a0\u00bbnull\u00a0\u00bb button_one_border_width__hover_enabled=\u00a0\u00bboff\u00a0\u00bb button_one_border_width__hover=\u00a0\u00bbnull\u00a0\u00bb button_two_border_width__hover_enabled=\u00a0\u00bboff\u00a0\u00bb button_two_border_width__hover=\u00a0\u00bbnull\u00a0\u00bb button_border_color__hover_enabled=\u00a0\u00bboff\u00a0\u00bb button_border_color__hover=\u00a0\u00bbnull\u00a0\u00bb button_one_border_color__hover_enabled=\u00a0\u00bboff\u00a0\u00bb button_one_border_color__hover=\u00a0\u00bbnull\u00a0\u00bb button_two_border_color__hover_enabled=\u00a0\u00bboff\u00a0\u00bb button_two_border_color__hover=\u00a0\u00bbnull\u00a0\u00bb button_border_radius__hover_enabled=\u00a0\u00bboff\u00a0\u00bb button_border_radius__hover=\u00a0\u00bbnull\u00a0\u00bb button_one_border_radius__hover_enabled=\u00a0\u00bboff\u00a0\u00bb button_one_border_radius__hover=\u00a0\u00bbnull\u00a0\u00bb button_two_border_radius__hover_enabled=\u00a0\u00bboff\u00a0\u00bb button_two_border_radius__hover=\u00a0\u00bbnull\u00a0\u00bb button_letter_spacing__hover_enabled=\u00a0\u00bboff\u00a0\u00bb button_letter_spacing__hover=\u00a0\u00bbnull\u00a0\u00bb button_one_letter_spacing__hover_enabled=\u00a0\u00bboff\u00a0\u00bb button_one_letter_spacing__hover=\u00a0\u00bbnull\u00a0\u00bb button_two_letter_spacing__hover_enabled=\u00a0\u00bboff\u00a0\u00bb button_two_letter_spacing__hover=\u00a0\u00bbnull\u00a0\u00bb button_bg_color__hover_enabled=\u00a0\u00bboff\u00a0\u00bb button_bg_color__hover=\u00a0\u00bbnull\u00a0\u00bb button_one_bg_color__hover_enabled=\u00a0\u00bboff\u00a0\u00bb button_one_bg_color__hover=\u00a0\u00bbnull\u00a0\u00bb button_two_bg_color__hover_enabled=\u00a0\u00bboff\u00a0\u00bb button_two_bg_color__hover=\u00a0\u00bbnull\u00a0\u00bb][\/et_pb_button][\/et_pb_column][\/et_pb_row][\/et_pb_section][et_pb_section fb_built=\u00a0\u00bb1&Prime; _builder_version=\u00a0\u00bb4.16&Prime; global_colors_info=\u00a0\u00bb{}\u00a0\u00bb][et_pb_row column_structure=\u00a0\u00bb2_5,3_5&Prime; _builder_version=\u00a0\u00bb4.16&Prime; global_colors_info=\u00a0\u00bb{}\u00a0\u00bb][et_pb_column type=\u00a0\u00bb2_5&Prime; _builder_version=\u00a0\u00bb4.16&Prime; background_position=\u00a0\u00bbtop_left\u00a0\u00bb custom_padding=\u00a0\u00bb|||\u00a0\u00bb global_colors_info=\u00a0\u00bb{}\u00a0\u00bb custom_padding__hover=\u00a0\u00bb|||\u00a0\u00bb][et_pb_text disabled_on=\u00a0\u00bbon||\u00a0\u00bb admin_label=\u00a0\u00bbSabadell\u00a0\u00bb _builder_version=\u00a0\u00bb4.16&Prime; text_font_size=\u00a0\u00bb25&Prime; text_orientation=\u00a0\u00bbright\u00a0\u00bb custom_padding=\u00a0\u00bb0px||0px|\u00a0\u00bb border_width_bottom=\u00a0\u00bb1&Prime; border_color_bottom=\u00a0\u00bb#e85426&Prime; global_colors_info=\u00a0\u00bb{}\u00a0\u00bb]Sabadell <a href=\"tel:+34937269264\"><strong>937 269 264<\/strong><\/a><br \/>\n[\/et_pb_text][et_pb_text disabled_on=\u00a0\u00bbon||\u00a0\u00bb admin_label=\u00a0\u00bbGirona\u00a0\u00bb _builder_version=\u00a0\u00bb4.19.0&Prime; text_font_size=\u00a0\u00bb25&Prime; text_orientation=\u00a0\u00bbright\u00a0\u00bb custom_padding=\u00a0\u00bb0px||0px|\u00a0\u00bb border_width_bottom=\u00a0\u00bb1&Prime; border_color_bottom=\u00a0\u00bb#e85426&Prime; global_colors_info=\u00a0\u00bb{}\u00a0\u00bb]<\/p>\n<p>G\u00e9rone <a href=\"tel:+34972405969\"><strong>972 405 969<\/strong><\/a><\/p>\n<p>[\/et_pb_text][et_pb_text _builder_version=\u00a0\u00bb4.16&Prime; header_2_font=\u00a0\u00bb|300|||||||\u00a0\u00bb header_2_text_color=\u00a0\u00bb#e85426&Prime; header_2_letter_spacing=\u00a0\u00bb1&Prime; module_alignment=\u00a0\u00bbleft\u00a0\u00bb global_colors_info=\u00a0\u00bb{}\u00a0\u00bb]<\/p>\n<p>Nous effectuons votre d\u00e9m\u00e9nagement avec du personnel professionnel et <strong>toutes les mesures de s\u00e9curit\u00e9 et d&rsquo;hygi\u00e8ne<\/strong> n\u00e9cessaires pour pr\u00e9server la sant\u00e9 de chacun.<\/p>\n<p><strong>L&rsquo;hygi\u00e8ne est primordiale.<\/strong> Pour entrer dans votre domicile, nos op\u00e9rateurs sont \u00e9quip\u00e9s de tous les \u00e9l\u00e9ments de s\u00e9curit\u00e9 prescrits par l&rsquo;entreprise de pr\u00e9vention:<\/p>\n<ul>\n<li>\n<p>Masque<\/p>\n<\/li>\n<li>\n<p>Gants<\/p>\n<\/li>\n<li>\n<p>V\u00eatements lav\u00e9s tous les jours<\/p>\n<\/li>\n<li>\n<p>Liquide hydroalcoolique pour se laver les mains<\/p>\n<\/li>\n<li>\n<p>V\u00e9hicules d\u00e9sinfect\u00e9s quotidiennement.<\/p>\n<\/li>\n<\/ul>\n<h2>SERVICES DE D\u00c9M\u00c9NAGEMENT<\/h2>\n<ul>\n<li>\n<p>D\u00e9m\u00e9nagements d&rsquo;habitations, de locaux commerciaux, de bureaux et d&rsquo;entreprises.<\/p>\n<\/li>\n<li>\n<p>Emballage des effets personnels dans des cartons.<\/p>\n<\/li>\n<li>\n<p>D\u00e9montage et montage des meubles.<\/p>\n<\/li>\n<li>\n<p>Gestion des autorisations d&rsquo;occupation du domaine public.<\/p>\n<\/li>\n<li>\n<p>D\u00e9m\u00e9nagements dans toute la Catalogne\u00a0: Barcelone, Sabadell, Terrassa, Manresa, Vic, G\u00e9rone, Figueres, Roses, Blanes, Lloret et autres municipalit\u00e9s.<\/p>\n<\/li>\n<li>\n<p>D\u00e9m\u00e9nagements nationaux\u00a0: P\u00e9ninsule, \u00eeles Bal\u00e9ares et Canaries.<\/p>\n<\/li>\n<li>\n<p>D\u00e9m\u00e9nagements internationaux : maritime et terrestre.<\/p>\n<\/li>\n<li>\n<p>Transport de marchandises sur palettes et groupages.<\/p>\n<\/li>\n<\/ul>\n<p>[\/et_pb_text][et_pb_text _builder_version=\u00a0\u00bb4.19.0&Prime; module_alignment=\u00a0\u00bbleft\u00a0\u00bb global_colors_info=\u00a0\u00bb{}\u00a0\u00bb]<\/p>\n<h3><strong><span style=\"color: #e85935;\">\u00c9QUIPEMENT DISPONIBLE<\/span><\/strong><\/h3>\n<p>[\/et_pb_text][et_pb_image src=\u00a0\u00bbhttp:\/\/metre.emfasi.es\/wp-content\/uploads\/2017\/09\/elevador_camio2_esp.jpg\u00a0\u00bb align_tablet=\u00a0\u00bbcenter\u00a0\u00bb align_phone=\u00a0\u00bb\u00a0\u00bb align_last_edited=\u00a0\u00bbon|desktop\u00a0\u00bb _builder_version=\u00a0\u00bb4.16&Prime; custom_margin=\u00a0\u00bb0px||55px|\u00a0\u00bb global_colors_info=\u00a0\u00bb{}\u00a0\u00bb][\/et_pb_image][et_pb_text disabled_on=\u00a0\u00bbon|on|on\u00a0\u00bb _builder_version=\u00a0\u00bb4.16&Prime; disabled=\u00a0\u00bbon\u00a0\u00bb collapsed=\u00a0\u00bboff\u00a0\u00bb global_colors_info=\u00a0\u00bb{}\u00a0\u00bb]<\/p>\n<h2><span id=\"AlquilerFurgoneta\" style=\"color: #e85935;\">Alquiler de Furgoneta<\/span><\/h2>\n<p>Para todos nuestros clientes, tenemos el servicio de furgoneta gratuita entre 2 y 4 horas la primera vez. Pero para todos aquellos que ya la hay\u00e1is utilizado, os ponemos a vuestra disposici\u00f3n el Alquiler de Furgoneta.<\/p>\n<blockquote><p>Si necesit\u00e1is ayuda para trasladar vuestros bienes, o no ten\u00e9is carnet de conducir o no cumpl\u00eds los requisitos del seguro (m\u00e1s de 27 a\u00f1os y 2 a\u00f1os de carnet de conducir) ponemos a vuestra disposici\u00f3n ch\u00f3fer m\u00e1s veh\u00edculo por 35 \u20ac + IVA\/hora (de Lunes a Viernes en horario de oficina).<\/p><\/blockquote>\n<p>[\/et_pb_text][et_pb_image src=\u00a0\u00bbhttp:\/\/metre.emfasi.es\/wp-content\/uploads\/2017\/09\/f09.jpg\u00a0\u00bb align_tablet=\u00a0\u00bbcenter\u00a0\u00bb align_phone=\u00a0\u00bb\u00a0\u00bb align_last_edited=\u00a0\u00bbon|desktop\u00a0\u00bb _builder_version=\u00a0\u00bb4.16&Prime; global_colors_info=\u00a0\u00bb{}\u00a0\u00bb][\/et_pb_image][\/et_pb_column][et_pb_column type=\u00a0\u00bb3_5&Prime; _builder_version=\u00a0\u00bb4.16&Prime; background_position=\u00a0\u00bbtop_left\u00a0\u00bb custom_padding=\u00a0\u00bb|||\u00a0\u00bb global_colors_info=\u00a0\u00bb{}\u00a0\u00bb custom_padding__hover=\u00a0\u00bb|||\u00a0\u00bb][et_pb_image src=\u00a0\u00bbhttp:\/\/metre.emfasi.es\/wp-content\/uploads\/2023\/03\/metrecubic-alquiler-a-partir-de-42.jpg\u00a0\u00bb title_text=\u00a0\u00bbmetrecubic-alquiler-a-partir-de-42&Prime; align_tablet=\u00a0\u00bbcenter\u00a0\u00bb align_phone=\u00a0\u00bb\u00a0\u00bb align_last_edited=\u00a0\u00bbon|desktop\u00a0\u00bb _builder_version=\u00a0\u00bb4.19.0&Prime; animation_style=\u00a0\u00bbslide\u00a0\u00bb animation_direction=\u00a0\u00bbleft\u00a0\u00bb animation_duration=\u00a0\u00bb500ms\u00a0\u00bb animation_intensity_slide=\u00a0\u00bb10%\u00a0\u00bb global_colors_info=\u00a0\u00bb{}\u00a0\u00bb][\/et_pb_image][et_pb_text _builder_version=\u00a0\u00bb4.16&Prime; background_color=\u00a0\u00bb#ffffff\u00a0\u00bb module_alignment=\u00a0\u00bbleft\u00a0\u00bb global_colors_info=\u00a0\u00bb{}\u00a0\u00bb]<\/p>\n<h2><strong>Formulaire de contact<\/strong><\/h2>\n<p>Remplissez le formulaire suivant et nous vous contacterons dans les brefs d\u00e9lais. Nous vous remercions par avance de votre confiance accord\u00e9e \u00e0 Metrecubic.<\/p>\n<p>[\/et_pb_text][et_pb_code _builder_version=\u00a0\u00bb4.19.0&Prime; global_colors_info=\u00a0\u00bb{}\u00a0\u00bb]\n<div class=\"wpcf7 no-js\" id=\"wpcf7-f17575-o1\" lang=\"es-ES\" dir=\"ltr\">\n<div class=\"screen-reader-response\"><p role=\"status\" aria-live=\"polite\" aria-atomic=\"true\"><\/p> <ul><\/ul><\/div>\n<form action=\"\/fr\/wp-json\/wp\/v2\/pages\/25546#wpcf7-f17575-o1\" method=\"post\" class=\"wpcf7-form init\" aria-label=\"Formulario de contacto\" novalidate=\"novalidate\" data-status=\"init\">\n<div style=\"display: none;\">\n<input type=\"hidden\" name=\"_wpcf7\" value=\"17575\" \/>\n<input type=\"hidden\" name=\"_wpcf7_version\" value=\"5.8.7\" \/>\n<input type=\"hidden\" name=\"_wpcf7_locale\" value=\"es_ES\" \/>\n<input type=\"hidden\" name=\"_wpcf7_unit_tag\" value=\"wpcf7-f17575-o1\" \/>\n<input type=\"hidden\" name=\"_wpcf7_container_post\" value=\"0\" \/>\n<input type=\"hidden\" name=\"_wpcf7_posted_data_hash\" value=\"\" \/>\n<input type=\"hidden\" name=\"_wpcf7cf_hidden_group_fields\" value=\"[]\" \/>\n<input type=\"hidden\" name=\"_wpcf7cf_hidden_groups\" value=\"[]\" \/>\n<input type=\"hidden\" name=\"_wpcf7cf_visible_groups\" value=\"[]\" \/>\n<input type=\"hidden\" name=\"_wpcf7cf_repeaters\" value=\"[]\" \/>\n<input type=\"hidden\" name=\"_wpcf7cf_steps\" value=\"{}\" \/>\n<input type=\"hidden\" name=\"_wpcf7cf_options\" value=\"{&quot;form_id&quot;:17575,&quot;conditions&quot;:[],&quot;settings&quot;:{&quot;animation&quot;:&quot;yes&quot;,&quot;animation_intime&quot;:200,&quot;animation_outtime&quot;:200,&quot;conditions_ui&quot;:&quot;normal&quot;,&quot;notice_dismissed&quot;:false,&quot;notice_dismissed_update-cf7-5.7.3&quot;:true,&quot;notice_dismissed_rollback-cf7-5.7.4&quot;:true,&quot;notice_dismissed_rollback-cf7-5.8.6&quot;:true}}\" \/>\n<input type=\"hidden\" name=\"_wpcf7_recaptcha_response\" value=\"\" \/>\n<\/div>\n<div class=\"et_pb_contact\">\n\t<div class=\"et_pb_contact_left\">\n\t\t<p><span class=\"wpcf7-form-control-wrap\" data-name=\"your-name\"><input size=\"40\" class=\"wpcf7-form-control wpcf7-text wpcf7-validates-as-required\" aria-required=\"true\" aria-invalid=\"false\" placeholder=\"Pr\u00e9nom et nom*\" value=\"\" type=\"text\" name=\"your-name\" \/><\/span>\n\t\t<\/p>\n\t\t<p><span class=\"wpcf7-form-control-wrap\" data-name=\"your-email\"><input size=\"40\" class=\"wpcf7-form-control wpcf7-email wpcf7-validates-as-required wpcf7-text wpcf7-validates-as-email\" aria-required=\"true\" aria-invalid=\"false\" placeholder=\"Courrier \u00e9lectronique*\" value=\"\" type=\"email\" name=\"your-email\" \/><\/span>\n\t\t<\/p>\n\t\t<p><span class=\"wpcf7-form-control-wrap\" data-name=\"telefono\"><input size=\"40\" class=\"wpcf7-form-control wpcf7-tel wpcf7-validates-as-required wpcf7-text wpcf7-validates-as-tel\" aria-required=\"true\" aria-invalid=\"false\" placeholder=\"T\u00e9l\u00e9phone*\" value=\"\" type=\"tel\" name=\"telefono\" \/><\/span>\n\t\t<\/p>\n\t\t<p>Type de d\u00e9m\u00e9nagement: <span class=\"wpcf7-form-control-wrap\" data-name=\"tipo-mudanza\"><select class=\"wpcf7-form-control wpcf7-select\" aria-invalid=\"false\" name=\"tipo-mudanza\"><option value=\"Particulier\">Particulier<\/option><option value=\"Bureau \/ Magasin\">Bureau \/ Magasin<\/option><option value=\"Enterprise\">Enterprise<\/option><\/select><\/span>\n\t\t<\/p>\n\t\t<p>Quand avez-vous besoin de d\u00e9m\u00e9nager ?: <span class=\"wpcf7-form-control-wrap\" data-name=\"fecha\"><input class=\"wpcf7-form-control wpcf7-date wpcf7-validates-as-required wpcf7-validates-as-date\" aria-required=\"true\" aria-invalid=\"false\" value=\"\" type=\"date\" name=\"fecha\" \/><\/span>\n\t\t<\/p>\n\t\t<p><span class=\"wpcf7-form-control-wrap\" data-name=\"origen\"><input size=\"40\" class=\"wpcf7-form-control wpcf7-text\" aria-invalid=\"false\" placeholder=\"Lieu d&#039;origine\" value=\"\" type=\"text\" name=\"origen\" \/><\/span>\n\t\t<\/p>\n\t\t<p><span class=\"wpcf7-form-control-wrap\" data-name=\"destino\"><input size=\"40\" class=\"wpcf7-form-control wpcf7-text\" aria-invalid=\"false\" placeholder=\"Lieu de destination\" value=\"\" type=\"text\" name=\"destino\" \/><\/span>\n\t\t<\/p>\n\t\t<p>Vous avez besoin d'un box \u00e0 METRECUBIC : <span class=\"wpcf7-form-control-wrap\" data-name=\"necesitas-trastero\"><select class=\"wpcf7-form-control wpcf7-select\" aria-invalid=\"false\" name=\"necesitas-trastero\"><option value=\"Oui\">Oui<\/option><option value=\"No\">No<\/option><\/select><\/span>\n\t\t<\/p>\n\t\t<p><span class=\"wpcf7-form-control-wrap\" data-name=\"mensaje\"><textarea cols=\"40\" rows=\"10\" class=\"wpcf7-form-control wpcf7-textarea\" aria-invalid=\"false\" placeholder=\"Laissez-nous des commentaires pour nous aider \u00e0 \u00e9valuer votre d\u00e9m\u00e9nagement\" name=\"mensaje\"><\/textarea><\/span>\n\t\t<\/p>\n\t\t<p>*Champs obligatoires\n\t\t<\/p>\n\t<\/div>\n<\/div>\n<div style=\"display:none\">\n\t<p><span class=\"wpcf7-form-control-wrap\" data-name=\"your-subject\"><input size=\"40\" class=\"wpcf7-form-control wpcf7-text\" aria-invalid=\"false\" value=\"Formulario MUDANZAS ESP\" type=\"text\" name=\"your-subject\" \/><\/span>\n\t<\/p>\n<\/div>\n<p><span class=\"wpcf7-form-control-wrap\" data-name=\"acepto\"><span class=\"wpcf7-form-control wpcf7-acceptance\"><span class=\"wpcf7-list-item\"><input type=\"checkbox\" name=\"acepto\" value=\"1\" aria-invalid=\"false\" \/><\/span><\/span><\/span><a href=\"http:\/\/metre.emfasi.es\/politica-de-privacidad\/\" target=\"blank\">Politique de conifentialit\u00e9<\/a> lue et approuv\u00e9e\n<\/p>\n<p><input class=\"wpcf7-form-control wpcf7-submit has-spinner et_pb_contact_submit et_pb_button\" type=\"submit\" value=\"Envoyer\" \/>\n<\/p><div class=\"wpcf7-response-output\" aria-hidden=\"true\"><\/div>\n<\/form>\n<\/div>\n<!-- [et_pb_line_break_holder] --><script><!-- [et_pb_line_break_holder] -->document.addEventListener( 'wpcf7mailsent', function( event ) {<!-- [et_pb_line_break_holder] --> location = 'http:\/\/metre.emfasi.es\/gracias-por-contactar\/';<!-- [et_pb_line_break_holder] -->}, false );<!-- [et_pb_line_break_holder] --><\/script>[\/et_pb_code][\/et_pb_column][\/et_pb_row][\/et_pb_section][et_pb_section fb_built=\u00a0\u00bb1&Prime; _builder_version=\u00a0\u00bb4.16&Prime; background_color=\u00a0\u00bb#e85426&Prime; global_colors_info=\u00a0\u00bb{}\u00a0\u00bb][et_pb_row column_structure=\u00a0\u00bb1_3,2_3&Prime; _builder_version=\u00a0\u00bb4.16&Prime; background_size=\u00a0\u00bbinitial\u00a0\u00bb background_position=\u00a0\u00bbtop_left\u00a0\u00bb background_repeat=\u00a0\u00bbrepeat\u00a0\u00bb global_colors_info=\u00a0\u00bb{}\u00a0\u00bb][et_pb_column type=\u00a0\u00bb1_3&Prime; _builder_version=\u00a0\u00bb4.16&Prime; custom_padding=\u00a0\u00bb|||\u00a0\u00bb global_colors_info=\u00a0\u00bb{}\u00a0\u00bb custom_padding__hover=\u00a0\u00bb|||\u00a0\u00bb][et_pb_image src=\u00a0\u00bbhttp:\/\/metre.emfasi.es\/wp-content\/uploads\/2017\/12\/metre-cubic-iconos-furgoneta.png\u00a0\u00bb align_tablet=\u00a0\u00bbcenter\u00a0\u00bb align_phone=\u00a0\u00bb\u00a0\u00bb align_last_edited=\u00a0\u00bbon|desktop\u00a0\u00bb disabled_on=\u00a0\u00bbon|on|\u00a0\u00bb _builder_version=\u00a0\u00bb4.16&Prime; custom_margin=\u00a0\u00bb|-100px||\u00a0\u00bb global_colors_info=\u00a0\u00bb{}\u00a0\u00bb][\/et_pb_image][\/et_pb_column][et_pb_column type=\u00a0\u00bb2_3&Prime; _builder_version=\u00a0\u00bb4.16&Prime; custom_padding=\u00a0\u00bb|||\u00a0\u00bb global_colors_info=\u00a0\u00bb{}\u00a0\u00bb custom_padding__hover=\u00a0\u00bb|||\u00a0\u00bb][et_pb_text disabled_on=\u00a0\u00bboff||\u00a0\u00bb _builder_version=\u00a0\u00bb4.19.0&Prime; header_text_align=\u00a0\u00bbleft\u00a0\u00bb background_layout=\u00a0\u00bbdark\u00a0\u00bb custom_margin=\u00a0\u00bb|20px||-150px\u00a0\u00bb custom_margin_tablet=\u00a0\u00bb|||0px\u00a0\u00bb custom_margin_phone=\u00a0\u00bb\u00a0\u00bb custom_margin_last_edited=\u00a0\u00bbon|phone\u00a0\u00bb custom_padding=\u00a0\u00bb20px|||\u00a0\u00bb custom_padding_tablet=\u00a0\u00bb\u00a0\u00bb custom_padding_phone=\u00a0\u00bb0px|||\u00a0\u00bb custom_padding_last_edited=\u00a0\u00bbon|phone\u00a0\u00bb custom_css_main_element=\u00a0\u00bbheight:140px;||\u00a0\u00bb global_colors_info=\u00a0\u00bb{}\u00a0\u00bb]<\/p>\n<h3 style=\"text-align: center;\">Si vous envisagez de louer une salle de stockage \u00e0 Metrecubic, appelez et r\u00e9servez la camionnette pour votre transfert.<\/h3>\n<p>[\/et_pb_text][\/et_pb_column][\/et_pb_row][\/et_pb_section]<\/p>\n","protected":false},"excerpt":{"rendered":"<p>D\u00c9M\u00c9NAGEMENTS \u00c0 PARTIR DE 42\u20ac\/heurePROMOTIONR\u00e9servez votre d\u00e9m\u00e9nagement pour le 12, 13 ou 15 mars et vous b\u00e9n\u00e9ficierez d&rsquo;une r\u00e9duction de 10% et de l&rsquo;ascenseur GRATUIT \u00a0Si alquilas un trastero durante los 3 meses de verano\u00a0 OFFRE DISPONIBLE JUSQU&rsquo;AU: 29\/02Sabadell 937 269 264 G\u00e9rone 972 405 969Nous effectuons votre d\u00e9m\u00e9nagement avec du personnel professionnel et toutes [&hellip;]<\/p>\n","protected":false},"author":2,"featured_media":0,"parent":0,"menu_order":0,"comment_status":"closed","ping_status":"closed","template":"","meta":{"_et_pb_use_builder":"on","_et_pb_old_content":"","_et_gb_content_width":"","footnotes":""},"yoast_head":"<!-- This site is optimized with the Yoast SEO plugin v22.1 - https:\/\/yoast.com\/wordpress\/plugins\/seo\/ -->\n<title>D\u00e9m\u00e9nagements - Metrecubic<\/title>\n<meta name=\"robots\" content=\"noindex, follow\" \/>\n<meta property=\"og:locale\" content=\"fr_FR\" \/>\n<meta property=\"og:type\" content=\"article\" \/>\n<meta property=\"og:title\" content=\"D\u00e9m\u00e9nagements - Metrecubic\" \/>\n<meta property=\"og:description\" content=\"D\u00c9M\u00c9NAGEMENTS \u00c0 PARTIR DE 42\u20ac\/heurePROMOTIONR\u00e9servez votre d\u00e9m\u00e9nagement pour le 12, 13 ou 15 mars et vous b\u00e9n\u00e9ficierez d&#039;une r\u00e9duction de 10% et de l&#039;ascenseur GRATUIT \u00a0Si alquilas un trastero durante los 3 meses de verano\u00a0 OFFRE DISPONIBLE JUSQU&#039;AU: 29\/02Sabadell 937 269 264 G\u00e9rone 972 405 969Nous effectuons votre d\u00e9m\u00e9nagement avec du personnel professionnel et toutes [&hellip;]\" \/>\n<meta property=\"og:url\" content=\"https:\/\/metre.emfasi.es\/fr\/demenagements\/\" \/>\n<meta property=\"og:site_name\" content=\"Metrecubic\" \/>\n<meta property=\"article:modified_time\" content=\"2024-03-01T12:16:00+00:00\" \/>\n<meta name=\"twitter:card\" content=\"summary_large_image\" \/>\n<meta name=\"twitter:label1\" content=\"Dur\u00e9e de lecture estim\u00e9e\" \/>\n\t<meta name=\"twitter:data1\" content=\"2 minutes\" \/>\n<script type=\"application\/ld+json\" class=\"yoast-schema-graph\">{\"@context\":\"https:\/\/schema.org\",\"@graph\":[{\"@type\":\"WebPage\",\"@id\":\"https:\/\/metre.emfasi.es\/fr\/demenagements\/\",\"url\":\"https:\/\/metre.emfasi.es\/fr\/demenagements\/\",\"name\":\"D\u00e9m\u00e9nagements - Metrecubic\",\"isPartOf\":{\"@id\":\"https:\/\/metre.emfasi.es\/#website\"},\"datePublished\":\"2023-02-06T09:09:55+00:00\",\"dateModified\":\"2024-03-01T12:16:00+00:00\",\"breadcrumb\":{\"@id\":\"https:\/\/metre.emfasi.es\/fr\/demenagements\/#breadcrumb\"},\"inLanguage\":\"fr-FR\",\"potentialAction\":[{\"@type\":\"ReadAction\",\"target\":[\"https:\/\/metre.emfasi.es\/fr\/demenagements\/\"]}]},{\"@type\":\"BreadcrumbList\",\"@id\":\"https:\/\/metre.emfasi.es\/fr\/demenagements\/#breadcrumb\",\"itemListElement\":[{\"@type\":\"ListItem\",\"position\":1,\"name\":\"Portada\",\"item\":\"https:\/\/metre.emfasi.es\/fr\/\"},{\"@type\":\"ListItem\",\"position\":2,\"name\":\"D\u00e9m\u00e9nagements\"}]},{\"@type\":\"WebSite\",\"@id\":\"https:\/\/metre.emfasi.es\/#website\",\"url\":\"https:\/\/metre.emfasi.es\/\",\"name\":\"Metrecubic\",\"description\":\"Alquiler de trasteros y minialmacenes privados.\",\"publisher\":{\"@id\":\"https:\/\/metre.emfasi.es\/#organization\"},\"potentialAction\":[{\"@type\":\"SearchAction\",\"target\":{\"@type\":\"EntryPoint\",\"urlTemplate\":\"https:\/\/metre.emfasi.es\/?s={search_term_string}\"},\"query-input\":\"required name=search_term_string\"}],\"inLanguage\":\"fr-FR\"},{\"@type\":\"Organization\",\"@id\":\"https:\/\/metre.emfasi.es\/#organization\",\"name\":\"METRECUBIC trasteros y mudanzas\",\"url\":\"https:\/\/metre.emfasi.es\/\",\"logo\":{\"@type\":\"ImageObject\",\"inLanguage\":\"fr-FR\",\"@id\":\"https:\/\/metre.emfasi.es\/#\/schema\/logo\/image\/\",\"url\":\"http:\/\/metre.emfasi.es\/wp-content\/uploads\/2017\/09\/logo-capsalera.gif\",\"contentUrl\":\"http:\/\/metre.emfasi.es\/wp-content\/uploads\/2017\/09\/logo-capsalera.gif\",\"width\":118,\"height\":117,\"caption\":\"METRECUBIC trasteros y mudanzas\"},\"image\":{\"@id\":\"https:\/\/metre.emfasi.es\/#\/schema\/logo\/image\/\"}}]}<\/script>\n<!-- \/ Yoast SEO plugin. -->","yoast_head_json":{"title":"D\u00e9m\u00e9nagements - Metrecubic","robots":{"index":"noindex","follow":"follow"},"og_locale":"fr_FR","og_type":"article","og_title":"D\u00e9m\u00e9nagements - Metrecubic","og_description":"D\u00c9M\u00c9NAGEMENTS \u00c0 PARTIR DE 42\u20ac\/heurePROMOTIONR\u00e9servez votre d\u00e9m\u00e9nagement pour le 12, 13 ou 15 mars et vous b\u00e9n\u00e9ficierez d'une r\u00e9duction de 10% et de l'ascenseur GRATUIT \u00a0Si alquilas un trastero durante los 3 meses de verano\u00a0 OFFRE DISPONIBLE JUSQU'AU: 29\/02Sabadell 937 269 264 G\u00e9rone 972 405 969Nous effectuons votre d\u00e9m\u00e9nagement avec du personnel professionnel et toutes [&hellip;]","og_url":"https:\/\/metre.emfasi.es\/fr\/demenagements\/","og_site_name":"Metrecubic","article_modified_time":"2024-03-01T12:16:00+00:00","twitter_card":"summary_large_image","twitter_misc":{"Dur\u00e9e de lecture estim\u00e9e":"2 minutes"},"schema":{"@context":"https:\/\/schema.org","@graph":[{"@type":"WebPage","@id":"https:\/\/metre.emfasi.es\/fr\/demenagements\/","url":"https:\/\/metre.emfasi.es\/fr\/demenagements\/","name":"D\u00e9m\u00e9nagements - Metrecubic","isPartOf":{"@id":"https:\/\/metre.emfasi.es\/#website"},"datePublished":"2023-02-06T09:09:55+00:00","dateModified":"2024-03-01T12:16:00+00:00","breadcrumb":{"@id":"https:\/\/metre.emfasi.es\/fr\/demenagements\/#breadcrumb"},"inLanguage":"fr-FR","potentialAction":[{"@type":"ReadAction","target":["https:\/\/metre.emfasi.es\/fr\/demenagements\/"]}]},{"@type":"BreadcrumbList","@id":"https:\/\/metre.emfasi.es\/fr\/demenagements\/#breadcrumb","itemListElement":[{"@type":"ListItem","position":1,"name":"Portada","item":"https:\/\/metre.emfasi.es\/fr\/"},{"@type":"ListItem","position":2,"name":"D\u00e9m\u00e9nagements"}]},{"@type":"WebSite","@id":"https:\/\/metre.emfasi.es\/#website","url":"https:\/\/metre.emfasi.es\/","name":"Metrecubic","description":"Alquiler de trasteros y minialmacenes privados.","publisher":{"@id":"https:\/\/metre.emfasi.es\/#organization"},"potentialAction":[{"@type":"SearchAction","target":{"@type":"EntryPoint","urlTemplate":"https:\/\/metre.emfasi.es\/?s={search_term_string}"},"query-input":"required name=search_term_string"}],"inLanguage":"fr-FR"},{"@type":"Organization","@id":"https:\/\/metre.emfasi.es\/#organization","name":"METRECUBIC trasteros y mudanzas","url":"https:\/\/metre.emfasi.es\/","logo":{"@type":"ImageObject","inLanguage":"fr-FR","@id":"https:\/\/metre.emfasi.es\/#\/schema\/logo\/image\/","url":"http:\/\/metre.emfasi.es\/wp-content\/uploads\/2017\/09\/logo-capsalera.gif","contentUrl":"http:\/\/metre.emfasi.es\/wp-content\/uploads\/2017\/09\/logo-capsalera.gif","width":118,"height":117,"caption":"METRECUBIC trasteros y mudanzas"},"image":{"@id":"https:\/\/metre.emfasi.es\/#\/schema\/logo\/image\/"}}]}},"_links":{"self":[{"href":"https:\/\/metre.emfasi.es\/fr\/wp-json\/wp\/v2\/pages\/25546"}],"collection":[{"href":"https:\/\/metre.emfasi.es\/fr\/wp-json\/wp\/v2\/pages"}],"about":[{"href":"https:\/\/metre.emfasi.es\/fr\/wp-json\/wp\/v2\/types\/page"}],"author":[{"embeddable":true,"href":"https:\/\/metre.emfasi.es\/fr\/wp-json\/wp\/v2\/users\/2"}],"replies":[{"embeddable":true,"href":"https:\/\/metre.emfasi.es\/fr\/wp-json\/wp\/v2\/comments?post=25546"}],"version-history":[{"count":0,"href":"https:\/\/metre.emfasi.es\/fr\/wp-json\/wp\/v2\/pages\/25546\/revisions"}],"wp:attachment":[{"href":"https:\/\/metre.emfasi.es\/fr\/wp-json\/wp\/v2\/media?parent=25546"}],"curies":[{"name":"wp","href":"https:\/\/api.w.org\/{rel}","templated":true}]}}