{"id":25563,"date":"2023-02-06T10:29:54","date_gmt":"2023-02-06T09:29:54","guid":{"rendered":"http:\/\/metre.emfasi.es\/?page_id=25563"},"modified":"2023-02-08T13:00:36","modified_gmt":"2023-02-08T12:00:36","slug":"garde-meubles","status":"publish","type":"page","link":"https:\/\/metre.emfasi.es\/fr\/garde-meubles\/","title":{"rendered":"Garde-meubles"},"content":{"rendered":"<p>[et_pb_section fb_built=\u00a0\u00bb1&Prime; disabled_on=\u00a0\u00bboff||\u00a0\u00bb _builder_version=\u00a0\u00bb4.16&Prime; background_color=\u00a0\u00bb#919191&Prime; background_image=\u00a0\u00bbhttp:\/\/metre.emfasi.es\/wp-content\/uploads\/2018\/01\/metre-cubic-trasteros-mudanzas-imagen-principal-2018.jpg\u00a0\u00bb background_blend=\u00a0\u00bbmultiply\u00a0\u00bb custom_padding=\u00a0\u00bb50px||50px|\u00a0\u00bb global_colors_info=\u00a0\u00bb{}\u00a0\u00bb][et_pb_row _builder_version=\u00a0\u00bb4.16&Prime; module_alignment=\u00a0\u00bbcenter\u00a0\u00bb global_colors_info=\u00a0\u00bb{}\u00a0\u00bb][et_pb_column type=\u00a0\u00bb4_4&Prime; _builder_version=\u00a0\u00bb4.16&Prime; custom_padding=\u00a0\u00bb15px|10px|15px|10px\u00a0\u00bb global_colors_info=\u00a0\u00bb{}\u00a0\u00bb custom_padding__hover=\u00a0\u00bb|||\u00a0\u00bb][et_pb_text _builder_version=\u00a0\u00bb4.16&Prime; header_font=\u00a0\u00bbOswald||||||||\u00a0\u00bb header_font_size=\u00a0\u00bb40&Prime; header_2_font=\u00a0\u00bbOswald||||||||\u00a0\u00bb header_2_font_size=\u00a0\u00bb40px\u00a0\u00bb text_orientation=\u00a0\u00bbcenter\u00a0\u00bb background_layout=\u00a0\u00bbdark\u00a0\u00bb header_2_font_size_tablet=\u00a0\u00bb\u00a0\u00bb header_2_font_size_phone=\u00a0\u00bb23px\u00a0\u00bb header_2_font_size_last_edited=\u00a0\u00bbon|phone\u00a0\u00bb header_text_shadow_style=\u00a0\u00bbpreset1&Prime; header_2_text_shadow_style=\u00a0\u00bbpreset1&Prime; global_colors_info=\u00a0\u00bb{}\u00a0\u00bb]<\/p>\n<h2>GARDE-MEUBLES \u00c0 PARTIR DE 1 m<\/h2>\n<p>[\/et_pb_text][\/et_pb_column][\/et_pb_row][et_pb_row column_structure=\u00a0\u00bb1_2,1_2&Prime; _builder_version=\u00a0\u00bb4.16&Prime; module_alignment=\u00a0\u00bbcenter\u00a0\u00bb global_colors_info=\u00a0\u00bb{}\u00a0\u00bb][et_pb_column type=\u00a0\u00bb1_2&Prime; _builder_version=\u00a0\u00bb4.16&Prime; custom_padding=\u00a0\u00bb15px|10px|15px|10px\u00a0\u00bb custom_padding_tablet=\u00a0\u00bb\u00a0\u00bb custom_padding_phone=\u00a0\u00bb0px|0px|0px|0px\u00a0\u00bb custom_padding_last_edited=\u00a0\u00bbon|phone\u00a0\u00bb global_colors_info=\u00a0\u00bb{}\u00a0\u00bb custom_padding__hover=\u00a0\u00bb|||\u00a0\u00bb][et_pb_button button_url=\u00a0\u00bbhttp:\/\/metre.emfasi.es\/fr\/garde-meubles-a-sabadell\/\u00a0\u00bb button_text=\u00a0\u00bbGARDE-MEUBLES \u00c0 SABADELL\u00a0\u00bb button_alignment=\u00a0\u00bbcenter\u00a0\u00bb _builder_version=\u00a0\u00bb4.19.0&Prime; custom_button=\u00a0\u00bbon\u00a0\u00bb button_text_size=\u00a0\u00bb20px\u00a0\u00bb button_bg_color=\u00a0\u00bb#e85426&Prime; button_border_width=\u00a0\u00bb0px\u00a0\u00bb button_border_radius=\u00a0\u00bb30px\u00a0\u00bb button_font=\u00a0\u00bbOswald|||on|||||\u00a0\u00bb hover_enabled=\u00a0\u00bb0&Prime; global_colors_info=\u00a0\u00bb{}\u00a0\u00bb sticky_enabled=\u00a0\u00bb0&Prime;][\/et_pb_button][\/et_pb_column][et_pb_column type=\u00a0\u00bb1_2&Prime; _builder_version=\u00a0\u00bb4.16&Prime; custom_padding=\u00a0\u00bb0px|0px|0px|0px\u00a0\u00bb global_colors_info=\u00a0\u00bb{}\u00a0\u00bb custom_padding__hover=\u00a0\u00bb|||\u00a0\u00bb][et_pb_button button_url=\u00a0\u00bbhttp:\/\/metre.emfasi.es\/fr\/garde-meubles-a-gerone\/\u00a0\u00bb button_text=\u00a0\u00bbGARDE-MEUBLES \u00c0 G\u00c9RONE\u00a0\u00bb button_alignment=\u00a0\u00bbcenter\u00a0\u00bb _builder_version=\u00a0\u00bb4.19.0&Prime; custom_button=\u00a0\u00bbon\u00a0\u00bb button_text_size=\u00a0\u00bb20px\u00a0\u00bb button_bg_color=\u00a0\u00bb#e85426&Prime; button_border_width=\u00a0\u00bb0px\u00a0\u00bb button_border_radius=\u00a0\u00bb30px\u00a0\u00bb button_font=\u00a0\u00bbOswald|||on|||||\u00a0\u00bb global_colors_info=\u00a0\u00bb{}\u00a0\u00bb][\/et_pb_button][\/et_pb_column][\/et_pb_row][\/et_pb_section][et_pb_section fb_built=\u00a0\u00bb1&Prime; _builder_version=\u00a0\u00bb4.16&Prime; global_colors_info=\u00a0\u00bb{}\u00a0\u00bb][et_pb_row column_structure=\u00a0\u00bb1_3,2_3&Prime; _builder_version=\u00a0\u00bb4.16&Prime; background_size=\u00a0\u00bbinitial\u00a0\u00bb background_position=\u00a0\u00bbtop_left\u00a0\u00bb background_repeat=\u00a0\u00bbrepeat\u00a0\u00bb global_colors_info=\u00a0\u00bb{}\u00a0\u00bb][et_pb_column type=\u00a0\u00bb1_3&Prime; _builder_version=\u00a0\u00bb4.16&Prime; custom_padding=\u00a0\u00bb|||\u00a0\u00bb global_colors_info=\u00a0\u00bb{}\u00a0\u00bb custom_padding__hover=\u00a0\u00bb|||\u00a0\u00bb][et_pb_text disabled_on=\u00a0\u00bbon||\u00a0\u00bb admin_label=\u00a0\u00bbSabadell\u00a0\u00bb _builder_version=\u00a0\u00bb4.16&Prime; text_font=\u00a0\u00bbOswald||||||||\u00a0\u00bb text_font_size=\u00a0\u00bb25&Prime; link_text_align=\u00a0\u00bbright\u00a0\u00bb header_text_align=\u00a0\u00bbright\u00a0\u00bb custom_padding=\u00a0\u00bb0px||1px|\u00a0\u00bb border_width_bottom=\u00a0\u00bb1&Prime; border_color_bottom=\u00a0\u00bb#e85426&Prime; global_colors_info=\u00a0\u00bb{}\u00a0\u00bb]Sabadell <a href=\"tel:+34937269264\"><strong>937 269 264<\/strong><\/a><br \/>\n[\/et_pb_text][et_pb_text disabled_on=\u00a0\u00bbon||\u00a0\u00bb admin_label=\u00a0\u00bbGirona\u00a0\u00bb _builder_version=\u00a0\u00bb4.19.0&Prime; text_font=\u00a0\u00bbOswald||||||||\u00a0\u00bb text_font_size=\u00a0\u00bb25&Prime; custom_padding=\u00a0\u00bb0px||2px|\u00a0\u00bb border_width_bottom=\u00a0\u00bb1&Prime; border_color_bottom=\u00a0\u00bb#e85426&Prime; global_colors_info=\u00a0\u00bb{}\u00a0\u00bb]<\/p>\n<p>G\u00e9rone <a href=\"tel:+34972405969\"><strong>972 405 969<\/strong><\/a><\/p>\n<p>[\/et_pb_text][et_pb_gallery gallery_ids=\u00a0\u00bb1649,1650&Prime; fullwidth=\u00a0\u00bbon\u00a0\u00bb dbdb_version=\u00a0\u00bb3.8.9&Prime; _builder_version=\u00a0\u00bb4.16&Prime; auto=\u00a0\u00bbon\u00a0\u00bb auto_speed=\u00a0\u00bb3500&Prime; pagination_font_size_tablet=\u00a0\u00bb51&Prime; pagination_line_height_tablet=\u00a0\u00bb2&Prime; global_colors_info=\u00a0\u00bb{}\u00a0\u00bb][\/et_pb_gallery][et_pb_text _builder_version=\u00a0\u00bb4.19.0&Prime; header_font=\u00a0\u00bb|300|||||||\u00a0\u00bb header_text_color=\u00a0\u00bb#e85426&Prime; border_color_top=\u00a0\u00bb#7c7c7c\u00a0\u00bb global_colors_info=\u00a0\u00bb{}\u00a0\u00bb]<\/p>\n<div class=\"et_pb_text et_pb_module et_pb_bg_layout_light et_pb_text_align_left et_pb_text_4\">\n<div class=\"et_pb_text_inner\">\n<h1><span id=\"AlquilerTrastero\">Location de Garde-meubles<br \/><\/span><\/h1>\n<h2><em>Qu&rsquo;est-ce que le self-stockage ?<\/em><\/h2>\n<p>Le self-stockage est un service innovant et pratique pour les particuliers et les entreprises. Nous disposons de garde-meubles priv\u00e9s de 1 m<sup>2<\/sup> \u00e0 50 m<sup>2,<\/sup> auxquels vous pouvez acc\u00e9der 365\u00a0jours par an.<\/p>\n<p>C&rsquo;est un endroit sec et propre pour ranger vos affaires en toute s\u00e9curit\u00e9. Vous pouvez \u00e9galement profiter de services suppl\u00e9mentaires tels que:<\/p>\n<ul>\n<li>\n<p>Camionnette Gratuite<\/p>\n<\/li>\n<li>\n<p>Organisation de votre d\u00e9m\u00e9nagement<\/p>\n<\/li>\n<li>\n<p>Vente de mat\u00e9riel d&#8217;emballage<\/p>\n<\/li>\n<li>\n<p>R\u00e9ception de marchandises<\/p>\n<\/li>\n<\/ul>\n<\/div>\n<\/div>\n<p>[\/et_pb_text][et_pb_image src=\u00a0\u00bbhttp:\/\/metre.emfasi.es\/wp-content\/uploads\/2017\/09\/f03-1.jpg\u00a0\u00bb align_tablet=\u00a0\u00bbcenter\u00a0\u00bb align_phone=\u00a0\u00bb\u00a0\u00bb align_last_edited=\u00a0\u00bbon|desktop\u00a0\u00bb _builder_version=\u00a0\u00bb4.16&Prime; global_colors_info=\u00a0\u00bb{}\u00a0\u00bb][\/et_pb_image][\/et_pb_column][et_pb_column type=\u00a0\u00bb2_3&Prime; _builder_version=\u00a0\u00bb4.16&Prime; custom_padding=\u00a0\u00bb|||\u00a0\u00bb global_colors_info=\u00a0\u00bb{}\u00a0\u00bb custom_padding__hover=\u00a0\u00bb|||\u00a0\u00bb][et_pb_text _builder_version=\u00a0\u00bb4.19.0&Prime; global_colors_info=\u00a0\u00bb{}\u00a0\u00bb]<\/p>\n<h1>Location de Garde-meubles<\/h1>\n<h3>Demandez-nous un devis pour votre prochain garde-meuble<\/h3>\n<p>Remplissez tous les champs du formulaire suivant pour que nous puissions vous proposer un devis adapt\u00e9 \u00e0 vos besoins.<\/p>\n<p>[\/et_pb_text][et_pb_code _builder_version=\u00a0\u00bb4.19.0&Prime; global_colors_info=\u00a0\u00bb{}\u00a0\u00bb]\n<div class=\"wpcf7 no-js\" id=\"wpcf7-f14616-o1\" lang=\"es-ES\" dir=\"ltr\">\n<div class=\"screen-reader-response\"><p role=\"status\" aria-live=\"polite\" aria-atomic=\"true\"><\/p> <ul><\/ul><\/div>\n<form action=\"\/fr\/wp-json\/wp\/v2\/pages\/25563#wpcf7-f14616-o1\" method=\"post\" class=\"wpcf7-form init\" aria-label=\"Formulario de contacto\" novalidate=\"novalidate\" data-status=\"init\">\n<div style=\"display: none;\">\n<input type=\"hidden\" name=\"_wpcf7\" value=\"14616\" \/>\n<input type=\"hidden\" name=\"_wpcf7_version\" value=\"5.8.7\" \/>\n<input type=\"hidden\" name=\"_wpcf7_locale\" value=\"es_ES\" \/>\n<input type=\"hidden\" name=\"_wpcf7_unit_tag\" value=\"wpcf7-f14616-o1\" \/>\n<input type=\"hidden\" name=\"_wpcf7_container_post\" value=\"0\" \/>\n<input type=\"hidden\" name=\"_wpcf7_posted_data_hash\" value=\"\" \/>\n<input type=\"hidden\" name=\"_wpcf7cf_hidden_group_fields\" value=\"[]\" \/>\n<input type=\"hidden\" name=\"_wpcf7cf_hidden_groups\" value=\"[]\" \/>\n<input type=\"hidden\" name=\"_wpcf7cf_visible_groups\" value=\"[]\" \/>\n<input type=\"hidden\" name=\"_wpcf7cf_repeaters\" value=\"[]\" \/>\n<input type=\"hidden\" name=\"_wpcf7cf_steps\" value=\"{}\" \/>\n<input type=\"hidden\" name=\"_wpcf7cf_options\" value=\"{&quot;form_id&quot;:14616,&quot;conditions&quot;:[{&quot;then_field&quot;:&quot;Girona&quot;,&quot;and_rules&quot;:[{&quot;if_field&quot;:&quot;ville&quot;,&quot;operator&quot;:&quot;equals&quot;,&quot;if_value&quot;:&quot;Girona&quot;}]}],&quot;settings&quot;:{&quot;animation&quot;:&quot;yes&quot;,&quot;animation_intime&quot;:200,&quot;animation_outtime&quot;:200,&quot;conditions_ui&quot;:&quot;normal&quot;,&quot;notice_dismissed&quot;:false,&quot;notice_dismissed_update-cf7-5.7.3&quot;:true,&quot;notice_dismissed_rollback-cf7-5.7.4&quot;:true,&quot;notice_dismissed_rollback-cf7-5.8.6&quot;:true}}\" \/>\n<input type=\"hidden\" name=\"_wpcf7_recaptcha_response\" value=\"\" \/>\n<\/div>\n<div class=\"et_pb_contact\">\n\t<div class=\"et_pb_contact_left\">\n\t\t<p><span class=\"wpcf7-form-control-wrap\" data-name=\"your-name\"><input size=\"40\" class=\"wpcf7-form-control wpcf7-text wpcf7-validates-as-required\" aria-required=\"true\" aria-invalid=\"false\" placeholder=\"Pr\u00e9nom et nom*\" value=\"\" type=\"text\" name=\"your-name\" \/><\/span>\n\t\t<\/p>\n\t\t<p><span class=\"wpcf7-form-control-wrap\" data-name=\"your-email\"><input size=\"40\" class=\"wpcf7-form-control wpcf7-email wpcf7-validates-as-required wpcf7-text wpcf7-validates-as-email\" aria-required=\"true\" aria-invalid=\"false\" placeholder=\"E-mail *\" value=\"\" type=\"email\" name=\"your-email\" \/><\/span>\n\t\t<\/p>\n\t\t<p><span class=\"wpcf7-form-control-wrap\" data-name=\"telefono\"><input size=\"40\" class=\"wpcf7-form-control wpcf7-tel wpcf7-validates-as-required wpcf7-text wpcf7-validates-as-tel\" aria-required=\"true\" aria-invalid=\"false\" placeholder=\"Num\u00e9ro de portable*\" value=\"\" type=\"tel\" name=\"telefono\" \/><\/span>\n\t\t<\/p>\n\t\t<p><span class=\"wpcf7-form-control-wrap\" data-name=\"poblacion\"><input size=\"40\" class=\"wpcf7-form-control wpcf7-text\" aria-invalid=\"false\" placeholder=\"Village\" value=\"\" type=\"text\" name=\"poblacion\" \/><\/span>\n\t\t<\/p>\n\t\t<p>Choisissez l\u2019horaire pendant lequel vous pr\u00e9f\u00e9rez que nous vous contactions: <span class=\"wpcf7-form-control-wrap\" data-name=\"horario-contacto\"><select class=\"wpcf7-form-control wpcf7-select\" aria-invalid=\"false\" name=\"horario-contacto\"><option value=\"8 \u00e0 14 heures\">8 \u00e0 14 heures<\/option><option value=\"14 \u00e0 16 heures\">14 \u00e0 16 heures<\/option><option value=\"16 \u00e0 19 heures\">16 \u00e0 19 heures<\/option><option value=\"19 \u00e0 22 heures\">19 \u00e0 22 heures<\/option><option value=\"Indiff\u00e9rent\">Indiff\u00e9rent<\/option><\/select><\/span>\n\t\t<\/p>\n\t\t<p>Ville: <span class=\"wpcf7-form-control-wrap\" data-name=\"ville\"><select class=\"wpcf7-form-control wpcf7-select\" aria-invalid=\"false\" name=\"ville\"><option value=\"Sabadell\">Sabadell<\/option><option value=\"Girona\">Girona<\/option><\/select><\/span>\n\t\t<\/p>\n\t\t<div data-id=\"Girona\" data-orig_data_id=\"Girona\"  data-class=\"wpcf7cf_group\">\n\t\t\t<p>Centre:<span class=\"wpcf7-form-control-wrap\" data-name=\"centre\"><select class=\"wpcf7-form-control wpcf7-select wpcf7-validates-as-required\" aria-required=\"true\" aria-invalid=\"false\" name=\"centre\"><option value=\"\">&#8212;Por favor, elige una opci\u00f3n&#8212;<\/option><option value=\"C\/ Ind\u00fastria\">C\/ Ind\u00fastria<\/option><option value=\"Girona Centre\">Girona Centre<\/option><option value=\"Garde-meubles acc\u00e8s direct\">Garde-meubles acc\u00e8s direct<\/option><option value=\"Empuriabrava\">Empuriabrava<\/option><\/select><\/span>\n\t\t\t<\/p>\n\t\t<\/div>\n\t\t<p>Type d'usage: <span class=\"wpcf7-form-control-wrap\" data-name=\"usage\"><select class=\"wpcf7-form-control wpcf7-select\" aria-invalid=\"false\" name=\"usage\"><option value=\"Particulier\">Particulier<\/option><option value=\"Professionnel\">Professionnel<\/option><option value=\"Travailleur ind\u00e9pendant\">Travailleur ind\u00e9pendant<\/option><\/select><\/span>\n\t\t<\/p>\n\t\t<p>Espace requis en m2: <span class=\"wpcf7-form-control-wrap\" data-name=\"metros\"><select class=\"wpcf7-form-control wpcf7-select\" aria-invalid=\"false\" name=\"metros\"><option value=\"1-3 m2\">1-3 m2<\/option><option value=\"4-6 m2\">4-6 m2<\/option><option value=\"7-9 m2\">7-9 m2<\/option><option value=\"10-12 m2\">10-12 m2<\/option><option value=\"13-15 m2\">13-15 m2<\/option><option value=\"plus de 15 m2\">plus de 15 m2<\/option><\/select><\/span>\n\t\t<\/p>\n\t\t<p>Date d'entr\u00e9e: <span class=\"wpcf7-form-control-wrap\" data-name=\"fecha\"><input class=\"wpcf7-form-control wpcf7-date wpcf7-validates-as-required wpcf7-validates-as-date\" aria-required=\"true\" aria-invalid=\"false\" value=\"\" type=\"date\" name=\"fecha\" \/><\/span>\n\t\t<\/p>\n\t\t<p>Pour combien de temps?: <span class=\"wpcf7-form-control-wrap\" data-name=\"duracion\"><select class=\"wpcf7-form-control wpcf7-select\" aria-invalid=\"false\" name=\"duracion\"><option value=\"2 semaines\">2 semaines<\/option><option value=\"3 semaines\">3 semaines<\/option><option value=\"1 mois\">1 mois<\/option><option value=\"2 mois\">2 mois<\/option><option value=\"3 mois\">3 mois<\/option><option value=\"4 mois\">4 mois<\/option><option value=\"5 mois\">5 mois<\/option><option value=\"6 mois\">6 mois<\/option><option value=\"Plus d&#039;1 an\">Plus d&#039;1 an<\/option><\/select><\/span>\n\t\t<\/p>\n\t\t<p><span class=\"wpcf7-form-control-wrap\" data-name=\"mensaje\"><textarea cols=\"40\" rows=\"10\" class=\"wpcf7-form-control wpcf7-textarea\" aria-invalid=\"false\" placeholder=\"Laissez-nous vos commentaires pour nous aider \u00e0 mieux comprendre vos besoins\" name=\"mensaje\"><\/textarea><\/span>\n\t\t<\/p>\n\t\t<p>*Champs obligatoires\n\t\t<\/p>\n\t<\/div>\n<\/div>\n<div style=\"display:none\">\n\t<p><span class=\"wpcf7-form-control-wrap\" data-name=\"your-subject\"><input size=\"40\" class=\"wpcf7-form-control wpcf7-text\" aria-invalid=\"false\" value=\"Formulario TRASTEROS FR\" type=\"text\" name=\"your-subject\" \/><\/span>\n\t<\/p>\n<\/div>\n<p><span class=\"wpcf7-form-control-wrap\" data-name=\"acepto\"><span class=\"wpcf7-form-control wpcf7-acceptance\"><span class=\"wpcf7-list-item\"><input type=\"checkbox\" name=\"acepto\" value=\"1\" aria-invalid=\"false\" \/><\/span><\/span><\/span> J'ai lu et accept\u00e9 <a href=\"http:\/\/metre.emfasi.es\/politica-de-privacidad\/\" target=\"blank\">Politique de confidentialit\u00e9<\/a><input class=\"wpcf7-form-control wpcf7-submit has-spinner et_pb_contact_submit et_pb_button\" type=\"submit\" value=\"Envoyer\" \/>\n<\/p><div class=\"wpcf7-response-output\" aria-hidden=\"true\"><\/div>\n<\/form>\n<\/div>\n<!-- [et_pb_line_break_holder] --><script><!-- [et_pb_line_break_holder] -->document.addEventListener( 'wpcf7mailsent', function( event ) {<!-- [et_pb_line_break_holder] --> location = 'http:\/\/metre.emfasi.es\/gracias-por-contactar\/';<!-- [et_pb_line_break_holder] -->}, false );<!-- [et_pb_line_break_holder] --><\/script>[\/et_pb_code][\/et_pb_column][\/et_pb_row][\/et_pb_section][et_pb_section fb_built=\u00a0\u00bb1&Prime; _builder_version=\u00a0\u00bb4.16&Prime; animation_style=\u00a0\u00bbzoom\u00a0\u00bb border_width_top=\u00a0\u00bb1px\u00a0\u00bb global_colors_info=\u00a0\u00bb{}\u00a0\u00bb][et_pb_row column_structure=\u00a0\u00bb1_2,1_2&Prime; _builder_version=\u00a0\u00bb4.16&Prime; background_size=\u00a0\u00bbinitial\u00a0\u00bb background_position=\u00a0\u00bbtop_left\u00a0\u00bb background_repeat=\u00a0\u00bbrepeat\u00a0\u00bb global_colors_info=\u00a0\u00bb{}\u00a0\u00bb][et_pb_column type=\u00a0\u00bb1_2&Prime; _builder_version=\u00a0\u00bb4.16&Prime; custom_padding=\u00a0\u00bb|||\u00a0\u00bb global_colors_info=\u00a0\u00bb{}\u00a0\u00bb custom_padding__hover=\u00a0\u00bb|||\u00a0\u00bb][et_pb_text _builder_version=\u00a0\u00bb4.19.0&Prime; global_colors_info=\u00a0\u00bb{}\u00a0\u00bb]<\/p>\n<h3 style=\"text-align: center;\">METRECUBIC Garde-meubles \u00e0 Sabadell<\/h3>\n<p style=\"text-align: center;\">Venez dans notre <strong>centre \u00e0 Sabadell<\/strong>, pr\u00e8s de la Zona Herm\u00e9tica. Nous vous conseillerons sur le garde-meuble qui s&rsquo;adapte le mieux \u00e0 ce que vous souhaitez stocker et prot\u00e9ger.<\/p>\n<p>[\/et_pb_text][et_pb_code admin_label=\u00a0\u00bbMapa Sabadell\u00a0\u00bb _builder_version=\u00a0\u00bb4.19.0&Prime; global_colors_info=\u00a0\u00bb{}\u00a0\u00bb]<iframe loading=\"lazy\" style=\"border: 0;\" src=\"https:\/\/www.google.com\/maps\/embed?pb=!1m14!1m8!1m3!1d7103.106313135927!2d2.0963758639098113!3d41.53702309371104!3m2!1i1024!2i768!4f13.1!3m3!1m2!1s0x0%3A0x52155a685d48984a!2sMetrecubic+Sabadell!5e0!3m2!1ses!2ses!4v1539076764091\" width=\"600\" height=\"450\" frameborder=\"0\" allowfullscreen=\"allowfullscreen\" data-mce-fragment=\"1\"><\/iframe>[\/et_pb_code][et_pb_text _builder_version=\u00a0\u00bb4.19.0&Prime; global_colors_info=\u00a0\u00bb{}\u00a0\u00bb]<\/p>\n<p style=\"text-align: center;\"><a href=\"https:\/\/goo.gl\/maps\/hjLj8dB51J12\" target=\"_blank\" rel=\"noopener noreferrer\">Voir adresse sur Google MAPS<\/a><\/p>\n<p>[\/et_pb_text][\/et_pb_column][et_pb_column type=\u00a0\u00bb1_2&Prime; _builder_version=\u00a0\u00bb4.16&Prime; custom_padding=\u00a0\u00bb|||\u00a0\u00bb global_colors_info=\u00a0\u00bb{}\u00a0\u00bb custom_padding__hover=\u00a0\u00bb|||\u00a0\u00bb][et_pb_text _builder_version=\u00a0\u00bb4.19.0&Prime; global_colors_info=\u00a0\u00bb{}\u00a0\u00bb]<\/p>\n<h3 style=\"text-align: center;\"><strong>METRECUBIC Garde-meubles \u00e0 G\u00e9rone<\/strong><\/h3>\n<p style=\"text-align: center;\">Venez dans notre <strong>centre \u00e0 G\u00e9rone<\/strong>, pr\u00e8s du Wala, o\u00f9 vous pourrez voir le garde-meuble qui convient le mieux \u00e0 tout ce que vous souhaitez stocker et prot\u00e9ger, en toute s\u00e9curit\u00e9 et flexibilit\u00e9.<\/p>\n<p>[\/et_pb_text][et_pb_code admin_label=\u00a0\u00bbMapa Girona\u00a0\u00bb _builder_version=\u00a0\u00bb4.16&Prime; global_colors_info=\u00a0\u00bb{}\u00a0\u00bb]<iframe loading=\"lazy\" style=\"border: 0;\" src=\"https:\/\/www.google.com\/maps\/embed?pb=!1m18!1m12!1m3!1d1247.3127883675684!2d2.8056919432409666!3d41.96535722392422!2m3!1f0!2f0!3f0!3m2!1i1024!2i768!4f13.1!3m3!1m2!1s0x12bae732d1059cc3%3A0x5582ed9ef37195dc!2sMetrecubic+Girona!5e0!3m2!1ses!2ses!4v1539077382432\" width=\"600\" height=\"450\" frameborder=\"0\" allowfullscreen=\"allowfullscreen\" data-mce-fragment=\"1\"><\/iframe>[\/et_pb_code][et_pb_text _builder_version=\u00a0\u00bb4.19.0&Prime; global_colors_info=\u00a0\u00bb{}\u00a0\u00bb]<\/p>\n<p style=\"text-align: center;\"><a href=\"https:\/\/goo.gl\/maps\/H5EJGSPSbpv\" target=\"_blank\" rel=\"noopener noreferrer\">Voir adresse sur Google MAPS<\/a><\/p>\n<p>[\/et_pb_text][\/et_pb_column][\/et_pb_row][\/et_pb_section][et_pb_section fb_built=\u00a0\u00bb1&Prime; _builder_version=\u00a0\u00bb4.16&Prime; background_color=\u00a0\u00bb#ededed\u00a0\u00bb global_colors_info=\u00a0\u00bb{}\u00a0\u00bb][et_pb_row column_structure=\u00a0\u00bb1_3,1_3,1_3&Prime; _builder_version=\u00a0\u00bb4.16&Prime; custom_margin=\u00a0\u00bb0px||0px|\u00a0\u00bb border_width_bottom=\u00a0\u00bb2&Prime; border_color_bottom=\u00a0\u00bb#4f4f4f\u00a0\u00bb border_style_bottom=\u00a0\u00bbdotted\u00a0\u00bb global_colors_info=\u00a0\u00bb{}\u00a0\u00bb][et_pb_column type=\u00a0\u00bb1_3&Prime; _builder_version=\u00a0\u00bb4.16&Prime; custom_padding=\u00a0\u00bb|||\u00a0\u00bb global_colors_info=\u00a0\u00bb{}\u00a0\u00bb custom_padding__hover=\u00a0\u00bb|||\u00a0\u00bb][et_pb_blurb title=\u00a0\u00bbCAMIONNETTE GRATUITE\u00a0\u00bb image=\u00a0\u00bbhttp:\/\/metre.emfasi.es\/wp-content\/uploads\/2017\/12\/metre-cubic-icono-mudanzas-furgoneta-gratuita-ok-1.png\u00a0\u00bb _builder_version=\u00a0\u00bb4.19.0&Prime; header_font=\u00a0\u00bb|300||on|||||\u00a0\u00bb header_text_align=\u00a0\u00bbcenter\u00a0\u00bb header_text_color=\u00a0\u00bb#e85426&Prime; header_font_size=\u00a0\u00bb20&Prime; custom_margin=\u00a0\u00bb||0px|\u00a0\u00bb custom_padding=\u00a0\u00bb||0px|\u00a0\u00bb global_colors_info=\u00a0\u00bb{}\u00a0\u00bb]<\/p>\n<div class=\"et_pb_blurb_description\">\n<p style=\"text-align: center;\">Camionnette gratuite lors de la location de votre garde-meuble<\/p>\n<\/div>\n<p>[\/et_pb_blurb][\/et_pb_column][et_pb_column type=\u00a0\u00bb1_3&Prime; _builder_version=\u00a0\u00bb4.16&Prime; custom_padding=\u00a0\u00bb|||\u00a0\u00bb global_colors_info=\u00a0\u00bb{}\u00a0\u00bb custom_padding__hover=\u00a0\u00bb|||\u00a0\u00bb][et_pb_blurb title=\u00a0\u00bbSERVICE DE D\u00c9M\u00c9NAGEMENT\u00a0\u00bb image=\u00a0\u00bbhttp:\/\/metre.emfasi.es\/wp-content\/uploads\/2017\/12\/metre-cubic-icono-mudanzas-desde-29-euros-ok.png\u00a0\u00bb _builder_version=\u00a0\u00bb4.19.0&Prime; header_font=\u00a0\u00bb|300||on|||||\u00a0\u00bb header_text_align=\u00a0\u00bbcenter\u00a0\u00bb header_text_color=\u00a0\u00bb#e85426&Prime; header_font_size=\u00a0\u00bb20&Prime; custom_margin=\u00a0\u00bb||0px|\u00a0\u00bb custom_padding=\u00a0\u00bb||0px|\u00a0\u00bb global_colors_info=\u00a0\u00bb{}\u00a0\u00bb]<\/p>\n<div class=\"et_pb_blurb_description\">\n<div class=\"et_pb_blurb_description\">\n<p style=\"text-align: center;\">Nous organisons votre d\u00e9m\u00e9nagement \u00e0 partir de 35\u00a0\u20ac\/heure.<\/p>\n<\/div>\n<\/div>\n<p>[\/et_pb_blurb][\/et_pb_column][et_pb_column type=\u00a0\u00bb1_3&Prime; _builder_version=\u00a0\u00bb4.16&Prime; custom_padding=\u00a0\u00bb|||\u00a0\u00bb global_colors_info=\u00a0\u00bb{}\u00a0\u00bb custom_padding__hover=\u00a0\u00bb|||\u00a0\u00bb][et_pb_blurb title=\u00a0\u00bbPROMOTIONS\u00a0\u00bb image=\u00a0\u00bbhttp:\/\/metre.emfasi.es\/wp-content\/uploads\/2017\/12\/metre-cubic-icono-trasteros-promociones-ok.png\u00a0\u00bb _builder_version=\u00a0\u00bb4.19.0&Prime; header_font=\u00a0\u00bb|300||on|||||\u00a0\u00bb header_text_align=\u00a0\u00bbcenter\u00a0\u00bb header_text_color=\u00a0\u00bb#e85426&Prime; header_font_size=\u00a0\u00bb20&Prime; custom_margin=\u00a0\u00bb||0px|\u00a0\u00bb custom_padding=\u00a0\u00bb||0px|\u00a0\u00bb global_colors_info=\u00a0\u00bb{}\u00a0\u00bb]<\/p>\n<div class=\"et_pb_blurb_description\">\n<div class=\"et_pb_blurb_description\">\n<div class=\"et_pb_blurb_description\">\n<p style=\"text-align: center;\">Garde-meubles \u00e0 partir de 39\u00a0\u20ac\/mois<\/p>\n<\/div>\n<\/div>\n<\/div>\n<p>[\/et_pb_blurb][\/et_pb_column][\/et_pb_row][et_pb_row column_structure=\u00a0\u00bb1_3,1_3,1_3&Prime; _builder_version=\u00a0\u00bb4.16&Prime; custom_margin=\u00a0\u00bb0px||0px|\u00a0\u00bb global_colors_info=\u00a0\u00bb{}\u00a0\u00bb][et_pb_column type=\u00a0\u00bb1_3&Prime; _builder_version=\u00a0\u00bb4.16&Prime; custom_padding=\u00a0\u00bb|||\u00a0\u00bb global_colors_info=\u00a0\u00bb{}\u00a0\u00bb custom_padding__hover=\u00a0\u00bb|||\u00a0\u00bb][et_pb_blurb title=\u00a0\u00bbGARDE-MEUBLES POUR PARTICULIERS\u00a0\u00bb image=\u00a0\u00bbhttp:\/\/metre.emfasi.es\/wp-content\/uploads\/2017\/12\/metre-cubic-icono-trasteros-para-particulares-ok-1.png\u00a0\u00bb _builder_version=\u00a0\u00bb4.19.0&Prime; header_font=\u00a0\u00bb|300||on|||||\u00a0\u00bb header_text_align=\u00a0\u00bbcenter\u00a0\u00bb header_text_color=\u00a0\u00bb#e85426&Prime; header_font_size=\u00a0\u00bb20&Prime; global_colors_info=\u00a0\u00bb{}\u00a0\u00bb]<\/p>\n<div class=\"et_pb_blurb_description\">\n<p style=\"text-align: center;\">Votre espace de stockage priv\u00e9<\/p>\n<\/div>\n<p>[\/et_pb_blurb][\/et_pb_column][et_pb_column type=\u00a0\u00bb1_3&Prime; _builder_version=\u00a0\u00bb4.16&Prime; custom_padding=\u00a0\u00bb|||\u00a0\u00bb global_colors_info=\u00a0\u00bb{}\u00a0\u00bb custom_padding__hover=\u00a0\u00bb|||\u00a0\u00bb][et_pb_blurb title=\u00a0\u00bbGARDE-MEUBLES POUR ENTREPRISES\u00a0\u00bb image=\u00a0\u00bbhttp:\/\/metre.emfasi.es\/wp-content\/uploads\/2017\/12\/metre-cubic-icono-trasteros-para-empresas-ok.png\u00a0\u00bb _builder_version=\u00a0\u00bb4.19.0&Prime; header_font=\u00a0\u00bb|300||on|||||\u00a0\u00bb header_text_align=\u00a0\u00bbcenter\u00a0\u00bb header_text_color=\u00a0\u00bb#e85426&Prime; header_font_size=\u00a0\u00bb20&Prime; global_colors_info=\u00a0\u00bb{}\u00a0\u00bb]<\/p>\n<div class=\"et_pb_blurb_description\">\n<div class=\"et_pb_blurb_description\">\n<p style=\"text-align: center;\">Acc\u00e8s 24h\/24 et 365 jours par an.<\/p>\n<\/div>\n<\/div>\n<p>[\/et_pb_blurb][\/et_pb_column][et_pb_column type=\u00a0\u00bb1_3&Prime; _builder_version=\u00a0\u00bb4.16&Prime; custom_padding=\u00a0\u00bb|||\u00a0\u00bb global_colors_info=\u00a0\u00bb{}\u00a0\u00bb custom_padding__hover=\u00a0\u00bb|||\u00a0\u00bb][et_pb_blurb title=\u00a0\u00bbCALCULEZ VOTRE ESPACE\u00a0\u00bb image=\u00a0\u00bbhttp:\/\/metre.emfasi.es\/wp-content\/uploads\/2017\/12\/metre-cubic-icono-trasteros-calcula-tu-espacio-ok.png\u00a0\u00bb _builder_version=\u00a0\u00bb4.19.0&Prime; header_font=\u00a0\u00bb|300||on|||||\u00a0\u00bb header_text_align=\u00a0\u00bbcenter\u00a0\u00bb header_text_color=\u00a0\u00bb#e85426&Prime; header_font_size=\u00a0\u00bb20&Prime; global_colors_info=\u00a0\u00bb{}\u00a0\u00bb]<\/p>\n<div class=\"et_pb_blurb_description\">\n<div class=\"et_pb_blurb_description\">\n<div class=\"et_pb_blurb_description\">\n<p style=\"text-align: center;\">Calculez approximativement l&rsquo;espace dont vous avez besoin.<\/p>\n<\/div>\n<\/div>\n<\/div>\n<p>[\/et_pb_blurb][\/et_pb_column][\/et_pb_row][\/et_pb_section][et_pb_section fb_built=\u00a0\u00bb1&Prime; _builder_version=\u00a0\u00bb4.16&Prime; global_colors_info=\u00a0\u00bb{}\u00a0\u00bb][et_pb_row _builder_version=\u00a0\u00bb4.16&Prime; background_size=\u00a0\u00bbinitial\u00a0\u00bb background_position=\u00a0\u00bbtop_left\u00a0\u00bb background_repeat=\u00a0\u00bbrepeat\u00a0\u00bb global_colors_info=\u00a0\u00bb{}\u00a0\u00bb][et_pb_column type=\u00a0\u00bb4_4&Prime; _builder_version=\u00a0\u00bb4.16&Prime; custom_padding=\u00a0\u00bb|||\u00a0\u00bb global_colors_info=\u00a0\u00bb{}\u00a0\u00bb custom_padding__hover=\u00a0\u00bb|||\u00a0\u00bb][et_pb_text _builder_version=\u00a0\u00bb4.19.0&Prime; border_width_bottom=\u00a0\u00bb1&Prime; border_color_bottom=\u00a0\u00bb#e85426&Prime; border_style_bottom=\u00a0\u00bbdotted\u00a0\u00bb global_colors_info=\u00a0\u00bb{}\u00a0\u00bb]<\/p>\n<div class=\"et_pb_text et_pb_module et_pb_bg_layout_light et_pb_text_align_left et_pb_text_5\">\n<div class=\"et_pb_text_inner\">\n<h2>Services et avantages chez Metrecubic<\/h2>\n<\/div>\n<\/div>\n<p>[\/et_pb_text][\/et_pb_column][\/et_pb_row][et_pb_row column_structure=\u00a0\u00bb1_3,1_3,1_3&Prime; _builder_version=\u00a0\u00bb4.16&Prime; background_size=\u00a0\u00bbinitial\u00a0\u00bb background_position=\u00a0\u00bbtop_left\u00a0\u00bb background_repeat=\u00a0\u00bbrepeat\u00a0\u00bb global_colors_info=\u00a0\u00bb{}\u00a0\u00bb][et_pb_column type=\u00a0\u00bb1_3&Prime; _builder_version=\u00a0\u00bb4.16&Prime; custom_padding=\u00a0\u00bb|||\u00a0\u00bb global_colors_info=\u00a0\u00bb{}\u00a0\u00bb custom_padding__hover=\u00a0\u00bb|||\u00a0\u00bb][et_pb_blurb title=\u00a0\u00bbPRIV\u00c9\u00a0\u00bb use_icon=\u00a0\u00bbon\u00a0\u00bb font_icon=\u00a0\u00bb&#x7e;||divi||400&Prime; icon_placement=\u00a0\u00bbleft\u00a0\u00bb _builder_version=\u00a0\u00bb4.16&Prime; global_colors_info=\u00a0\u00bb{}\u00a0\u00bb]<\/p>\n<p>Votre espace priv\u00e9 o\u00f9 vous pouvez ranger vos affaires comme vous le feriez dans une pi\u00e8ce de votre maison ou de votre entreprise.<\/p>\n<p>[\/et_pb_blurb][\/et_pb_column][et_pb_column type=\u00a0\u00bb1_3&Prime; _builder_version=\u00a0\u00bb4.16&Prime; custom_padding=\u00a0\u00bb|||\u00a0\u00bb global_colors_info=\u00a0\u00bb{}\u00a0\u00bb custom_padding__hover=\u00a0\u00bb|||\u00a0\u00bb][et_pb_blurb title=\u00a0\u00bbACCESSIBLE\u00a0\u00bb use_icon=\u00a0\u00bbon\u00a0\u00bb font_icon=\u00a0\u00bb&#xe001;||divi||400&Prime; icon_placement=\u00a0\u00bbleft\u00a0\u00bb _builder_version=\u00a0\u00bb4.16&Prime; global_colors_info=\u00a0\u00bb{}\u00a0\u00bb]<\/p>\n<p>24 heures sur 24 et 365 jours par an, visites illimit\u00e9es pour vous et les personnes que vous autorisez.<\/p>\n<p>[\/et_pb_blurb][\/et_pb_column][et_pb_column type=\u00a0\u00bb1_3&Prime; _builder_version=\u00a0\u00bb4.16&Prime; custom_padding=\u00a0\u00bb|||\u00a0\u00bb global_colors_info=\u00a0\u00bb{}\u00a0\u00bb custom_padding__hover=\u00a0\u00bb|||\u00a0\u00bb][et_pb_blurb title=\u00a0\u00bbPRATIQUE ET FACILE\u00a0\u00bb use_icon=\u00a0\u00bbon\u00a0\u00bb font_icon=\u00a0\u00bb&#xe106;||divi||400&Prime; icon_placement=\u00a0\u00bbleft\u00a0\u00bb _builder_version=\u00a0\u00bb4.16&Prime; global_colors_info=\u00a0\u00bb{}\u00a0\u00bb]<\/p>\n<p>Parking priv\u00e9 pour les clients, grand espace de chargement et de d\u00e9chargement, chariots et transpalettes \u00e0 votre disposition.<\/p>\n<p>[\/et_pb_blurb][\/et_pb_column][\/et_pb_row][et_pb_row column_structure=\u00a0\u00bb1_3,1_3,1_3&Prime; _builder_version=\u00a0\u00bb4.16&Prime; background_size=\u00a0\u00bbinitial\u00a0\u00bb background_position=\u00a0\u00bbtop_left\u00a0\u00bb background_repeat=\u00a0\u00bbrepeat\u00a0\u00bb global_colors_info=\u00a0\u00bb{}\u00a0\u00bb][et_pb_column type=\u00a0\u00bb1_3&Prime; _builder_version=\u00a0\u00bb4.16&Prime; custom_padding=\u00a0\u00bb|||\u00a0\u00bb global_colors_info=\u00a0\u00bb{}\u00a0\u00bb custom_padding__hover=\u00a0\u00bb|||\u00a0\u00bb][et_pb_blurb title=\u00a0\u00bbASSURANCE\u00a0\u00bb use_icon=\u00a0\u00bbon\u00a0\u00bb font_icon=\u00a0\u00bb&#xe0f6;||divi||400&Prime; icon_placement=\u00a0\u00bbleft\u00a0\u00bb _builder_version=\u00a0\u00bb4.16&Prime; global_colors_info=\u00a0\u00bb{}\u00a0\u00bb]<\/p>\n<p>Ce n&rsquo;est qu&rsquo;avec votre propre code PIN ou votre carte que vous pouvez acc\u00e9der \u00e0 l&rsquo;int\u00e9rieur du b\u00e2timent. Alarme individuelle pour chaque garde-meuble que vous seul pouvez d\u00e9connecter. Installations surveill\u00e9es 24 heures sur 24, syst\u00e8mes d&rsquo;incendie, circuit de cam\u00e9ras CCTV. Assurance sur mesure pour vos biens.<\/p>\n<p>[\/et_pb_blurb][\/et_pb_column][et_pb_column type=\u00a0\u00bb1_3&Prime; _builder_version=\u00a0\u00bb4.16&Prime; custom_padding=\u00a0\u00bb|||\u00a0\u00bb global_colors_info=\u00a0\u00bb{}\u00a0\u00bb custom_padding__hover=\u00a0\u00bb|||\u00a0\u00bb][et_pb_blurb title=\u00a0\u00bbFLEXIBLE\u00a0\u00bb use_icon=\u00a0\u00bbon\u00a0\u00bb font_icon=\u00a0\u00bb&#xe102;||divi||400&Prime; icon_placement=\u00a0\u00bbleft\u00a0\u00bb _builder_version=\u00a0\u00bb4.16&Prime; global_colors_info=\u00a0\u00bb{}\u00a0\u00bb]<\/p>\n<p>Contrats \u00e0 partir de deux semaines. Garde-meubles \u00e0 partir de 2\u00a0m<sup>2<\/sup>. Vous pouvez modifier la taille du garde-meuble lorsque vous en avez besoin.<\/p>\n<p>[\/et_pb_blurb][\/et_pb_column][et_pb_column type=\u00a0\u00bb1_3&Prime; _builder_version=\u00a0\u00bb4.16&Prime; custom_padding=\u00a0\u00bb|||\u00a0\u00bb global_colors_info=\u00a0\u00bb{}\u00a0\u00bb custom_padding__hover=\u00a0\u00bb|||\u00a0\u00bb][et_pb_blurb title=\u00a0\u00bb\u00c9CONOMIQUE\u00a0\u00bb use_icon=\u00a0\u00bbon\u00a0\u00bb font_icon=\u00a0\u00bb&#xe0ed;||divi||400&Prime; icon_placement=\u00a0\u00bbleft\u00a0\u00bb _builder_version=\u00a0\u00bb4.16&Prime; global_colors_info=\u00a0\u00bb{}\u00a0\u00bb]<\/p>\n<p>Bien plus simple qu&rsquo;une location classique. Avec un forfait unique, vous n\u2019aurez pas \u00e0 vous soucier des taxes, de l&rsquo;\u00e9lectricit\u00e9, de l&rsquo;eau, du gaz, des frais d&rsquo;entretien, des assurances, etc.<\/p>\n<p>[\/et_pb_blurb][\/et_pb_column][\/et_pb_row][\/et_pb_section][et_pb_section fb_built=\u00a0\u00bb1&Prime; _builder_version=\u00a0\u00bb4.16&Prime; background_color=\u00a0\u00bb#e2e2e2&Prime; global_colors_info=\u00a0\u00bb{}\u00a0\u00bb][et_pb_row column_structure=\u00a0\u00bb1_2,1_2&Prime; _builder_version=\u00a0\u00bb4.16&Prime; background_size=\u00a0\u00bbinitial\u00a0\u00bb background_position=\u00a0\u00bbtop_left\u00a0\u00bb background_repeat=\u00a0\u00bbrepeat\u00a0\u00bb global_colors_info=\u00a0\u00bb{}\u00a0\u00bb][et_pb_column type=\u00a0\u00bb1_2&Prime; _builder_version=\u00a0\u00bb4.16&Prime; custom_padding=\u00a0\u00bb|||\u00a0\u00bb global_colors_info=\u00a0\u00bb{}\u00a0\u00bb custom_padding__hover=\u00a0\u00bb|||\u00a0\u00bb][et_pb_text _builder_version=\u00a0\u00bb4.16&Prime; header_2_text_color=\u00a0\u00bb#e85426&Prime; global_colors_info=\u00a0\u00bb{}\u00a0\u00bb]<\/p>\n<h2>Garde-meubles et mini-entrep\u00f4ts pour les <strong>PARTICULIERS<\/strong><\/h2>\n<h4>Quel est votre cas?<\/h4>\n<p>[\/et_pb_text][et_pb_blurb title=\u00a0\u00bbChangement de logement\u00a0\u00bb use_icon=\u00a0\u00bbon\u00a0\u00bb font_icon=\u00a0\u00bb&#xe009;||divi||400&Prime; icon_placement=\u00a0\u00bbleft\u00a0\u00bb _builder_version=\u00a0\u00bb4.16&Prime; global_colors_info=\u00a0\u00bb{}\u00a0\u00bb]<\/p>\n<ul>\n<li>\n<p>D\u00e9m\u00e9nagez et rangez vos affaires facilement, de mani\u00e8re pratique et s\u00e9curis\u00e9e.<\/p>\n<\/li>\n<li>\n<p>Service de camionnette gratuit pendant 4 heures.<\/p>\n<\/li>\n<li>\n<p>Si vous pr\u00e9f\u00e9rez, nous pouvons organiser le d\u00e9m\u00e9nagement pour vous.<\/p>\n<\/li>\n<\/ul>\n<p>[\/et_pb_blurb][et_pb_blurb title=\u00a0\u00bbTravaux dans la maison\u00a0\u00bb use_icon=\u00a0\u00bbon\u00a0\u00bb font_icon=\u00a0\u00bb&#xe035;||divi||400&Prime; icon_placement=\u00a0\u00bbleft\u00a0\u00bb _builder_version=\u00a0\u00bb4.16&Prime; global_colors_info=\u00a0\u00bb{}\u00a0\u00bb]<\/p>\n<ul>\n<li>\n<p>Prot\u00e9gez vos affaires pendant la dur\u00e9e des travaux dans votre maison.<\/p>\n<\/li>\n<li>\n<p>Mesures de haute s\u00e9curit\u00e9. Assurance multirisque pour vos biens.<\/p>\n<\/li>\n<li>\n<p>Acc\u00e8s 24h\/24 et 365 jours par an.<\/p>\n<\/li>\n<\/ul>\n<p>[\/et_pb_blurb][et_pb_blurb title=\u00a0\u00bbBesoin d&rsquo;espace permanent\u00a0\u00bb use_icon=\u00a0\u00bbon\u00a0\u00bb font_icon=\u00a0\u00bb&#x54;||divi||400&Prime; icon_placement=\u00a0\u00bbleft\u00a0\u00bb _builder_version=\u00a0\u00bb4.16&Prime; global_colors_info=\u00a0\u00bb{}\u00a0\u00bb]<\/p>\n<ul>\n<li>\n<p>Rangez des livres, des meubles, des v\u00eatements, des jouets, des v\u00e9los, etc., comme une extension de votre maison.<\/p>\n<\/li>\n<li>\n<p>Vente de cartons et de mat\u00e9riel d&#8217;emballage pour organiser et prot\u00e9ger vos affaires.<\/p>\n<\/li>\n<li>\n<p>Promotion sp\u00e9ciale contrats longue dur\u00e9e. Contactez-nous pour plus d\u2019informations.<\/p>\n<\/li>\n<\/ul>\n<p>[\/et_pb_blurb][et_pb_blurb title=\u00a0\u00bbDes loisirs qui prennent beaucoup de place\u00a0\u00bb use_icon=\u00a0\u00bbon\u00a0\u00bb font_icon=\u00a0\u00bb&#x64;||divi||400&Prime; icon_placement=\u00a0\u00bbleft\u00a0\u00bb _builder_version=\u00a0\u00bb4.16&Prime; global_colors_info=\u00a0\u00bb{}\u00a0\u00bb]<\/p>\n<ul>\n<li>\n<p>Disposez de votre mat\u00e9riel \u00e0 port\u00e9e de main et rangez la planche de surf, les v\u00e9los, les skis, le mat\u00e9riel de plong\u00e9e, de golf, les peintures, les sculptures, les disques, les collections, etc.<\/p>\n<\/li>\n<li>\n<p>Parking priv\u00e9 et grand espace de chargement et de d\u00e9chargement pour les clients.<\/p>\n<\/li>\n<\/ul>\n<p>[\/et_pb_blurb][\/et_pb_column][et_pb_column type=\u00a0\u00bb1_2&Prime; _builder_version=\u00a0\u00bb4.16&Prime; custom_padding=\u00a0\u00bb|||\u00a0\u00bb global_colors_info=\u00a0\u00bb{}\u00a0\u00bb custom_padding__hover=\u00a0\u00bb|||\u00a0\u00bb][et_pb_text _builder_version=\u00a0\u00bb4.16&Prime; header_2_text_color=\u00a0\u00bb#e85426&Prime; global_colors_info=\u00a0\u00bb{}\u00a0\u00bb]<\/p>\n<h2>Garde-meubles et Mini-entrep\u00f4ts pour Entreprises et <strong>Professionnels<\/strong><\/h2>\n<h4>Quel est votre cas?<\/h4>\n<p>[\/et_pb_text][et_pb_blurb title=\u00a0\u00bbBoutique \/ Commerce\u00a0\u00bb use_icon=\u00a0\u00bbon\u00a0\u00bb font_icon=\u00a0\u00bb&#xe015;||divi||400&Prime; icon_placement=\u00a0\u00bbleft\u00a0\u00bb _builder_version=\u00a0\u00bb4.16&Prime; global_colors_info=\u00a0\u00bb{}\u00a0\u00bb]<\/p>\n<ul>\n<li>\n<p>Profitez de tout l&rsquo;espace de votre local pour la vente. Conservez vos stocks dans l&rsquo;un de nos mini-entrep\u00f4ts.<\/p>\n<\/li>\n<li>\n<p>Service de r\u00e9ception des marchandises.<\/p>\n<\/li>\n<li>\n<p>Chariots et transpalette \u00e0 disposition gratuitement.<\/p>\n<\/li>\n<\/ul>\n<p>[\/et_pb_blurb][et_pb_blurb title=\u00a0\u00bbBureau \/ Bureau Commercial\u00a0\u00bb use_icon=\u00a0\u00bbon\u00a0\u00bb font_icon=\u00a0\u00bb&#xe104;||divi||400&Prime; icon_placement=\u00a0\u00bbleft\u00a0\u00bb _builder_version=\u00a0\u00bb4.16&Prime; global_colors_info=\u00a0\u00bb{}\u00a0\u00bb]<\/p>\n<ul>\n<li>\n<p>\u00c9conomisez de l&rsquo;espace dans votre bureau en sauvegardant les archives et la documentation accumul\u00e9es au fil des ans.<\/p>\n<\/li>\n<li>\n<p>Nous organisons votre entrep\u00f4t\u00a0: assemblage d&rsquo;\u00e9tag\u00e8res pour classer vos dossiers<\/p>\n<\/li>\n<li>\n<p>Service de destruction de documents.<\/p>\n<\/li>\n<\/ul>\n<p>[\/et_pb_blurb][et_pb_blurb title=\u00a0\u00bbInd\u00e9pendants \/ Professionnels\u00a0\u00bb use_icon=\u00a0\u00bbon\u00a0\u00bb font_icon=\u00a0\u00bb&#xe108;||divi||400&Prime; icon_placement=\u00a0\u00bbleft\u00a0\u00bb _builder_version=\u00a0\u00bb4.16&Prime; global_colors_info=\u00a0\u00bb{}\u00a0\u00bb]<\/p>\n<ul>\n<li>\n<p>Conservez les outils, les machines et les mat\u00e9riaux.<\/p>\n<\/li>\n<li>\n<p>Mesures de haute s\u00e9curit\u00e9.<\/p>\n<\/li>\n<li>\n<p>Assurance multirisque pour vos biens.<\/p>\n<\/li>\n<li>\n<p>Acc\u00e8s 24h\/24 et 365 jours par an.<\/p>\n<\/li>\n<\/ul>\n<p>[\/et_pb_blurb][et_pb_blurb title=\u00a0\u00bbEntreprises r\u00e9cemment cr\u00e9\u00e9es\u00a0\u00bb use_icon=\u00a0\u00bbon\u00a0\u00bb font_icon=\u00a0\u00bb&#xe0fe;||divi||400&Prime; icon_placement=\u00a0\u00bbleft\u00a0\u00bb _builder_version=\u00a0\u00bb4.16&Prime; global_colors_info=\u00a0\u00bb{}\u00a0\u00bb]<\/p>\n<ul>\n<li>\n<p>R\u00e9duisez votre investissement initial en louant un espace adapt\u00e9 \u00e0 vos besoins.<\/p>\n<\/li>\n<li>\n<p>Si vous le souhaitez, nous pouvons nous charger du transfert de vos affaires jusqu\u2019\u00e0 Metrecubic.<\/p>\n<\/li>\n<li>\n<p>Chariots et transpalettes disponibles gratuitement<\/p>\n<\/li>\n<\/ul>\n<p>[\/et_pb_blurb][et_pb_blurb title=\u00a0\u00bbAgents commerciaux et soci\u00e9t\u00e9s de distribution\u00a0\u00bb use_icon=\u00a0\u00bbon\u00a0\u00bb font_icon=\u00a0\u00bb&#xe016;||divi||400&Prime; icon_placement=\u00a0\u00bbleft\u00a0\u00bb _builder_version=\u00a0\u00bb4.16&Prime; global_colors_info=\u00a0\u00bb{}\u00a0\u00bb]<\/p>\n<ul>\n<li>\n<p>Stockez les \u00e9chantillons et utilisez le mini-entrep\u00f4t pour pr\u00e9senter vos produits aux clients.<\/p>\n<\/li>\n<li>\n<p>\u00c9conomisez: augmentez ou diminuez la taille de l&rsquo;entrep\u00f4t selon la saisonnalit\u00e9 de vos ventes.<\/p>\n<\/li>\n<li>\n<p>Camionnette d\u2019une capacit\u00e9 de 11 m<sup>3<\/sup> \u00e0 votre disposition. Les 4 premi\u00e8res heures sont gratuites. Elle peut ensuite \u00eatre lou\u00e9e.<\/p>\n<\/li>\n<\/ul>\n<p>[\/et_pb_blurb][\/et_pb_column][\/et_pb_row][et_pb_row column_structure=\u00a0\u00bb1_2,1_2&Prime; disabled_on=\u00a0\u00bbon|on|on\u00a0\u00bb _builder_version=\u00a0\u00bb4.16&Prime; module_alignment=\u00a0\u00bbcenter\u00a0\u00bb border_radii=\u00a0\u00bbon|15px|15px|15px|15px\u00a0\u00bb disabled=\u00a0\u00bbon\u00a0\u00bb global_colors_info=\u00a0\u00bb{}\u00a0\u00bb][et_pb_column type=\u00a0\u00bb1_2&Prime; _builder_version=\u00a0\u00bb4.16&Prime; custom_padding=\u00a0\u00bb|||\u00a0\u00bb global_colors_info=\u00a0\u00bb{}\u00a0\u00bb custom_padding__hover=\u00a0\u00bb|||\u00a0\u00bb][et_pb_blurb title=\u00a0\u00bbFurgoneta para tu mudanzas\u00a0\u00bb image=\u00a0\u00bbhttp:\/\/metre.emfasi.es\/wp-content\/uploads\/2017\/12\/metre-cubic-iconos-furgoneta-gratuita-peq.png\u00a0\u00bb _builder_version=\u00a0\u00bb4.16&Prime; header_font=\u00a0\u00bb|300||on|||||\u00a0\u00bb background_color=\u00a0\u00bb#e85426&Prime; text_orientation=\u00a0\u00bbcenter\u00a0\u00bb background_layout=\u00a0\u00bbdark\u00a0\u00bb custom_padding=\u00a0\u00bb15px|15px|20px|15px\u00a0\u00bb border_radii=\u00a0\u00bbon|15px|15px|15px|15px\u00a0\u00bb border_color_all=\u00a0\u00bb#e85426&Prime; global_colors_info=\u00a0\u00bb{}\u00a0\u00bb]Si necesitas una furgoneta para tu mudanzas, Metrecubic te facilitar\u00e1 una de forma gratuita las primeras 4 horas. Comunicanoslo en el momento de contratar tu trastero o mini-almac\u00e9n. As\u00ed de f\u00e1cil!<br \/>\n[\/et_pb_blurb][\/et_pb_column][et_pb_column type=\u00a0\u00bb1_2&Prime; _builder_version=\u00a0\u00bb4.16&Prime; custom_padding=\u00a0\u00bb|||\u00a0\u00bb global_colors_info=\u00a0\u00bb{}\u00a0\u00bb custom_padding__hover=\u00a0\u00bb|||\u00a0\u00bb][et_pb_blurb title=\u00a0\u00bbServicios complementarios\u00a0\u00bb image=\u00a0\u00bbhttp:\/\/metre.emfasi.es\/wp-content\/uploads\/2017\/12\/metre-cubic-iconos-servicios-complementarios.png\u00a0\u00bb _builder_version=\u00a0\u00bb4.16&Prime; header_font=\u00a0\u00bb|300||on|||||\u00a0\u00bb background_color=\u00a0\u00bb#e85426&Prime; text_orientation=\u00a0\u00bbcenter\u00a0\u00bb background_layout=\u00a0\u00bbdark\u00a0\u00bb custom_padding=\u00a0\u00bb15px|15px|20px|15px\u00a0\u00bb border_radii=\u00a0\u00bbon|15px|15px|15px|15px\u00a0\u00bb border_color_all=\u00a0\u00bb#e85426&Prime; global_colors_info=\u00a0\u00bb{}\u00a0\u00bb]Te facilitamos tu labor con nuestros servicios complementarios: traslados, recepci\u00f3n de mercanc\u00edas, alquiler de furgonetas, recogida de embalaje residual, etc. <strong>\u00a1Preg\u00fantanos!<\/strong><br \/>\n[\/et_pb_blurb][\/et_pb_column][\/et_pb_row][\/et_pb_section]<\/p>\n","protected":false},"excerpt":{"rendered":"<p>GARDE-MEUBLES \u00c0 PARTIR DE 1 mSabadell 937 269 264 G\u00e9rone 972 405 969 Location de Garde-meubles Qu&rsquo;est-ce que le self-stockage ? Le self-stockage est un service innovant et pratique pour les particuliers et les entreprises. Nous disposons de garde-meubles priv\u00e9s de 1 m2 \u00e0 50 m2, auxquels vous pouvez acc\u00e9der 365\u00a0jours par an. C&rsquo;est un [&hellip;]<\/p>\n","protected":false},"author":2,"featured_media":0,"parent":0,"menu_order":0,"comment_status":"closed","ping_status":"closed","template":"","meta":{"_et_pb_use_builder":"on","_et_pb_old_content":"","_et_gb_content_width":"","footnotes":""},"yoast_head":"<!-- This site is optimized with the Yoast SEO plugin v22.1 - https:\/\/yoast.com\/wordpress\/plugins\/seo\/ -->\n<title>Garde-meubles - Metrecubic<\/title>\n<meta name=\"robots\" content=\"noindex, follow\" \/>\n<meta property=\"og:locale\" content=\"fr_FR\" \/>\n<meta property=\"og:type\" content=\"article\" \/>\n<meta property=\"og:title\" content=\"Garde-meubles - Metrecubic\" \/>\n<meta property=\"og:description\" content=\"GARDE-MEUBLES \u00c0 PARTIR DE 1 mSabadell 937 269 264 G\u00e9rone 972 405 969 Location de Garde-meubles Qu&#039;est-ce que le self-stockage ? Le self-stockage est un service innovant et pratique pour les particuliers et les entreprises. Nous disposons de garde-meubles priv\u00e9s de 1 m2 \u00e0 50 m2, auxquels vous pouvez acc\u00e9der 365\u00a0jours par an. C&#039;est un [&hellip;]\" \/>\n<meta property=\"og:url\" content=\"https:\/\/metre.emfasi.es\/fr\/garde-meubles\/\" \/>\n<meta property=\"og:site_name\" content=\"Metrecubic\" \/>\n<meta property=\"article:modified_time\" content=\"2023-02-08T12:00:36+00:00\" \/>\n<meta name=\"twitter:card\" content=\"summary_large_image\" \/>\n<meta name=\"twitter:label1\" content=\"Dur\u00e9e de lecture estim\u00e9e\" \/>\n\t<meta name=\"twitter:data1\" content=\"7 minutes\" \/>\n<script type=\"application\/ld+json\" class=\"yoast-schema-graph\">{\"@context\":\"https:\/\/schema.org\",\"@graph\":[{\"@type\":\"WebPage\",\"@id\":\"https:\/\/metre.emfasi.es\/fr\/garde-meubles\/\",\"url\":\"https:\/\/metre.emfasi.es\/fr\/garde-meubles\/\",\"name\":\"Garde-meubles - Metrecubic\",\"isPartOf\":{\"@id\":\"https:\/\/metre.emfasi.es\/#website\"},\"datePublished\":\"2023-02-06T09:29:54+00:00\",\"dateModified\":\"2023-02-08T12:00:36+00:00\",\"breadcrumb\":{\"@id\":\"https:\/\/metre.emfasi.es\/fr\/garde-meubles\/#breadcrumb\"},\"inLanguage\":\"fr-FR\",\"potentialAction\":[{\"@type\":\"ReadAction\",\"target\":[\"https:\/\/metre.emfasi.es\/fr\/garde-meubles\/\"]}]},{\"@type\":\"BreadcrumbList\",\"@id\":\"https:\/\/metre.emfasi.es\/fr\/garde-meubles\/#breadcrumb\",\"itemListElement\":[{\"@type\":\"ListItem\",\"position\":1,\"name\":\"Portada\",\"item\":\"https:\/\/metre.emfasi.es\/fr\/\"},{\"@type\":\"ListItem\",\"position\":2,\"name\":\"Garde-meubles\"}]},{\"@type\":\"WebSite\",\"@id\":\"https:\/\/metre.emfasi.es\/#website\",\"url\":\"https:\/\/metre.emfasi.es\/\",\"name\":\"Metrecubic\",\"description\":\"Alquiler de trasteros y minialmacenes privados.\",\"publisher\":{\"@id\":\"https:\/\/metre.emfasi.es\/#organization\"},\"potentialAction\":[{\"@type\":\"SearchAction\",\"target\":{\"@type\":\"EntryPoint\",\"urlTemplate\":\"https:\/\/metre.emfasi.es\/?s={search_term_string}\"},\"query-input\":\"required name=search_term_string\"}],\"inLanguage\":\"fr-FR\"},{\"@type\":\"Organization\",\"@id\":\"https:\/\/metre.emfasi.es\/#organization\",\"name\":\"METRECUBIC trasteros y mudanzas\",\"url\":\"https:\/\/metre.emfasi.es\/\",\"logo\":{\"@type\":\"ImageObject\",\"inLanguage\":\"fr-FR\",\"@id\":\"https:\/\/metre.emfasi.es\/#\/schema\/logo\/image\/\",\"url\":\"http:\/\/metre.emfasi.es\/wp-content\/uploads\/2017\/09\/logo-capsalera.gif\",\"contentUrl\":\"http:\/\/metre.emfasi.es\/wp-content\/uploads\/2017\/09\/logo-capsalera.gif\",\"width\":118,\"height\":117,\"caption\":\"METRECUBIC trasteros y mudanzas\"},\"image\":{\"@id\":\"https:\/\/metre.emfasi.es\/#\/schema\/logo\/image\/\"}}]}<\/script>\n<!-- \/ Yoast SEO plugin. -->","yoast_head_json":{"title":"Garde-meubles - Metrecubic","robots":{"index":"noindex","follow":"follow"},"og_locale":"fr_FR","og_type":"article","og_title":"Garde-meubles - Metrecubic","og_description":"GARDE-MEUBLES \u00c0 PARTIR DE 1 mSabadell 937 269 264 G\u00e9rone 972 405 969 Location de Garde-meubles Qu'est-ce que le self-stockage ? Le self-stockage est un service innovant et pratique pour les particuliers et les entreprises. Nous disposons de garde-meubles priv\u00e9s de 1 m2 \u00e0 50 m2, auxquels vous pouvez acc\u00e9der 365\u00a0jours par an. C'est un [&hellip;]","og_url":"https:\/\/metre.emfasi.es\/fr\/garde-meubles\/","og_site_name":"Metrecubic","article_modified_time":"2023-02-08T12:00:36+00:00","twitter_card":"summary_large_image","twitter_misc":{"Dur\u00e9e de lecture estim\u00e9e":"7 minutes"},"schema":{"@context":"https:\/\/schema.org","@graph":[{"@type":"WebPage","@id":"https:\/\/metre.emfasi.es\/fr\/garde-meubles\/","url":"https:\/\/metre.emfasi.es\/fr\/garde-meubles\/","name":"Garde-meubles - Metrecubic","isPartOf":{"@id":"https:\/\/metre.emfasi.es\/#website"},"datePublished":"2023-02-06T09:29:54+00:00","dateModified":"2023-02-08T12:00:36+00:00","breadcrumb":{"@id":"https:\/\/metre.emfasi.es\/fr\/garde-meubles\/#breadcrumb"},"inLanguage":"fr-FR","potentialAction":[{"@type":"ReadAction","target":["https:\/\/metre.emfasi.es\/fr\/garde-meubles\/"]}]},{"@type":"BreadcrumbList","@id":"https:\/\/metre.emfasi.es\/fr\/garde-meubles\/#breadcrumb","itemListElement":[{"@type":"ListItem","position":1,"name":"Portada","item":"https:\/\/metre.emfasi.es\/fr\/"},{"@type":"ListItem","position":2,"name":"Garde-meubles"}]},{"@type":"WebSite","@id":"https:\/\/metre.emfasi.es\/#website","url":"https:\/\/metre.emfasi.es\/","name":"Metrecubic","description":"Alquiler de trasteros y minialmacenes privados.","publisher":{"@id":"https:\/\/metre.emfasi.es\/#organization"},"potentialAction":[{"@type":"SearchAction","target":{"@type":"EntryPoint","urlTemplate":"https:\/\/metre.emfasi.es\/?s={search_term_string}"},"query-input":"required name=search_term_string"}],"inLanguage":"fr-FR"},{"@type":"Organization","@id":"https:\/\/metre.emfasi.es\/#organization","name":"METRECUBIC trasteros y mudanzas","url":"https:\/\/metre.emfasi.es\/","logo":{"@type":"ImageObject","inLanguage":"fr-FR","@id":"https:\/\/metre.emfasi.es\/#\/schema\/logo\/image\/","url":"http:\/\/metre.emfasi.es\/wp-content\/uploads\/2017\/09\/logo-capsalera.gif","contentUrl":"http:\/\/metre.emfasi.es\/wp-content\/uploads\/2017\/09\/logo-capsalera.gif","width":118,"height":117,"caption":"METRECUBIC trasteros y mudanzas"},"image":{"@id":"https:\/\/metre.emfasi.es\/#\/schema\/logo\/image\/"}}]}},"_links":{"self":[{"href":"https:\/\/metre.emfasi.es\/fr\/wp-json\/wp\/v2\/pages\/25563"}],"collection":[{"href":"https:\/\/metre.emfasi.es\/fr\/wp-json\/wp\/v2\/pages"}],"about":[{"href":"https:\/\/metre.emfasi.es\/fr\/wp-json\/wp\/v2\/types\/page"}],"author":[{"embeddable":true,"href":"https:\/\/metre.emfasi.es\/fr\/wp-json\/wp\/v2\/users\/2"}],"replies":[{"embeddable":true,"href":"https:\/\/metre.emfasi.es\/fr\/wp-json\/wp\/v2\/comments?post=25563"}],"version-history":[{"count":0,"href":"https:\/\/metre.emfasi.es\/fr\/wp-json\/wp\/v2\/pages\/25563\/revisions"}],"wp:attachment":[{"href":"https:\/\/metre.emfasi.es\/fr\/wp-json\/wp\/v2\/media?parent=25563"}],"curies":[{"name":"wp","href":"https:\/\/api.w.org\/{rel}","templated":true}]}}