{"id":25801,"date":"2019-04-09T16:19:55","date_gmt":"2019-04-09T16:19:55","guid":{"rendered":"http:\/\/metre.emfasi.es\/trasteros-sabadell\/"},"modified":"2023-10-02T12:22:32","modified_gmt":"2023-10-02T10:22:32","slug":"garde-meubles-a-sabadell","status":"publish","type":"page","link":"https:\/\/metre.emfasi.es\/fr\/garde-meubles-a-sabadell\/","title":{"rendered":"Garde-meubles \u00e0 Sabadell"},"content":{"rendered":"<p>[et_pb_section fb_built=\u00a0\u00bb1&Prime; disabled_on=\u00a0\u00bboff||\u00a0\u00bb _builder_version=\u00a0\u00bb4.16&Prime; background_color=\u00a0\u00bbrgba(0,0,0,0.28)\u00a0\u00bb background_image=\u00a0\u00bbhttp:\/\/metre.emfasi.es\/wp-content\/uploads\/2018\/01\/metre-cubic-trasteros-mudanzas-imagen-principal-2018.jpg\u00a0\u00bb background_blend=\u00a0\u00bbmultiply\u00a0\u00bb custom_padding=\u00a0\u00bb90px||50px||false|false\u00a0\u00bb z_index_tablet=\u00a0\u00bb500&Prime; global_colors_info=\u00a0\u00bb{}\u00a0\u00bb][et_pb_row _builder_version=\u00a0\u00bb4.16&Prime; module_alignment=\u00a0\u00bbcenter\u00a0\u00bb global_colors_info=\u00a0\u00bb{}\u00a0\u00bb][et_pb_column type=\u00a0\u00bb4_4&Prime; _builder_version=\u00a0\u00bb4.16&Prime; custom_padding=\u00a0\u00bb15px|10px|15px|10px\u00a0\u00bb global_colors_info=\u00a0\u00bb{}\u00a0\u00bb custom_padding__hover=\u00a0\u00bb|||\u00a0\u00bb][et_pb_text _builder_version=\u00a0\u00bb4.16&Prime; header_font=\u00a0\u00bb|700|||||||\u00a0\u00bb header_font_size=\u00a0\u00bb40&Prime; header_2_font=\u00a0\u00bb|700|||||||\u00a0\u00bb header_2_font_size=\u00a0\u00bb35&Prime; text_orientation=\u00a0\u00bbcenter\u00a0\u00bb background_layout=\u00a0\u00bbdark\u00a0\u00bb z_index_tablet=\u00a0\u00bb500&Prime; header_text_shadow_style=\u00a0\u00bbpreset1&Prime; header_2_text_shadow_style=\u00a0\u00bbpreset1&Prime; global_colors_info=\u00a0\u00bb{}\u00a0\u00bb]<\/p>\n<h1>Location de Garde-meubles Sabadell<\/h1>\n<p>[\/et_pb_text][\/et_pb_column][\/et_pb_row][et_pb_row column_structure=\u00a0\u00bb3_5,2_5&Prime; _builder_version=\u00a0\u00bb4.16&Prime; _module_preset=\u00a0\u00bbdefault\u00a0\u00bb background_color=\u00a0\u00bbrgba(0,0,0,0.78)\u00a0\u00bb custom_margin=\u00a0\u00bb0px||||false|false\u00a0\u00bb custom_padding=\u00a0\u00bb18px|22px|18px|0px|true|false\u00a0\u00bb animation_style=\u00a0\u00bbslide\u00a0\u00bb border_radii=\u00a0\u00bbon|8px|8px|8px|8px\u00a0\u00bb global_colors_info=\u00a0\u00bb{}\u00a0\u00bb][et_pb_column type=\u00a0\u00bb3_5&Prime; _builder_version=\u00a0\u00bb4.16&Prime; _module_preset=\u00a0\u00bbdefault\u00a0\u00bb global_colors_info=\u00a0\u00bb{}\u00a0\u00bb][et_pb_text _builder_version=\u00a0\u00bb4.21.0&Prime; _module_preset=\u00a0\u00bbdefault\u00a0\u00bb text_text_color=\u00a0\u00bb#FFFFFF\u00a0\u00bb header_2_text_color=\u00a0\u00bb#e05b2a\u00a0\u00bb header_2_font_size=\u00a0\u00bb34px\u00a0\u00bb header_4_text_color=\u00a0\u00bb#FFFFFF\u00a0\u00bb header_4_font_size=\u00a0\u00bb28px\u00a0\u00bb header_5_text_color=\u00a0\u00bb#FFFFFF\u00a0\u00bb header_5_font_size=\u00a0\u00bb22px\u00a0\u00bb text_orientation=\u00a0\u00bbcenter\u00a0\u00bb custom_margin=\u00a0\u00bb6px||6px|30px|true|false\u00a0\u00bb custom_margin_tablet=\u00a0\u00bb\u00a0\u00bb custom_margin_phone=\u00a0\u00bb|15px||15px|true|false\u00a0\u00bb custom_margin_last_edited=\u00a0\u00bbon|phone\u00a0\u00bb hover_enabled=\u00a0\u00bb0&Prime; text_orientation_tablet=\u00a0\u00bb\u00a0\u00bb text_orientation_phone=\u00a0\u00bbcenter\u00a0\u00bb text_orientation_last_edited=\u00a0\u00bbon|phone\u00a0\u00bb global_colors_info=\u00a0\u00bb{}\u00a0\u00bb sticky_enabled=\u00a0\u00bb0&Prime;]<\/p>\n<h2 style=\"text-align: center;\">SUPER PROMO<\/h2>\n<h4 style=\"text-align: center;\">D\u00c9BARRAS0 2 m\u00b2<\/h4>\n<p>[\/et_pb_text][et_pb_text _builder_version=\u00a0\u00bb4.21.0&Prime; _module_preset=\u00a0\u00bbdefault\u00a0\u00bb text_text_color=\u00a0\u00bb#FFFFFF\u00a0\u00bb text_font_size=\u00a0\u00bb25px\u00a0\u00bb background_color=\u00a0\u00bb#e85426&Prime; width=\u00a0\u00bb31%\u00a0\u00bb module_alignment=\u00a0\u00bbcenter\u00a0\u00bb custom_margin=\u00a0\u00bb||15px|||\u00a0\u00bb custom_padding=\u00a0\u00bb6px|10px|6px|10px|false|false\u00a0\u00bb hover_enabled=\u00a0\u00bb0&Prime; border_radii=\u00a0\u00bbon|100px|100px|100px|100px\u00a0\u00bb global_colors_info=\u00a0\u00bb{}\u00a0\u00bb sticky_enabled=\u00a0\u00bb0&Prime;]<\/p>\n<p style=\"text-align: center;\"><strong>56 \u20ac \/ mois<\/strong><\/p>\n<p>[\/et_pb_text][et_pb_text _builder_version=\u00a0\u00bb4.21.0&Prime; _module_preset=\u00a0\u00bbdefault\u00a0\u00bb text_text_color=\u00a0\u00bb#FFFFFF\u00a0\u00bb header_2_text_color=\u00a0\u00bb#e05b2a\u00a0\u00bb header_2_font_size=\u00a0\u00bb34px\u00a0\u00bb header_4_text_color=\u00a0\u00bb#FFFFFF\u00a0\u00bb header_4_font_size=\u00a0\u00bb28px\u00a0\u00bb header_5_text_color=\u00a0\u00bb#FFFFFF\u00a0\u00bb header_5_font_size=\u00a0\u00bb22px\u00a0\u00bb text_orientation=\u00a0\u00bbcenter\u00a0\u00bb custom_margin=\u00a0\u00bb5px||16px|30px|false|false\u00a0\u00bb custom_margin_tablet=\u00a0\u00bb\u00a0\u00bb custom_margin_phone=\u00a0\u00bb|15px||15px|true|false\u00a0\u00bb custom_margin_last_edited=\u00a0\u00bbon|phone\u00a0\u00bb hover_enabled=\u00a0\u00bb0&Prime; text_orientation_tablet=\u00a0\u00bb\u00a0\u00bb text_orientation_phone=\u00a0\u00bbcenter\u00a0\u00bb text_orientation_last_edited=\u00a0\u00bbon|phone\u00a0\u00bb global_colors_info=\u00a0\u00bb{}\u00a0\u00bb sticky_enabled=\u00a0\u00bb0&Prime;]<\/p>\n<p style=\"text-align: center;\">SEULEMENT 2 UNIT\u00c9S<\/p>\n<p>[\/et_pb_text][\/et_pb_column][et_pb_column type=\u00a0\u00bb2_5&Prime; _builder_version=\u00a0\u00bb4.16&Prime; _module_preset=\u00a0\u00bbdefault\u00a0\u00bb background_color=\u00a0\u00bbrgba(232,84,38,0.88)\u00a0\u00bb custom_padding=\u00a0\u00bb0px||0px||false|false\u00a0\u00bb border_radii=\u00a0\u00bbon|10px|10px|10px|10px\u00a0\u00bb global_colors_info=\u00a0\u00bb{}\u00a0\u00bb][et_pb_text _builder_version=\u00a0\u00bb4.19.0&Prime; _module_preset=\u00a0\u00bbdefault\u00a0\u00bb text_text_color=\u00a0\u00bb#FFFFFF\u00a0\u00bb header_2_text_color=\u00a0\u00bb#e05b2a\u00a0\u00bb header_2_font_size=\u00a0\u00bb34px\u00a0\u00bb header_4_text_color=\u00a0\u00bb#FFFFFF\u00a0\u00bb header_4_font_size=\u00a0\u00bb28px\u00a0\u00bb header_5_text_color=\u00a0\u00bb#FFFFFF\u00a0\u00bb header_5_font_size=\u00a0\u00bb23px\u00a0\u00bb header_6_text_color=\u00a0\u00bb#FFFFFF\u00a0\u00bb text_orientation=\u00a0\u00bbcenter\u00a0\u00bb custom_margin=\u00a0\u00bb26px|30px|26px|30px|true|false\u00a0\u00bb custom_margin_tablet=\u00a0\u00bb\u00a0\u00bb custom_margin_phone=\u00a0\u00bb|15px||15px|true|false\u00a0\u00bb custom_margin_last_edited=\u00a0\u00bbon|phone\u00a0\u00bb text_orientation_tablet=\u00a0\u00bb\u00a0\u00bb text_orientation_phone=\u00a0\u00bbcenter\u00a0\u00bb text_orientation_last_edited=\u00a0\u00bbon|phone\u00a0\u00bb global_colors_info=\u00a0\u00bb{}\u00a0\u00bb]<\/p>\n<h5 style=\"text-align: center;\"><span style=\"font-size: 16px;\">TRANSPORT GRATUIT VERS<br \/>CONTRAT EN LIGNE**<\/span><\/h5>\n<h6 style=\"text-align: center;\">*V\u00e9rifier les conditions<\/h6>\n<p>[\/et_pb_text][\/et_pb_column][\/et_pb_row][\/et_pb_section][et_pb_section fb_built=\u00a0\u00bb1&Prime; disabled_on=\u00a0\u00bbon|on|on\u00a0\u00bb _builder_version=\u00a0\u00bb4.18.0&Prime; _module_preset=\u00a0\u00bbdefault\u00a0\u00bb background_color=\u00a0\u00bb#1A57A8&Prime; disabled=\u00a0\u00bbon\u00a0\u00bb locked=\u00a0\u00bboff\u00a0\u00bb global_colors_info=\u00a0\u00bb{}\u00a0\u00bb][et_pb_row column_structure=\u00a0\u00bb1_4,3_4&Prime; _builder_version=\u00a0\u00bb4.16&Prime; _module_preset=\u00a0\u00bbdefault\u00a0\u00bb global_colors_info=\u00a0\u00bb{}\u00a0\u00bb][et_pb_column type=\u00a0\u00bb1_4&Prime; _builder_version=\u00a0\u00bb4.16&Prime; _module_preset=\u00a0\u00bbdefault\u00a0\u00bb global_colors_info=\u00a0\u00bb{}\u00a0\u00bb][et_pb_button button_url=\u00a0\u00bbhttps:\/\/areaprivada.metrecubic.com\/\u00a0\u00bb url_new_window=\u00a0\u00bbon\u00a0\u00bb button_text=\u00a0\u00bbContrata Online\u00a0\u00bb button_alignment=\u00a0\u00bbcenter\u00a0\u00bb _builder_version=\u00a0\u00bb4.16&Prime; custom_button=\u00a0\u00bbon\u00a0\u00bb button_text_size=\u00a0\u00bb20px\u00a0\u00bb button_text_color=\u00a0\u00bb#E85426&Prime; button_bg_color=\u00a0\u00bb#ffffff\u00a0\u00bb button_border_color=\u00a0\u00bbrgba(0,0,0,0)\u00a0\u00bb button_border_radius=\u00a0\u00bb30px\u00a0\u00bb button_font=\u00a0\u00bbOswald|||on|||||\u00a0\u00bb background_layout=\u00a0\u00bbdark\u00a0\u00bb custom_margin=\u00a0\u00bb30px||||false|false\u00a0\u00bb custom_margin_tablet=\u00a0\u00bb\u00a0\u00bb custom_margin_phone=\u00a0\u00bb10px||||false|false\u00a0\u00bb custom_margin_last_edited=\u00a0\u00bbon|phone\u00a0\u00bb global_colors_info=\u00a0\u00bb{}\u00a0\u00bb button_text_size__hover_enabled=\u00a0\u00bboff\u00a0\u00bb button_text_size__hover=\u00a0\u00bbnull\u00a0\u00bb button_one_text_size__hover_enabled=\u00a0\u00bboff\u00a0\u00bb button_one_text_size__hover=\u00a0\u00bbnull\u00a0\u00bb button_two_text_size__hover_enabled=\u00a0\u00bboff\u00a0\u00bb button_two_text_size__hover=\u00a0\u00bbnull\u00a0\u00bb button_text_color__hover_enabled=\u00a0\u00bboff\u00a0\u00bb button_text_color__hover=\u00a0\u00bbnull\u00a0\u00bb button_one_text_color__hover_enabled=\u00a0\u00bboff\u00a0\u00bb button_one_text_color__hover=\u00a0\u00bbnull\u00a0\u00bb button_two_text_color__hover_enabled=\u00a0\u00bboff\u00a0\u00bb button_two_text_color__hover=\u00a0\u00bbnull\u00a0\u00bb button_border_width__hover_enabled=\u00a0\u00bboff\u00a0\u00bb button_border_width__hover=\u00a0\u00bbnull\u00a0\u00bb button_one_border_width__hover_enabled=\u00a0\u00bboff\u00a0\u00bb button_one_border_width__hover=\u00a0\u00bbnull\u00a0\u00bb button_two_border_width__hover_enabled=\u00a0\u00bboff\u00a0\u00bb button_two_border_width__hover=\u00a0\u00bbnull\u00a0\u00bb button_border_color__hover_enabled=\u00a0\u00bboff\u00a0\u00bb button_border_color__hover=\u00a0\u00bbnull\u00a0\u00bb button_one_border_color__hover_enabled=\u00a0\u00bboff\u00a0\u00bb button_one_border_color__hover=\u00a0\u00bbnull\u00a0\u00bb button_two_border_color__hover_enabled=\u00a0\u00bboff\u00a0\u00bb button_two_border_color__hover=\u00a0\u00bbnull\u00a0\u00bb button_border_radius__hover_enabled=\u00a0\u00bboff\u00a0\u00bb button_border_radius__hover=\u00a0\u00bbnull\u00a0\u00bb button_one_border_radius__hover_enabled=\u00a0\u00bboff\u00a0\u00bb button_one_border_radius__hover=\u00a0\u00bbnull\u00a0\u00bb button_two_border_radius__hover_enabled=\u00a0\u00bboff\u00a0\u00bb button_two_border_radius__hover=\u00a0\u00bbnull\u00a0\u00bb button_letter_spacing__hover_enabled=\u00a0\u00bboff\u00a0\u00bb button_letter_spacing__hover=\u00a0\u00bbnull\u00a0\u00bb button_one_letter_spacing__hover_enabled=\u00a0\u00bboff\u00a0\u00bb button_one_letter_spacing__hover=\u00a0\u00bbnull\u00a0\u00bb button_two_letter_spacing__hover_enabled=\u00a0\u00bboff\u00a0\u00bb button_two_letter_spacing__hover=\u00a0\u00bbnull\u00a0\u00bb button_bg_color__hover_enabled=\u00a0\u00bboff\u00a0\u00bb button_bg_color__hover=\u00a0\u00bbnull\u00a0\u00bb button_one_bg_color__hover_enabled=\u00a0\u00bboff\u00a0\u00bb button_one_bg_color__hover=\u00a0\u00bbnull\u00a0\u00bb button_two_bg_color__hover_enabled=\u00a0\u00bboff\u00a0\u00bb button_two_bg_color__hover=\u00a0\u00bbnull\u00a0\u00bb][\/et_pb_button][\/et_pb_column][et_pb_column type=\u00a0\u00bb3_4&Prime; _builder_version=\u00a0\u00bb4.16&Prime; _module_preset=\u00a0\u00bbdefault\u00a0\u00bb global_colors_info=\u00a0\u00bb{}\u00a0\u00bb][et_pb_text _builder_version=\u00a0\u00bb4.16&Prime; _module_preset=\u00a0\u00bbdefault\u00a0\u00bb text_font=\u00a0\u00bbOswald||||||||\u00a0\u00bb text_text_color=\u00a0\u00bb#ffffff\u00a0\u00bb text_font_size=\u00a0\u00bb20px\u00a0\u00bb custom_margin=\u00a0\u00bb0px||10px||false|false\u00a0\u00bb text_orientation_tablet=\u00a0\u00bb\u00a0\u00bb text_orientation_phone=\u00a0\u00bbcenter\u00a0\u00bb text_orientation_last_edited=\u00a0\u00bbon|phone\u00a0\u00bb global_colors_info=\u00a0\u00bb{}\u00a0\u00bb]<\/p>\n<p>CONTRATA EL TRASTERO ON LINE Y CONSIGUE <strong>TRANSPORTE GRATIS<\/strong>*<\/p>\n<p>[\/et_pb_text][et_pb_text _builder_version=\u00a0\u00bb4.16&Prime; _module_preset=\u00a0\u00bbdefault\u00a0\u00bb text_font=\u00a0\u00bb||||||||\u00a0\u00bb text_text_color=\u00a0\u00bb#ffffff\u00a0\u00bb link_font=\u00a0\u00bb||||on||||\u00a0\u00bb link_text_color=\u00a0\u00bb#ffffff\u00a0\u00bb custom_margin_tablet=\u00a0\u00bb\u00a0\u00bb custom_margin_phone=\u00a0\u00bb||||false|false\u00a0\u00bb custom_margin_last_edited=\u00a0\u00bbon|phone\u00a0\u00bb custom_padding=\u00a0\u00bb|||0px|false|false\u00a0\u00bb text_font_size_tablet=\u00a0\u00bb\u00a0\u00bb text_font_size_phone=\u00a0\u00bb12px\u00a0\u00bb text_font_size_last_edited=\u00a0\u00bbon|phone\u00a0\u00bb text_orientation_tablet=\u00a0\u00bb\u00a0\u00bb text_orientation_phone=\u00a0\u00bbcenter\u00a0\u00bb text_orientation_last_edited=\u00a0\u00bbon|phone\u00a0\u00bb global_colors_info=\u00a0\u00bb{}\u00a0\u00bb]<\/p>\n<p>Promoci\u00f3n exclusiva Metrecubic SABADELL, <a href=\"http:\/\/metre.emfasi.es\/fr\/conditions-profitez-de-transport-gratuit\/\" target=\"_blank\" rel=\"noopener noreferrer\">ver condiciones<\/a>*.<br \/>&#8211; Para trasteros de 1 a 3 m\u00b2: 2 horas gratis de mudanza con 1 operario y furg\u00f3n de 10 m\u00b3.<br \/>&#8211; Para trasteros de m\u00e1s de 4 m\u00b2 hasta 10 m\u00b2: 4 horas gratis de mudanza con 1 operario y furg\u00f3n de 10 m\u00b3.<\/p>\n<p>[\/et_pb_text][\/et_pb_column][\/et_pb_row][\/et_pb_section][et_pb_section fb_built=\u00a0\u00bb1&Prime; _builder_version=\u00a0\u00bb4.16&Prime; global_colors_info=\u00a0\u00bb{}\u00a0\u00bb][et_pb_row _builder_version=\u00a0\u00bb4.16&Prime; background_size=\u00a0\u00bbinitial\u00a0\u00bb background_position=\u00a0\u00bbtop_left\u00a0\u00bb background_repeat=\u00a0\u00bbrepeat\u00a0\u00bb global_colors_info=\u00a0\u00bb{}\u00a0\u00bb][et_pb_column type=\u00a0\u00bb4_4&Prime; _builder_version=\u00a0\u00bb4.16&Prime; custom_padding=\u00a0\u00bb|||\u00a0\u00bb global_colors_info=\u00a0\u00bb{}\u00a0\u00bb custom_padding__hover=\u00a0\u00bb|||\u00a0\u00bb][et_pb_text disabled_on=\u00a0\u00bbon||\u00a0\u00bb admin_label=\u00a0\u00bbSabadell\u00a0\u00bb _builder_version=\u00a0\u00bb4.19.0&Prime; text_font_size=\u00a0\u00bb25&Prime; link_text_align=\u00a0\u00bbright\u00a0\u00bb header_text_align=\u00a0\u00bbright\u00a0\u00bb text_orientation=\u00a0\u00bbright\u00a0\u00bb max_width=\u00a0\u00bb48%\u00a0\u00bb module_alignment=\u00a0\u00bbright\u00a0\u00bb custom_padding=\u00a0\u00bb0px||0px|\u00a0\u00bb z_index_tablet=\u00a0\u00bb500&Prime; border_width_bottom=\u00a0\u00bb1&Prime; border_color_bottom=\u00a0\u00bb#e85426&Prime; global_colors_info=\u00a0\u00bb{}\u00a0\u00bb]<\/p>\n<p>Appelez-nous au <a href=\"tel:+34937269264\"><strong>937 269 264<\/strong><\/a><\/p>\n<p>[\/et_pb_text][et_pb_text _builder_version=\u00a0\u00bb4.19.0&Prime; header_5_text_color=\u00a0\u00bb#1a57a8&Prime; z_index_tablet=\u00a0\u00bb500&Prime; global_colors_info=\u00a0\u00bb{}\u00a0\u00bb]<\/p>\n<p>Nous vous proposons un service innovant \u00e0 Sabadell et dans la r\u00e9gion du Vall\u00e8s, o\u00f9 nous vous proposons un espace priv\u00e9 pour entreprises, ind\u00e9pendants et particuliers de 1m\u00b2 jusqu&rsquo;\u00e0 la taille que vous souhaitez, uniquement pour la dur\u00e9e dont vous avez besoin et o\u00f9 vous avez un acc\u00e8s 365\/24 . Beaucoup plus s\u00fbr et plus confortable qu&rsquo;un stockage traditionnel.<\/p>\n<h2>Quelles garde-meubles nous vous proposons:<\/h2>\n<p>Emplacement central \u00e0 Sabadell, et tr\u00e8s bien reli\u00e9 \u00e0 la C-58 par l&rsquo;entr\u00e9e de Sabadell Norte-Centro si vous venez d&rsquo;autres villes de Vall\u00e8s telles que: <em>Terrassa, Sant Quirze del Vall\u00e8s, Castellar del Vall\u00e9s, Matadepera, Barber\u00e1 del Vall\u00e9s, Cerdanyola del Vall\u00e8s, Sant Cugat del Vall\u00e8s, Ripollet, Montcada i Reixac, Santa Perpetua de Mogoda, Granollers, Mollet del Vall\u00e8s, Parets del Vall\u00e8s<\/em><\/p>\n<h4>D\u00e9barras priv\u00e9s \u00e0 Sabadell avec les <strong>mesures de s\u00e9curit\u00e9 maximales<\/strong> et avec <strong>assurance incluse<\/strong> dans le prix.<\/h4>\n<p><strong>Camionnette gratuite<\/strong> pour emmener vos affaires au d\u00e9barras <em>Metrecubic Sabadell.<\/em><\/p>\n<p>Nous organisons votre d\u00e9m\u00e9nagement dans le local de stockage Metrecubic Sabadell en prot\u00e9geant vos affaires afin qu&rsquo;elles puissent \u00eatre empil\u00e9es en toute s\u00e9curit\u00e9.Si vous \u00eates un professionnel et r\u00e9ceptionnez de la marchandise ou si vous \u00eates un particulier et achetez en ligne, nous pouvons vous proposer notre service de r\u00e9ception de marchandise. Nous vous informons lorsque vous le recevez et vous pouvez venir le chercher quand vous le souhaitez.<\/p>\n<p>Venez nous rendre visite dans notre centre de Sabadell. <strong>Vous pouvez choisir la salle de stockage qui vous convient le mieux.<\/strong><\/p>\n<p>[\/et_pb_text][\/et_pb_column][\/et_pb_row][\/et_pb_section][et_pb_section fb_built=\u00a0\u00bb1&Prime; _builder_version=\u00a0\u00bb4.16&Prime; background_color=\u00a0\u00bbrgba(247,247,247,0.3)\u00a0\u00bb z_index_tablet=\u00a0\u00bb500&Prime; border_width_top=\u00a0\u00bb1&Prime; border_color_top=\u00a0\u00bb#1a57a8&Prime; locked=\u00a0\u00bboff\u00a0\u00bb global_colors_info=\u00a0\u00bb{}\u00a0\u00bb][et_pb_row _builder_version=\u00a0\u00bb4.16&Prime; background_size=\u00a0\u00bbinitial\u00a0\u00bb background_position=\u00a0\u00bbtop_left\u00a0\u00bb background_repeat=\u00a0\u00bbrepeat\u00a0\u00bb global_colors_info=\u00a0\u00bb{}\u00a0\u00bb][et_pb_column type=\u00a0\u00bb4_4&Prime; _builder_version=\u00a0\u00bb4.16&Prime; custom_padding=\u00a0\u00bb|||\u00a0\u00bb global_colors_info=\u00a0\u00bb{}\u00a0\u00bb custom_padding__hover=\u00a0\u00bb|||\u00a0\u00bb][et_pb_text _builder_version=\u00a0\u00bb4.19.0&Prime; header_5_text_color=\u00a0\u00bb#1a57a8&Prime; z_index_tablet=\u00a0\u00bb500&Prime; global_colors_info=\u00a0\u00bb{}\u00a0\u00bb]<\/p>\n<h5>Demandez un devis pour votre prochain local de stockage<\/h5>\n<p>Remplissez tous les champs du formulaire suivant pour pouvoir vous proposer un budget ajust\u00e9 \u00e0 vos besoins.<\/p>\n<p>[\/et_pb_text][\/et_pb_column][\/et_pb_row][et_pb_row column_structure=\u00a0\u00bb1_2,1_2&Prime; _builder_version=\u00a0\u00bb4.16&Prime; background_size=\u00a0\u00bbinitial\u00a0\u00bb background_position=\u00a0\u00bbtop_left\u00a0\u00bb background_repeat=\u00a0\u00bbrepeat\u00a0\u00bb global_colors_info=\u00a0\u00bb{}\u00a0\u00bb][et_pb_column type=\u00a0\u00bb1_2&Prime; _builder_version=\u00a0\u00bb4.16&Prime; custom_padding=\u00a0\u00bb|||\u00a0\u00bb global_colors_info=\u00a0\u00bb{}\u00a0\u00bb custom_padding__hover=\u00a0\u00bb|||\u00a0\u00bb][et_pb_code _builder_version=\u00a0\u00bb4.19.0&Prime; z_index_tablet=\u00a0\u00bb500&Prime; global_colors_info=\u00a0\u00bb{}\u00a0\u00bb]\n<div class=\"wpcf7 no-js\" id=\"wpcf7-f14616-o1\" lang=\"es-ES\" dir=\"ltr\">\n<div class=\"screen-reader-response\"><p role=\"status\" aria-live=\"polite\" aria-atomic=\"true\"><\/p> <ul><\/ul><\/div>\n<form action=\"\/fr\/wp-json\/wp\/v2\/pages\/25801#wpcf7-f14616-o1\" method=\"post\" class=\"wpcf7-form init\" aria-label=\"Formulario de contacto\" novalidate=\"novalidate\" data-status=\"init\">\n<div style=\"display: none;\">\n<input type=\"hidden\" name=\"_wpcf7\" value=\"14616\" \/>\n<input type=\"hidden\" name=\"_wpcf7_version\" value=\"5.8.7\" \/>\n<input type=\"hidden\" name=\"_wpcf7_locale\" value=\"es_ES\" \/>\n<input type=\"hidden\" name=\"_wpcf7_unit_tag\" value=\"wpcf7-f14616-o1\" \/>\n<input type=\"hidden\" name=\"_wpcf7_container_post\" value=\"0\" \/>\n<input type=\"hidden\" name=\"_wpcf7_posted_data_hash\" value=\"\" \/>\n<input type=\"hidden\" name=\"_wpcf7cf_hidden_group_fields\" value=\"[]\" \/>\n<input type=\"hidden\" name=\"_wpcf7cf_hidden_groups\" value=\"[]\" \/>\n<input type=\"hidden\" name=\"_wpcf7cf_visible_groups\" value=\"[]\" \/>\n<input type=\"hidden\" name=\"_wpcf7cf_repeaters\" value=\"[]\" \/>\n<input type=\"hidden\" name=\"_wpcf7cf_steps\" value=\"{}\" \/>\n<input type=\"hidden\" name=\"_wpcf7cf_options\" value=\"{&quot;form_id&quot;:14616,&quot;conditions&quot;:[{&quot;then_field&quot;:&quot;Girona&quot;,&quot;and_rules&quot;:[{&quot;if_field&quot;:&quot;ville&quot;,&quot;operator&quot;:&quot;equals&quot;,&quot;if_value&quot;:&quot;Girona&quot;}]}],&quot;settings&quot;:{&quot;animation&quot;:&quot;yes&quot;,&quot;animation_intime&quot;:200,&quot;animation_outtime&quot;:200,&quot;conditions_ui&quot;:&quot;normal&quot;,&quot;notice_dismissed&quot;:false,&quot;notice_dismissed_update-cf7-5.7.3&quot;:true,&quot;notice_dismissed_rollback-cf7-5.7.4&quot;:true,&quot;notice_dismissed_rollback-cf7-5.8.6&quot;:true}}\" \/>\n<input type=\"hidden\" name=\"_wpcf7_recaptcha_response\" value=\"\" \/>\n<\/div>\n<div class=\"et_pb_contact\">\n\t<div class=\"et_pb_contact_left\">\n\t\t<p><span class=\"wpcf7-form-control-wrap\" data-name=\"your-name\"><input size=\"40\" class=\"wpcf7-form-control wpcf7-text wpcf7-validates-as-required\" aria-required=\"true\" aria-invalid=\"false\" placeholder=\"Pr\u00e9nom et nom*\" value=\"\" type=\"text\" name=\"your-name\" \/><\/span>\n\t\t<\/p>\n\t\t<p><span class=\"wpcf7-form-control-wrap\" data-name=\"your-email\"><input size=\"40\" class=\"wpcf7-form-control wpcf7-email wpcf7-validates-as-required wpcf7-text wpcf7-validates-as-email\" aria-required=\"true\" aria-invalid=\"false\" placeholder=\"E-mail *\" value=\"\" type=\"email\" name=\"your-email\" \/><\/span>\n\t\t<\/p>\n\t\t<p><span class=\"wpcf7-form-control-wrap\" data-name=\"telefono\"><input size=\"40\" class=\"wpcf7-form-control wpcf7-tel wpcf7-validates-as-required wpcf7-text wpcf7-validates-as-tel\" aria-required=\"true\" aria-invalid=\"false\" placeholder=\"Num\u00e9ro de portable*\" value=\"\" type=\"tel\" name=\"telefono\" \/><\/span>\n\t\t<\/p>\n\t\t<p><span class=\"wpcf7-form-control-wrap\" data-name=\"poblacion\"><input size=\"40\" class=\"wpcf7-form-control wpcf7-text\" aria-invalid=\"false\" placeholder=\"Village\" value=\"\" type=\"text\" name=\"poblacion\" \/><\/span>\n\t\t<\/p>\n\t\t<p>Choisissez l\u2019horaire pendant lequel vous pr\u00e9f\u00e9rez que nous vous contactions: <span class=\"wpcf7-form-control-wrap\" data-name=\"horario-contacto\"><select class=\"wpcf7-form-control wpcf7-select\" aria-invalid=\"false\" name=\"horario-contacto\"><option value=\"8 \u00e0 14 heures\">8 \u00e0 14 heures<\/option><option value=\"14 \u00e0 16 heures\">14 \u00e0 16 heures<\/option><option value=\"16 \u00e0 19 heures\">16 \u00e0 19 heures<\/option><option value=\"19 \u00e0 22 heures\">19 \u00e0 22 heures<\/option><option value=\"Indiff\u00e9rent\">Indiff\u00e9rent<\/option><\/select><\/span>\n\t\t<\/p>\n\t\t<p>Ville: <span class=\"wpcf7-form-control-wrap\" data-name=\"ville\"><select class=\"wpcf7-form-control wpcf7-select\" aria-invalid=\"false\" name=\"ville\"><option value=\"Sabadell\">Sabadell<\/option><option value=\"Girona\">Girona<\/option><\/select><\/span>\n\t\t<\/p>\n\t\t<div data-id=\"Girona\" data-orig_data_id=\"Girona\"  data-class=\"wpcf7cf_group\">\n\t\t\t<p>Centre:<span class=\"wpcf7-form-control-wrap\" data-name=\"centre\"><select class=\"wpcf7-form-control wpcf7-select wpcf7-validates-as-required\" aria-required=\"true\" aria-invalid=\"false\" name=\"centre\"><option value=\"\">&#8212;Por favor, elige una opci\u00f3n&#8212;<\/option><option value=\"C\/ Ind\u00fastria\">C\/ Ind\u00fastria<\/option><option value=\"Girona Centre\">Girona Centre<\/option><option value=\"Garde-meubles acc\u00e8s direct\">Garde-meubles acc\u00e8s direct<\/option><option value=\"Empuriabrava\">Empuriabrava<\/option><\/select><\/span>\n\t\t\t<\/p>\n\t\t<\/div>\n\t\t<p>Type d'usage: <span class=\"wpcf7-form-control-wrap\" data-name=\"usage\"><select class=\"wpcf7-form-control wpcf7-select\" aria-invalid=\"false\" name=\"usage\"><option value=\"Particulier\">Particulier<\/option><option value=\"Professionnel\">Professionnel<\/option><option value=\"Travailleur ind\u00e9pendant\">Travailleur ind\u00e9pendant<\/option><\/select><\/span>\n\t\t<\/p>\n\t\t<p>Espace requis en m2: <span class=\"wpcf7-form-control-wrap\" data-name=\"metros\"><select class=\"wpcf7-form-control wpcf7-select\" aria-invalid=\"false\" name=\"metros\"><option value=\"1-3 m2\">1-3 m2<\/option><option value=\"4-6 m2\">4-6 m2<\/option><option value=\"7-9 m2\">7-9 m2<\/option><option value=\"10-12 m2\">10-12 m2<\/option><option value=\"13-15 m2\">13-15 m2<\/option><option value=\"plus de 15 m2\">plus de 15 m2<\/option><\/select><\/span>\n\t\t<\/p>\n\t\t<p>Date d'entr\u00e9e: <span class=\"wpcf7-form-control-wrap\" data-name=\"fecha\"><input class=\"wpcf7-form-control wpcf7-date wpcf7-validates-as-required wpcf7-validates-as-date\" aria-required=\"true\" aria-invalid=\"false\" value=\"\" type=\"date\" name=\"fecha\" \/><\/span>\n\t\t<\/p>\n\t\t<p>Pour combien de temps?: <span class=\"wpcf7-form-control-wrap\" data-name=\"duracion\"><select class=\"wpcf7-form-control wpcf7-select\" aria-invalid=\"false\" name=\"duracion\"><option value=\"2 semaines\">2 semaines<\/option><option value=\"3 semaines\">3 semaines<\/option><option value=\"1 mois\">1 mois<\/option><option value=\"2 mois\">2 mois<\/option><option value=\"3 mois\">3 mois<\/option><option value=\"4 mois\">4 mois<\/option><option value=\"5 mois\">5 mois<\/option><option value=\"6 mois\">6 mois<\/option><option value=\"Plus d&#039;1 an\">Plus d&#039;1 an<\/option><\/select><\/span>\n\t\t<\/p>\n\t\t<p><span class=\"wpcf7-form-control-wrap\" data-name=\"mensaje\"><textarea cols=\"40\" rows=\"10\" class=\"wpcf7-form-control wpcf7-textarea\" aria-invalid=\"false\" placeholder=\"Laissez-nous vos commentaires pour nous aider \u00e0 mieux comprendre vos besoins\" name=\"mensaje\"><\/textarea><\/span>\n\t\t<\/p>\n\t\t<p>*Champs obligatoires\n\t\t<\/p>\n\t<\/div>\n<\/div>\n<div style=\"display:none\">\n\t<p><span class=\"wpcf7-form-control-wrap\" data-name=\"your-subject\"><input size=\"40\" class=\"wpcf7-form-control wpcf7-text\" aria-invalid=\"false\" value=\"Formulario TRASTEROS FR\" type=\"text\" name=\"your-subject\" \/><\/span>\n\t<\/p>\n<\/div>\n<p><span class=\"wpcf7-form-control-wrap\" data-name=\"acepto\"><span class=\"wpcf7-form-control wpcf7-acceptance\"><span class=\"wpcf7-list-item\"><input type=\"checkbox\" name=\"acepto\" value=\"1\" aria-invalid=\"false\" \/><\/span><\/span><\/span> J'ai lu et accept\u00e9 <a href=\"http:\/\/metre.emfasi.es\/politica-de-privacidad\/\" target=\"blank\">Politique de confidentialit\u00e9<\/a><input class=\"wpcf7-form-control wpcf7-submit has-spinner et_pb_contact_submit et_pb_button\" type=\"submit\" value=\"Envoyer\" \/>\n<\/p><div class=\"wpcf7-response-output\" aria-hidden=\"true\"><\/div>\n<\/form>\n<\/div>\n[\/et_pb_code][\/et_pb_column][et_pb_column type=\u00a0\u00bb1_2&Prime; _builder_version=\u00a0\u00bb4.16&Prime; custom_padding=\u00a0\u00bb|||\u00a0\u00bb global_colors_info=\u00a0\u00bb{}\u00a0\u00bb custom_padding__hover=\u00a0\u00bb|||\u00a0\u00bb][et_pb_image src=\u00a0\u00bbhttp:\/\/metre.emfasi.es\/wp-content\/uploads\/2017\/09\/f03-1.jpg\u00a0\u00bb align_tablet=\u00a0\u00bbcenter\u00a0\u00bb align_phone=\u00a0\u00bb\u00a0\u00bb align_last_edited=\u00a0\u00bbon|desktop\u00a0\u00bb _builder_version=\u00a0\u00bb4.16&Prime; global_colors_info=\u00a0\u00bb{}\u00a0\u00bb]<\/p>\n<p>[\/et_pb_image][\/et_pb_column][\/et_pb_row][\/et_pb_section][et_pb_section fb_built=\u00a0\u00bb1&Prime; fullwidth=\u00a0\u00bbon\u00a0\u00bb _builder_version=\u00a0\u00bb4.16&Prime; _module_preset=\u00a0\u00bbdefault\u00a0\u00bb global_colors_info=\u00a0\u00bb{}\u00a0\u00bb][et_pb_fullwidth_code _builder_version=\u00a0\u00bb4.16&Prime; _module_preset=\u00a0\u00bbdefault\u00a0\u00bb custom_margin=\u00a0\u00bb20px||50px||false|false\u00a0\u00bb global_colors_info=\u00a0\u00bb{}\u00a0\u00bb]<div class=\"ti-widget ti-goog\" data-layout-id=\"5\" data-set-id=\"light-background\" data-pid=\"\" data-pager-autoplay-timeout=\"6\" data-review-target-width=\"275\" data-language=\"es\" > <div class=\"ti-widget-container ti-col-4\"> <div class=\"ti-footer source-Google\"> <div class=\"ti-rating-text\"> <strong class=\"ti-rating\"> Excelente <\/strong> <\/div> <span class=\"ti-stars star-lg\"> <span class=\"ti-star f\"><\/span><span class=\"ti-star f\"><\/span><span class=\"ti-star f\"><\/span><span class=\"ti-star f\"><\/span><span class=\"ti-star h\"><\/span> <\/span> <div class=\"ti-rating-text\"> <span class=\"nowrap\">A base de <strong>527 rese\u00f1as<\/strong><\/span> <\/div> <div class=\"ti-large-logo\"> <div class=\"ti-v-center\"> <img loading=\"lazy\" decoding=\"async\" class=\"ti-logo-fb\" src=\"https:\/\/cdn.trustindex.io\/assets\/platform\/Google\/logo.svg\" width=\"150\" height=\"25\" alt=\"Google\" \/> <\/div> <\/div> <\/div> <div class=\"ti-reviews-container\"> <div class=\"ti-controls\"> <div class=\"ti-next\"><\/div> <div class=\"ti-prev\"><\/div> <\/div> <div class=\"ti-reviews-container-wrapper\">  <div data-empty=\"0\" class=\"ti-review-item source-Google\" > <div class=\"ti-inner\"> <div class=\"ti-review-header\"> <div class=\"ti-profile-img\"> <img decoding=\"async\" src=\"https:\/\/lh3.googleusercontent.com\/a-\/ALV-UjWHfuRKCOwP-E7Ti-1JwTjkijwhaVlpwW_TBMZC4TtdExTL=s120-c-rp-mo-br100\" alt=\"Alicia L\u00f3pez\" \/> <\/div> <div class=\"ti-profile-details\"> <div class=\"ti-name\"> Alicia L\u00f3pez <\/div> <div class=\"ti-date\">25\/01\/2024<\/div> <\/div> <\/div> <span class=\"ti-stars\"><span class=\"ti-star f\"><\/span><span class=\"ti-star f\"><\/span><span class=\"ti-star f\"><\/span><span class=\"ti-star f\"><\/span><span class=\"ti-star f\"><\/span><\/span> <div class=\"ti-review-text-container ti-review-content\"><!-- R-CONTENT -->Molt professionals i amables! Cuiden cada detall i no s'encanten! Recomano 100 %<!-- R-CONTENT --><\/div> <span class=\"ti-read-more\" data-container=\".ti-review-content\" data-collapse-text=\"Ocultar\" data-open-text=\"Leer m\u00e1s\" ><\/span> <\/div> <\/div>  <div data-empty=\"0\" class=\"ti-review-item source-Google\" > <div class=\"ti-inner\"> <div class=\"ti-review-header\"> <div class=\"ti-profile-img\"> <img decoding=\"async\" src=\"https:\/\/lh3.googleusercontent.com\/a-\/ALV-UjWsktIyXgLkIp3VcB3XeTkaaHp1PdJ8KdjDg49WuXoaEICm=s120-c-rp-mo-br100\" alt=\"Edicions A Petici\u00f3\" \/> <\/div> <div class=\"ti-profile-details\"> <div class=\"ti-name\"> Edicions A Petici\u00f3 <\/div> <div class=\"ti-date\">22\/01\/2024<\/div> <\/div> <\/div> <span class=\"ti-stars\"><span class=\"ti-star f\"><\/span><span class=\"ti-star f\"><\/span><span class=\"ti-star f\"><\/span><span class=\"ti-star f\"><\/span><span class=\"ti-star f\"><\/span><\/span> <div class=\"ti-review-text-container ti-review-content\"><!-- R-CONTENT -->Un servei excel\u00b7lent. L'atenci\u00f3 al client \u00e9s impecable.<!-- R-CONTENT --><\/div> <span class=\"ti-read-more\" data-container=\".ti-review-content\" data-collapse-text=\"Ocultar\" data-open-text=\"Leer m\u00e1s\" ><\/span> <\/div> <\/div>  <div data-empty=\"0\" class=\"ti-review-item source-Google\" > <div class=\"ti-inner\"> <div class=\"ti-review-header\"> <div class=\"ti-profile-img\"> <img decoding=\"async\" src=\"https:\/\/lh3.googleusercontent.com\/a-\/ALV-UjXG8j4fXoYijZTRLpGImpqSCzcAweuCc-mr1-oVcxoyE8Q=s120-c-rp-mo-br100\" alt=\"Gregor\" \/> <\/div> <div class=\"ti-profile-details\"> <div class=\"ti-name\"> Gregor <\/div> <div class=\"ti-date\">19\/01\/2024<\/div> <\/div> <\/div> <span class=\"ti-stars\"><span class=\"ti-star f\"><\/span><span class=\"ti-star f\"><\/span><span class=\"ti-star f\"><\/span><span class=\"ti-star f\"><\/span><span class=\"ti-star f\"><\/span><\/span> <div class=\"ti-review-text-container ti-review-content\"><!-- R-CONTENT -->Recomendable, muy profesionales y amables.<!-- R-CONTENT --><\/div> <span class=\"ti-read-more\" data-container=\".ti-review-content\" data-collapse-text=\"Ocultar\" data-open-text=\"Leer m\u00e1s\" ><\/span> <\/div> <\/div>  <div data-empty=\"0\" class=\"ti-review-item source-Google\" > <div class=\"ti-inner\"> <div class=\"ti-review-header\"> <div class=\"ti-profile-img\"> <img decoding=\"async\" src=\"https:\/\/lh3.googleusercontent.com\/a\/ACg8ocLbBmz_540xsN9h-HWd85rKTT2OM56INa-6JJvYKbnO=s120-c-rp-mo-br100\" alt=\"Antonio otelo\" \/> <\/div> <div class=\"ti-profile-details\"> <div class=\"ti-name\"> Antonio otelo <\/div> <div class=\"ti-date\">18\/12\/2023<\/div> <\/div> <\/div> <span class=\"ti-stars\"><span class=\"ti-star f\"><\/span><span class=\"ti-star f\"><\/span><span class=\"ti-star f\"><\/span><span class=\"ti-star f\"><\/span><span class=\"ti-star f\"><\/span><\/span> <div class=\"ti-review-text-container ti-review-content\"><!-- R-CONTENT -->Sitio espectacular limpio y m\u00e1xima tecnolog\u00eda experiencia muy positiva  y muy buen servicio<!-- R-CONTENT --><\/div> <span class=\"ti-read-more\" data-container=\".ti-review-content\" data-collapse-text=\"Ocultar\" data-open-text=\"Leer m\u00e1s\" ><\/span> <\/div> <\/div>  <div data-empty=\"0\" class=\"ti-review-item source-Google\" > <div class=\"ti-inner\"> <div class=\"ti-review-header\"> <div class=\"ti-profile-img\"> <img decoding=\"async\" src=\"https:\/\/lh3.googleusercontent.com\/a\/ACg8ocKAjYMs5d6nfyH65LLPdxaP9x1ghov1d0yORYENrRlJ=s120-c-rp-mo-br100\" alt=\"Antonio Blanes\" \/> <\/div> <div class=\"ti-profile-details\"> <div class=\"ti-name\"> Antonio Blanes <\/div> <div class=\"ti-date\">18\/12\/2023<\/div> <\/div> <\/div> <span class=\"ti-stars\"><span class=\"ti-star f\"><\/span><span class=\"ti-star f\"><\/span><span class=\"ti-star f\"><\/span><span class=\"ti-star f\"><\/span><span class=\"ti-star f\"><\/span><\/span> <div class=\"ti-review-text-container ti-review-content\"><!-- R-CONTENT -->R\u00e0pid, eficient i molt amables. No han trigat ni dues hores en embolicar els mobles i portar-los de un pis a l'altre.<!-- R-CONTENT --><\/div> <span class=\"ti-read-more\" data-container=\".ti-review-content\" data-collapse-text=\"Ocultar\" data-open-text=\"Leer m\u00e1s\" ><\/span> <\/div> <\/div>  <div data-empty=\"0\" class=\"ti-review-item source-Google\" > <div class=\"ti-inner\"> <div class=\"ti-review-header\"> <div class=\"ti-profile-img\"> <img decoding=\"async\" src=\"https:\/\/lh3.googleusercontent.com\/a\/ACg8ocKkkF4r_NVpOyRWbN4xwkaUsMOw4HGAzB4HIAlx3wnG=s120-c-rp-mo-br100\" alt=\"Cristina Farnos\" \/> <\/div> <div class=\"ti-profile-details\"> <div class=\"ti-name\"> Cristina Farnos <\/div> <div class=\"ti-date\">07\/12\/2023<\/div> <\/div> <\/div> <span class=\"ti-stars\"><span class=\"ti-star f\"><\/span><span class=\"ti-star f\"><\/span><span class=\"ti-star f\"><\/span><span class=\"ti-star f\"><\/span><span class=\"ti-star f\"><\/span><\/span> <div class=\"ti-review-text-container ti-review-content\"><!-- R-CONTENT -->Flexibilitat i adaptabilitat en funci\u00f3 de les necessitats del client.<!-- R-CONTENT --><\/div> <span class=\"ti-read-more\" data-container=\".ti-review-content\" data-collapse-text=\"Ocultar\" data-open-text=\"Leer m\u00e1s\" ><\/span> <\/div> <\/div>  <\/div> <div class=\"ti-controls-line\"> <div class=\"dot\"><\/div> <\/div>  <\/div> <\/div> <\/div>[\/et_pb_fullwidth_code][\/et_pb_section][et_pb_section fb_built=\u00a0\u00bb1&Prime; _builder_version=\u00a0\u00bb4.16&Prime; animation_style=\u00a0\u00bbzoom\u00a0\u00bb border_width_top=\u00a0\u00bb1px\u00a0\u00bb global_colors_info=\u00a0\u00bb{}\u00a0\u00bb][et_pb_row column_structure=\u00a0\u00bb1_2,1_2&Prime; _builder_version=\u00a0\u00bb4.16&Prime; background_size=\u00a0\u00bbinitial\u00a0\u00bb background_position=\u00a0\u00bbtop_left\u00a0\u00bb background_repeat=\u00a0\u00bbrepeat\u00a0\u00bb global_colors_info=\u00a0\u00bb{}\u00a0\u00bb][et_pb_column type=\u00a0\u00bb1_2&Prime; _builder_version=\u00a0\u00bb4.16&Prime; custom_padding=\u00a0\u00bb|||\u00a0\u00bb global_colors_info=\u00a0\u00bb{}\u00a0\u00bb custom_padding__hover=\u00a0\u00bb|||\u00a0\u00bb][et_pb_text _builder_version=\u00a0\u00bb4.19.0&Prime; global_colors_info=\u00a0\u00bb{}\u00a0\u00bb]<\/p>\n<h3 style=\"text-align: center;\">METRECUBIC Garde-meubles et stockage \u00e0 Sabadell<\/h3>\n<p style=\"text-align: center;\">Venez dans notre <strong>centre de Sabadell<\/strong>, pr\u00e8s de la Zone Herm\u00e9tique, nous vous conseillerons sur la meilleure salle de stockage et garde-meubles qui s&rsquo;adapte \u00e0 ce que vous souhaitez stocker et prot\u00e9ger.<\/p>\n<p>[\/et_pb_text][et_pb_text _builder_version=\u00a0\u00bb4.19.0&Prime; global_colors_info=\u00a0\u00bb{}\u00a0\u00bb]<\/p>\n<p style=\"text-align: center;\"><a href=\"https:\/\/goo.gl\/maps\/u3dD28CtAJB2\" target=\"_blank\" rel=\"noopener noreferrer\">Voir l&rsquo;adresse dans Google MAPS<\/a><\/p>\n<p>[\/et_pb_text][\/et_pb_column][et_pb_column type=\u00a0\u00bb1_2&Prime; _builder_version=\u00a0\u00bb4.16&Prime; custom_padding=\u00a0\u00bb|||\u00a0\u00bb global_colors_info=\u00a0\u00bb{}\u00a0\u00bb custom_padding__hover=\u00a0\u00bb|||\u00a0\u00bb][et_pb_code admin_label=\u00a0\u00bbMapa Sabadell\u00a0\u00bb _builder_version=\u00a0\u00bb4.16&Prime; global_colors_info=\u00a0\u00bb{}\u00a0\u00bb]<iframe loading=\"lazy\" src=\"https:\/\/www.google.com\/maps\/embed?pb=!1m14!1m8!1m3!1d7103.106313135927!2d2.0963758639098113!3d41.53702309371104!3m2!1i1024!2i768!4f13.1!3m3!1m2!1s0x0%3A0x52155a685d48984a!2sMetrecubic+Sabadell!5e0!3m2!1ses!2ses!4v1539076764091\" width=\"600\" height=\"450\" frameborder=\"0\" style=\"border:0\" allowfullscreen><\/iframe>[\/et_pb_code][\/et_pb_column][\/et_pb_row][\/et_pb_section][et_pb_section fb_built=\u00a0\u00bb1&Prime; disabled_on=\u00a0\u00bbon|on|on\u00a0\u00bb _builder_version=\u00a0\u00bb4.19.0&Prime; _module_preset=\u00a0\u00bbdefault\u00a0\u00bb background_color=\u00a0\u00bb#efefef\u00a0\u00bb disabled=\u00a0\u00bbon\u00a0\u00bb global_colors_info=\u00a0\u00bb{}\u00a0\u00bb][et_pb_row _builder_version=\u00a0\u00bb4.16&Prime; _module_preset=\u00a0\u00bbdefault\u00a0\u00bb global_colors_info=\u00a0\u00bb{}\u00a0\u00bb][et_pb_column type=\u00a0\u00bb4_4&Prime; _builder_version=\u00a0\u00bb4.16&Prime; _module_preset=\u00a0\u00bbdefault\u00a0\u00bb global_colors_info=\u00a0\u00bb{}\u00a0\u00bb][et_pb_text _builder_version=\u00a0\u00bb4.16&Prime; _module_preset=\u00a0\u00bbdefault\u00a0\u00bb header_4_font_size=\u00a0\u00bb40px\u00a0\u00bb header_4_font_size_tablet=\u00a0\u00bb\u00a0\u00bb header_4_font_size_phone=\u00a0\u00bb30px\u00a0\u00bb header_4_font_size_last_edited=\u00a0\u00bbon|phone\u00a0\u00bb global_colors_info=\u00a0\u00bb{}\u00a0\u00bb]<\/p>\n<h4>Preguntas Frecuentes<\/h4>\n<p>[\/et_pb_text][\/et_pb_column][\/et_pb_row][et_pb_row _builder_version=\u00a0\u00bb4.16&Prime; _module_preset=\u00a0\u00bbdefault\u00a0\u00bb global_colors_info=\u00a0\u00bb{}\u00a0\u00bb][et_pb_column type=\u00a0\u00bb4_4&Prime; _builder_version=\u00a0\u00bb4.16&Prime; _module_preset=\u00a0\u00bbdefault\u00a0\u00bb global_colors_info=\u00a0\u00bb{}\u00a0\u00bb][et_pb_text _builder_version=\u00a0\u00bb4.16&Prime; _module_preset=\u00a0\u00bbdefault\u00a0\u00bb global_colors_info=\u00a0\u00bb{}\u00a0\u00bb]<\/p>\n<h3>Precios trasteros Metrecubic Sabadell<\/h3>\n<p>La pregunta mas frecuente que la gente se suele hacer respecto a los trasteros de alquiler es cual es su precio y que cubre.<\/p>\n<p>Bien, pues este blog va dedicado a solucionar esas dudas que nos suelen inquietar a la hora de alquilar un trastero.<br \/>Tenemos trasteros a partir de <strong>36\u20ac al mes IVA incluido<\/strong>. El precio final depende del tama\u00f1o del trastero, el tiempo de estancia en nuestras instalaciones y la planta donde este ubicado en nuestras instalaciones, por este motivo siempre recomendamos visitar nuestras instalaciones para escojer el trastero que cubra tus necesidades.<\/p>\n<p>El precio incluye un seguro de 1000\u20ac para cubrir tus bienes. Tambi\u00e9n pod\u00e9is acceder los 365 d\u00edas del a\u00f1o sin ning\u00fan tipo de coste adicional, y por si eso fuera poco, tambi\u00e9n os dejamos una furgoneta gratis entre 2 y 4 horas para realizaros el traslado.<\/p>\n<p>Como servicios addicionales ofrecemos servicio de mudanzas y para empresas la recepci\u00f3n de mercanc\u00edas.<\/p>\n<p><strong>Animaros y venir a informaros, no cuesta nada y seguro que podemos ayudaros a cubrir vuestra necesidad. Os esperamos!<\/strong><\/p>\n<p>[\/et_pb_text][\/et_pb_column][\/et_pb_row][\/et_pb_section][et_pb_section fb_built=\u00a0\u00bb1&Prime; disabled_on=\u00a0\u00bbon|on|on\u00a0\u00bb _builder_version=\u00a0\u00bb4.19.0&Prime; _module_preset=\u00a0\u00bbdefault\u00a0\u00bb disabled=\u00a0\u00bbon\u00a0\u00bb locked=\u00a0\u00bboff\u00a0\u00bb global_colors_info=\u00a0\u00bb{}\u00a0\u00bb][et_pb_row _builder_version=\u00a0\u00bb4.17.3&Prime; _module_preset=\u00a0\u00bbdefault\u00a0\u00bb global_colors_info=\u00a0\u00bb{}\u00a0\u00bb][et_pb_column type=\u00a0\u00bb4_4&Prime; _builder_version=\u00a0\u00bb4.17.3&Prime; _module_preset=\u00a0\u00bbdefault\u00a0\u00bb global_colors_info=\u00a0\u00bb{}\u00a0\u00bb][et_pb_code _builder_version=\u00a0\u00bb4.17.3&Prime; _module_preset=\u00a0\u00bbdefault\u00a0\u00bb global_colors_info=\u00a0\u00bb{}\u00a0\u00bb]<!-- FeedbackWP Plugin --><div  class=\"rmp-widgets-container rmp-wp-plugin rmp-main-container js-rmp-widgets-container js-rmp-widgets-container--25801 \"  data-post-id=\"25801\">    <!-- Rating widget -->  <div class=\"rmp-rating-widget js-rmp-rating-widget\">          <p class=\"rmp-heading rmp-heading--title\">        Puntua la calidad de nuestro servicio      <\/p>              <p class=\"rmp-heading rmp-heading--subtitle\">        \u00a1Haz clic en una estrella para puntuarlo!      <\/p>        <div class=\"rmp-rating-widget__icons\">      <ul class=\"rmp-rating-widget__icons-list js-rmp-rating-icons-list\">                  <li class=\"rmp-rating-widget__icons-list__icon js-rmp-rating-item\" data-descriptive-rating=\"Nada \u00fatil\" data-value=\"1\">            <i class=\"js-rmp-rating-icon rmp-icon rmp-icon--ratings rmp-icon--star rmp-icon--full-highlight\"><\/i>          <\/li>                  <li class=\"rmp-rating-widget__icons-list__icon js-rmp-rating-item\" data-descriptive-rating=\"Algo \u00fatil\" data-value=\"2\">            <i class=\"js-rmp-rating-icon rmp-icon rmp-icon--ratings rmp-icon--star rmp-icon--full-highlight\"><\/i>          <\/li>                  <li class=\"rmp-rating-widget__icons-list__icon js-rmp-rating-item\" data-descriptive-rating=\"\u00datil\" data-value=\"3\">            <i class=\"js-rmp-rating-icon rmp-icon rmp-icon--ratings rmp-icon--star rmp-icon--full-highlight\"><\/i>          <\/li>                  <li class=\"rmp-rating-widget__icons-list__icon js-rmp-rating-item\" data-descriptive-rating=\"Bastante \u00fatil\" data-value=\"4\">            <i class=\"js-rmp-rating-icon rmp-icon rmp-icon--ratings rmp-icon--star rmp-icon--full-highlight\"><\/i>          <\/li>                  <li class=\"rmp-rating-widget__icons-list__icon js-rmp-rating-item\" data-descriptive-rating=\"Muy \u00fatil\" data-value=\"5\">            <i class=\"js-rmp-rating-icon rmp-icon rmp-icon--ratings rmp-icon--star \"><\/i>          <\/li>              <\/ul>    <\/div>    <p class=\"rmp-rating-widget__hover-text js-rmp-hover-text\"><\/p>    <button class=\"rmp-rating-widget__submit-btn rmp-btn js-submit-rating-btn\">      Enviar la puntuaci\u00f3n    <\/button>    <p class=\"rmp-rating-widget__results js-rmp-results \">      Promedio de puntuaci\u00f3n <span class=\"rmp-rating-widget__results__rating js-rmp-avg-rating\">3.9<\/span> \/ 5. Recuento de votos: <span class=\"rmp-rating-widget__results__votes js-rmp-vote-count\">7<\/span>    <\/p>    <p class=\"rmp-rating-widget__not-rated js-rmp-not-rated rmp-rating-widget__not-rated--hidden\">      Hasta ahora, \u00a1no hay votos!. S\u00e9 el primero en puntuar este contenido.    <\/p>    <p class=\"rmp-rating-widget__msg js-rmp-msg\"><\/p>  <\/div>  <!--Structured data -->  <script type=\"application\/ld+json\">{  \"@context\": \"http:\/\/schema.org\",  \"@type\": \"Organization\",  \"aggregateRating\": {    \"@type\": \"AggregateRating\",    \"bestRating\": \"5\",    \"ratingCount\": \"7\",    \"ratingValue\": \"3.9\"  },  \"image\": \"\",  \"name\": \"Garde-meubles \u00e0 Sabadell\",  \"description\": \"Garde-meubles \u00e0 Sabadell\"}<\/script>      <\/div>[\/et_pb_code][\/et_pb_column][\/et_pb_row][\/et_pb_section]<\/p>\n","protected":false},"excerpt":{"rendered":"<p>Location de Garde-meubles SabadellSUPER PROMO D\u00c9BARRAS0 2 m\u00b256 \u20ac \/ moisSEULEMENT 2 UNIT\u00c9STRANSPORT GRATUIT VERSCONTRAT EN LIGNE** *V\u00e9rifier les conditionsCONTRATA EL TRASTERO ON LINE Y CONSIGUE TRANSPORTE GRATIS*Promoci\u00f3n exclusiva Metrecubic SABADELL, ver condiciones*.- Para trasteros de 1 a 3 m\u00b2: 2 horas gratis de mudanza con 1 operario y furg\u00f3n de 10 m\u00b3.- Para trasteros [&hellip;]<\/p>\n","protected":false},"author":2,"featured_media":0,"parent":0,"menu_order":0,"comment_status":"closed","ping_status":"closed","template":"","meta":{"_et_pb_use_builder":"on","_et_pb_old_content":"","_et_gb_content_width":"","footnotes":""},"yoast_head":"<!-- This site is optimized with the Yoast SEO plugin v22.1 - https:\/\/yoast.com\/wordpress\/plugins\/seo\/ -->\n<title>TRASTEROS en Sabadell |\u3010METRECUBIC\u3011\u1405 Buen precio 24\/365<\/title>\n<meta name=\"description\" content=\"Alquiler de TRASTEROS en Sabadell. \u2705 Trasteros privados con las m\u00e1ximas medidas de seguridad y con seguro incluido. \u270d \u00a1Pide presupuesto!\" \/>\n<meta name=\"robots\" content=\"noindex, follow, max-snippet:-1, max-image-preview:large, max-video-preview:-1\" \/>\n<meta property=\"og:locale\" content=\"fr_FR\" \/>\n<meta property=\"og:type\" content=\"article\" \/>\n<meta property=\"og:title\" content=\"TRASTEROS en Sabadell |\u3010METRECUBIC\u3011\u1405 Buen precio 24\/365\" \/>\n<meta property=\"og:description\" content=\"Alquiler de TRASTEROS en Sabadell. \u2705 Trasteros privados con las m\u00e1ximas medidas de seguridad y con seguro incluido. \u270d \u00a1Pide presupuesto!\" \/>\n<meta property=\"og:url\" content=\"https:\/\/metre.emfasi.es\/fr\/garde-meubles-a-sabadell\/\" \/>\n<meta property=\"og:site_name\" content=\"Metrecubic\" \/>\n<meta property=\"article:modified_time\" content=\"2023-10-02T10:22:32+00:00\" \/>\n<meta name=\"twitter:card\" content=\"summary_large_image\" \/>\n<meta name=\"twitter:label1\" content=\"Dur\u00e9e de lecture estim\u00e9e\" \/>\n\t<meta name=\"twitter:data1\" content=\"5 minutes\" \/>\n<script type=\"application\/ld+json\" class=\"yoast-schema-graph\">{\"@context\":\"https:\/\/schema.org\",\"@graph\":[{\"@type\":\"WebPage\",\"@id\":\"https:\/\/metre.emfasi.es\/fr\/garde-meubles-a-sabadell\/\",\"url\":\"https:\/\/metre.emfasi.es\/fr\/garde-meubles-a-sabadell\/\",\"name\":\"TRASTEROS en Sabadell |\u3010METRECUBIC\u3011\u1405 Buen precio 24\/365\",\"isPartOf\":{\"@id\":\"https:\/\/metre.emfasi.es\/#website\"},\"datePublished\":\"2019-04-09T16:19:55+00:00\",\"dateModified\":\"2023-10-02T10:22:32+00:00\",\"description\":\"Alquiler de TRASTEROS en Sabadell. \u2705 Trasteros privados con las m\u00e1ximas medidas de seguridad y con seguro incluido. \u270d \u00a1Pide presupuesto!\",\"breadcrumb\":{\"@id\":\"https:\/\/metre.emfasi.es\/fr\/garde-meubles-a-sabadell\/#breadcrumb\"},\"inLanguage\":\"fr-FR\",\"potentialAction\":[{\"@type\":\"ReadAction\",\"target\":[\"https:\/\/metre.emfasi.es\/fr\/garde-meubles-a-sabadell\/\"]}]},{\"@type\":\"BreadcrumbList\",\"@id\":\"https:\/\/metre.emfasi.es\/fr\/garde-meubles-a-sabadell\/#breadcrumb\",\"itemListElement\":[{\"@type\":\"ListItem\",\"position\":1,\"name\":\"Portada\",\"item\":\"https:\/\/metre.emfasi.es\/fr\/\"},{\"@type\":\"ListItem\",\"position\":2,\"name\":\"Garde-meubles \u00e0 Sabadell\"}]},{\"@type\":\"WebSite\",\"@id\":\"https:\/\/metre.emfasi.es\/#website\",\"url\":\"https:\/\/metre.emfasi.es\/\",\"name\":\"Metrecubic\",\"description\":\"Alquiler de trasteros y minialmacenes privados.\",\"publisher\":{\"@id\":\"https:\/\/metre.emfasi.es\/#organization\"},\"potentialAction\":[{\"@type\":\"SearchAction\",\"target\":{\"@type\":\"EntryPoint\",\"urlTemplate\":\"https:\/\/metre.emfasi.es\/?s={search_term_string}\"},\"query-input\":\"required name=search_term_string\"}],\"inLanguage\":\"fr-FR\"},{\"@type\":\"Organization\",\"@id\":\"https:\/\/metre.emfasi.es\/#organization\",\"name\":\"METRECUBIC trasteros y mudanzas\",\"url\":\"https:\/\/metre.emfasi.es\/\",\"logo\":{\"@type\":\"ImageObject\",\"inLanguage\":\"fr-FR\",\"@id\":\"https:\/\/metre.emfasi.es\/#\/schema\/logo\/image\/\",\"url\":\"http:\/\/metre.emfasi.es\/wp-content\/uploads\/2017\/09\/logo-capsalera.gif\",\"contentUrl\":\"http:\/\/metre.emfasi.es\/wp-content\/uploads\/2017\/09\/logo-capsalera.gif\",\"width\":118,\"height\":117,\"caption\":\"METRECUBIC trasteros y mudanzas\"},\"image\":{\"@id\":\"https:\/\/metre.emfasi.es\/#\/schema\/logo\/image\/\"}}]}<\/script>\n<!-- \/ Yoast SEO plugin. -->","yoast_head_json":{"title":"TRASTEROS en Sabadell |\u3010METRECUBIC\u3011\u1405 Buen precio 24\/365","description":"Alquiler de TRASTEROS en Sabadell. \u2705 Trasteros privados con las m\u00e1ximas medidas de seguridad y con seguro incluido. \u270d \u00a1Pide presupuesto!","robots":{"index":"noindex","follow":"follow","max-snippet":"max-snippet:-1","max-image-preview":"max-image-preview:large","max-video-preview":"max-video-preview:-1"},"og_locale":"fr_FR","og_type":"article","og_title":"TRASTEROS en Sabadell |\u3010METRECUBIC\u3011\u1405 Buen precio 24\/365","og_description":"Alquiler de TRASTEROS en Sabadell. \u2705 Trasteros privados con las m\u00e1ximas medidas de seguridad y con seguro incluido. \u270d \u00a1Pide presupuesto!","og_url":"https:\/\/metre.emfasi.es\/fr\/garde-meubles-a-sabadell\/","og_site_name":"Metrecubic","article_modified_time":"2023-10-02T10:22:32+00:00","twitter_card":"summary_large_image","twitter_misc":{"Dur\u00e9e de lecture estim\u00e9e":"5 minutes"},"schema":{"@context":"https:\/\/schema.org","@graph":[{"@type":"WebPage","@id":"https:\/\/metre.emfasi.es\/fr\/garde-meubles-a-sabadell\/","url":"https:\/\/metre.emfasi.es\/fr\/garde-meubles-a-sabadell\/","name":"TRASTEROS en Sabadell |\u3010METRECUBIC\u3011\u1405 Buen precio 24\/365","isPartOf":{"@id":"https:\/\/metre.emfasi.es\/#website"},"datePublished":"2019-04-09T16:19:55+00:00","dateModified":"2023-10-02T10:22:32+00:00","description":"Alquiler de TRASTEROS en Sabadell. \u2705 Trasteros privados con las m\u00e1ximas medidas de seguridad y con seguro incluido. \u270d \u00a1Pide presupuesto!","breadcrumb":{"@id":"https:\/\/metre.emfasi.es\/fr\/garde-meubles-a-sabadell\/#breadcrumb"},"inLanguage":"fr-FR","potentialAction":[{"@type":"ReadAction","target":["https:\/\/metre.emfasi.es\/fr\/garde-meubles-a-sabadell\/"]}]},{"@type":"BreadcrumbList","@id":"https:\/\/metre.emfasi.es\/fr\/garde-meubles-a-sabadell\/#breadcrumb","itemListElement":[{"@type":"ListItem","position":1,"name":"Portada","item":"https:\/\/metre.emfasi.es\/fr\/"},{"@type":"ListItem","position":2,"name":"Garde-meubles \u00e0 Sabadell"}]},{"@type":"WebSite","@id":"https:\/\/metre.emfasi.es\/#website","url":"https:\/\/metre.emfasi.es\/","name":"Metrecubic","description":"Alquiler de trasteros y minialmacenes privados.","publisher":{"@id":"https:\/\/metre.emfasi.es\/#organization"},"potentialAction":[{"@type":"SearchAction","target":{"@type":"EntryPoint","urlTemplate":"https:\/\/metre.emfasi.es\/?s={search_term_string}"},"query-input":"required name=search_term_string"}],"inLanguage":"fr-FR"},{"@type":"Organization","@id":"https:\/\/metre.emfasi.es\/#organization","name":"METRECUBIC trasteros y mudanzas","url":"https:\/\/metre.emfasi.es\/","logo":{"@type":"ImageObject","inLanguage":"fr-FR","@id":"https:\/\/metre.emfasi.es\/#\/schema\/logo\/image\/","url":"http:\/\/metre.emfasi.es\/wp-content\/uploads\/2017\/09\/logo-capsalera.gif","contentUrl":"http:\/\/metre.emfasi.es\/wp-content\/uploads\/2017\/09\/logo-capsalera.gif","width":118,"height":117,"caption":"METRECUBIC trasteros y mudanzas"},"image":{"@id":"https:\/\/metre.emfasi.es\/#\/schema\/logo\/image\/"}}]}},"_links":{"self":[{"href":"https:\/\/metre.emfasi.es\/fr\/wp-json\/wp\/v2\/pages\/25801"}],"collection":[{"href":"https:\/\/metre.emfasi.es\/fr\/wp-json\/wp\/v2\/pages"}],"about":[{"href":"https:\/\/metre.emfasi.es\/fr\/wp-json\/wp\/v2\/types\/page"}],"author":[{"embeddable":true,"href":"https:\/\/metre.emfasi.es\/fr\/wp-json\/wp\/v2\/users\/2"}],"replies":[{"embeddable":true,"href":"https:\/\/metre.emfasi.es\/fr\/wp-json\/wp\/v2\/comments?post=25801"}],"version-history":[{"count":0,"href":"https:\/\/metre.emfasi.es\/fr\/wp-json\/wp\/v2\/pages\/25801\/revisions"}],"wp:attachment":[{"href":"https:\/\/metre.emfasi.es\/fr\/wp-json\/wp\/v2\/media?parent=25801"}],"curies":[{"name":"wp","href":"https:\/\/api.w.org\/{rel}","templated":true}]}}