{"id":25603,"date":"2018-01-25T16:08:54","date_gmt":"2018-01-25T15:08:54","guid":{"rendered":"http:\/\/metre.emfasi.es\/producto\/caja-de-carton-automontable-mediana\/"},"modified":"2023-04-21T09:27:40","modified_gmt":"2023-04-21T07:27:40","slug":"carton-moyen-a-monter-soi-meme","status":"publish","type":"product","link":"https:\/\/metre.emfasi.es\/fr\/producto\/carton-moyen-a-monter-soi-meme\/","title":{"rendered":"Carton Moyen \u00e0 Monter soi-m\u00eame"},"content":{"rendered":"<p>Le Carton Moyen \u00e0 Monter soi-m\u00eame de Metrecubic est id\u00e9al pour ranger des objets et des choses de taille moyenne, des v\u00eatements, des ustensiles de cuisine, de la d\u00e9coration&#8230;<\/p>\n<p>Il est fabriqu\u00e9 en carton renforc\u00e9 et est 100\u00a0% recyclable.<\/p>\n","protected":false},"excerpt":{"rendered":"<p>70 litres, 51,5 x 41 x 34 cm<\/p>\n<p>Nos Cartons Moyens \u00e0 Monter soi-m\u00eame n&rsquo;ont pas besoin de scotch pour \u00eatre ferm\u00e9s. Leurs rabats peuvent \u00eatre ouverts et ferm\u00e9s autant de fois que n\u00e9cessaire. Ils disposent de perforations lat\u00e9rales pour les prendre en main facilement, sont r\u00e9utilisables et peuvent \u00eatre facilement pli\u00e9s une fois vid\u00e9s.<\/p>\n<p><em>Le prix indiqu\u00e9 est unitaire.<\/em><\/p>\n","protected":false},"featured_media":25605,"template":"","meta":{"_et_pb_use_builder":"","_et_pb_old_content":"","_et_gb_content_width":""},"product_cat":[140,139],"product_tag":[141],"yoast_head":"<!-- This site is optimized with the Yoast SEO plugin v22.1 - https:\/\/yoast.com\/wordpress\/plugins\/seo\/ -->\n<title>Carton Moyen \u00e0 Monter soi-m\u00eame - Metrecubic<\/title>\n<meta name=\"robots\" content=\"noindex, follow, max-snippet:-1, max-image-preview:large, max-video-preview:-1\" \/>\n<meta property=\"og:locale\" content=\"fr_FR\" \/>\n<meta property=\"og:type\" content=\"article\" \/>\n<meta property=\"og:title\" content=\"Carton Moyen \u00e0 Monter soi-m\u00eame - Metrecubic\" \/>\n<meta property=\"og:description\" content=\"70 litres, 51,5 x 41 x 34 cm  Nos Cartons Moyens \u00e0 Monter soi-m\u00eame n&#039;ont pas besoin de scotch pour \u00eatre ferm\u00e9s. Leurs rabats peuvent \u00eatre ouverts et ferm\u00e9s autant de fois que n\u00e9cessaire. Ils disposent de perforations lat\u00e9rales pour les prendre en main facilement, sont r\u00e9utilisables et peuvent \u00eatre facilement pli\u00e9s une fois vid\u00e9s.  Le prix indiqu\u00e9 est unitaire.\" \/>\n<meta property=\"og:url\" content=\"https:\/\/metre.emfasi.es\/fr\/producto\/carton-moyen-a-monter-soi-meme\/\" \/>\n<meta property=\"og:site_name\" content=\"Metrecubic\" \/>\n<meta property=\"article:modified_time\" content=\"2023-04-21T07:27:40+00:00\" \/>\n<meta property=\"og:image\" content=\"https:\/\/metre.emfasi.es\/wp-content\/uploads\/2018\/01\/metre-cubic-trasteros-y-mudanzas-caja-automontable-mediana-ok.jpg\" \/>\n\t<meta property=\"og:image:width\" content=\"850\" \/>\n\t<meta property=\"og:image:height\" content=\"850\" \/>\n\t<meta property=\"og:image:type\" content=\"image\/jpeg\" \/>\n<meta name=\"twitter:card\" content=\"summary_large_image\" \/>\n<meta name=\"twitter:label1\" content=\"Dur\u00e9e de lecture estim\u00e9e\" \/>\n\t<meta name=\"twitter:data1\" content=\"1 minute\" \/>\n<script type=\"application\/ld+json\" class=\"yoast-schema-graph\">{\"@context\":\"https:\/\/schema.org\",\"@graph\":[{\"@type\":\"WebPage\",\"@id\":\"https:\/\/metre.emfasi.es\/fr\/producto\/carton-moyen-a-monter-soi-meme\/\",\"url\":\"https:\/\/metre.emfasi.es\/fr\/producto\/carton-moyen-a-monter-soi-meme\/\",\"name\":\"Carton Moyen \u00e0 Monter soi-m\u00eame - Metrecubic\",\"isPartOf\":{\"@id\":\"https:\/\/metre.emfasi.es\/#website\"},\"datePublished\":\"2018-01-25T15:08:54+00:00\",\"dateModified\":\"2023-04-21T07:27:40+00:00\",\"breadcrumb\":{\"@id\":\"https:\/\/metre.emfasi.es\/fr\/producto\/carton-moyen-a-monter-soi-meme\/#breadcrumb\"},\"inLanguage\":\"fr-FR\",\"potentialAction\":[{\"@type\":\"ReadAction\",\"target\":[\"https:\/\/metre.emfasi.es\/fr\/producto\/carton-moyen-a-monter-soi-meme\/\"]}]},{\"@type\":\"BreadcrumbList\",\"@id\":\"https:\/\/metre.emfasi.es\/fr\/producto\/carton-moyen-a-monter-soi-meme\/#breadcrumb\",\"itemListElement\":[{\"@type\":\"ListItem\",\"position\":1,\"name\":\"Portada\",\"item\":\"https:\/\/metre.emfasi.es\/fr\/\"},{\"@type\":\"ListItem\",\"position\":2,\"name\":\"Tienda\",\"item\":\"https:\/\/metre.emfasi.es\/tienda\/\"},{\"@type\":\"ListItem\",\"position\":3,\"name\":\"Carton Moyen \u00e0 Monter soi-m\u00eame\"}]},{\"@type\":\"WebSite\",\"@id\":\"https:\/\/metre.emfasi.es\/#website\",\"url\":\"https:\/\/metre.emfasi.es\/\",\"name\":\"Metrecubic\",\"description\":\"Alquiler de trasteros y minialmacenes privados.\",\"publisher\":{\"@id\":\"https:\/\/metre.emfasi.es\/#organization\"},\"potentialAction\":[{\"@type\":\"SearchAction\",\"target\":{\"@type\":\"EntryPoint\",\"urlTemplate\":\"https:\/\/metre.emfasi.es\/?s={search_term_string}\"},\"query-input\":\"required name=search_term_string\"}],\"inLanguage\":\"fr-FR\"},{\"@type\":\"Organization\",\"@id\":\"https:\/\/metre.emfasi.es\/#organization\",\"name\":\"METRECUBIC trasteros y mudanzas\",\"url\":\"https:\/\/metre.emfasi.es\/\",\"logo\":{\"@type\":\"ImageObject\",\"inLanguage\":\"fr-FR\",\"@id\":\"https:\/\/metre.emfasi.es\/#\/schema\/logo\/image\/\",\"url\":\"http:\/\/metre.emfasi.es\/wp-content\/uploads\/2017\/09\/logo-capsalera.gif\",\"contentUrl\":\"http:\/\/metre.emfasi.es\/wp-content\/uploads\/2017\/09\/logo-capsalera.gif\",\"width\":118,\"height\":117,\"caption\":\"METRECUBIC trasteros y mudanzas\"},\"image\":{\"@id\":\"https:\/\/metre.emfasi.es\/#\/schema\/logo\/image\/\"}}]}<\/script>\n<!-- \/ Yoast SEO plugin. -->","yoast_head_json":{"title":"Carton Moyen \u00e0 Monter soi-m\u00eame - Metrecubic","robots":{"index":"noindex","follow":"follow","max-snippet":"max-snippet:-1","max-image-preview":"max-image-preview:large","max-video-preview":"max-video-preview:-1"},"og_locale":"fr_FR","og_type":"article","og_title":"Carton Moyen \u00e0 Monter soi-m\u00eame - Metrecubic","og_description":"70 litres, 51,5 x 41 x 34 cm  Nos Cartons Moyens \u00e0 Monter soi-m\u00eame n'ont pas besoin de scotch pour \u00eatre ferm\u00e9s. Leurs rabats peuvent \u00eatre ouverts et ferm\u00e9s autant de fois que n\u00e9cessaire. Ils disposent de perforations lat\u00e9rales pour les prendre en main facilement, sont r\u00e9utilisables et peuvent \u00eatre facilement pli\u00e9s une fois vid\u00e9s.  Le prix indiqu\u00e9 est unitaire.","og_url":"https:\/\/metre.emfasi.es\/fr\/producto\/carton-moyen-a-monter-soi-meme\/","og_site_name":"Metrecubic","article_modified_time":"2023-04-21T07:27:40+00:00","og_image":[{"width":850,"height":850,"url":"https:\/\/metre.emfasi.es\/wp-content\/uploads\/2018\/01\/metre-cubic-trasteros-y-mudanzas-caja-automontable-mediana-ok.jpg","type":"image\/jpeg"}],"twitter_card":"summary_large_image","twitter_misc":{"Dur\u00e9e de lecture estim\u00e9e":"1 minute"},"schema":{"@context":"https:\/\/schema.org","@graph":[{"@type":"WebPage","@id":"https:\/\/metre.emfasi.es\/fr\/producto\/carton-moyen-a-monter-soi-meme\/","url":"https:\/\/metre.emfasi.es\/fr\/producto\/carton-moyen-a-monter-soi-meme\/","name":"Carton Moyen \u00e0 Monter soi-m\u00eame - Metrecubic","isPartOf":{"@id":"https:\/\/metre.emfasi.es\/#website"},"datePublished":"2018-01-25T15:08:54+00:00","dateModified":"2023-04-21T07:27:40+00:00","breadcrumb":{"@id":"https:\/\/metre.emfasi.es\/fr\/producto\/carton-moyen-a-monter-soi-meme\/#breadcrumb"},"inLanguage":"fr-FR","potentialAction":[{"@type":"ReadAction","target":["https:\/\/metre.emfasi.es\/fr\/producto\/carton-moyen-a-monter-soi-meme\/"]}]},{"@type":"BreadcrumbList","@id":"https:\/\/metre.emfasi.es\/fr\/producto\/carton-moyen-a-monter-soi-meme\/#breadcrumb","itemListElement":[{"@type":"ListItem","position":1,"name":"Portada","item":"https:\/\/metre.emfasi.es\/fr\/"},{"@type":"ListItem","position":2,"name":"Tienda","item":"https:\/\/metre.emfasi.es\/tienda\/"},{"@type":"ListItem","position":3,"name":"Carton Moyen \u00e0 Monter soi-m\u00eame"}]},{"@type":"WebSite","@id":"https:\/\/metre.emfasi.es\/#website","url":"https:\/\/metre.emfasi.es\/","name":"Metrecubic","description":"Alquiler de trasteros y minialmacenes privados.","publisher":{"@id":"https:\/\/metre.emfasi.es\/#organization"},"potentialAction":[{"@type":"SearchAction","target":{"@type":"EntryPoint","urlTemplate":"https:\/\/metre.emfasi.es\/?s={search_term_string}"},"query-input":"required name=search_term_string"}],"inLanguage":"fr-FR"},{"@type":"Organization","@id":"https:\/\/metre.emfasi.es\/#organization","name":"METRECUBIC trasteros y mudanzas","url":"https:\/\/metre.emfasi.es\/","logo":{"@type":"ImageObject","inLanguage":"fr-FR","@id":"https:\/\/metre.emfasi.es\/#\/schema\/logo\/image\/","url":"http:\/\/metre.emfasi.es\/wp-content\/uploads\/2017\/09\/logo-capsalera.gif","contentUrl":"http:\/\/metre.emfasi.es\/wp-content\/uploads\/2017\/09\/logo-capsalera.gif","width":118,"height":117,"caption":"METRECUBIC trasteros y mudanzas"},"image":{"@id":"https:\/\/metre.emfasi.es\/#\/schema\/logo\/image\/"}}]}},"tiered_pricing_type":"fixed","tiered_pricing_fixed_rules":{"10":"4.032"},"_links":{"self":[{"href":"https:\/\/metre.emfasi.es\/fr\/wp-json\/wp\/v2\/product\/25603"}],"collection":[{"href":"https:\/\/metre.emfasi.es\/fr\/wp-json\/wp\/v2\/product"}],"about":[{"href":"https:\/\/metre.emfasi.es\/fr\/wp-json\/wp\/v2\/types\/product"}],"wp:featuredmedia":[{"embeddable":true,"href":"https:\/\/metre.emfasi.es\/fr\/wp-json\/wp\/v2\/media\/25605"}],"wp:attachment":[{"href":"https:\/\/metre.emfasi.es\/fr\/wp-json\/wp\/v2\/media?parent=25603"}],"wp:term":[{"taxonomy":"product_cat","embeddable":true,"href":"https:\/\/metre.emfasi.es\/fr\/wp-json\/wp\/v2\/product_cat?post=25603"},{"taxonomy":"product_tag","embeddable":true,"href":"https:\/\/metre.emfasi.es\/fr\/wp-json\/wp\/v2\/product_tag?post=25603"}],"curies":[{"name":"wp","href":"https:\/\/api.w.org\/{rel}","templated":true}]}}