{"id":25623,"date":"2018-01-25T17:07:12","date_gmt":"2018-01-25T16:07:12","guid":{"rendered":"http:\/\/metre.emfasi.es\/producto\/caja-de-carton-automontable-grande\/"},"modified":"2023-04-24T09:25:58","modified_gmt":"2023-04-24T07:25:58","slug":"grand-cartons-a-monter-soi-meme","status":"publish","type":"product","link":"https:\/\/metre.emfasi.es\/fr\/producto\/grand-cartons-a-monter-soi-meme\/","title":{"rendered":"Grand Cartons \u00e0 Monter soi-m\u00eame"},"content":{"rendered":"<p>La grande bo\u00eete en carton \u00e0 assembler Metrecubic est parfaite pour ranger de grandes choses, de la literie, des couvertures&#8230;<\/p>\n<p>Les bo\u00eetes en carton \u00e0 monter soi-m\u00eame de Metrecubic sont pratiques et faciles \u00e0 utiliser, elles sont parfaites pour ranger des objets dans des salles de stockage, ou pour organiser des objets en mouvement. Vous pouvez les acheter en ligne sur notre site Web et ensuite les r\u00e9cup\u00e9rer dans nos centres sp\u00e9cialis\u00e9s \u00e0 Sabadell ou \u00e0 G\u00e9rone.<\/p>\n<p>Il est fabriqu\u00e9 en carton renforc\u00e9 et est 100% recyclable.<\/p>\n","protected":false},"excerpt":{"rendered":"<div>\n<p>110 litres, 58 x 48 x 39 cm<\/p>\n<p>Nos Grandes Bo\u00eetes en Carton \u00e0 Assembler n&rsquo;ont pas besoin de scell\u00e9 pour \u00eatre ferm\u00e9es, leurs rabats peuvent \u00eatre ouverts et ferm\u00e9s autant de fois que vous le souhaitez, elles ont des trous lat\u00e9raux pour les maintenir confortablement, elles sont r\u00e9utilisables et peuvent \u00eatre facilement pli\u00e9es une fois vides.<\/p>\n<\/div>\n<p><em>Le prix indiqu\u00e9 est unitaire.<\/em><\/p>\n","protected":false},"featured_media":25625,"template":"","meta":{"_et_pb_use_builder":"","_et_pb_old_content":"","_et_gb_content_width":""},"product_cat":[140,139],"product_tag":[141],"yoast_head":"<!-- This site is optimized with the Yoast SEO plugin v22.1 - https:\/\/yoast.com\/wordpress\/plugins\/seo\/ -->\n<title>Grand Cartons \u00e0 Monter soi-m\u00eame - Metrecubic<\/title>\n<meta name=\"robots\" content=\"noindex, follow, max-snippet:-1, max-image-preview:large, max-video-preview:-1\" \/>\n<meta property=\"og:locale\" content=\"fr_FR\" \/>\n<meta property=\"og:type\" content=\"article\" \/>\n<meta property=\"og:title\" content=\"Grand Cartons \u00e0 Monter soi-m\u00eame - Metrecubic\" \/>\n<meta property=\"og:description\" content=\"110 litres, 58 x 48 x 39 cm  Nos Grandes Bo\u00eetes en Carton \u00e0 Assembler n&#039;ont pas besoin de scell\u00e9 pour \u00eatre ferm\u00e9es, leurs rabats peuvent \u00eatre ouverts et ferm\u00e9s autant de fois que vous le souhaitez, elles ont des trous lat\u00e9raux pour les maintenir confortablement, elles sont r\u00e9utilisables et peuvent \u00eatre facilement pli\u00e9es une fois vides.   Le prix indiqu\u00e9 est unitaire.\" \/>\n<meta property=\"og:url\" content=\"https:\/\/metre.emfasi.es\/fr\/producto\/grand-cartons-a-monter-soi-meme\/\" \/>\n<meta property=\"og:site_name\" content=\"Metrecubic\" \/>\n<meta property=\"article:modified_time\" content=\"2023-04-24T07:25:58+00:00\" \/>\n<meta property=\"og:image\" content=\"https:\/\/metre.emfasi.es\/wp-content\/uploads\/2018\/01\/metre-cubic-trasteros-y-mudanzas-caja-automontable-grande-ok.jpg\" \/>\n\t<meta property=\"og:image:width\" content=\"850\" \/>\n\t<meta property=\"og:image:height\" content=\"850\" \/>\n\t<meta property=\"og:image:type\" content=\"image\/jpeg\" \/>\n<meta name=\"twitter:card\" content=\"summary_large_image\" \/>\n<meta name=\"twitter:label1\" content=\"Dur\u00e9e de lecture estim\u00e9e\" \/>\n\t<meta name=\"twitter:data1\" content=\"1 minute\" \/>\n<script type=\"application\/ld+json\" class=\"yoast-schema-graph\">{\"@context\":\"https:\/\/schema.org\",\"@graph\":[{\"@type\":\"WebPage\",\"@id\":\"https:\/\/metre.emfasi.es\/fr\/producto\/grand-cartons-a-monter-soi-meme\/\",\"url\":\"https:\/\/metre.emfasi.es\/fr\/producto\/grand-cartons-a-monter-soi-meme\/\",\"name\":\"Grand Cartons \u00e0 Monter soi-m\u00eame - Metrecubic\",\"isPartOf\":{\"@id\":\"https:\/\/metre.emfasi.es\/#website\"},\"datePublished\":\"2018-01-25T16:07:12+00:00\",\"dateModified\":\"2023-04-24T07:25:58+00:00\",\"breadcrumb\":{\"@id\":\"https:\/\/metre.emfasi.es\/fr\/producto\/grand-cartons-a-monter-soi-meme\/#breadcrumb\"},\"inLanguage\":\"fr-FR\",\"potentialAction\":[{\"@type\":\"ReadAction\",\"target\":[\"https:\/\/metre.emfasi.es\/fr\/producto\/grand-cartons-a-monter-soi-meme\/\"]}]},{\"@type\":\"BreadcrumbList\",\"@id\":\"https:\/\/metre.emfasi.es\/fr\/producto\/grand-cartons-a-monter-soi-meme\/#breadcrumb\",\"itemListElement\":[{\"@type\":\"ListItem\",\"position\":1,\"name\":\"Portada\",\"item\":\"https:\/\/metre.emfasi.es\/fr\/\"},{\"@type\":\"ListItem\",\"position\":2,\"name\":\"Tienda\",\"item\":\"https:\/\/metre.emfasi.es\/tienda\/\"},{\"@type\":\"ListItem\",\"position\":3,\"name\":\"Grand Cartons \u00e0 Monter soi-m\u00eame\"}]},{\"@type\":\"WebSite\",\"@id\":\"https:\/\/metre.emfasi.es\/#website\",\"url\":\"https:\/\/metre.emfasi.es\/\",\"name\":\"Metrecubic\",\"description\":\"Alquiler de trasteros y minialmacenes privados.\",\"publisher\":{\"@id\":\"https:\/\/metre.emfasi.es\/#organization\"},\"potentialAction\":[{\"@type\":\"SearchAction\",\"target\":{\"@type\":\"EntryPoint\",\"urlTemplate\":\"https:\/\/metre.emfasi.es\/?s={search_term_string}\"},\"query-input\":\"required name=search_term_string\"}],\"inLanguage\":\"fr-FR\"},{\"@type\":\"Organization\",\"@id\":\"https:\/\/metre.emfasi.es\/#organization\",\"name\":\"METRECUBIC trasteros y mudanzas\",\"url\":\"https:\/\/metre.emfasi.es\/\",\"logo\":{\"@type\":\"ImageObject\",\"inLanguage\":\"fr-FR\",\"@id\":\"https:\/\/metre.emfasi.es\/#\/schema\/logo\/image\/\",\"url\":\"http:\/\/metre.emfasi.es\/wp-content\/uploads\/2017\/09\/logo-capsalera.gif\",\"contentUrl\":\"http:\/\/metre.emfasi.es\/wp-content\/uploads\/2017\/09\/logo-capsalera.gif\",\"width\":118,\"height\":117,\"caption\":\"METRECUBIC trasteros y mudanzas\"},\"image\":{\"@id\":\"https:\/\/metre.emfasi.es\/#\/schema\/logo\/image\/\"}}]}<\/script>\n<!-- \/ Yoast SEO plugin. -->","yoast_head_json":{"title":"Grand Cartons \u00e0 Monter soi-m\u00eame - Metrecubic","robots":{"index":"noindex","follow":"follow","max-snippet":"max-snippet:-1","max-image-preview":"max-image-preview:large","max-video-preview":"max-video-preview:-1"},"og_locale":"fr_FR","og_type":"article","og_title":"Grand Cartons \u00e0 Monter soi-m\u00eame - Metrecubic","og_description":"110 litres, 58 x 48 x 39 cm  Nos Grandes Bo\u00eetes en Carton \u00e0 Assembler n'ont pas besoin de scell\u00e9 pour \u00eatre ferm\u00e9es, leurs rabats peuvent \u00eatre ouverts et ferm\u00e9s autant de fois que vous le souhaitez, elles ont des trous lat\u00e9raux pour les maintenir confortablement, elles sont r\u00e9utilisables et peuvent \u00eatre facilement pli\u00e9es une fois vides.   Le prix indiqu\u00e9 est unitaire.","og_url":"https:\/\/metre.emfasi.es\/fr\/producto\/grand-cartons-a-monter-soi-meme\/","og_site_name":"Metrecubic","article_modified_time":"2023-04-24T07:25:58+00:00","og_image":[{"width":850,"height":850,"url":"https:\/\/metre.emfasi.es\/wp-content\/uploads\/2018\/01\/metre-cubic-trasteros-y-mudanzas-caja-automontable-grande-ok.jpg","type":"image\/jpeg"}],"twitter_card":"summary_large_image","twitter_misc":{"Dur\u00e9e de lecture estim\u00e9e":"1 minute"},"schema":{"@context":"https:\/\/schema.org","@graph":[{"@type":"WebPage","@id":"https:\/\/metre.emfasi.es\/fr\/producto\/grand-cartons-a-monter-soi-meme\/","url":"https:\/\/metre.emfasi.es\/fr\/producto\/grand-cartons-a-monter-soi-meme\/","name":"Grand Cartons \u00e0 Monter soi-m\u00eame - Metrecubic","isPartOf":{"@id":"https:\/\/metre.emfasi.es\/#website"},"datePublished":"2018-01-25T16:07:12+00:00","dateModified":"2023-04-24T07:25:58+00:00","breadcrumb":{"@id":"https:\/\/metre.emfasi.es\/fr\/producto\/grand-cartons-a-monter-soi-meme\/#breadcrumb"},"inLanguage":"fr-FR","potentialAction":[{"@type":"ReadAction","target":["https:\/\/metre.emfasi.es\/fr\/producto\/grand-cartons-a-monter-soi-meme\/"]}]},{"@type":"BreadcrumbList","@id":"https:\/\/metre.emfasi.es\/fr\/producto\/grand-cartons-a-monter-soi-meme\/#breadcrumb","itemListElement":[{"@type":"ListItem","position":1,"name":"Portada","item":"https:\/\/metre.emfasi.es\/fr\/"},{"@type":"ListItem","position":2,"name":"Tienda","item":"https:\/\/metre.emfasi.es\/tienda\/"},{"@type":"ListItem","position":3,"name":"Grand Cartons \u00e0 Monter soi-m\u00eame"}]},{"@type":"WebSite","@id":"https:\/\/metre.emfasi.es\/#website","url":"https:\/\/metre.emfasi.es\/","name":"Metrecubic","description":"Alquiler de trasteros y minialmacenes privados.","publisher":{"@id":"https:\/\/metre.emfasi.es\/#organization"},"potentialAction":[{"@type":"SearchAction","target":{"@type":"EntryPoint","urlTemplate":"https:\/\/metre.emfasi.es\/?s={search_term_string}"},"query-input":"required name=search_term_string"}],"inLanguage":"fr-FR"},{"@type":"Organization","@id":"https:\/\/metre.emfasi.es\/#organization","name":"METRECUBIC trasteros y mudanzas","url":"https:\/\/metre.emfasi.es\/","logo":{"@type":"ImageObject","inLanguage":"fr-FR","@id":"https:\/\/metre.emfasi.es\/#\/schema\/logo\/image\/","url":"http:\/\/metre.emfasi.es\/wp-content\/uploads\/2017\/09\/logo-capsalera.gif","contentUrl":"http:\/\/metre.emfasi.es\/wp-content\/uploads\/2017\/09\/logo-capsalera.gif","width":118,"height":117,"caption":"METRECUBIC trasteros y mudanzas"},"image":{"@id":"https:\/\/metre.emfasi.es\/#\/schema\/logo\/image\/"}}]}},"tiered_pricing_type":"fixed","tiered_pricing_fixed_rules":{"10":"6.534"},"_links":{"self":[{"href":"https:\/\/metre.emfasi.es\/fr\/wp-json\/wp\/v2\/product\/25623"}],"collection":[{"href":"https:\/\/metre.emfasi.es\/fr\/wp-json\/wp\/v2\/product"}],"about":[{"href":"https:\/\/metre.emfasi.es\/fr\/wp-json\/wp\/v2\/types\/product"}],"wp:featuredmedia":[{"embeddable":true,"href":"https:\/\/metre.emfasi.es\/fr\/wp-json\/wp\/v2\/media\/25625"}],"wp:attachment":[{"href":"https:\/\/metre.emfasi.es\/fr\/wp-json\/wp\/v2\/media?parent=25623"}],"wp:term":[{"taxonomy":"product_cat","embeddable":true,"href":"https:\/\/metre.emfasi.es\/fr\/wp-json\/wp\/v2\/product_cat?post=25623"},{"taxonomy":"product_tag","embeddable":true,"href":"https:\/\/metre.emfasi.es\/fr\/wp-json\/wp\/v2\/product_tag?post=25623"}],"curies":[{"name":"wp","href":"https:\/\/api.w.org\/{rel}","templated":true}]}}